{"id":4393,"date":"2025-10-21T17:55:25","date_gmt":"2025-10-21T20:55:25","guid":{"rendered":"https:\/\/adicora.org\/caba\/?page_id=4393"},"modified":"2025-10-21T21:35:07","modified_gmt":"2025-10-22T00:35:07","slug":"irene-nocito","status":"publish","type":"page","link":"https:\/\/adicora.org\/caba\/irene-nocito\/","title":{"rendered":"Irene Nocito"},"content":{"rendered":"\t\t<div data-elementor-type=\"wp-page\" data-elementor-id=\"4393\" class=\"elementor elementor-4393\">\n\t\t\t\t<div class=\"elementor-element elementor-element-62155dd e-flex e-con-boxed e-con e-parent\" data-id=\"62155dd\" data-element_type=\"container\">\n\t\t\t\t\t<div class=\"e-con-inner\">\n\t\t\t\t<div class=\"elementor-element elementor-element-9d2153a elementor-widget elementor-widget-heading\" data-id=\"9d2153a\" data-element_type=\"widget\" data-widget_type=\"heading.default\">\n\t\t\t\t<div class=\"elementor-widget-container\">\n\t\t\t\t\t<h1 class=\"elementor-heading-title elementor-size-default\">Irene Nocito<\/h1>\t\t\t\t<\/div>\n\t\t\t\t<\/div>\n\t\t\t\t\t<\/div>\n\t\t\t\t<\/div>\n\t\t<div class=\"elementor-element elementor-element-307076b e-flex e-con-boxed e-con e-parent\" data-id=\"307076b\" data-element_type=\"container\">\n\t\t\t\t\t<div class=\"e-con-inner\">\n\t\t<div class=\"elementor-element elementor-element-5c740d7 e-con-full e-flex e-con e-child\" data-id=\"5c740d7\" data-element_type=\"container\">\n\t\t\t\t<div class=\"elementor-element elementor-element-9d3bbfb elementor-widget elementor-widget-image\" data-id=\"9d3bbfb\" data-element_type=\"widget\" data-widget_type=\"image.default\">\n\t\t\t\t<div class=\"elementor-widget-container\">\n\t\t\t\t\t\t\t\t\t\t\t\t\t\t\t<img fetchpriority=\"high\" decoding=\"async\" width=\"1024\" height=\"768\" src=\"https:\/\/adicora.org\/caba\/wp-content\/uploads\/2025\/10\/irene-1-1024x768.jpeg\" class=\"attachment-large size-large wp-image-4399\" alt=\"Irene Nocito\" srcset=\"https:\/\/adicora.org\/caba\/wp-content\/uploads\/2025\/10\/irene-1-1024x768.jpeg 1024w, https:\/\/adicora.org\/caba\/wp-content\/uploads\/2025\/10\/irene-1-300x225.jpeg 300w, https:\/\/adicora.org\/caba\/wp-content\/uploads\/2025\/10\/irene-1-768x576.jpeg 768w, https:\/\/adicora.org\/caba\/wp-content\/uploads\/2025\/10\/irene-1.jpeg 1280w\" sizes=\"(max-width: 1024px) 100vw, 1024px\" \/>\t\t\t\t\t\t\t\t\t\t\t\t\t\t\t<\/div>\n\t\t\t\t<\/div>\n\t\t\t\t<\/div>\n\t\t<div class=\"elementor-element elementor-element-6efc320 e-con-full e-flex e-con e-child\" data-id=\"6efc320\" data-element_type=\"container\">\n\t\t\t\t<div class=\"elementor-element elementor-element-b8d4111 elementor-widget elementor-widget-text-editor\" data-id=\"b8d4111\" data-element_type=\"widget\" data-widget_type=\"text-editor.default\">\n\t\t\t\t<div class=\"elementor-widget-container\">\n\t\t\t\t\t\t\t\t\t<p>Con profundo pesar despedimos a nuestra socia y amiga\u00a0<strong>Irene Nocito<\/strong>, querid\u00edsima m\u00fasica que en nuestra filial trabaj\u00f3 incansablemente por llevar adelante los ideales que nos planteamos, ocup\u00e1ndose de todas las maneras posibles.<\/p><p>Irene era Lic. en Direcci\u00f3n Coral y Profesorado de M\u00fasica, estudi\u00f3 piano y canto y\u00a0se especializ\u00f3 en direcci\u00f3n de orquestas y coros infantiles y juveniles.<\/p><p><span style=\"font-style: inherit; font-weight: inherit;\">Fue integrante de formaciones tales como el Grupo Vocal de Difusi\u00f3n, el Coro Capilla Secular y el Sexteto Card\u00f3n; form\u00f3 diversas agrupaciones, como Feggari, Ethos, coro de la Biblioteca Obrera \u00abJuan B. Justo\u00bb,<\/span><span style=\"font-style: inherit; font-weight: inherit;\">\u00a0Coral Aidoni (luego OctopusCoral), para los que realiz\u00f3 arreglos vocales.<\/span><\/p><p>Fue docente (especialmente de Pr\u00e1ctica Coral) en instituciones como el Conservatorio \u00ab\u00c1stror Piazzolla\u00bb, la Escuela de M\u00fasica Popular de Avellaneda y la Escuela De M\u00fasica para Ni\u00f1os N. 9 del Distrito Escolar 15.<\/p><p>Tambi\u00e9n\u00a0se dedicaba a componer y hacer arreglos corales, algunos de ellos publicados para el Programa de Coros y Orquestas del Bicentenario.<\/p><p>Querida Irene, te extra\u00f1aremos much\u00edsimo&#8230;<\/p><p>\u00a0<\/p>\t\t\t\t\t\t\t\t<\/div>\n\t\t\t\t<\/div>\n\t\t\t\t<\/div>\n\t\t\t\t\t<\/div>\n\t\t\t\t<\/div>\n\t\t\t\t<\/div>\n\t\t","protected":false},"excerpt":{"rendered":"<p>Irene Nocito Con profundo pesar despedimos a nuestra socia y amiga\u00a0Irene Nocito, querid\u00edsima m\u00fasica que en nuestra filial trabaj\u00f3 incansablemente por llevar adelante los ideales que nos planteamos, ocup\u00e1ndose de todas las maneras posibles. Irene era Lic. en Direcci\u00f3n Coral y Profesorado de M\u00fasica, estudi\u00f3 piano y canto y\u00a0se especializ\u00f3 en direcci\u00f3n de orquestas y &hellip;<\/p>\n<p class=\"read-more\"> <a class=\"\" href=\"https:\/\/adicora.org\/caba\/irene-nocito\/\"> <span class=\"screen-reader-text\">Irene Nocito<\/span> Leer m\u00e1s &raquo;<\/a><\/p>\n","protected":false},"author":1,"featured_media":0,"parent":0,"menu_order":0,"comment_status":"closed","ping_status":"closed","template":"","meta":{"_eb_attr":"","site-sidebar-layout":"no-sidebar","site-content-layout":"page-builder","ast-site-content-layout":"full-width-container","site-content-style":"default","site-sidebar-style":"default","ast-global-header-display":"","ast-banner-title-visibility":"","ast-main-header-display":"","ast-hfb-above-header-display":"","ast-hfb-below-header-display":"","ast-hfb-mobile-header-display":"","site-post-title":"disabled","ast-breadcrumbs-content":"","ast-featured-img":"disabled","footer-sml-layout":"","theme-transparent-header-meta":"","adv-header-id-meta":"","stick-header-meta":"","header-above-stick-meta":"","header-main-stick-meta":"","header-below-stick-meta":"","astra-migrate-meta-layouts":"set","footnotes":""},"class_list":["post-4393","page","type-page","status-publish","hentry"],"yoast_head":"<!-- This site is optimized with the Yoast SEO plugin v25.1 - https:\/\/yoast.com\/wordpress\/plugins\/seo\/ -->\n<title>Irene Nocito - Adicora Filial Ciudad de Buenos Aires<\/title>\n<meta name=\"robots\" content=\"index, follow, max-snippet:-1, max-image-preview:large, max-video-preview:-1\" \/>\n<link rel=\"canonical\" href=\"https:\/\/adicora.org\/caba\/irene-nocito\/\" \/>\n<meta property=\"og:locale\" content=\"es_ES\" \/>\n<meta property=\"og:type\" content=\"article\" \/>\n<meta property=\"og:title\" content=\"Irene Nocito - Adicora Filial Ciudad de Buenos Aires\" \/>\n<meta property=\"og:description\" content=\"Irene Nocito Con profundo pesar despedimos a nuestra socia y amiga\u00a0Irene Nocito, querid\u00edsima m\u00fasica que en nuestra filial trabaj\u00f3 incansablemente por llevar adelante los ideales que nos planteamos, ocup\u00e1ndose de todas las maneras posibles. Irene era Lic. en Direcci\u00f3n Coral y Profesorado de M\u00fasica, estudi\u00f3 piano y canto y\u00a0se especializ\u00f3 en direcci\u00f3n de orquestas y &hellip; Irene Nocito Leer m\u00e1s &raquo;\" \/>\n<meta property=\"og:url\" content=\"https:\/\/adicora.org\/caba\/irene-nocito\/\" \/>\n<meta property=\"og:site_name\" content=\"Adicora Filial Ciudad de Buenos Aires\" \/>\n<meta property=\"article:modified_time\" content=\"2025-10-22T00:35:07+00:00\" \/>\n<meta property=\"og:image\" content=\"https:\/\/adicora.org\/caba\/wp-content\/uploads\/2025\/10\/irene-1-1024x768.jpeg\" \/>\n<meta name=\"twitter:card\" content=\"summary_large_image\" \/>\n<meta name=\"twitter:label1\" content=\"Tiempo de lectura\" \/>\n\t<meta name=\"twitter:data1\" content=\"1 minuto\" \/>\n<script type=\"application\/ld+json\" class=\"yoast-schema-graph\">{\"@context\":\"https:\/\/schema.org\",\"@graph\":[{\"@type\":\"WebPage\",\"@id\":\"https:\/\/adicora.org\/caba\/irene-nocito\/\",\"url\":\"https:\/\/adicora.org\/caba\/irene-nocito\/\",\"name\":\"Irene Nocito - Adicora Filial Ciudad de Buenos Aires\",\"isPartOf\":{\"@id\":\"https:\/\/adicora.org\/caba\/#website\"},\"primaryImageOfPage\":{\"@id\":\"https:\/\/adicora.org\/caba\/irene-nocito\/#primaryimage\"},\"image\":{\"@id\":\"https:\/\/adicora.org\/caba\/irene-nocito\/#primaryimage\"},\"thumbnailUrl\":\"https:\/\/adicora.org\/caba\/wp-content\/uploads\/2025\/10\/irene-1-1024x768.jpeg\",\"datePublished\":\"2025-10-21T20:55:25+00:00\",\"dateModified\":\"2025-10-22T00:35:07+00:00\",\"breadcrumb\":{\"@id\":\"https:\/\/adicora.org\/caba\/irene-nocito\/#breadcrumb\"},\"inLanguage\":\"es\",\"potentialAction\":[{\"@type\":\"ReadAction\",\"target\":[\"https:\/\/adicora.org\/caba\/irene-nocito\/\"]}]},{\"@type\":\"ImageObject\",\"inLanguage\":\"es\",\"@id\":\"https:\/\/adicora.org\/caba\/irene-nocito\/#primaryimage\",\"url\":\"https:\/\/adicora.org\/caba\/wp-content\/uploads\/2025\/10\/irene-1-1024x768.jpeg\",\"contentUrl\":\"https:\/\/adicora.org\/caba\/wp-content\/uploads\/2025\/10\/irene-1-1024x768.jpeg\"},{\"@type\":\"BreadcrumbList\",\"@id\":\"https:\/\/adicora.org\/caba\/irene-nocito\/#breadcrumb\",\"itemListElement\":[{\"@type\":\"ListItem\",\"position\":1,\"name\":\"Portada\",\"item\":\"https:\/\/adicora.org\/caba\/\"},{\"@type\":\"ListItem\",\"position\":2,\"name\":\"Irene Nocito\"}]},{\"@type\":\"WebSite\",\"@id\":\"https:\/\/adicora.org\/caba\/#website\",\"url\":\"https:\/\/adicora.org\/caba\/\",\"name\":\"Adicora Filial Ciudad de Buenos Aires\",\"description\":\"\",\"publisher\":{\"@id\":\"https:\/\/adicora.org\/caba\/#organization\"},\"potentialAction\":[{\"@type\":\"SearchAction\",\"target\":{\"@type\":\"EntryPoint\",\"urlTemplate\":\"https:\/\/adicora.org\/caba\/?s={search_term_string}\"},\"query-input\":{\"@type\":\"PropertyValueSpecification\",\"valueRequired\":true,\"valueName\":\"search_term_string\"}}],\"inLanguage\":\"es\"},{\"@type\":\"Organization\",\"@id\":\"https:\/\/adicora.org\/caba\/#organization\",\"name\":\"Adicora Filial Ciudad de Buenos Aires\",\"url\":\"https:\/\/adicora.org\/caba\/\",\"logo\":{\"@type\":\"ImageObject\",\"inLanguage\":\"es\",\"@id\":\"https:\/\/adicora.org\/caba\/#\/schema\/logo\/image\/\",\"url\":\"https:\/\/adicora.org\/caba\/wp-content\/uploads\/2025\/10\/adicora-in-memoriam.png\",\"contentUrl\":\"https:\/\/adicora.org\/caba\/wp-content\/uploads\/2025\/10\/adicora-in-memoriam.png\",\"width\":435,\"height\":573,\"caption\":\"Adicora Filial Ciudad de Buenos Aires\"},\"image\":{\"@id\":\"https:\/\/adicora.org\/caba\/#\/schema\/logo\/image\/\"}}]}<\/script>\n<!-- \/ Yoast SEO plugin. -->","yoast_head_json":{"title":"Irene Nocito - Adicora Filial Ciudad de Buenos Aires","robots":{"index":"index","follow":"follow","max-snippet":"max-snippet:-1","max-image-preview":"max-image-preview:large","max-video-preview":"max-video-preview:-1"},"canonical":"https:\/\/adicora.org\/caba\/irene-nocito\/","og_locale":"es_ES","og_type":"article","og_title":"Irene Nocito - Adicora Filial Ciudad de Buenos Aires","og_description":"Irene Nocito Con profundo pesar despedimos a nuestra socia y amiga\u00a0Irene Nocito, querid\u00edsima m\u00fasica que en nuestra filial trabaj\u00f3 incansablemente por llevar adelante los ideales que nos planteamos, ocup\u00e1ndose de todas las maneras posibles. Irene era Lic. en Direcci\u00f3n Coral y Profesorado de M\u00fasica, estudi\u00f3 piano y canto y\u00a0se especializ\u00f3 en direcci\u00f3n de orquestas y &hellip; Irene Nocito Leer m\u00e1s &raquo;","og_url":"https:\/\/adicora.org\/caba\/irene-nocito\/","og_site_name":"Adicora Filial Ciudad de Buenos Aires","article_modified_time":"2025-10-22T00:35:07+00:00","og_image":[{"url":"https:\/\/adicora.org\/caba\/wp-content\/uploads\/2025\/10\/irene-1-1024x768.jpeg","type":"","width":"","height":""}],"twitter_card":"summary_large_image","twitter_misc":{"Tiempo de lectura":"1 minuto"},"schema":{"@context":"https:\/\/schema.org","@graph":[{"@type":"WebPage","@id":"https:\/\/adicora.org\/caba\/irene-nocito\/","url":"https:\/\/adicora.org\/caba\/irene-nocito\/","name":"Irene Nocito - Adicora Filial Ciudad de Buenos Aires","isPartOf":{"@id":"https:\/\/adicora.org\/caba\/#website"},"primaryImageOfPage":{"@id":"https:\/\/adicora.org\/caba\/irene-nocito\/#primaryimage"},"image":{"@id":"https:\/\/adicora.org\/caba\/irene-nocito\/#primaryimage"},"thumbnailUrl":"https:\/\/adicora.org\/caba\/wp-content\/uploads\/2025\/10\/irene-1-1024x768.jpeg","datePublished":"2025-10-21T20:55:25+00:00","dateModified":"2025-10-22T00:35:07+00:00","breadcrumb":{"@id":"https:\/\/adicora.org\/caba\/irene-nocito\/#breadcrumb"},"inLanguage":"es","potentialAction":[{"@type":"ReadAction","target":["https:\/\/adicora.org\/caba\/irene-nocito\/"]}]},{"@type":"ImageObject","inLanguage":"es","@id":"https:\/\/adicora.org\/caba\/irene-nocito\/#primaryimage","url":"https:\/\/adicora.org\/caba\/wp-content\/uploads\/2025\/10\/irene-1-1024x768.jpeg","contentUrl":"https:\/\/adicora.org\/caba\/wp-content\/uploads\/2025\/10\/irene-1-1024x768.jpeg"},{"@type":"BreadcrumbList","@id":"https:\/\/adicora.org\/caba\/irene-nocito\/#breadcrumb","itemListElement":[{"@type":"ListItem","position":1,"name":"Portada","item":"https:\/\/adicora.org\/caba\/"},{"@type":"ListItem","position":2,"name":"Irene Nocito"}]},{"@type":"WebSite","@id":"https:\/\/adicora.org\/caba\/#website","url":"https:\/\/adicora.org\/caba\/","name":"Adicora Filial Ciudad de Buenos Aires","description":"","publisher":{"@id":"https:\/\/adicora.org\/caba\/#organization"},"potentialAction":[{"@type":"SearchAction","target":{"@type":"EntryPoint","urlTemplate":"https:\/\/adicora.org\/caba\/?s={search_term_string}"},"query-input":{"@type":"PropertyValueSpecification","valueRequired":true,"valueName":"search_term_string"}}],"inLanguage":"es"},{"@type":"Organization","@id":"https:\/\/adicora.org\/caba\/#organization","name":"Adicora Filial Ciudad de Buenos Aires","url":"https:\/\/adicora.org\/caba\/","logo":{"@type":"ImageObject","inLanguage":"es","@id":"https:\/\/adicora.org\/caba\/#\/schema\/logo\/image\/","url":"https:\/\/adicora.org\/caba\/wp-content\/uploads\/2025\/10\/adicora-in-memoriam.png","contentUrl":"https:\/\/adicora.org\/caba\/wp-content\/uploads\/2025\/10\/adicora-in-memoriam.png","width":435,"height":573,"caption":"Adicora Filial Ciudad de Buenos Aires"},"image":{"@id":"https:\/\/adicora.org\/caba\/#\/schema\/logo\/image\/"}}]}},"_links":{"self":[{"href":"https:\/\/adicora.org\/caba\/wp-json\/wp\/v2\/pages\/4393","targetHints":{"allow":["GET"]}}],"collection":[{"href":"https:\/\/adicora.org\/caba\/wp-json\/wp\/v2\/pages"}],"about":[{"href":"https:\/\/adicora.org\/caba\/wp-json\/wp\/v2\/types\/page"}],"author":[{"embeddable":true,"href":"https:\/\/adicora.org\/caba\/wp-json\/wp\/v2\/users\/1"}],"replies":[{"embeddable":true,"href":"https:\/\/adicora.org\/caba\/wp-json\/wp\/v2\/comments?post=4393"}],"version-history":[{"count":7,"href":"https:\/\/adicora.org\/caba\/wp-json\/wp\/v2\/pages\/4393\/revisions"}],"predecessor-version":[{"id":4402,"href":"https:\/\/adicora.org\/caba\/wp-json\/wp\/v2\/pages\/4393\/revisions\/4402"}],"wp:attachment":[{"href":"https:\/\/adicora.org\/caba\/wp-json\/wp\/v2\/media?parent=4393"}],"curies":[{"name":"wp","href":"https:\/\/api.w.org\/{rel}","templated":true}]}}