{"id":4317,"date":"2025-09-23T12:06:14","date_gmt":"2025-09-23T15:06:14","guid":{"rendered":"https:\/\/adicora.org\/caba\/?page_id=4317"},"modified":"2025-09-23T18:32:58","modified_gmt":"2025-09-23T21:32:58","slug":"la-ninez-encanta","status":"publish","type":"page","link":"https:\/\/adicora.org\/caba\/la-ninez-encanta\/","title":{"rendered":"La Ni\u00f1ez EnCanta"},"content":{"rendered":"\t\t<div data-elementor-type=\"wp-page\" data-elementor-id=\"4317\" class=\"elementor elementor-4317\">\n\t\t\t\t\t\t<section class=\"elementor-section elementor-top-section elementor-element elementor-element-e8d8309 elementor-section-height-min-height elementor-reverse-mobile elementor-section-boxed elementor-section-height-default elementor-section-items-middle\" data-id=\"e8d8309\" data-element_type=\"section\" data-settings=\"{&quot;background_background&quot;:&quot;classic&quot;}\">\n\t\t\t\t\t\t\t<div class=\"elementor-background-overlay\"><\/div>\n\t\t\t\t\t\t\t<div class=\"elementor-container elementor-column-gap-no\">\n\t\t\t\t\t<div class=\"elementor-column elementor-col-50 elementor-top-column elementor-element elementor-element-4ec7304\" data-id=\"4ec7304\" data-element_type=\"column\">\n\t\t\t<div class=\"elementor-widget-wrap elementor-element-populated\">\n\t\t\t\t\t\t<div class=\"elementor-element elementor-element-7bd7da8 elementor-widget-divider--view-line elementor-widget elementor-widget-divider\" data-id=\"7bd7da8\" data-element_type=\"widget\" data-widget_type=\"divider.default\">\n\t\t\t\t<div class=\"elementor-widget-container\">\n\t\t\t\t\t\t\t<div class=\"elementor-divider\">\n\t\t\t<span class=\"elementor-divider-separator\">\n\t\t\t\t\t\t<\/span>\n\t\t<\/div>\n\t\t\t\t\t\t<\/div>\n\t\t\t\t<\/div>\n\t\t\t\t<div class=\"elementor-element elementor-element-597b74a elementor-widget elementor-widget-heading\" data-id=\"597b74a\" data-element_type=\"widget\" data-widget_type=\"heading.default\">\n\t\t\t\t<div class=\"elementor-widget-container\">\n\t\t\t\t\t<h1 class=\"elementor-heading-title elementor-size-large\">La Ni\u00f1ez EnCanta<\/h1>\t\t\t\t<\/div>\n\t\t\t\t<\/div>\n\t\t\t\t\t<\/div>\n\t\t<\/div>\n\t\t\t\t<div class=\"elementor-column elementor-col-50 elementor-top-column elementor-element elementor-element-d203387\" data-id=\"d203387\" data-element_type=\"column\">\n\t\t\t<div class=\"elementor-widget-wrap elementor-element-populated\">\n\t\t\t\t\t\t<div class=\"elementor-element elementor-element-1f692c2 elementor-widget__width-initial elementor-widget elementor-widget-image\" data-id=\"1f692c2\" data-element_type=\"widget\" data-widget_type=\"image.default\">\n\t\t\t\t<div class=\"elementor-widget-container\">\n\t\t\t\t\t\t\t\t\t\t\t\t\t\t\t<img fetchpriority=\"high\" decoding=\"async\" width=\"424\" height=\"456\" src=\"https:\/\/adicora.org\/caba\/wp-content\/uploads\/2025\/09\/Ninez-EnCanta.jpg\" class=\"attachment-full size-full wp-image-4318\" alt=\"\" srcset=\"https:\/\/adicora.org\/caba\/wp-content\/uploads\/2025\/09\/Ninez-EnCanta.jpg 424w, https:\/\/adicora.org\/caba\/wp-content\/uploads\/2025\/09\/Ninez-EnCanta-279x300.jpg 279w\" sizes=\"(max-width: 424px) 100vw, 424px\" \/>\t\t\t\t\t\t\t\t\t\t\t\t\t\t\t<\/div>\n\t\t\t\t<\/div>\n\t\t\t\t\t<\/div>\n\t\t<\/div>\n\t\t\t\t\t<\/div>\n\t\t<\/section>\n\t\t<div class=\"elementor-element elementor-element-b3f840c e-flex e-con-boxed e-con e-parent\" data-id=\"b3f840c\" data-element_type=\"container\">\n\t\t\t\t\t<div class=\"e-con-inner\">\n\t\t\t\t<div class=\"elementor-element elementor-element-f8feb63 elementor-widget elementor-widget-heading\" data-id=\"f8feb63\" data-element_type=\"widget\" data-widget_type=\"heading.default\">\n\t\t\t\t<div class=\"elementor-widget-container\">\n\t\t\t\t\t<h2 class=\"elementor-heading-title elementor-size-default\">Qu\u00e9 es<\/h2>\t\t\t\t<\/div>\n\t\t\t\t<\/div>\n\t\t\t\t\t<\/div>\n\t\t\t\t<\/div>\n\t\t<div class=\"elementor-element elementor-element-2766f9f e-flex e-con-boxed e-con e-parent\" data-id=\"2766f9f\" data-element_type=\"container\">\n\t\t\t\t\t<div class=\"e-con-inner\">\n\t\t\t\t<div class=\"elementor-element elementor-element-beaf4dc elementor-widget elementor-widget-text-editor\" data-id=\"beaf4dc\" data-element_type=\"widget\" data-widget_type=\"text-editor.default\">\n\t\t\t\t<div class=\"elementor-widget-container\">\n\t\t\t\t\t\t\t\t\t<p data-start=\"165\" data-end=\"488\"><strong data-start=\"165\" data-end=\"185\">La Ni\u00f1ez EnCanta<\/strong> es un programa que busca despertar la magia del canto coral en la infancia: <b>conciertos<\/b>, <b>talleres<\/b> y <b>actividades<\/b> especialmente pensadas para ni\u00f1os y ni\u00f1as se combinan con la gu\u00eda de docentes especializados, creando espacios de encuentro donde la m\u00fasica se convierte en juego, aprendizaje y comunidad.<\/p>\n<p data-start=\"165\" data-end=\"488\"><span style=\"font-style: inherit; font-weight: inherit;\">Porque <\/span><strong style=\"font-style: inherit;\" data-start=\"497\" data-end=\"531\">cantar juntos es crecer juntos<\/strong><span style=\"font-style: inherit; font-weight: inherit;\">, este proyecto invita a descubrir c\u00f3mo el coro puede ser un lugar de expresi\u00f3n, creatividad y pertenencia.<\/span><\/p>\n<p data-start=\"165\" data-end=\"488\"><span style=\"font-style: inherit; font-weight: inherit;\">La ni\u00f1ez no solo canta: tambi\u00e9n <\/span><em style=\"font-weight: inherit;\" data-start=\"673\" data-end=\"685\">se encanta<\/em><span style=\"font-style: inherit; font-weight: inherit;\"> con la experiencia de compartir la m\u00fasica.<\/span><\/p>\t\t\t\t\t\t\t\t<\/div>\n\t\t\t\t<\/div>\n\t\t\t\t\t<\/div>\n\t\t\t\t<\/div>\n\t\t<div class=\"elementor-element elementor-element-6db2bba e-flex e-con-boxed e-con e-parent\" data-id=\"6db2bba\" data-element_type=\"container\">\n\t\t\t\t\t<div class=\"e-con-inner\">\n\t\t\t\t<div class=\"elementor-element elementor-element-0c59249 elementor-widget elementor-widget-heading\" data-id=\"0c59249\" data-element_type=\"widget\" data-widget_type=\"heading.default\">\n\t\t\t\t<div class=\"elementor-widget-container\">\n\t\t\t\t\t<h3 class=\"elementor-heading-title elementor-size-default\">Recursos<\/h3>\t\t\t\t<\/div>\n\t\t\t\t<\/div>\n\t\t\t\t\t<\/div>\n\t\t\t\t<\/div>\n\t\t<div class=\"elementor-element elementor-element-a54a6f7 e-flex e-con-boxed e-con e-parent\" data-id=\"a54a6f7\" data-element_type=\"container\">\n\t\t\t\t\t<div class=\"e-con-inner\">\n\t\t\t\t<div class=\"elementor-element elementor-element-a37041c elementor-widget elementor-widget-text-editor\" data-id=\"a37041c\" data-element_type=\"widget\" data-widget_type=\"text-editor.default\">\n\t\t\t\t<div class=\"elementor-widget-container\">\n\t\t\t\t\t\t\t\t\t<p>Los arreglos incluidos en estos cuadernillos han sido elaborados por socias y socios de nuestra filial, y recopilados con el prop\u00f3sito de ampliar y enriquecer el repertorio disponible para grupos de ni\u00f1as y ni\u00f1os,&nbsp;<span style=\"font-style: inherit; font-weight: inherit;\">uno de los principales ejes de nuestra gesti\u00f3n<\/span><span style=\"font-style: inherit; font-weight: inherit;\">: implementar acciones para promover y fortalecer los&nbsp;<\/span><span style=\"font-style: inherit; font-weight: inherit;\">espacios de canto coral infantil y juvenil de la ciudad.<\/span><\/p>\t\t\t\t\t\t\t\t<\/div>\n\t\t\t\t<\/div>\n\t\t\t\t\t<\/div>\n\t\t\t\t<\/div>\n\t\t<div class=\"elementor-element elementor-element-e1d65e2 e-flex e-con-boxed e-con e-parent\" data-id=\"e1d65e2\" data-element_type=\"container\">\n\t\t\t\t\t<div class=\"e-con-inner\">\n\t\t\t\t<div class=\"elementor-element elementor-element-429171e elementor-widget elementor-widget-button\" data-id=\"429171e\" data-element_type=\"widget\" data-widget_type=\"button.default\">\n\t\t\t\t<div class=\"elementor-widget-container\">\n\t\t\t\t\t\t\t\t\t<div class=\"elementor-button-wrapper\">\n\t\t\t\t\t<a class=\"elementor-button elementor-button-link elementor-size-sm\" href=\"https:\/\/adicora.org\/caba\/wp-content\/uploads\/2025\/09\/cuadernillo-1-ninez-encanta.pdf\" target=\"_blank\">\n\t\t\t\t\t\t<span class=\"elementor-button-content-wrapper\">\n\t\t\t\t\t\t\t\t\t<span class=\"elementor-button-text\">Cuadernillo No. 1<\/span>\n\t\t\t\t\t<\/span>\n\t\t\t\t\t<\/a>\n\t\t\t\t<\/div>\n\t\t\t\t\t\t\t\t<\/div>\n\t\t\t\t<\/div>\n\t\t\t\t<div class=\"elementor-element elementor-element-130cc87 elementor-widget elementor-widget-button\" data-id=\"130cc87\" data-element_type=\"widget\" data-widget_type=\"button.default\">\n\t\t\t\t<div class=\"elementor-widget-container\">\n\t\t\t\t\t\t\t\t\t<div class=\"elementor-button-wrapper\">\n\t\t\t\t\t<a class=\"elementor-button elementor-button-link elementor-size-sm\" href=\"https:\/\/adicora.org\/caba\/wp-content\/uploads\/2025\/09\/cuadernillo-2-ninez-encanta.pdf\" target=\"_blank\">\n\t\t\t\t\t\t<span class=\"elementor-button-content-wrapper\">\n\t\t\t\t\t\t\t\t\t<span class=\"elementor-button-text\">Cuadernillo No. 2<\/span>\n\t\t\t\t\t<\/span>\n\t\t\t\t\t<\/a>\n\t\t\t\t<\/div>\n\t\t\t\t\t\t\t\t<\/div>\n\t\t\t\t<\/div>\n\t\t\t\t\t<\/div>\n\t\t\t\t<\/div>\n\t\t<div class=\"elementor-element elementor-element-f59b908 e-flex e-con-boxed e-con e-parent\" data-id=\"f59b908\" data-element_type=\"container\">\n\t\t\t\t\t<div class=\"e-con-inner\">\n\t\t\t\t<div class=\"elementor-element elementor-element-48ee313 elementor-widget elementor-widget-heading\" data-id=\"48ee313\" data-element_type=\"widget\" data-widget_type=\"heading.default\">\n\t\t\t\t<div class=\"elementor-widget-container\">\n\t\t\t\t\t<h2 class=\"elementor-heading-title elementor-size-default\">Conciertos<\/h2>\t\t\t\t<\/div>\n\t\t\t\t<\/div>\n\t\t\t\t\t<\/div>\n\t\t\t\t<\/div>\n\t\t<div class=\"elementor-element elementor-element-dc11c1f e-flex e-con-boxed e-con e-parent\" data-id=\"dc11c1f\" data-element_type=\"container\">\n\t\t\t\t\t<div class=\"e-con-inner\">\n\t\t\t\t<div class=\"elementor-element elementor-element-9c2a738 elementor-widget elementor-widget-text-editor\" data-id=\"9c2a738\" data-element_type=\"widget\" data-widget_type=\"text-editor.default\">\n\t\t\t\t<div class=\"elementor-widget-container\">\n\t\t\t\t\t\t\t\t\t<p>Pr\u00f3ximamente publicaremos aqu\u00ed los conciertos del programa.<\/p>\t\t\t\t\t\t\t\t<\/div>\n\t\t\t\t<\/div>\n\t\t\t\t\t<\/div>\n\t\t\t\t<\/div>\n\t\t<div class=\"elementor-element elementor-element-1ab329a e-flex e-con-boxed e-con e-parent\" data-id=\"1ab329a\" data-element_type=\"container\">\n\t\t\t\t\t<div class=\"e-con-inner\">\n\t\t<div class=\"elementor-element elementor-element-a0b7e59 e-con-full e-flex e-con e-child\" data-id=\"a0b7e59\" data-element_type=\"container\">\n\t\t\t\t<\/div>\n\t\t<div class=\"elementor-element elementor-element-87fd527 e-con-full e-flex e-con e-child\" data-id=\"87fd527\" data-element_type=\"container\">\n\t\t\t\t<\/div>\n\t\t\t\t\t<\/div>\n\t\t\t\t<\/div>\n\t\t<div class=\"elementor-element elementor-element-202919d e-flex e-con-boxed e-con e-parent\" data-id=\"202919d\" data-element_type=\"container\">\n\t\t\t\t\t<div class=\"e-con-inner\">\n\t\t<div class=\"elementor-element elementor-element-a990b2b e-con-full e-flex e-con e-child\" data-id=\"a990b2b\" data-element_type=\"container\">\n\t\t\t\t<div class=\"elementor-element elementor-element-f618809 elementor-widget elementor-widget-image\" data-id=\"f618809\" data-element_type=\"widget\" data-widget_type=\"image.default\">\n\t\t\t\t<div class=\"elementor-widget-container\">\n\t\t\t\t\t\t\t\t\t\t\t\t\t\t\t\t<a href=\"https:\/\/goldberg-verlag.com\/es\/inicio\/\">\n\t\t\t\t\t\t\t<img decoding=\"async\" width=\"1024\" height=\"512\" src=\"https:\/\/adicora.org\/caba\/wp-content\/uploads\/2023\/10\/Banner-de-Goldberg-1024x512.png\" class=\"attachment-large size-large wp-image-2336\" alt=\"\" srcset=\"https:\/\/adicora.org\/caba\/wp-content\/uploads\/2023\/10\/Banner-de-Goldberg-1024x512.png 1024w, https:\/\/adicora.org\/caba\/wp-content\/uploads\/2023\/10\/Banner-de-Goldberg-300x150.png 300w, https:\/\/adicora.org\/caba\/wp-content\/uploads\/2023\/10\/Banner-de-Goldberg-768x384.png 768w, https:\/\/adicora.org\/caba\/wp-content\/uploads\/2023\/10\/Banner-de-Goldberg-1536x768.png 1536w, https:\/\/adicora.org\/caba\/wp-content\/uploads\/2023\/10\/Banner-de-Goldberg-2048x1024.png 2048w\" sizes=\"(max-width: 1024px) 100vw, 1024px\" \/>\t\t\t\t\t\t\t\t<\/a>\n\t\t\t\t\t\t\t\t\t\t\t\t\t\t\t<\/div>\n\t\t\t\t<\/div>\n\t\t\t\t<\/div>\n\t\t<div class=\"elementor-element elementor-element-ac122a4 e-con-full e-flex e-con e-child\" data-id=\"ac122a4\" data-element_type=\"container\">\n\t\t\t\t<div class=\"elementor-element elementor-element-8303e65 elementor-widget elementor-widget-image\" data-id=\"8303e65\" data-element_type=\"widget\" data-widget_type=\"image.default\">\n\t\t\t\t<div class=\"elementor-widget-container\">\n\t\t\t\t\t\t\t\t\t\t\t\t\t\t\t\t<a href=\"https:\/\/edicionesgcc.org.ar\/\">\n\t\t\t\t\t\t\t<img decoding=\"async\" width=\"1024\" height=\"512\" src=\"https:\/\/adicora.org\/caba\/wp-content\/uploads\/2023\/10\/Banner-de-GCC-1024x512.png\" class=\"attachment-large size-large wp-image-2481\" alt=\"\" srcset=\"https:\/\/adicora.org\/caba\/wp-content\/uploads\/2023\/10\/Banner-de-GCC-1024x512.png 1024w, https:\/\/adicora.org\/caba\/wp-content\/uploads\/2023\/10\/Banner-de-GCC-300x150.png 300w, https:\/\/adicora.org\/caba\/wp-content\/uploads\/2023\/10\/Banner-de-GCC-768x384.png 768w, https:\/\/adicora.org\/caba\/wp-content\/uploads\/2023\/10\/Banner-de-GCC-1536x768.png 1536w, https:\/\/adicora.org\/caba\/wp-content\/uploads\/2023\/10\/Banner-de-GCC-2048x1024.png 2048w\" sizes=\"(max-width: 1024px) 100vw, 1024px\" \/>\t\t\t\t\t\t\t\t<\/a>\n\t\t\t\t\t\t\t\t\t\t\t\t\t\t\t<\/div>\n\t\t\t\t<\/div>\n\t\t\t\t<\/div>\n\t\t<div class=\"elementor-element elementor-element-15c7d42 e-con-full e-flex e-con e-child\" data-id=\"15c7d42\" data-element_type=\"container\">\n\t\t\t\t<div class=\"elementor-element elementor-element-1737af6 elementor-widget elementor-widget-image\" data-id=\"1737af6\" data-element_type=\"widget\" data-widget_type=\"image.default\">\n\t\t\t\t<div class=\"elementor-widget-container\">\n\t\t\t\t\t\t\t\t\t\t\t\t\t\t\t\t<a href=\"https:\/\/comcorar.com\/\">\n\t\t\t\t\t\t\t<img loading=\"lazy\" decoding=\"async\" width=\"1024\" height=\"512\" src=\"https:\/\/adicora.org\/caba\/wp-content\/uploads\/2023\/10\/Banner-de-ComCorAr-1024x512.png\" class=\"attachment-large size-large wp-image-2769\" alt=\"\" srcset=\"https:\/\/adicora.org\/caba\/wp-content\/uploads\/2023\/10\/Banner-de-ComCorAr-1024x512.png 1024w, https:\/\/adicora.org\/caba\/wp-content\/uploads\/2023\/10\/Banner-de-ComCorAr-300x150.png 300w, https:\/\/adicora.org\/caba\/wp-content\/uploads\/2023\/10\/Banner-de-ComCorAr-768x384.png 768w, https:\/\/adicora.org\/caba\/wp-content\/uploads\/2023\/10\/Banner-de-ComCorAr-1536x768.png 1536w, https:\/\/adicora.org\/caba\/wp-content\/uploads\/2023\/10\/Banner-de-ComCorAr-2048x1024.png 2048w\" sizes=\"(max-width: 1024px) 100vw, 1024px\" \/>\t\t\t\t\t\t\t\t<\/a>\n\t\t\t\t\t\t\t\t\t\t\t\t\t\t\t<\/div>\n\t\t\t\t<\/div>\n\t\t\t\t<\/div>\n\t\t<div class=\"elementor-element elementor-element-c54072f e-con-full e-flex e-con e-child\" data-id=\"c54072f\" data-element_type=\"container\">\n\t\t\t\t<\/div>\n\t\t<div class=\"elementor-element elementor-element-eed4f47 e-con-full e-flex e-con e-child\" data-id=\"eed4f47\" data-element_type=\"container\">\n\t\t\t\t<\/div>\n\t\t<div class=\"elementor-element elementor-element-0d3f3a4 e-con-full e-flex e-con e-child\" data-id=\"0d3f3a4\" data-element_type=\"container\">\n\t\t\t\t<\/div>\n\t\t\t\t\t<\/div>\n\t\t\t\t<\/div>\n\t\t\t\t<\/div>\n\t\t","protected":false},"excerpt":{"rendered":"<p>La Ni\u00f1ez EnCanta Qu\u00e9 es La Ni\u00f1ez EnCanta es un programa que busca despertar la magia del canto coral en la infancia: conciertos, talleres y actividades especialmente pensadas para ni\u00f1os y ni\u00f1as se combinan con la gu\u00eda de docentes especializados, creando espacios de encuentro donde la m\u00fasica se convierte en juego, aprendizaje y comunidad. Porque &hellip;<\/p>\n<p class=\"read-more\"> <a class=\"\" href=\"https:\/\/adicora.org\/caba\/la-ninez-encanta\/\"> <span class=\"screen-reader-text\">La Ni\u00f1ez EnCanta<\/span> Leer m\u00e1s &raquo;<\/a><\/p>\n","protected":false},"author":1,"featured_media":0,"parent":0,"menu_order":0,"comment_status":"closed","ping_status":"closed","template":"","meta":{"_eb_attr":"","site-sidebar-layout":"no-sidebar","site-content-layout":"page-builder","ast-site-content-layout":"full-width-container","site-content-style":"unboxed","site-sidebar-style":"unboxed","ast-global-header-display":"","ast-banner-title-visibility":"","ast-main-header-display":"","ast-hfb-above-header-display":"","ast-hfb-below-header-display":"","ast-hfb-mobile-header-display":"","site-post-title":"disabled","ast-breadcrumbs-content":"disabled","ast-featured-img":"disabled","footer-sml-layout":"","theme-transparent-header-meta":"enabled","adv-header-id-meta":"","stick-header-meta":"","header-above-stick-meta":"","header-main-stick-meta":"","header-below-stick-meta":"","astra-migrate-meta-layouts":"set","footnotes":""},"class_list":["post-4317","page","type-page","status-publish","hentry"],"yoast_head":"<!-- This site is optimized with the Yoast SEO plugin v25.1 - https:\/\/yoast.com\/wordpress\/plugins\/seo\/ -->\n<title>La Ni\u00f1ez EnCanta - ADICORA filial Ciudad de Buenos Aires<\/title>\n<meta name=\"description\" content=\"Conoc\u00e9 &quot;La Ni\u00f1ez EnCanta&quot;, el programa de actividades creado con el objetivo de fomentar la participaci\u00f3n y difusi\u00f3n de coros infantiles.\" \/>\n<meta name=\"robots\" content=\"index, follow, max-snippet:-1, max-image-preview:large, max-video-preview:-1\" \/>\n<link rel=\"canonical\" href=\"https:\/\/adicora.org\/caba\/la-ninez-encanta\/\" \/>\n<meta property=\"og:locale\" content=\"es_ES\" \/>\n<meta property=\"og:type\" content=\"article\" \/>\n<meta property=\"og:title\" content=\"La Ni\u00f1ez EnCanta - ADICORA filial Ciudad de Buenos Aires\" \/>\n<meta property=\"og:description\" content=\"Conoc\u00e9 &quot;La Ni\u00f1ez EnCanta&quot;, el programa de actividades creado con el objetivo de fomentar la participaci\u00f3n y difusi\u00f3n de coros infantiles.\" \/>\n<meta property=\"og:url\" content=\"https:\/\/adicora.org\/caba\/la-ninez-encanta\/\" \/>\n<meta property=\"og:site_name\" content=\"Adicora Filial Ciudad de Buenos Aires\" \/>\n<meta property=\"article:modified_time\" content=\"2025-09-23T21:32:58+00:00\" \/>\n<meta property=\"og:image\" content=\"https:\/\/adicora.org\/caba\/wp-content\/uploads\/2025\/09\/Ninez-EnCanta.jpg\" \/>\n<meta name=\"twitter:card\" content=\"summary_large_image\" \/>\n<meta name=\"twitter:label1\" content=\"Tiempo de lectura\" \/>\n\t<meta name=\"twitter:data1\" content=\"2 minutos\" \/>\n<script type=\"application\/ld+json\" class=\"yoast-schema-graph\">{\"@context\":\"https:\/\/schema.org\",\"@graph\":[{\"@type\":\"WebPage\",\"@id\":\"https:\/\/adicora.org\/caba\/la-ninez-encanta\/\",\"url\":\"https:\/\/adicora.org\/caba\/la-ninez-encanta\/\",\"name\":\"La Ni\u00f1ez EnCanta - ADICORA filial Ciudad de Buenos Aires\",\"isPartOf\":{\"@id\":\"https:\/\/adicora.org\/caba\/#website\"},\"primaryImageOfPage\":{\"@id\":\"https:\/\/adicora.org\/caba\/la-ninez-encanta\/#primaryimage\"},\"image\":{\"@id\":\"https:\/\/adicora.org\/caba\/la-ninez-encanta\/#primaryimage\"},\"thumbnailUrl\":\"https:\/\/adicora.org\/caba\/wp-content\/uploads\/2025\/09\/Ninez-EnCanta.jpg\",\"datePublished\":\"2025-09-23T15:06:14+00:00\",\"dateModified\":\"2025-09-23T21:32:58+00:00\",\"description\":\"Conoc\u00e9 \\\"La Ni\u00f1ez EnCanta\\\", el programa de actividades creado con el objetivo de fomentar la participaci\u00f3n y difusi\u00f3n de coros infantiles.\",\"breadcrumb\":{\"@id\":\"https:\/\/adicora.org\/caba\/la-ninez-encanta\/#breadcrumb\"},\"inLanguage\":\"es\",\"potentialAction\":[{\"@type\":\"ReadAction\",\"target\":[\"https:\/\/adicora.org\/caba\/la-ninez-encanta\/\"]}]},{\"@type\":\"ImageObject\",\"inLanguage\":\"es\",\"@id\":\"https:\/\/adicora.org\/caba\/la-ninez-encanta\/#primaryimage\",\"url\":\"https:\/\/adicora.org\/caba\/wp-content\/uploads\/2025\/09\/Ninez-EnCanta.jpg\",\"contentUrl\":\"https:\/\/adicora.org\/caba\/wp-content\/uploads\/2025\/09\/Ninez-EnCanta.jpg\",\"width\":424,\"height\":456,\"caption\":\"La Ni\u00f1ez EnCanta\"},{\"@type\":\"BreadcrumbList\",\"@id\":\"https:\/\/adicora.org\/caba\/la-ninez-encanta\/#breadcrumb\",\"itemListElement\":[{\"@type\":\"ListItem\",\"position\":1,\"name\":\"Portada\",\"item\":\"https:\/\/adicora.org\/caba\/\"},{\"@type\":\"ListItem\",\"position\":2,\"name\":\"La Ni\u00f1ez EnCanta\"}]},{\"@type\":\"WebSite\",\"@id\":\"https:\/\/adicora.org\/caba\/#website\",\"url\":\"https:\/\/adicora.org\/caba\/\",\"name\":\"Adicora Filial Ciudad de Buenos Aires\",\"description\":\"\",\"publisher\":{\"@id\":\"https:\/\/adicora.org\/caba\/#organization\"},\"potentialAction\":[{\"@type\":\"SearchAction\",\"target\":{\"@type\":\"EntryPoint\",\"urlTemplate\":\"https:\/\/adicora.org\/caba\/?s={search_term_string}\"},\"query-input\":{\"@type\":\"PropertyValueSpecification\",\"valueRequired\":true,\"valueName\":\"search_term_string\"}}],\"inLanguage\":\"es\"},{\"@type\":\"Organization\",\"@id\":\"https:\/\/adicora.org\/caba\/#organization\",\"name\":\"Adicora Filial Ciudad de Buenos Aires\",\"url\":\"https:\/\/adicora.org\/caba\/\",\"logo\":{\"@type\":\"ImageObject\",\"inLanguage\":\"es\",\"@id\":\"https:\/\/adicora.org\/caba\/#\/schema\/logo\/image\/\",\"url\":\"https:\/\/adicora.org\/caba\/wp-content\/uploads\/2025\/10\/adicora-in-memoriam.png\",\"contentUrl\":\"https:\/\/adicora.org\/caba\/wp-content\/uploads\/2025\/10\/adicora-in-memoriam.png\",\"width\":435,\"height\":573,\"caption\":\"Adicora Filial Ciudad de Buenos Aires\"},\"image\":{\"@id\":\"https:\/\/adicora.org\/caba\/#\/schema\/logo\/image\/\"}}]}<\/script>\n<!-- \/ Yoast SEO plugin. -->","yoast_head_json":{"title":"La Ni\u00f1ez EnCanta - ADICORA filial Ciudad de Buenos Aires","description":"Conoc\u00e9 \"La Ni\u00f1ez EnCanta\", el programa de actividades creado con el objetivo de fomentar la participaci\u00f3n y difusi\u00f3n de coros infantiles.","robots":{"index":"index","follow":"follow","max-snippet":"max-snippet:-1","max-image-preview":"max-image-preview:large","max-video-preview":"max-video-preview:-1"},"canonical":"https:\/\/adicora.org\/caba\/la-ninez-encanta\/","og_locale":"es_ES","og_type":"article","og_title":"La Ni\u00f1ez EnCanta - ADICORA filial Ciudad de Buenos Aires","og_description":"Conoc\u00e9 \"La Ni\u00f1ez EnCanta\", el programa de actividades creado con el objetivo de fomentar la participaci\u00f3n y difusi\u00f3n de coros infantiles.","og_url":"https:\/\/adicora.org\/caba\/la-ninez-encanta\/","og_site_name":"Adicora Filial Ciudad de Buenos Aires","article_modified_time":"2025-09-23T21:32:58+00:00","og_image":[{"url":"https:\/\/adicora.org\/caba\/wp-content\/uploads\/2025\/09\/Ninez-EnCanta.jpg","type":"","width":"","height":""}],"twitter_card":"summary_large_image","twitter_misc":{"Tiempo de lectura":"2 minutos"},"schema":{"@context":"https:\/\/schema.org","@graph":[{"@type":"WebPage","@id":"https:\/\/adicora.org\/caba\/la-ninez-encanta\/","url":"https:\/\/adicora.org\/caba\/la-ninez-encanta\/","name":"La Ni\u00f1ez EnCanta - ADICORA filial Ciudad de Buenos Aires","isPartOf":{"@id":"https:\/\/adicora.org\/caba\/#website"},"primaryImageOfPage":{"@id":"https:\/\/adicora.org\/caba\/la-ninez-encanta\/#primaryimage"},"image":{"@id":"https:\/\/adicora.org\/caba\/la-ninez-encanta\/#primaryimage"},"thumbnailUrl":"https:\/\/adicora.org\/caba\/wp-content\/uploads\/2025\/09\/Ninez-EnCanta.jpg","datePublished":"2025-09-23T15:06:14+00:00","dateModified":"2025-09-23T21:32:58+00:00","description":"Conoc\u00e9 \"La Ni\u00f1ez EnCanta\", el programa de actividades creado con el objetivo de fomentar la participaci\u00f3n y difusi\u00f3n de coros infantiles.","breadcrumb":{"@id":"https:\/\/adicora.org\/caba\/la-ninez-encanta\/#breadcrumb"},"inLanguage":"es","potentialAction":[{"@type":"ReadAction","target":["https:\/\/adicora.org\/caba\/la-ninez-encanta\/"]}]},{"@type":"ImageObject","inLanguage":"es","@id":"https:\/\/adicora.org\/caba\/la-ninez-encanta\/#primaryimage","url":"https:\/\/adicora.org\/caba\/wp-content\/uploads\/2025\/09\/Ninez-EnCanta.jpg","contentUrl":"https:\/\/adicora.org\/caba\/wp-content\/uploads\/2025\/09\/Ninez-EnCanta.jpg","width":424,"height":456,"caption":"La Ni\u00f1ez EnCanta"},{"@type":"BreadcrumbList","@id":"https:\/\/adicora.org\/caba\/la-ninez-encanta\/#breadcrumb","itemListElement":[{"@type":"ListItem","position":1,"name":"Portada","item":"https:\/\/adicora.org\/caba\/"},{"@type":"ListItem","position":2,"name":"La Ni\u00f1ez EnCanta"}]},{"@type":"WebSite","@id":"https:\/\/adicora.org\/caba\/#website","url":"https:\/\/adicora.org\/caba\/","name":"Adicora Filial Ciudad de Buenos Aires","description":"","publisher":{"@id":"https:\/\/adicora.org\/caba\/#organization"},"potentialAction":[{"@type":"SearchAction","target":{"@type":"EntryPoint","urlTemplate":"https:\/\/adicora.org\/caba\/?s={search_term_string}"},"query-input":{"@type":"PropertyValueSpecification","valueRequired":true,"valueName":"search_term_string"}}],"inLanguage":"es"},{"@type":"Organization","@id":"https:\/\/adicora.org\/caba\/#organization","name":"Adicora Filial Ciudad de Buenos Aires","url":"https:\/\/adicora.org\/caba\/","logo":{"@type":"ImageObject","inLanguage":"es","@id":"https:\/\/adicora.org\/caba\/#\/schema\/logo\/image\/","url":"https:\/\/adicora.org\/caba\/wp-content\/uploads\/2025\/10\/adicora-in-memoriam.png","contentUrl":"https:\/\/adicora.org\/caba\/wp-content\/uploads\/2025\/10\/adicora-in-memoriam.png","width":435,"height":573,"caption":"Adicora Filial Ciudad de Buenos Aires"},"image":{"@id":"https:\/\/adicora.org\/caba\/#\/schema\/logo\/image\/"}}]}},"_links":{"self":[{"href":"https:\/\/adicora.org\/caba\/wp-json\/wp\/v2\/pages\/4317","targetHints":{"allow":["GET"]}}],"collection":[{"href":"https:\/\/adicora.org\/caba\/wp-json\/wp\/v2\/pages"}],"about":[{"href":"https:\/\/adicora.org\/caba\/wp-json\/wp\/v2\/types\/page"}],"author":[{"embeddable":true,"href":"https:\/\/adicora.org\/caba\/wp-json\/wp\/v2\/users\/1"}],"replies":[{"embeddable":true,"href":"https:\/\/adicora.org\/caba\/wp-json\/wp\/v2\/comments?post=4317"}],"version-history":[{"count":14,"href":"https:\/\/adicora.org\/caba\/wp-json\/wp\/v2\/pages\/4317\/revisions"}],"predecessor-version":[{"id":4451,"href":"https:\/\/adicora.org\/caba\/wp-json\/wp\/v2\/pages\/4317\/revisions\/4451"}],"wp:attachment":[{"href":"https:\/\/adicora.org\/caba\/wp-json\/wp\/v2\/media?parent=4317"}],"curies":[{"name":"wp","href":"https:\/\/api.w.org\/{rel}","templated":true}]}}