{"id":3406,"date":"2024-01-25T11:45:17","date_gmt":"2024-01-25T14:45:17","guid":{"rendered":"https:\/\/adicora.org\/caba\/?page_id=3406"},"modified":"2025-07-25T12:27:00","modified_gmt":"2025-07-25T15:27:00","slug":"concurso","status":"publish","type":"page","link":"https:\/\/adicora.org\/caba\/concurso\/","title":{"rendered":"Concurso"},"content":{"rendered":"\t\t<div data-elementor-type=\"wp-page\" data-elementor-id=\"3406\" class=\"elementor elementor-3406\">\n\t\t\t\t\t\t<section class=\"elementor-section elementor-top-section elementor-element elementor-element-ca6f879 elementor-section-height-min-height elementor-reverse-mobile elementor-section-boxed elementor-section-height-default elementor-section-items-middle\" data-id=\"ca6f879\" data-element_type=\"section\" data-settings=\"{&quot;background_background&quot;:&quot;classic&quot;}\">\n\t\t\t\t\t\t\t<div class=\"elementor-background-overlay\"><\/div>\n\t\t\t\t\t\t\t<div class=\"elementor-container elementor-column-gap-no\">\n\t\t\t\t\t<div class=\"elementor-column elementor-col-50 elementor-top-column elementor-element elementor-element-4ea8cc7\" data-id=\"4ea8cc7\" data-element_type=\"column\">\n\t\t\t<div class=\"elementor-widget-wrap elementor-element-populated\">\n\t\t\t\t\t\t<div class=\"elementor-element elementor-element-3111399 elementor-widget elementor-widget-heading\" data-id=\"3111399\" data-element_type=\"widget\" data-widget_type=\"heading.default\">\n\t\t\t\t<div class=\"elementor-widget-container\">\n\t\t\t\t\t<h1 class=\"elementor-heading-title elementor-size-large\">CONCURSO DE COMPOSICI\u00d3N <br>DE OBRAS CORALES <br>ADICORA filial CABA 2025<\/h1>\t\t\t\t<\/div>\n\t\t\t\t<\/div>\n\t\t\t\t<div class=\"elementor-element elementor-element-0b4eaa5 elementor-widget elementor-widget-heading\" data-id=\"0b4eaa5\" data-element_type=\"widget\" data-widget_type=\"heading.default\">\n\t\t\t\t<div class=\"elementor-widget-container\">\n\t\t\t\t\t<h2 class=\"elementor-heading-title elementor-size-small\">Obras corales para coros infantiles<\/h2>\t\t\t\t<\/div>\n\t\t\t\t<\/div>\n\t\t\t\t\t<\/div>\n\t\t<\/div>\n\t\t\t\t<div class=\"elementor-column elementor-col-50 elementor-top-column elementor-element elementor-element-37226cc\" data-id=\"37226cc\" data-element_type=\"column\">\n\t\t\t<div class=\"elementor-widget-wrap elementor-element-populated\">\n\t\t\t\t\t\t<div class=\"elementor-element elementor-element-a2a62d8 elementor-widget elementor-widget-image\" data-id=\"a2a62d8\" data-element_type=\"widget\" data-widget_type=\"image.default\">\n\t\t\t\t<div class=\"elementor-widget-container\">\n\t\t\t\t\t\t\t\t\t\t\t\t\t\t\t<img decoding=\"async\" src=\"https:\/\/adicora.org\/caba\/wp-content\/uploads\/2025\/02\/Concurso-2025-portada-pagina-web-1.png\" title=\"Concurso 2025 &#8211; portada p\u00e1gina web (1)\" alt=\"Concurso 2025 - portada p\u00e1gina web (1)\" loading=\"lazy\" \/>\t\t\t\t\t\t\t\t\t\t\t\t\t\t\t<\/div>\n\t\t\t\t<\/div>\n\t\t\t\t\t<\/div>\n\t\t<\/div>\n\t\t\t\t\t<\/div>\n\t\t<\/section>\n\t\t<div class=\"elementor-element elementor-element-f720f76 e-flex e-con-boxed e-con e-parent\" data-id=\"f720f76\" data-element_type=\"container\">\n\t\t\t\t\t<div class=\"e-con-inner\">\n\t\t\t\t<div class=\"elementor-element elementor-element-8871596 elementor-widget elementor-widget-text-editor\" data-id=\"8871596\" data-element_type=\"widget\" data-widget_type=\"text-editor.default\">\n\t\t\t\t<div class=\"elementor-widget-container\">\n\t\t\t\t\t\t\t\t\t<p style=\"font-size: 17px; font-style: normal; font-weight: 400;\">Durante los meses de abril y mayo de 2025 se presentaron\u00a0<span style=\"font-weight: bold;\">38 obras\u00a0<\/span>en este concurso de composici\u00f3n con el que buscamos fomentar la creaci\u00f3n de obras para la ni\u00f1ez.<\/p><p style=\"font-size: 17px; font-style: normal; font-weight: 400;\"><span style=\"font-weight: bold;\">\u00a0<\/span>El jurado, compuesto por:<\/p><ul style=\"font-size: 17px; font-style: normal; font-weight: 400;\"><li style=\"font-size: 17px;\">por ADICORA Filial CABA:\u00a0<span style=\"font-weight: bold;\">M\u00edriam Alexandre<\/span><\/li><li style=\"font-size: 17px;\">por ADICORA Nacional:\u00a0<span style=\"font-weight: bold;\">Hugo Figueiras<\/span><\/li><li style=\"font-size: 17px;\">por ComCorAr:\u00a0<span style=\"font-weight: bold;\">Marcelo Valva<\/span><\/li><\/ul><div><p style=\"font-size: 17px;\">deliber\u00f3 durante el mes de junio y julio, determinando los siguientes resultados para cada categor\u00eda:<\/p><\/div><h6 style=\"font-style: normal; color: #000000;\">Categor\u00eda 1\u00a0 &#8211;\u00a0\u00a0<i>Obra al un\u00edsono con acompa\u00f1amiento<\/i><\/h6><p style=\"font-size: 17px; font-style: normal; font-weight: 400;\">Primer premio:\u00a0<span style=\"font-weight: bold;\">Mario Figueroa<\/span>, por su obra\u00a0<span style=\"font-weight: bold;\">\u00abD\u00bb<\/span><br \/>Segundo premio:\u00a0<span style=\"font-weight: bold;\">Silvio Seballos<\/span>, por su obra<span style=\"font-weight: bold;\">\u00a0\u00abGatito cualquiera\u00bb<\/span>\u00a0<br \/>Menci\u00f3n especial:\u00a0<span style=\"font-weight: bold;\">Ver\u00f3nica Rapela<\/span>, por su obra\u00a0<span style=\"font-weight: bold;\">\u00abBrisas y risas del carnaval\u00bb<\/span><\/p><h6 style=\"font-style: normal; color: #000000;\">Categor\u00eda 2 &#8211;\u00a0<i>Obra a dos voces a capella<\/i><\/h6><p style=\"font-size: 17px; font-style: normal; font-weight: 400;\">Primer premio: desierto<br \/>Segundo premio:\u00a0<span style=\"font-weight: bold;\">Mariana Rewerski<\/span>, por su obra\u00a0<span style=\"font-weight: bold;\">\u00abVa a caer (cumbia para la lluvia)\u00bb<\/span><br \/>Menci\u00f3n especial:\u00a0<span style=\"font-weight: bold;\">Viviana Danon<\/span>, por su obra<span style=\"font-weight: bold;\">\u00a0\u00abBrote del alba\u00bb\u00a0<\/span><\/p><p style=\"font-size: 17px; font-style: normal; font-weight: 400;\">\u00a1Felicitamos a los ganadores!\u00a0<\/p>\t\t\t\t\t\t\t\t<\/div>\n\t\t\t\t<\/div>\n\t\t\t\t\t<\/div>\n\t\t\t\t<\/div>\n\t\t<div class=\"elementor-element elementor-element-a92362c e-flex e-con-boxed e-con e-parent\" data-id=\"a92362c\" data-element_type=\"container\">\n\t\t\t\t\t<div class=\"e-con-inner\">\n\t\t<div class=\"elementor-element elementor-element-b6c5211 e-con-full e-flex e-con e-child\" data-id=\"b6c5211\" data-element_type=\"container\">\n\t\t\t\t<div class=\"elementor-element elementor-element-5283419 elementor-widget elementor-widget-image\" data-id=\"5283419\" data-element_type=\"widget\" data-widget_type=\"image.default\">\n\t\t\t\t<div class=\"elementor-widget-container\">\n\t\t\t\t\t\t\t\t\t\t\t\t\t\t\t<img fetchpriority=\"high\" decoding=\"async\" width=\"768\" height=\"768\" src=\"https:\/\/adicora.org\/caba\/wp-content\/uploads\/2025\/02\/CONCURSO-DE-COMPOSICION-2025-1-768x768.png\" class=\"attachment-medium_large size-medium_large wp-image-3946\" alt=\"\" srcset=\"https:\/\/adicora.org\/caba\/wp-content\/uploads\/2025\/02\/CONCURSO-DE-COMPOSICION-2025-1-768x768.png 768w, https:\/\/adicora.org\/caba\/wp-content\/uploads\/2025\/02\/CONCURSO-DE-COMPOSICION-2025-1-300x300.png 300w, https:\/\/adicora.org\/caba\/wp-content\/uploads\/2025\/02\/CONCURSO-DE-COMPOSICION-2025-1-1024x1024.png 1024w, https:\/\/adicora.org\/caba\/wp-content\/uploads\/2025\/02\/CONCURSO-DE-COMPOSICION-2025-1-150x150.png 150w, https:\/\/adicora.org\/caba\/wp-content\/uploads\/2025\/02\/CONCURSO-DE-COMPOSICION-2025-1.png 1080w\" sizes=\"(max-width: 768px) 100vw, 768px\" \/>\t\t\t\t\t\t\t\t\t\t\t\t\t\t\t<\/div>\n\t\t\t\t<\/div>\n\t\t\t\t<\/div>\n\t\t<div class=\"elementor-element elementor-element-2165fe7 e-con-full e-flex e-con e-child\" data-id=\"2165fe7\" data-element_type=\"container\">\n\t\t\t\t<div class=\"elementor-element elementor-element-a884b3b elementor-widget elementor-widget-text-editor\" data-id=\"a884b3b\" data-element_type=\"widget\" data-widget_type=\"text-editor.default\">\n\t\t\t\t<div class=\"elementor-widget-container\">\n\t\t\t\t\t\t\t\t\t<p><strong>CONCURSO DE COMPOSICI\u00d3N 2025<\/strong><\/p>\t\t\t\t\t\t\t\t<\/div>\n\t\t\t\t<\/div>\n\t\t\t\t<div class=\"elementor-element elementor-element-e91eea1 elementor-widget elementor-widget-text-editor\" data-id=\"e91eea1\" data-element_type=\"widget\" data-widget_type=\"text-editor.default\">\n\t\t\t\t<div class=\"elementor-widget-container\">\n\t\t\t\t\t\t\t\t\t<p>ADICORA Filial Ciudad de Buenos Aires<\/p>\t\t\t\t\t\t\t\t<\/div>\n\t\t\t\t<\/div>\n\t\t\t\t<div class=\"elementor-element elementor-element-c20bf4d elementor-widget elementor-widget-text-editor\" data-id=\"c20bf4d\" data-element_type=\"widget\" data-widget_type=\"text-editor.default\">\n\t\t\t\t<div class=\"elementor-widget-container\">\n\t\t\t\t\t\t\t\t\t<p><strong>Obras para Coros Infantiles<\/strong><\/p>\t\t\t\t\t\t\t\t<\/div>\n\t\t\t\t<\/div>\n\t\t\t\t<div class=\"elementor-element elementor-element-2f67511 elementor-widget elementor-widget-text-editor\" data-id=\"2f67511\" data-element_type=\"widget\" data-widget_type=\"text-editor.default\">\n\t\t\t\t<div class=\"elementor-widget-container\">\n\t\t\t\t\t\t\t\t\t<p><i>Presentaci\u00f3n de obras<\/i>: 1 de abril al 31 de mayo<\/p>\t\t\t\t\t\t\t\t<\/div>\n\t\t\t\t<\/div>\n\t\t\t\t<div class=\"elementor-element elementor-element-7e7002f elementor-widget elementor-widget-text-editor\" data-id=\"7e7002f\" data-element_type=\"widget\" data-widget_type=\"text-editor.default\">\n\t\t\t\t<div class=\"elementor-widget-container\">\n\t\t\t\t\t\t\t\t\t<p><i>Categor\u00eda 1<\/i>: Obra al un\u00edsono con acompa\u00f1amiento<\/p>\t\t\t\t\t\t\t\t<\/div>\n\t\t\t\t<\/div>\n\t\t\t\t<div class=\"elementor-element elementor-element-7824525 elementor-widget elementor-widget-text-editor\" data-id=\"7824525\" data-element_type=\"widget\" data-widget_type=\"text-editor.default\">\n\t\t\t\t<div class=\"elementor-widget-container\">\n\t\t\t\t\t\t\t\t\t<p><i>Categor\u00eda 2<\/i>: Obra a dos voces a capella<\/p>\t\t\t\t\t\t\t\t<\/div>\n\t\t\t\t<\/div>\n\t\t\t\t<div class=\"elementor-element elementor-element-c540c4d elementor-widget elementor-widget-text-editor\" data-id=\"c540c4d\" data-element_type=\"widget\" data-widget_type=\"text-editor.default\">\n\t\t\t\t<div class=\"elementor-widget-container\">\n\t\t\t\t\t\t\t\t\t<p>Se otorgar\u00e1n tres premios por categor\u00eda; el primer y segundo puesto de cada categor\u00eda recibir\u00e1 premio en efectivo, y todos los puestos recibir\u00e1n diploma honor\u00edfico y estreno de las obras premiadas en concierto de coro\/s de nuestra filial.<\/p>\t\t\t\t\t\t\t\t<\/div>\n\t\t\t\t<\/div>\n\t\t\t\t<\/div>\n\t\t\t\t\t<\/div>\n\t\t\t\t<\/div>\n\t\t<div class=\"elementor-element elementor-element-60bca3f e-flex e-con-boxed e-con e-parent\" data-id=\"60bca3f\" data-element_type=\"container\">\n\t\t\t\t\t<div class=\"e-con-inner\">\n\t\t\t\t<div class=\"elementor-element elementor-element-98150be elementor-widget elementor-widget-image\" data-id=\"98150be\" data-element_type=\"widget\" data-widget_type=\"image.default\">\n\t\t\t\t<div class=\"elementor-widget-container\">\n\t\t\t\t\t\t\t\t\t\t\t\t<figure class=\"wp-caption\">\n\t\t\t\t\t\t\t\t\t\t\t<a href=\"https:\/\/goldberg-verlag.com\/es\/inicio\/\">\n\t\t\t\t\t\t\t<img decoding=\"async\" width=\"300\" height=\"150\" src=\"https:\/\/adicora.org\/caba\/wp-content\/uploads\/2023\/10\/Banner-de-Goldberg-300x150.png\" class=\"attachment-medium size-medium wp-image-2336\" alt=\"\" srcset=\"https:\/\/adicora.org\/caba\/wp-content\/uploads\/2023\/10\/Banner-de-Goldberg-300x150.png 300w, https:\/\/adicora.org\/caba\/wp-content\/uploads\/2023\/10\/Banner-de-Goldberg-1024x512.png 1024w, https:\/\/adicora.org\/caba\/wp-content\/uploads\/2023\/10\/Banner-de-Goldberg-768x384.png 768w, https:\/\/adicora.org\/caba\/wp-content\/uploads\/2023\/10\/Banner-de-Goldberg-1536x768.png 1536w, https:\/\/adicora.org\/caba\/wp-content\/uploads\/2023\/10\/Banner-de-Goldberg-2048x1024.png 2048w\" sizes=\"(max-width: 300px) 100vw, 300px\" \/>\t\t\t\t\t\t\t\t<\/a>\n\t\t\t\t\t\t\t\t\t\t\t<figcaption class=\"widget-image-caption wp-caption-text\">Goldberg Musik Editionen<\/figcaption>\n\t\t\t\t\t\t\t\t\t\t<\/figure>\n\t\t\t\t\t\t\t\t\t<\/div>\n\t\t\t\t<\/div>\n\t\t\t\t\t<\/div>\n\t\t\t\t<\/div>\n\t\t<div class=\"elementor-element elementor-element-3b43f73 e-flex e-con-boxed e-con e-parent\" data-id=\"3b43f73\" data-element_type=\"container\">\n\t\t\t\t\t<div class=\"e-con-inner\">\n\t\t\t\t<div class=\"elementor-element elementor-element-54c0aa9 elementor-widget elementor-widget-heading\" data-id=\"54c0aa9\" data-element_type=\"widget\" data-widget_type=\"heading.default\">\n\t\t\t\t<div class=\"elementor-widget-container\">\n\t\t\t\t\t<h2 class=\"elementor-heading-title elementor-size-medium\">Reglamento<\/h2>\t\t\t\t<\/div>\n\t\t\t\t<\/div>\n\t\t\t\t\t<\/div>\n\t\t\t\t<\/div>\n\t\t<div class=\"elementor-element elementor-element-f9c0f48 e-flex e-con-boxed e-con e-parent\" data-id=\"f9c0f48\" data-element_type=\"container\">\n\t\t\t\t\t<div class=\"e-con-inner\">\n\t\t\t\t<div class=\"elementor-element elementor-element-b3ebac9 elementor-widget__width-initial elementor-widget elementor-widget-text-editor\" data-id=\"b3ebac9\" data-element_type=\"widget\" data-widget_type=\"text-editor.default\">\n\t\t\t\t<div class=\"elementor-widget-container\">\n\t\t\t\t\t\t\t\t\t<p><strong>1.<\/strong> <strong>POSTULANTES<\/strong><br \/>1.1. Podr\u00e1n presentar obras compositores\/as mayores de 18 a\u00f1os de edad de\u00a0nacionalidad o residencia certificada en la Rep\u00fablica Argentina.<br \/>1.2. Las solicitudes deber\u00e1n ser de car\u00e1cter individual.<br \/>1.3. Se podr\u00e1n presentar todas las obras que deseen en ambas categor\u00edas, pero\u00a0todas bajo un mismo seud\u00f3nimo. De todas las obras presentadas s\u00f3lo una podr\u00e1<br \/>ser premiada en el presente concurso.<br \/>1.4. Los participantes deben asegurarse que su seud\u00f3nimo figure claramente escrito\u00a0en <strong>todos<\/strong> los documentos que as\u00ed lo especifican. Los nombres art\u00edsticos no deber\u00e1n<br \/>ser utilizados como seud\u00f3nimos. Cualquier indicaci\u00f3n que revele la identidad del\u00a0compositor\/a acarrear\u00e1 la descalificaci\u00f3n de la postulaci\u00f3n.<br \/>1.5. El hecho de inscribirse y participar de este concurso implica la aceptaci\u00f3n total\u00a0de las cl\u00e1usulas anteriormente presentadas.<br \/>1.6. No podr\u00e1n presentarse al concurso miembros de la comisi\u00f3n de autoridades\u00a0vigente de ADICORA filial CABA.<\/p><p><strong>2. COMPOSICIONES<\/strong><br \/>2.1. Las obras, escritas en ambas categor\u00edas, deber\u00e1n ser originales e in\u00e9ditas;\u00a0nunca antes presentadas en p\u00fablico, ni grabadas, ni premiadas.<br \/>2.2. No se admitir\u00e1n propuestas de arreglos o adaptaciones de obras ya existentes.<br \/>2.3. La composici\u00f3n musical (no as\u00ed el texto de la obra) deber\u00e1 estar hecha por un solo\u00a0compositor.<br \/>2.4. La duraci\u00f3n de las obras debe estar comprendida entre 2 y 4 minutos de\u00a0duraci\u00f3n.<br \/>2.5. El texto de las obras deber\u00e1 estar en idioma espa\u00f1ol y dirigido al p\u00fablico\u00a0infantil. Algunas de las tem\u00e1ticas sugeridas son:<\/p><ul><li>Derechos de los ni\u00f1os<\/li><li>Naturaleza y la relaci\u00f3n de las infancias con ella<\/li><li>Juegos y rondas infantiles<\/li><li>F\u00e1bulas<\/li><\/ul><p>2.6. En caso que la autor\u00eda del texto de la obra no corresponda al compositor, los\u00a0concursantes deber\u00e1n tener una declaraci\u00f3n jurada firmada de pu\u00f1o y letra en la que<br \/>certifique que cuenta con la autorizaci\u00f3n del autor del texto para su participaci\u00f3n en\u00a0el presente concurso. Est\u00e1 declaraci\u00f3n deber\u00e1 ser entregada en caso de que la obra\u00a0resulte ganadora.<br \/>2.7. Las dos (2) categor\u00edas del concurso son:<\/p><ul><li><b>Categor\u00eda 1<\/b>: Obra al un\u00edsono con acompa\u00f1amiento<\/li><li><b>Categor\u00eda 2<\/b>: Obra a dos voces a capella<\/li><\/ul><p><strong>3. PRESENTACI\u00d3N DE LA SOLICITUD<\/strong><br \/>3.1. Las obras ser\u00e1n presentadas directamente por el\/la postulante a trav\u00e9s del sitio\u00a0<a href=\"https:\/\/adicora.org\/caba\">Adicora Filial CABA.<\/a><br \/>3.2. Los postulantes deber\u00e1n llenar los dos (2) formularios que figuran en la p\u00e1gina\u00a0mencionada en el art\u00edculo anterior. Uno se llama <strong>PRRESENTACI\u00d3N DE LA OBRA<\/strong> y el otro\u00a0<strong>IDENTIDAD DEL CONCURSANTE.<\/strong> En estos formularios los concursantes deber\u00e1n\u00a0presentar la siguiente documentaci\u00f3n:<\/p><ul><li><u>Formulario <strong>PRESENTACI\u00d3N DE LA OBRA<\/strong><\/u><\/li><\/ul><ol><li>Partitura general completa en formato PDF<\/li><li>Partitura general completa en Finale, Sibelius u otro programa similar<\/li><li>Obra en archivo mp3 (opcional)<\/li><li>Breve comentario relativo a la obra presentada<\/li><\/ol><p><span style=\"font-style: inherit; font-weight: inherit;\">NOTA: En el caso de presentar m\u00e1s de una obra se deber\u00e1n presentar en los puntos 1, 2 y\u00a0<\/span>3, los archivos necesarios de cada una de ellas. Todo en el mismo formulario.<\/p><ul><li><u>Formulario <strong>IDENTIDAD DEL CONCURSANTE<\/strong><\/u><\/li><\/ul><ol><li>Copia del DNI, pasaporte o residencia certificada del postulante<\/li><li>Pa\u00eds de residencia<\/li><li>Breve curr\u00edculum vitae del concursante<\/li><li>T\u00edtulo de la obra y una declaraci\u00f3n jurada firmada en la que se manifieste que\u00a0la obra presentada no ha sido premiada, ni editada ni estrenada con el t\u00edtulo actual, ni con cualquier otro.<\/li><\/ol><p><span style=\"font-style: inherit; font-weight: inherit;\">NOTA: En el caso de presentar m\u00e1s de una obra, se deber\u00e1 adjuntar, en el punto 4, una\u00a0declaraci\u00f3n jurada por cada una.<\/span><br \/>3.3. Los participantes que presentaren m\u00e1s de una obra deber\u00e1n llenar un solo formulario de\u00a0<strong>PRESENTACI\u00d3N DE LA OBRA<\/strong> y un solo formulario de <strong>IDENTIDAD DEL<\/strong><br \/><strong>CONCURSANTE.<\/strong> All\u00ed deber\u00e1n presentar toda la documentaci\u00f3n detallada en punto anterior<br \/>3.4. El correo electr\u00f3nico que se utilice por los postulantes no deber\u00e1 revelar su identidad.<br \/>3.5. Las solicitudes deber\u00e1n presentarse entre el <b>1 de abril<\/b> y el <b>30 de mayo de 2025<\/b>.<br \/>3.6. Las solicitudes deben cumplimentarse en los t\u00e9rminos de esta convocatoria. No se\u00a0aceptar\u00e1n solicitudes incompletas ni extempor\u00e1neas.<br \/>3.7. Las instrucciones de los formularios de solicitud se deben observar estrictamente.<\/p>\t\t\t\t\t\t\t\t<\/div>\n\t\t\t\t<\/div>\n\t\t\t\t\t<\/div>\n\t\t\t\t<\/div>\n\t\t<div class=\"elementor-element elementor-element-80dcc6a e-flex e-con-boxed e-con e-parent\" data-id=\"80dcc6a\" data-element_type=\"container\">\n\t\t\t\t\t<div class=\"e-con-inner\">\n\t\t\t\t<div class=\"elementor-element elementor-element-702f8ac elementor-widget elementor-widget-image\" data-id=\"702f8ac\" data-element_type=\"widget\" data-widget_type=\"image.default\">\n\t\t\t\t<div class=\"elementor-widget-container\">\n\t\t\t\t\t\t\t\t\t\t\t\t<figure class=\"wp-caption\">\n\t\t\t\t\t\t\t\t\t\t\t<a href=\"https:\/\/edicionesgcc.org.ar\/\">\n\t\t\t\t\t\t\t<img decoding=\"async\" width=\"300\" height=\"150\" src=\"https:\/\/adicora.org\/caba\/wp-content\/uploads\/2023\/10\/Banner-de-GCC-300x150.png\" class=\"attachment-medium size-medium wp-image-2481\" alt=\"\" srcset=\"https:\/\/adicora.org\/caba\/wp-content\/uploads\/2023\/10\/Banner-de-GCC-300x150.png 300w, https:\/\/adicora.org\/caba\/wp-content\/uploads\/2023\/10\/Banner-de-GCC-1024x512.png 1024w, https:\/\/adicora.org\/caba\/wp-content\/uploads\/2023\/10\/Banner-de-GCC-768x384.png 768w, https:\/\/adicora.org\/caba\/wp-content\/uploads\/2023\/10\/Banner-de-GCC-1536x768.png 1536w, https:\/\/adicora.org\/caba\/wp-content\/uploads\/2023\/10\/Banner-de-GCC-2048x1024.png 2048w\" sizes=\"(max-width: 300px) 100vw, 300px\" \/>\t\t\t\t\t\t\t\t<\/a>\n\t\t\t\t\t\t\t\t\t\t\t<figcaption class=\"widget-image-caption wp-caption-text\">Ediciones GCC<\/figcaption>\n\t\t\t\t\t\t\t\t\t\t<\/figure>\n\t\t\t\t\t\t\t\t\t<\/div>\n\t\t\t\t<\/div>\n\t\t\t\t\t<\/div>\n\t\t\t\t<\/div>\n\t\t<div class=\"elementor-element elementor-element-54903ed e-flex e-con-boxed e-con e-parent\" data-id=\"54903ed\" data-element_type=\"container\">\n\t\t\t\t\t<div class=\"e-con-inner\">\n\t\t\t\t<div class=\"elementor-element elementor-element-0ea0cff elementor-widget__width-initial elementor-widget elementor-widget-text-editor\" data-id=\"0ea0cff\" data-element_type=\"widget\" data-widget_type=\"text-editor.default\">\n\t\t\t\t<div class=\"elementor-widget-container\">\n\t\t\t\t\t\t\t\t\t<p><strong>4. JURADO<\/strong><br \/>4.1. El jurado estar\u00e1 formado por 3 integrantes:<\/p><ul><li>Representante\/s de ADICORA Filial CABA<\/li><li>Representante de ADICORA Nacional<\/li><li>Representante de COMCORAR siglo XXI<\/li><\/ul><p>4.2. Al menos uno de los miembros del jurado ser\u00e1 mujer.<br \/>4.3. El jurado podr\u00e1 declarar desierta todas o alguna de las categor\u00edas.<br \/>4.4. El fallo del jurado ser\u00e1 inapelable.<br \/>4.5. Toda circunstancia no prevista en las normas de este reglamento ser\u00e1 resuelta por el\u00a0jurado.\u00a0<\/p><p><strong>5. PREMIACI\u00d3N<\/strong><br \/>5.1. Los ganadores del primer premio en cada categor\u00eda recibir\u00e1n un monto en\u00a0pesos equivalente a cien (100) d\u00f3lares estadounidenses al momento de hacerse<br \/>efectivo el pago del mismo. Sus obras ser\u00e1n estrenadas por un coro de la Filial y\u00a0recibir\u00e1n un diploma de honor.<br \/>Los ganadores del segundo premio en cada categor\u00eda recibir\u00e1n un monto en pesos\u00a0equivalente a cincuenta (50) d\u00f3lares estadounidenses al momento de hacerse<br \/>efectivo el pago del mismo. Sus obras ser\u00e1n estrenadas por un coro de la Filial y\u00a0recibir\u00e1n un diploma de honor.<br \/>Los ganadores del tercer premio recibir\u00e1n un diploma de honor y sus obras ser\u00e1n\u00a0estrenadas por un coro de la Filial.<br \/>5.2. Los premios no podr\u00e1n ser compartidos.<br \/>5.3. El resultado del concurso se dar\u00e1 a conocer en forma individual a los ganadores y en\u00a0forma p\u00fablica a trav\u00e9s de las redes sociales en el mes de junio de 2025.<br \/>5.4. La producci\u00f3n de particellas u otros posibles materiales requeridos para la\u00a0interpretaci\u00f3n de la obra es exclusiva responsabilidad de los compositores,<br \/>debi\u00e9ndose entregar en tiempo y forma para la preparaci\u00f3n de los conciertos.\u00a0<\/p><p><strong>6. MENCI\u00d3N DEL PREMIO ADICORA Filial CABA<\/strong><br \/>Si la obra ganadora se interpretase o editase, deber\u00e1 constar en el programa o edici\u00f3n,\u00a0despu\u00e9s del t\u00edtulo de la misma, el siguiente texto: <i>\u201cObra ganadora del 2\u00b0 Concurso de composici\u00f3n coral de\u00a0<\/i><i style=\"font-size: 1rem;\">obras infantiles de\u00a0<\/i><i style=\"font-weight: inherit;\">ADICORA FIlial CABA\u201d<\/i><span style=\"font-style: inherit; font-weight: inherit;\">.\u00a0<\/span><\/p><p><strong>7. CESI\u00d3N DE DERECHOS<\/strong><br \/>7.1. Los derechos intelectuales de las obras pertenecen en su totalidad a los autores y\u00a0compositores.<br \/>7.2. La sola participaci\u00f3n en este concurso implica la autorizaci\u00f3n de la interpretaci\u00f3n de\u00a0la obra ganadora en p\u00fablico, por parte de los coros que tendr\u00e1n a su cargo su estreno.<\/p>\t\t\t\t\t\t\t\t<\/div>\n\t\t\t\t<\/div>\n\t\t\t\t\t<\/div>\n\t\t\t\t<\/div>\n\t\t<div class=\"elementor-element elementor-element-bc265e5 e-flex e-con-boxed e-con e-parent\" data-id=\"bc265e5\" data-element_type=\"container\">\n\t\t\t\t\t<div class=\"e-con-inner\">\n\t\t\t\t<div class=\"elementor-element elementor-element-99dbcf5 elementor-widget elementor-widget-image\" data-id=\"99dbcf5\" data-element_type=\"widget\" data-widget_type=\"image.default\">\n\t\t\t\t<div class=\"elementor-widget-container\">\n\t\t\t\t\t\t\t\t\t\t\t\t<figure class=\"wp-caption\">\n\t\t\t\t\t\t\t\t\t\t\t<a href=\"https:\/\/comcorar.com\/\">\n\t\t\t\t\t\t\t<img loading=\"lazy\" decoding=\"async\" width=\"300\" height=\"150\" src=\"https:\/\/adicora.org\/caba\/wp-content\/uploads\/2023\/10\/Banner-de-ComCorAr-300x150.png\" class=\"attachment-medium size-medium wp-image-2769\" alt=\"\" srcset=\"https:\/\/adicora.org\/caba\/wp-content\/uploads\/2023\/10\/Banner-de-ComCorAr-300x150.png 300w, https:\/\/adicora.org\/caba\/wp-content\/uploads\/2023\/10\/Banner-de-ComCorAr-1024x512.png 1024w, https:\/\/adicora.org\/caba\/wp-content\/uploads\/2023\/10\/Banner-de-ComCorAr-768x384.png 768w, https:\/\/adicora.org\/caba\/wp-content\/uploads\/2023\/10\/Banner-de-ComCorAr-1536x768.png 1536w, https:\/\/adicora.org\/caba\/wp-content\/uploads\/2023\/10\/Banner-de-ComCorAr-2048x1024.png 2048w\" sizes=\"(max-width: 300px) 100vw, 300px\" \/>\t\t\t\t\t\t\t\t<\/a>\n\t\t\t\t\t\t\t\t\t\t\t<figcaption class=\"widget-image-caption wp-caption-text\">Compositores Corales Argentinos<\/figcaption>\n\t\t\t\t\t\t\t\t\t\t<\/figure>\n\t\t\t\t\t\t\t\t\t<\/div>\n\t\t\t\t<\/div>\n\t\t\t\t\t<\/div>\n\t\t\t\t<\/div>\n\t\t\t\t<\/div>\n\t\t","protected":false},"excerpt":{"rendered":"<p>CONCURSO DE COMPOSICI\u00d3N DE OBRAS CORALES ADICORA filial CABA 2025 Obras corales para coros infantiles Durante los meses de abril y mayo de 2025 se presentaron\u00a038 obras\u00a0en este concurso de composici\u00f3n con el que buscamos fomentar la creaci\u00f3n de obras para la ni\u00f1ez. \u00a0El jurado, compuesto por: por ADICORA Filial CABA:\u00a0M\u00edriam Alexandre por ADICORA Nacional:\u00a0Hugo &hellip;<\/p>\n<p class=\"read-more\"> <a class=\"\" href=\"https:\/\/adicora.org\/caba\/concurso\/\"> <span class=\"screen-reader-text\">Concurso<\/span> Leer m\u00e1s &raquo;<\/a><\/p>\n","protected":false},"author":1,"featured_media":0,"parent":0,"menu_order":0,"comment_status":"closed","ping_status":"closed","template":"","meta":{"_eb_attr":"","site-sidebar-layout":"no-sidebar","site-content-layout":"page-builder","ast-site-content-layout":"full-width-container","site-content-style":"unboxed","site-sidebar-style":"unboxed","ast-global-header-display":"","ast-banner-title-visibility":"","ast-main-header-display":"","ast-hfb-above-header-display":"","ast-hfb-below-header-display":"","ast-hfb-mobile-header-display":"","site-post-title":"disabled","ast-breadcrumbs-content":"disabled","ast-featured-img":"disabled","footer-sml-layout":"","theme-transparent-header-meta":"enabled","adv-header-id-meta":"","stick-header-meta":"","header-above-stick-meta":"","header-main-stick-meta":"","header-below-stick-meta":"","astra-migrate-meta-layouts":"set","footnotes":""},"class_list":["post-3406","page","type-page","status-publish","hentry"],"yoast_head":"<!-- This site is optimized with the Yoast SEO plugin v25.1 - https:\/\/yoast.com\/wordpress\/plugins\/seo\/ -->\n<title>Concurso de composici\u00f3n 2025 - ADICORA filial CABA<\/title>\n<meta name=\"description\" content=\"Concurso de composici\u00f3n 2025 - Obras para coros infantiles, con y sin acompa\u00f1amiento\" \/>\n<meta name=\"robots\" content=\"index, follow, max-snippet:-1, max-image-preview:large, max-video-preview:-1\" \/>\n<link rel=\"canonical\" href=\"https:\/\/adicora.org\/caba\/concurso\/\" \/>\n<meta property=\"og:locale\" content=\"es_ES\" \/>\n<meta property=\"og:type\" content=\"article\" \/>\n<meta property=\"og:title\" content=\"Concurso de composici\u00f3n 2025 - ADICORA filial CABA\" \/>\n<meta property=\"og:description\" content=\"Concurso de composici\u00f3n 2025 - Obras para coros infantiles, con y sin acompa\u00f1amiento\" \/>\n<meta property=\"og:url\" content=\"https:\/\/adicora.org\/caba\/concurso\/\" \/>\n<meta property=\"og:site_name\" content=\"Adicora Filial Ciudad de Buenos Aires\" \/>\n<meta property=\"article:modified_time\" content=\"2025-07-25T15:27:00+00:00\" \/>\n<meta property=\"og:image\" content=\"https:\/\/adicora.org\/caba\/wp-content\/uploads\/2025\/02\/Concurso-2025-portada-pagina-web-1.png\" \/>\n<meta name=\"twitter:card\" content=\"summary_large_image\" \/>\n<meta name=\"twitter:label1\" content=\"Tiempo de lectura\" \/>\n\t<meta name=\"twitter:data1\" content=\"7 minutos\" \/>\n<script type=\"application\/ld+json\" class=\"yoast-schema-graph\">{\"@context\":\"https:\/\/schema.org\",\"@graph\":[{\"@type\":\"WebPage\",\"@id\":\"https:\/\/adicora.org\/caba\/concurso\/\",\"url\":\"https:\/\/adicora.org\/caba\/concurso\/\",\"name\":\"Concurso de composici\u00f3n 2025 - ADICORA filial CABA\",\"isPartOf\":{\"@id\":\"https:\/\/adicora.org\/caba\/#website\"},\"primaryImageOfPage\":{\"@id\":\"https:\/\/adicora.org\/caba\/concurso\/#primaryimage\"},\"image\":{\"@id\":\"https:\/\/adicora.org\/caba\/concurso\/#primaryimage\"},\"thumbnailUrl\":\"https:\/\/adicora.org\/caba\/wp-content\/uploads\/2025\/02\/Concurso-2025-portada-pagina-web-1.png\",\"datePublished\":\"2024-01-25T14:45:17+00:00\",\"dateModified\":\"2025-07-25T15:27:00+00:00\",\"description\":\"Concurso de composici\u00f3n 2025 - Obras para coros infantiles, con y sin acompa\u00f1amiento\",\"breadcrumb\":{\"@id\":\"https:\/\/adicora.org\/caba\/concurso\/#breadcrumb\"},\"inLanguage\":\"es\",\"potentialAction\":[{\"@type\":\"ReadAction\",\"target\":[\"https:\/\/adicora.org\/caba\/concurso\/\"]}]},{\"@type\":\"ImageObject\",\"inLanguage\":\"es\",\"@id\":\"https:\/\/adicora.org\/caba\/concurso\/#primaryimage\",\"url\":\"https:\/\/adicora.org\/caba\/wp-content\/uploads\/2025\/02\/Concurso-2025-portada-pagina-web-1.png\",\"contentUrl\":\"https:\/\/adicora.org\/caba\/wp-content\/uploads\/2025\/02\/Concurso-2025-portada-pagina-web-1.png\",\"width\":2000,\"height\":1126},{\"@type\":\"BreadcrumbList\",\"@id\":\"https:\/\/adicora.org\/caba\/concurso\/#breadcrumb\",\"itemListElement\":[{\"@type\":\"ListItem\",\"position\":1,\"name\":\"Portada\",\"item\":\"https:\/\/adicora.org\/caba\/\"},{\"@type\":\"ListItem\",\"position\":2,\"name\":\"Concurso\"}]},{\"@type\":\"WebSite\",\"@id\":\"https:\/\/adicora.org\/caba\/#website\",\"url\":\"https:\/\/adicora.org\/caba\/\",\"name\":\"Adicora Filial Ciudad de Buenos Aires\",\"description\":\"\",\"publisher\":{\"@id\":\"https:\/\/adicora.org\/caba\/#organization\"},\"potentialAction\":[{\"@type\":\"SearchAction\",\"target\":{\"@type\":\"EntryPoint\",\"urlTemplate\":\"https:\/\/adicora.org\/caba\/?s={search_term_string}\"},\"query-input\":{\"@type\":\"PropertyValueSpecification\",\"valueRequired\":true,\"valueName\":\"search_term_string\"}}],\"inLanguage\":\"es\"},{\"@type\":\"Organization\",\"@id\":\"https:\/\/adicora.org\/caba\/#organization\",\"name\":\"Adicora Filial Ciudad de Buenos Aires\",\"url\":\"https:\/\/adicora.org\/caba\/\",\"logo\":{\"@type\":\"ImageObject\",\"inLanguage\":\"es\",\"@id\":\"https:\/\/adicora.org\/caba\/#\/schema\/logo\/image\/\",\"url\":\"https:\/\/adicora.org\/caba\/wp-content\/uploads\/2025\/10\/adicora-in-memoriam.png\",\"contentUrl\":\"https:\/\/adicora.org\/caba\/wp-content\/uploads\/2025\/10\/adicora-in-memoriam.png\",\"width\":435,\"height\":573,\"caption\":\"Adicora Filial Ciudad de Buenos Aires\"},\"image\":{\"@id\":\"https:\/\/adicora.org\/caba\/#\/schema\/logo\/image\/\"}}]}<\/script>\n<!-- \/ Yoast SEO plugin. -->","yoast_head_json":{"title":"Concurso de composici\u00f3n 2025 - ADICORA filial CABA","description":"Concurso de composici\u00f3n 2025 - Obras para coros infantiles, con y sin acompa\u00f1amiento","robots":{"index":"index","follow":"follow","max-snippet":"max-snippet:-1","max-image-preview":"max-image-preview:large","max-video-preview":"max-video-preview:-1"},"canonical":"https:\/\/adicora.org\/caba\/concurso\/","og_locale":"es_ES","og_type":"article","og_title":"Concurso de composici\u00f3n 2025 - ADICORA filial CABA","og_description":"Concurso de composici\u00f3n 2025 - Obras para coros infantiles, con y sin acompa\u00f1amiento","og_url":"https:\/\/adicora.org\/caba\/concurso\/","og_site_name":"Adicora Filial Ciudad de Buenos Aires","article_modified_time":"2025-07-25T15:27:00+00:00","og_image":[{"url":"https:\/\/adicora.org\/caba\/wp-content\/uploads\/2025\/02\/Concurso-2025-portada-pagina-web-1.png","type":"","width":"","height":""}],"twitter_card":"summary_large_image","twitter_misc":{"Tiempo de lectura":"7 minutos"},"schema":{"@context":"https:\/\/schema.org","@graph":[{"@type":"WebPage","@id":"https:\/\/adicora.org\/caba\/concurso\/","url":"https:\/\/adicora.org\/caba\/concurso\/","name":"Concurso de composici\u00f3n 2025 - ADICORA filial CABA","isPartOf":{"@id":"https:\/\/adicora.org\/caba\/#website"},"primaryImageOfPage":{"@id":"https:\/\/adicora.org\/caba\/concurso\/#primaryimage"},"image":{"@id":"https:\/\/adicora.org\/caba\/concurso\/#primaryimage"},"thumbnailUrl":"https:\/\/adicora.org\/caba\/wp-content\/uploads\/2025\/02\/Concurso-2025-portada-pagina-web-1.png","datePublished":"2024-01-25T14:45:17+00:00","dateModified":"2025-07-25T15:27:00+00:00","description":"Concurso de composici\u00f3n 2025 - Obras para coros infantiles, con y sin acompa\u00f1amiento","breadcrumb":{"@id":"https:\/\/adicora.org\/caba\/concurso\/#breadcrumb"},"inLanguage":"es","potentialAction":[{"@type":"ReadAction","target":["https:\/\/adicora.org\/caba\/concurso\/"]}]},{"@type":"ImageObject","inLanguage":"es","@id":"https:\/\/adicora.org\/caba\/concurso\/#primaryimage","url":"https:\/\/adicora.org\/caba\/wp-content\/uploads\/2025\/02\/Concurso-2025-portada-pagina-web-1.png","contentUrl":"https:\/\/adicora.org\/caba\/wp-content\/uploads\/2025\/02\/Concurso-2025-portada-pagina-web-1.png","width":2000,"height":1126},{"@type":"BreadcrumbList","@id":"https:\/\/adicora.org\/caba\/concurso\/#breadcrumb","itemListElement":[{"@type":"ListItem","position":1,"name":"Portada","item":"https:\/\/adicora.org\/caba\/"},{"@type":"ListItem","position":2,"name":"Concurso"}]},{"@type":"WebSite","@id":"https:\/\/adicora.org\/caba\/#website","url":"https:\/\/adicora.org\/caba\/","name":"Adicora Filial Ciudad de Buenos Aires","description":"","publisher":{"@id":"https:\/\/adicora.org\/caba\/#organization"},"potentialAction":[{"@type":"SearchAction","target":{"@type":"EntryPoint","urlTemplate":"https:\/\/adicora.org\/caba\/?s={search_term_string}"},"query-input":{"@type":"PropertyValueSpecification","valueRequired":true,"valueName":"search_term_string"}}],"inLanguage":"es"},{"@type":"Organization","@id":"https:\/\/adicora.org\/caba\/#organization","name":"Adicora Filial Ciudad de Buenos Aires","url":"https:\/\/adicora.org\/caba\/","logo":{"@type":"ImageObject","inLanguage":"es","@id":"https:\/\/adicora.org\/caba\/#\/schema\/logo\/image\/","url":"https:\/\/adicora.org\/caba\/wp-content\/uploads\/2025\/10\/adicora-in-memoriam.png","contentUrl":"https:\/\/adicora.org\/caba\/wp-content\/uploads\/2025\/10\/adicora-in-memoriam.png","width":435,"height":573,"caption":"Adicora Filial Ciudad de Buenos Aires"},"image":{"@id":"https:\/\/adicora.org\/caba\/#\/schema\/logo\/image\/"}}]}},"_links":{"self":[{"href":"https:\/\/adicora.org\/caba\/wp-json\/wp\/v2\/pages\/3406","targetHints":{"allow":["GET"]}}],"collection":[{"href":"https:\/\/adicora.org\/caba\/wp-json\/wp\/v2\/pages"}],"about":[{"href":"https:\/\/adicora.org\/caba\/wp-json\/wp\/v2\/types\/page"}],"author":[{"embeddable":true,"href":"https:\/\/adicora.org\/caba\/wp-json\/wp\/v2\/users\/1"}],"replies":[{"embeddable":true,"href":"https:\/\/adicora.org\/caba\/wp-json\/wp\/v2\/comments?post=3406"}],"version-history":[{"count":160,"href":"https:\/\/adicora.org\/caba\/wp-json\/wp\/v2\/pages\/3406\/revisions"}],"predecessor-version":[{"id":4314,"href":"https:\/\/adicora.org\/caba\/wp-json\/wp\/v2\/pages\/3406\/revisions\/4314"}],"wp:attachment":[{"href":"https:\/\/adicora.org\/caba\/wp-json\/wp\/v2\/media?parent=3406"}],"curies":[{"name":"wp","href":"https:\/\/api.w.org\/{rel}","templated":true}]}}