{"id":2685,"date":"2023-10-18T13:56:48","date_gmt":"2023-10-18T16:56:48","guid":{"rendered":"https:\/\/adicora.org\/caba\/?page_id=2685"},"modified":"2025-07-12T13:00:10","modified_gmt":"2025-07-12T16:00:10","slug":"gpscoral-coros-de-caba","status":"publish","type":"page","link":"https:\/\/adicora.org\/caba\/gpscoral-coros-de-caba\/","title":{"rendered":"Coros de CABA"},"content":{"rendered":"\t\t<div data-elementor-type=\"wp-page\" data-elementor-id=\"2685\" class=\"elementor elementor-2685\">\n\t\t\t\t\t\t<section class=\"elementor-section elementor-top-section elementor-element elementor-element-e8d8309 elementor-section-height-min-height elementor-reverse-mobile elementor-section-boxed elementor-section-height-default elementor-section-items-middle\" data-id=\"e8d8309\" data-element_type=\"section\" data-settings=\"{&quot;background_background&quot;:&quot;classic&quot;}\">\n\t\t\t\t\t\t\t<div class=\"elementor-background-overlay\"><\/div>\n\t\t\t\t\t\t\t<div class=\"elementor-container elementor-column-gap-no\">\n\t\t\t\t\t<div class=\"elementor-column elementor-col-50 elementor-top-column elementor-element elementor-element-4ec7304\" data-id=\"4ec7304\" data-element_type=\"column\">\n\t\t\t<div class=\"elementor-widget-wrap elementor-element-populated\">\n\t\t\t\t\t\t<div class=\"elementor-element elementor-element-7bd7da8 elementor-widget-divider--view-line elementor-widget elementor-widget-divider\" data-id=\"7bd7da8\" data-element_type=\"widget\" data-widget_type=\"divider.default\">\n\t\t\t\t<div class=\"elementor-widget-container\">\n\t\t\t\t\t\t\t<div class=\"elementor-divider\">\n\t\t\t<span class=\"elementor-divider-separator\">\n\t\t\t\t\t\t<\/span>\n\t\t<\/div>\n\t\t\t\t\t\t<\/div>\n\t\t\t\t<\/div>\n\t\t\t\t<div class=\"elementor-element elementor-element-597b74a elementor-widget elementor-widget-heading\" data-id=\"597b74a\" data-element_type=\"widget\" data-widget_type=\"heading.default\">\n\t\t\t\t<div class=\"elementor-widget-container\">\n\t\t\t\t\t<h1 class=\"elementor-heading-title elementor-size-large\">GPS CORAL<\/h1>\t\t\t\t<\/div>\n\t\t\t\t<\/div>\n\t\t\t\t<div class=\"elementor-element elementor-element-284261d elementor-widget elementor-widget-text-editor\" data-id=\"284261d\" data-element_type=\"widget\" data-widget_type=\"text-editor.default\">\n\t\t\t\t<div class=\"elementor-widget-container\">\n\t\t\t\t\t\t\t\t\t<p><strong>COROS DE LA CIUDAD DE BUENOS AIRES (Registrados)<\/strong><\/p>\t\t\t\t\t\t\t\t<\/div>\n\t\t\t\t<\/div>\n\t\t\t\t<div class=\"elementor-element elementor-element-94344c6 elementor-widget elementor-widget-button\" data-id=\"94344c6\" data-element_type=\"widget\" data-widget_type=\"button.default\">\n\t\t\t\t<div class=\"elementor-widget-container\">\n\t\t\t\t\t\t\t\t\t<div class=\"elementor-button-wrapper\">\n\t\t\t\t\t<a class=\"elementor-button elementor-button-link elementor-size-sm\" href=\"https:\/\/adicora.org\/registrar-coro\/\">\n\t\t\t\t\t\t<span class=\"elementor-button-content-wrapper\">\n\t\t\t\t\t\t\t\t\t<span class=\"elementor-button-text\">Registrar coro<\/span>\n\t\t\t\t\t<\/span>\n\t\t\t\t\t<\/a>\n\t\t\t\t<\/div>\n\t\t\t\t\t\t\t\t<\/div>\n\t\t\t\t<\/div>\n\t\t\t\t\t<\/div>\n\t\t<\/div>\n\t\t\t\t<div class=\"elementor-column elementor-col-50 elementor-top-column elementor-element elementor-element-d203387\" data-id=\"d203387\" data-element_type=\"column\">\n\t\t\t<div class=\"elementor-widget-wrap elementor-element-populated\">\n\t\t\t\t\t\t<div class=\"elementor-element elementor-element-1f692c2 elementor-widget elementor-widget-image\" data-id=\"1f692c2\" data-element_type=\"widget\" data-widget_type=\"image.default\">\n\t\t\t\t<div class=\"elementor-widget-container\">\n\t\t\t\t\t\t\t\t\t\t\t\t\t\t\t<img fetchpriority=\"high\" decoding=\"async\" width=\"940\" height=\"628\" src=\"https:\/\/adicora.org\/caba\/wp-content\/uploads\/2023\/09\/Mapa-e1694899275858.png\" class=\"attachment-full size-full wp-image-1566\" alt=\"GPS Coral\" srcset=\"https:\/\/adicora.org\/caba\/wp-content\/uploads\/2023\/09\/Mapa-e1694899275858.png 940w, https:\/\/adicora.org\/caba\/wp-content\/uploads\/2023\/09\/Mapa-e1694899275858-300x200.png 300w, https:\/\/adicora.org\/caba\/wp-content\/uploads\/2023\/09\/Mapa-e1694899275858-768x513.png 768w\" sizes=\"(max-width: 940px) 100vw, 940px\" \/>\t\t\t\t\t\t\t\t\t\t\t\t\t\t\t<\/div>\n\t\t\t\t<\/div>\n\t\t\t\t\t<\/div>\n\t\t<\/div>\n\t\t\t\t\t<\/div>\n\t\t<\/section>\n\t\t<div class=\"elementor-element elementor-element-e16928a e-flex e-con-boxed e-con e-parent\" data-id=\"e16928a\" data-element_type=\"container\">\n\t\t\t\t\t<div class=\"e-con-inner\">\n\t\t<div class=\"elementor-element elementor-element-4a86074 e-con-full e-flex e-con e-child\" data-id=\"4a86074\" data-element_type=\"container\">\n\t\t\t\t<\/div>\n\t\t<div class=\"elementor-element elementor-element-90d25a7 e-con-full e-flex e-con e-child\" data-id=\"90d25a7\" data-element_type=\"container\">\n\t\t\t\t<\/div>\n\t\t<div class=\"elementor-element elementor-element-f597d65 e-con-full e-flex e-con e-child\" data-id=\"f597d65\" data-element_type=\"container\">\n\t\t\t\t<div class=\"elementor-element elementor-element-4040992 elementor-widget elementor-widget-image\" data-id=\"4040992\" data-element_type=\"widget\" data-widget_type=\"image.default\">\n\t\t\t\t<div class=\"elementor-widget-container\">\n\t\t\t\t\t\t\t\t\t\t\t\t\t\t\t\t<a href=\"https:\/\/goldberg-verlag.com\/es\/inicio\/\">\n\t\t\t\t\t\t\t<img decoding=\"async\" width=\"300\" height=\"150\" src=\"https:\/\/adicora.org\/caba\/wp-content\/uploads\/2023\/10\/Banner-de-Goldberg-300x150.png\" class=\"attachment-medium size-medium wp-image-2336\" alt=\"\" srcset=\"https:\/\/adicora.org\/caba\/wp-content\/uploads\/2023\/10\/Banner-de-Goldberg-300x150.png 300w, https:\/\/adicora.org\/caba\/wp-content\/uploads\/2023\/10\/Banner-de-Goldberg-1024x512.png 1024w, https:\/\/adicora.org\/caba\/wp-content\/uploads\/2023\/10\/Banner-de-Goldberg-768x384.png 768w, https:\/\/adicora.org\/caba\/wp-content\/uploads\/2023\/10\/Banner-de-Goldberg-1536x768.png 1536w, https:\/\/adicora.org\/caba\/wp-content\/uploads\/2023\/10\/Banner-de-Goldberg-2048x1024.png 2048w\" sizes=\"(max-width: 300px) 100vw, 300px\" \/>\t\t\t\t\t\t\t\t<\/a>\n\t\t\t\t\t\t\t\t\t\t\t\t\t\t\t<\/div>\n\t\t\t\t<\/div>\n\t\t\t\t<\/div>\n\t\t<div class=\"elementor-element elementor-element-99ae6ff e-con-full e-flex e-con e-child\" data-id=\"99ae6ff\" data-element_type=\"container\">\n\t\t\t\t<div class=\"elementor-element elementor-element-99f9ae7 elementor-widget elementor-widget-image\" data-id=\"99f9ae7\" data-element_type=\"widget\" data-widget_type=\"image.default\">\n\t\t\t\t<div class=\"elementor-widget-container\">\n\t\t\t\t\t\t\t\t\t\t\t\t\t\t\t\t<a href=\"https:\/\/adicora.org\/coros\/ensamble-vocal-aurigae\/\">\n\t\t\t\t\t\t\t<img decoding=\"async\" width=\"300\" height=\"213\" src=\"https:\/\/adicora.org\/caba\/wp-content\/uploads\/2023\/10\/Ensamble-Vocal-Aurigae-3-300x213.png\" class=\"attachment-medium size-medium wp-image-2797\" alt=\"\" srcset=\"https:\/\/adicora.org\/caba\/wp-content\/uploads\/2023\/10\/Ensamble-Vocal-Aurigae-3-300x213.png 300w, https:\/\/adicora.org\/caba\/wp-content\/uploads\/2023\/10\/Ensamble-Vocal-Aurigae-3-1024x726.png 1024w, https:\/\/adicora.org\/caba\/wp-content\/uploads\/2023\/10\/Ensamble-Vocal-Aurigae-3-768x545.png 768w, https:\/\/adicora.org\/caba\/wp-content\/uploads\/2023\/10\/Ensamble-Vocal-Aurigae-3-1536x1090.png 1536w, https:\/\/adicora.org\/caba\/wp-content\/uploads\/2023\/10\/Ensamble-Vocal-Aurigae-3.png 1748w\" sizes=\"(max-width: 300px) 100vw, 300px\" \/>\t\t\t\t\t\t\t\t<\/a>\n\t\t\t\t\t\t\t\t\t\t\t\t\t\t\t<\/div>\n\t\t\t\t<\/div>\n\t\t\t\t<\/div>\n\t\t<div class=\"elementor-element elementor-element-57a9d27 e-con-full e-flex e-con e-child\" data-id=\"57a9d27\" data-element_type=\"container\">\n\t\t\t\t<div class=\"elementor-element elementor-element-fa59656 elementor-widget elementor-widget-text-editor\" data-id=\"fa59656\" data-element_type=\"widget\" data-widget_type=\"text-editor.default\">\n\t\t\t\t<div class=\"elementor-widget-container\">\n\t\t\t\t\t\t\t\t\t<p><a href=\"https:\/\/adicora.org\/coros\/ensamble-vocal-aurigae\/\">ENSAMBLE VOCAL \u00c1URIGAE<\/a><\/p><p>Dir. Anal\u00eda Miranda<\/p>\t\t\t\t\t\t\t\t<\/div>\n\t\t\t\t<\/div>\n\t\t\t\t<\/div>\n\t\t<div class=\"elementor-element elementor-element-e92fca4 e-con-full e-flex e-con e-child\" data-id=\"e92fca4\" data-element_type=\"container\">\n\t\t\t\t<div class=\"elementor-element elementor-element-90feff2 elementor-widget elementor-widget-image\" data-id=\"90feff2\" data-element_type=\"widget\" data-widget_type=\"image.default\">\n\t\t\t\t<div class=\"elementor-widget-container\">\n\t\t\t\t\t\t\t\t\t\t\t\t\t\t\t\t<a href=\"https:\/\/edicionesgcc.org.ar\/\">\n\t\t\t\t\t\t\t<img loading=\"lazy\" decoding=\"async\" width=\"300\" height=\"150\" src=\"https:\/\/adicora.org\/caba\/wp-content\/uploads\/2023\/10\/Banner-de-GCC-300x150.png\" class=\"attachment-medium size-medium wp-image-2481\" alt=\"\" srcset=\"https:\/\/adicora.org\/caba\/wp-content\/uploads\/2023\/10\/Banner-de-GCC-300x150.png 300w, https:\/\/adicora.org\/caba\/wp-content\/uploads\/2023\/10\/Banner-de-GCC-1024x512.png 1024w, https:\/\/adicora.org\/caba\/wp-content\/uploads\/2023\/10\/Banner-de-GCC-768x384.png 768w, https:\/\/adicora.org\/caba\/wp-content\/uploads\/2023\/10\/Banner-de-GCC-1536x768.png 1536w, https:\/\/adicora.org\/caba\/wp-content\/uploads\/2023\/10\/Banner-de-GCC-2048x1024.png 2048w\" sizes=\"(max-width: 300px) 100vw, 300px\" \/>\t\t\t\t\t\t\t\t<\/a>\n\t\t\t\t\t\t\t\t\t\t\t\t\t\t\t<\/div>\n\t\t\t\t<\/div>\n\t\t\t\t<\/div>\n\t\t\t\t\t<\/div>\n\t\t\t\t<\/div>\n\t\t<div class=\"elementor-element elementor-element-1b7b657 e-flex e-con-boxed e-con e-parent\" data-id=\"1b7b657\" data-element_type=\"container\">\n\t\t\t\t\t<div class=\"e-con-inner\">\n\t\t<div class=\"elementor-element elementor-element-b4beaf9 e-con-full e-flex e-con e-child\" data-id=\"b4beaf9\" data-element_type=\"container\">\n\t\t\t\t<div class=\"elementor-element elementor-element-b85e920 elementor-widget elementor-widget-image\" data-id=\"b85e920\" data-element_type=\"widget\" data-widget_type=\"image.default\">\n\t\t\t\t<div class=\"elementor-widget-container\">\n\t\t\t\t\t\t\t\t\t\t\t\t\t\t\t\t<a href=\"https:\/\/adicora.org\/coros\/vocal-consonante\/\">\n\t\t\t\t\t\t\t<img loading=\"lazy\" decoding=\"async\" width=\"300\" height=\"213\" src=\"https:\/\/adicora.org\/caba\/wp-content\/uploads\/2023\/10\/Vocal-Consonante-300x213.png\" class=\"attachment-medium size-medium wp-image-2798\" alt=\"\" srcset=\"https:\/\/adicora.org\/caba\/wp-content\/uploads\/2023\/10\/Vocal-Consonante-300x213.png 300w, https:\/\/adicora.org\/caba\/wp-content\/uploads\/2023\/10\/Vocal-Consonante-1024x726.png 1024w, https:\/\/adicora.org\/caba\/wp-content\/uploads\/2023\/10\/Vocal-Consonante-768x545.png 768w, https:\/\/adicora.org\/caba\/wp-content\/uploads\/2023\/10\/Vocal-Consonante-1536x1090.png 1536w, https:\/\/adicora.org\/caba\/wp-content\/uploads\/2023\/10\/Vocal-Consonante.png 1748w\" sizes=\"(max-width: 300px) 100vw, 300px\" \/>\t\t\t\t\t\t\t\t<\/a>\n\t\t\t\t\t\t\t\t\t\t\t\t\t\t\t<\/div>\n\t\t\t\t<\/div>\n\t\t\t\t<\/div>\n\t\t<div class=\"elementor-element elementor-element-9e8de26 e-con-full e-flex e-con e-child\" data-id=\"9e8de26\" data-element_type=\"container\">\n\t\t\t\t<div class=\"elementor-element elementor-element-f4d665a elementor-widget elementor-widget-text-editor\" data-id=\"f4d665a\" data-element_type=\"widget\" data-widget_type=\"text-editor.default\">\n\t\t\t\t<div class=\"elementor-widget-container\">\n\t\t\t\t\t\t\t\t\t<p><a href=\"https:\/\/adicora.org\/coros\/vocal-consonante\/\">VOCAL CONSONANTE<\/a><\/p><p>Dir. Eduardo Ferraudi<\/p>\t\t\t\t\t\t\t\t<\/div>\n\t\t\t\t<\/div>\n\t\t\t\t<\/div>\n\t\t<div class=\"elementor-element elementor-element-c9b2181 e-con-full e-flex e-con e-child\" data-id=\"c9b2181\" data-element_type=\"container\">\n\t\t\t\t<div class=\"elementor-element elementor-element-b739aeb elementor-widget elementor-widget-image\" data-id=\"b739aeb\" data-element_type=\"widget\" data-widget_type=\"image.default\">\n\t\t\t\t<div class=\"elementor-widget-container\">\n\t\t\t\t\t\t\t\t\t\t\t\t\t\t\t\t<a href=\"https:\/\/comcorar.com\/\">\n\t\t\t\t\t\t\t<img loading=\"lazy\" decoding=\"async\" width=\"300\" height=\"150\" src=\"https:\/\/adicora.org\/caba\/wp-content\/uploads\/2023\/10\/Banner-de-ComCorAr-300x150.png\" class=\"attachment-medium size-medium wp-image-2769\" alt=\"\" srcset=\"https:\/\/adicora.org\/caba\/wp-content\/uploads\/2023\/10\/Banner-de-ComCorAr-300x150.png 300w, https:\/\/adicora.org\/caba\/wp-content\/uploads\/2023\/10\/Banner-de-ComCorAr-1024x512.png 1024w, https:\/\/adicora.org\/caba\/wp-content\/uploads\/2023\/10\/Banner-de-ComCorAr-768x384.png 768w, https:\/\/adicora.org\/caba\/wp-content\/uploads\/2023\/10\/Banner-de-ComCorAr-1536x768.png 1536w, https:\/\/adicora.org\/caba\/wp-content\/uploads\/2023\/10\/Banner-de-ComCorAr-2048x1024.png 2048w\" sizes=\"(max-width: 300px) 100vw, 300px\" \/>\t\t\t\t\t\t\t\t<\/a>\n\t\t\t\t\t\t\t\t\t\t\t\t\t\t\t<\/div>\n\t\t\t\t<\/div>\n\t\t\t\t<\/div>\n\t\t<div class=\"elementor-element elementor-element-a7da871 e-con-full e-flex e-con e-child\" data-id=\"a7da871\" data-element_type=\"container\">\n\t\t\t\t<div class=\"elementor-element elementor-element-97ea389 elementor-widget elementor-widget-image\" data-id=\"97ea389\" data-element_type=\"widget\" data-widget_type=\"image.default\">\n\t\t\t\t<div class=\"elementor-widget-container\">\n\t\t\t\t\t\t\t\t\t\t\t\t\t\t\t\t<a href=\"https:\/\/adicora.org\/coros\/vocal-melopea\/\">\n\t\t\t\t\t\t\t<img loading=\"lazy\" decoding=\"async\" width=\"300\" height=\"213\" src=\"https:\/\/adicora.org\/caba\/wp-content\/uploads\/2023\/10\/Vocal-Melopea-300x213.png\" class=\"attachment-medium size-medium wp-image-2803\" alt=\"\" srcset=\"https:\/\/adicora.org\/caba\/wp-content\/uploads\/2023\/10\/Vocal-Melopea-300x213.png 300w, https:\/\/adicora.org\/caba\/wp-content\/uploads\/2023\/10\/Vocal-Melopea-1024x726.png 1024w, https:\/\/adicora.org\/caba\/wp-content\/uploads\/2023\/10\/Vocal-Melopea-768x545.png 768w, https:\/\/adicora.org\/caba\/wp-content\/uploads\/2023\/10\/Vocal-Melopea-1536x1090.png 1536w, https:\/\/adicora.org\/caba\/wp-content\/uploads\/2023\/10\/Vocal-Melopea.png 1748w\" sizes=\"(max-width: 300px) 100vw, 300px\" \/>\t\t\t\t\t\t\t\t<\/a>\n\t\t\t\t\t\t\t\t\t\t\t\t\t\t\t<\/div>\n\t\t\t\t<\/div>\n\t\t\t\t<\/div>\n\t\t<div class=\"elementor-element elementor-element-2103c09 e-con-full e-flex e-con e-child\" data-id=\"2103c09\" data-element_type=\"container\">\n\t\t\t\t<div class=\"elementor-element elementor-element-7ddeec9 elementor-widget elementor-widget-text-editor\" data-id=\"7ddeec9\" data-element_type=\"widget\" data-widget_type=\"text-editor.default\">\n\t\t\t\t<div class=\"elementor-widget-container\">\n\t\t\t\t\t\t\t\t\t<p><a href=\"https:\/\/adicora.org\/coros\/vocal-melopea\/\">VOCAL MELOPEA<\/a><\/p><p>Dir. Clarisa \u00c1lvarez<\/p>\t\t\t\t\t\t\t\t<\/div>\n\t\t\t\t<\/div>\n\t\t\t\t<\/div>\n\t\t<div class=\"elementor-element elementor-element-f0d432e e-con-full e-flex e-con e-child\" data-id=\"f0d432e\" data-element_type=\"container\">\n\t\t\t\t<\/div>\n\t\t\t\t\t<\/div>\n\t\t\t\t<\/div>\n\t\t\t\t<\/div>\n\t\t","protected":false},"excerpt":{"rendered":"<p>GPS CORAL COROS DE LA CIUDAD DE BUENOS AIRES (Registrados) Registrar coro ENSAMBLE VOCAL \u00c1URIGAE Dir. Anal\u00eda Miranda VOCAL CONSONANTE Dir. Eduardo Ferraudi VOCAL MELOPEA Dir. Clarisa \u00c1lvarez<\/p>\n","protected":false},"author":1,"featured_media":0,"parent":0,"menu_order":0,"comment_status":"closed","ping_status":"closed","template":"","meta":{"_eb_attr":"","site-sidebar-layout":"no-sidebar","site-content-layout":"page-builder","ast-site-content-layout":"full-width-container","site-content-style":"unboxed","site-sidebar-style":"unboxed","ast-global-header-display":"","ast-banner-title-visibility":"","ast-main-header-display":"","ast-hfb-above-header-display":"","ast-hfb-below-header-display":"","ast-hfb-mobile-header-display":"","site-post-title":"disabled","ast-breadcrumbs-content":"disabled","ast-featured-img":"disabled","footer-sml-layout":"","theme-transparent-header-meta":"enabled","adv-header-id-meta":"","stick-header-meta":"","header-above-stick-meta":"","header-main-stick-meta":"","header-below-stick-meta":"","astra-migrate-meta-layouts":"set","footnotes":""},"class_list":["post-2685","page","type-page","status-publish","hentry"],"yoast_head":"<!-- This site is optimized with the Yoast SEO plugin v25.1 - https:\/\/yoast.com\/wordpress\/plugins\/seo\/ -->\n<title>Coros de la Ciudad - ADICORA Filial CABA<\/title>\n<meta name=\"description\" content=\"Una gu\u00eda de coros, cuyos directores son socios de ADICORA, dentro de la Ciudad de Buenos Aires.\" \/>\n<meta name=\"robots\" content=\"index, follow, max-snippet:-1, max-image-preview:large, max-video-preview:-1\" \/>\n<link rel=\"canonical\" href=\"https:\/\/adicora.org\/caba\/gpscoral-coros-de-caba\/\" \/>\n<meta property=\"og:locale\" content=\"es_ES\" \/>\n<meta property=\"og:type\" content=\"article\" \/>\n<meta property=\"og:title\" content=\"Coros de la Ciudad - ADICORA Filial CABA\" \/>\n<meta property=\"og:description\" content=\"Una gu\u00eda de coros, cuyos directores son socios de ADICORA, dentro de la Ciudad de Buenos Aires.\" \/>\n<meta property=\"og:url\" content=\"https:\/\/adicora.org\/caba\/gpscoral-coros-de-caba\/\" \/>\n<meta property=\"og:site_name\" content=\"Adicora Filial Ciudad de Buenos Aires\" \/>\n<meta property=\"article:modified_time\" content=\"2025-07-12T16:00:10+00:00\" \/>\n<meta property=\"og:image\" content=\"https:\/\/adicora.org\/caba\/wp-content\/uploads\/2023\/09\/Mapa-e1694899275858.png\" \/>\n<meta name=\"twitter:card\" content=\"summary_large_image\" \/>\n<meta name=\"twitter:label1\" content=\"Tiempo de lectura\" \/>\n\t<meta name=\"twitter:data1\" content=\"2 minutos\" \/>\n<script type=\"application\/ld+json\" class=\"yoast-schema-graph\">{\"@context\":\"https:\/\/schema.org\",\"@graph\":[{\"@type\":\"WebPage\",\"@id\":\"https:\/\/adicora.org\/caba\/gpscoral-coros-de-caba\/\",\"url\":\"https:\/\/adicora.org\/caba\/gpscoral-coros-de-caba\/\",\"name\":\"Coros de la Ciudad - ADICORA Filial CABA\",\"isPartOf\":{\"@id\":\"https:\/\/adicora.org\/caba\/#website\"},\"primaryImageOfPage\":{\"@id\":\"https:\/\/adicora.org\/caba\/gpscoral-coros-de-caba\/#primaryimage\"},\"image\":{\"@id\":\"https:\/\/adicora.org\/caba\/gpscoral-coros-de-caba\/#primaryimage\"},\"thumbnailUrl\":\"https:\/\/adicora.org\/caba\/wp-content\/uploads\/2023\/09\/Mapa-e1694899275858.png\",\"datePublished\":\"2023-10-18T16:56:48+00:00\",\"dateModified\":\"2025-07-12T16:00:10+00:00\",\"description\":\"Una gu\u00eda de coros, cuyos directores son socios de ADICORA, dentro de la Ciudad de Buenos Aires.\",\"breadcrumb\":{\"@id\":\"https:\/\/adicora.org\/caba\/gpscoral-coros-de-caba\/#breadcrumb\"},\"inLanguage\":\"es\",\"potentialAction\":[{\"@type\":\"ReadAction\",\"target\":[\"https:\/\/adicora.org\/caba\/gpscoral-coros-de-caba\/\"]}]},{\"@type\":\"ImageObject\",\"inLanguage\":\"es\",\"@id\":\"https:\/\/adicora.org\/caba\/gpscoral-coros-de-caba\/#primaryimage\",\"url\":\"https:\/\/adicora.org\/caba\/wp-content\/uploads\/2023\/09\/Mapa-e1694899275858.png\",\"contentUrl\":\"https:\/\/adicora.org\/caba\/wp-content\/uploads\/2023\/09\/Mapa-e1694899275858.png\",\"width\":940,\"height\":628,\"caption\":\"GPS Coral\"},{\"@type\":\"BreadcrumbList\",\"@id\":\"https:\/\/adicora.org\/caba\/gpscoral-coros-de-caba\/#breadcrumb\",\"itemListElement\":[{\"@type\":\"ListItem\",\"position\":1,\"name\":\"Portada\",\"item\":\"https:\/\/adicora.org\/caba\/\"},{\"@type\":\"ListItem\",\"position\":2,\"name\":\"Coros de CABA\"}]},{\"@type\":\"WebSite\",\"@id\":\"https:\/\/adicora.org\/caba\/#website\",\"url\":\"https:\/\/adicora.org\/caba\/\",\"name\":\"Adicora Filial Ciudad de Buenos Aires\",\"description\":\"\",\"publisher\":{\"@id\":\"https:\/\/adicora.org\/caba\/#organization\"},\"potentialAction\":[{\"@type\":\"SearchAction\",\"target\":{\"@type\":\"EntryPoint\",\"urlTemplate\":\"https:\/\/adicora.org\/caba\/?s={search_term_string}\"},\"query-input\":{\"@type\":\"PropertyValueSpecification\",\"valueRequired\":true,\"valueName\":\"search_term_string\"}}],\"inLanguage\":\"es\"},{\"@type\":\"Organization\",\"@id\":\"https:\/\/adicora.org\/caba\/#organization\",\"name\":\"Adicora Filial Ciudad de Buenos Aires\",\"url\":\"https:\/\/adicora.org\/caba\/\",\"logo\":{\"@type\":\"ImageObject\",\"inLanguage\":\"es\",\"@id\":\"https:\/\/adicora.org\/caba\/#\/schema\/logo\/image\/\",\"url\":\"https:\/\/adicora.org\/caba\/wp-content\/uploads\/2025\/10\/adicora-in-memoriam.png\",\"contentUrl\":\"https:\/\/adicora.org\/caba\/wp-content\/uploads\/2025\/10\/adicora-in-memoriam.png\",\"width\":435,\"height\":573,\"caption\":\"Adicora Filial Ciudad de Buenos Aires\"},\"image\":{\"@id\":\"https:\/\/adicora.org\/caba\/#\/schema\/logo\/image\/\"}}]}<\/script>\n<!-- \/ Yoast SEO plugin. -->","yoast_head_json":{"title":"Coros de la Ciudad - ADICORA Filial CABA","description":"Una gu\u00eda de coros, cuyos directores son socios de ADICORA, dentro de la Ciudad de Buenos Aires.","robots":{"index":"index","follow":"follow","max-snippet":"max-snippet:-1","max-image-preview":"max-image-preview:large","max-video-preview":"max-video-preview:-1"},"canonical":"https:\/\/adicora.org\/caba\/gpscoral-coros-de-caba\/","og_locale":"es_ES","og_type":"article","og_title":"Coros de la Ciudad - ADICORA Filial CABA","og_description":"Una gu\u00eda de coros, cuyos directores son socios de ADICORA, dentro de la Ciudad de Buenos Aires.","og_url":"https:\/\/adicora.org\/caba\/gpscoral-coros-de-caba\/","og_site_name":"Adicora Filial Ciudad de Buenos Aires","article_modified_time":"2025-07-12T16:00:10+00:00","og_image":[{"url":"https:\/\/adicora.org\/caba\/wp-content\/uploads\/2023\/09\/Mapa-e1694899275858.png","type":"","width":"","height":""}],"twitter_card":"summary_large_image","twitter_misc":{"Tiempo de lectura":"2 minutos"},"schema":{"@context":"https:\/\/schema.org","@graph":[{"@type":"WebPage","@id":"https:\/\/adicora.org\/caba\/gpscoral-coros-de-caba\/","url":"https:\/\/adicora.org\/caba\/gpscoral-coros-de-caba\/","name":"Coros de la Ciudad - ADICORA Filial CABA","isPartOf":{"@id":"https:\/\/adicora.org\/caba\/#website"},"primaryImageOfPage":{"@id":"https:\/\/adicora.org\/caba\/gpscoral-coros-de-caba\/#primaryimage"},"image":{"@id":"https:\/\/adicora.org\/caba\/gpscoral-coros-de-caba\/#primaryimage"},"thumbnailUrl":"https:\/\/adicora.org\/caba\/wp-content\/uploads\/2023\/09\/Mapa-e1694899275858.png","datePublished":"2023-10-18T16:56:48+00:00","dateModified":"2025-07-12T16:00:10+00:00","description":"Una gu\u00eda de coros, cuyos directores son socios de ADICORA, dentro de la Ciudad de Buenos Aires.","breadcrumb":{"@id":"https:\/\/adicora.org\/caba\/gpscoral-coros-de-caba\/#breadcrumb"},"inLanguage":"es","potentialAction":[{"@type":"ReadAction","target":["https:\/\/adicora.org\/caba\/gpscoral-coros-de-caba\/"]}]},{"@type":"ImageObject","inLanguage":"es","@id":"https:\/\/adicora.org\/caba\/gpscoral-coros-de-caba\/#primaryimage","url":"https:\/\/adicora.org\/caba\/wp-content\/uploads\/2023\/09\/Mapa-e1694899275858.png","contentUrl":"https:\/\/adicora.org\/caba\/wp-content\/uploads\/2023\/09\/Mapa-e1694899275858.png","width":940,"height":628,"caption":"GPS Coral"},{"@type":"BreadcrumbList","@id":"https:\/\/adicora.org\/caba\/gpscoral-coros-de-caba\/#breadcrumb","itemListElement":[{"@type":"ListItem","position":1,"name":"Portada","item":"https:\/\/adicora.org\/caba\/"},{"@type":"ListItem","position":2,"name":"Coros de CABA"}]},{"@type":"WebSite","@id":"https:\/\/adicora.org\/caba\/#website","url":"https:\/\/adicora.org\/caba\/","name":"Adicora Filial Ciudad de Buenos Aires","description":"","publisher":{"@id":"https:\/\/adicora.org\/caba\/#organization"},"potentialAction":[{"@type":"SearchAction","target":{"@type":"EntryPoint","urlTemplate":"https:\/\/adicora.org\/caba\/?s={search_term_string}"},"query-input":{"@type":"PropertyValueSpecification","valueRequired":true,"valueName":"search_term_string"}}],"inLanguage":"es"},{"@type":"Organization","@id":"https:\/\/adicora.org\/caba\/#organization","name":"Adicora Filial Ciudad de Buenos Aires","url":"https:\/\/adicora.org\/caba\/","logo":{"@type":"ImageObject","inLanguage":"es","@id":"https:\/\/adicora.org\/caba\/#\/schema\/logo\/image\/","url":"https:\/\/adicora.org\/caba\/wp-content\/uploads\/2025\/10\/adicora-in-memoriam.png","contentUrl":"https:\/\/adicora.org\/caba\/wp-content\/uploads\/2025\/10\/adicora-in-memoriam.png","width":435,"height":573,"caption":"Adicora Filial Ciudad de Buenos Aires"},"image":{"@id":"https:\/\/adicora.org\/caba\/#\/schema\/logo\/image\/"}}]}},"_links":{"self":[{"href":"https:\/\/adicora.org\/caba\/wp-json\/wp\/v2\/pages\/2685","targetHints":{"allow":["GET"]}}],"collection":[{"href":"https:\/\/adicora.org\/caba\/wp-json\/wp\/v2\/pages"}],"about":[{"href":"https:\/\/adicora.org\/caba\/wp-json\/wp\/v2\/types\/page"}],"author":[{"embeddable":true,"href":"https:\/\/adicora.org\/caba\/wp-json\/wp\/v2\/users\/1"}],"replies":[{"embeddable":true,"href":"https:\/\/adicora.org\/caba\/wp-json\/wp\/v2\/comments?post=2685"}],"version-history":[{"count":111,"href":"https:\/\/adicora.org\/caba\/wp-json\/wp\/v2\/pages\/2685\/revisions"}],"predecessor-version":[{"id":4239,"href":"https:\/\/adicora.org\/caba\/wp-json\/wp\/v2\/pages\/2685\/revisions\/4239"}],"wp:attachment":[{"href":"https:\/\/adicora.org\/caba\/wp-json\/wp\/v2\/media?parent=2685"}],"curies":[{"name":"wp","href":"https:\/\/api.w.org\/{rel}","templated":true}]}}