{"id":2521,"date":"2023-10-17T18:01:44","date_gmt":"2023-10-17T21:01:44","guid":{"rendered":"https:\/\/adicora.org\/caba\/?page_id=2521"},"modified":"2025-05-30T13:30:39","modified_gmt":"2025-05-30T16:30:39","slug":"convocatoriasdevoces","status":"publish","type":"page","link":"https:\/\/adicora.org\/caba\/convocatoriasdevoces\/","title":{"rendered":"Convocatorias de voces"},"content":{"rendered":"\t\t<div data-elementor-type=\"wp-page\" data-elementor-id=\"2521\" class=\"elementor elementor-2521\">\n\t\t\t\t\t\t<section class=\"elementor-section elementor-top-section elementor-element elementor-element-e8d8309 elementor-section-height-min-height elementor-reverse-mobile elementor-section-boxed elementor-section-height-default elementor-section-items-middle\" data-id=\"e8d8309\" data-element_type=\"section\" data-settings=\"{&quot;background_background&quot;:&quot;classic&quot;}\">\n\t\t\t\t\t\t\t<div class=\"elementor-background-overlay\"><\/div>\n\t\t\t\t\t\t\t<div class=\"elementor-container elementor-column-gap-no\">\n\t\t\t\t\t<div class=\"elementor-column elementor-col-50 elementor-top-column elementor-element elementor-element-4ec7304\" data-id=\"4ec7304\" data-element_type=\"column\">\n\t\t\t<div class=\"elementor-widget-wrap elementor-element-populated\">\n\t\t\t\t\t\t<div class=\"elementor-element elementor-element-7bd7da8 elementor-widget-divider--view-line elementor-widget elementor-widget-divider\" data-id=\"7bd7da8\" data-element_type=\"widget\" data-widget_type=\"divider.default\">\n\t\t\t\t<div class=\"elementor-widget-container\">\n\t\t\t\t\t\t\t<div class=\"elementor-divider\">\n\t\t\t<span class=\"elementor-divider-separator\">\n\t\t\t\t\t\t<\/span>\n\t\t<\/div>\n\t\t\t\t\t\t<\/div>\n\t\t\t\t<\/div>\n\t\t\t\t<div class=\"elementor-element elementor-element-597b74a elementor-widget elementor-widget-heading\" data-id=\"597b74a\" data-element_type=\"widget\" data-widget_type=\"heading.default\">\n\t\t\t\t<div class=\"elementor-widget-container\">\n\t\t\t\t\t<h1 class=\"elementor-heading-title elementor-size-large\">CONVOCATORIAS DE VOCES<\/h1>\t\t\t\t<\/div>\n\t\t\t\t<\/div>\n\t\t\t\t\t<\/div>\n\t\t<\/div>\n\t\t\t\t<div class=\"elementor-column elementor-col-50 elementor-top-column elementor-element elementor-element-d203387\" data-id=\"d203387\" data-element_type=\"column\">\n\t\t\t<div class=\"elementor-widget-wrap elementor-element-populated\">\n\t\t\t\t\t\t<div class=\"elementor-element elementor-element-1f692c2 elementor-widget elementor-widget-image\" data-id=\"1f692c2\" data-element_type=\"widget\" data-widget_type=\"image.default\">\n\t\t\t\t<div class=\"elementor-widget-container\">\n\t\t\t\t\t\t\t\t\t\t\t\t\t\t\t<img fetchpriority=\"high\" decoding=\"async\" width=\"1280\" height=\"720\" src=\"https:\/\/adicora.org\/caba\/wp-content\/uploads\/2025\/04\/16x9_Un_coro_de_adultos_cantando_en_s.png\" class=\"attachment-full size-full wp-image-4086\" alt=\"\" srcset=\"https:\/\/adicora.org\/caba\/wp-content\/uploads\/2025\/04\/16x9_Un_coro_de_adultos_cantando_en_s.png 1280w, https:\/\/adicora.org\/caba\/wp-content\/uploads\/2025\/04\/16x9_Un_coro_de_adultos_cantando_en_s-300x169.png 300w, https:\/\/adicora.org\/caba\/wp-content\/uploads\/2025\/04\/16x9_Un_coro_de_adultos_cantando_en_s-1024x576.png 1024w, https:\/\/adicora.org\/caba\/wp-content\/uploads\/2025\/04\/16x9_Un_coro_de_adultos_cantando_en_s-768x432.png 768w\" sizes=\"(max-width: 1280px) 100vw, 1280px\" \/>\t\t\t\t\t\t\t\t\t\t\t\t\t\t\t<\/div>\n\t\t\t\t<\/div>\n\t\t\t\t\t<\/div>\n\t\t<\/div>\n\t\t\t\t\t<\/div>\n\t\t<\/section>\n\t\t<div class=\"elementor-element elementor-element-82585d8 e-flex e-con-boxed e-con e-parent\" data-id=\"82585d8\" data-element_type=\"container\">\n\t\t\t\t\t<div class=\"e-con-inner\">\n\t\t\t\t<div class=\"elementor-element elementor-element-60178e1 elementor-widget elementor-widget-heading\" data-id=\"60178e1\" data-element_type=\"widget\" data-widget_type=\"heading.default\">\n\t\t\t\t<div class=\"elementor-widget-container\">\n\t\t\t\t\t<h2 class=\"elementor-heading-title elementor-size-medium\">AGRONOM\u00cdA<\/h2>\t\t\t\t<\/div>\n\t\t\t\t<\/div>\n\t\t\t\t\t<\/div>\n\t\t\t\t<\/div>\n\t\t<div class=\"elementor-element elementor-element-9be7bb5 e-flex e-con-boxed e-con e-parent\" data-id=\"9be7bb5\" data-element_type=\"container\">\n\t\t\t\t\t<div class=\"e-con-inner\">\n\t\t<div class=\"elementor-element elementor-element-6ce3a30 e-con-full e-flex e-con e-child\" data-id=\"6ce3a30\" data-element_type=\"container\">\n\t\t\t\t<div class=\"elementor-element elementor-element-c55c136 elementor-widget elementor-widget-image\" data-id=\"c55c136\" data-element_type=\"widget\" data-widget_type=\"image.default\">\n\t\t\t\t<div class=\"elementor-widget-container\">\n\t\t\t\t\t\t\t\t\t\t\t\t\t\t\t<img decoding=\"async\" width=\"240\" height=\"300\" src=\"https:\/\/adicora.org\/caba\/wp-content\/uploads\/2025\/04\/Flyers-convocatorias-2025-240x300.png\" class=\"attachment-medium size-medium wp-image-3985\" alt=\"\" srcset=\"https:\/\/adicora.org\/caba\/wp-content\/uploads\/2025\/04\/Flyers-convocatorias-2025-240x300.png 240w, https:\/\/adicora.org\/caba\/wp-content\/uploads\/2025\/04\/Flyers-convocatorias-2025-819x1024.png 819w, https:\/\/adicora.org\/caba\/wp-content\/uploads\/2025\/04\/Flyers-convocatorias-2025-768x960.png 768w, https:\/\/adicora.org\/caba\/wp-content\/uploads\/2025\/04\/Flyers-convocatorias-2025.png 1080w\" sizes=\"(max-width: 240px) 100vw, 240px\" \/>\t\t\t\t\t\t\t\t\t\t\t\t\t\t\t<\/div>\n\t\t\t\t<\/div>\n\t\t\t\t<\/div>\n\t\t<div class=\"elementor-element elementor-element-6c37cd3 e-con-full e-flex e-con e-child\" data-id=\"6c37cd3\" data-element_type=\"container\">\n\t\t\t\t<div class=\"elementor-element elementor-element-c7d9513 elementor-widget elementor-widget-text-editor\" data-id=\"c7d9513\" data-element_type=\"widget\" data-widget_type=\"text-editor.default\">\n\t\t\t\t<div class=\"elementor-widget-container\">\n\t\t\t\t\t\t\t\t\t<p><strong>CAPILLA VOCAL (Coro de C\u00e1mara Mixto) Dir. Isabella Ramos Mej\u00eda<\/strong><\/p><p>Repertorio: M\u00fasica Acad\u00e9mica<br \/>D\u00edas de ensayo: S\u00e1bado 18.30 a 20.30hs<br \/>Incorpora voces en las cuerdas de Tenor, Bar\u00edtono y Bajos \u2013 Actividad Gratuita<br \/>Requisitos: Experiencia coral \u2013 T\u00e9cnica Vocal<\/p><p>Contacto: isabellaramosmejia@gmail.com &#8211; 11 5598 2815<\/p>\t\t\t\t\t\t\t\t<\/div>\n\t\t\t\t<\/div>\n\t\t\t\t<\/div>\n\t\t\t\t\t<\/div>\n\t\t\t\t<\/div>\n\t\t<div class=\"elementor-element elementor-element-9121f1c e-flex e-con-boxed e-con e-parent\" data-id=\"9121f1c\" data-element_type=\"container\">\n\t\t\t\t\t<div class=\"e-con-inner\">\n\t\t\t\t<div class=\"elementor-element elementor-element-c0530d0 elementor-widget elementor-widget-heading\" data-id=\"c0530d0\" data-element_type=\"widget\" data-widget_type=\"heading.default\">\n\t\t\t\t<div class=\"elementor-widget-container\">\n\t\t\t\t\t<h2 class=\"elementor-heading-title elementor-size-medium\">ALMAGRO<\/h2>\t\t\t\t<\/div>\n\t\t\t\t<\/div>\n\t\t\t\t\t<\/div>\n\t\t\t\t<\/div>\n\t\t<div class=\"elementor-element elementor-element-5362f2a e-flex e-con-boxed e-con e-parent\" data-id=\"5362f2a\" data-element_type=\"container\">\n\t\t\t\t\t<div class=\"e-con-inner\">\n\t\t<div class=\"elementor-element elementor-element-69b3c69 e-con-full e-flex e-con e-child\" data-id=\"69b3c69\" data-element_type=\"container\">\n\t\t\t\t<div class=\"elementor-element elementor-element-94cd1bf elementor-widget elementor-widget-image\" data-id=\"94cd1bf\" data-element_type=\"widget\" data-widget_type=\"image.default\">\n\t\t\t\t<div class=\"elementor-widget-container\">\n\t\t\t\t\t\t\t\t\t\t\t\t\t\t\t<img decoding=\"async\" width=\"240\" height=\"300\" src=\"https:\/\/adicora.org\/caba\/wp-content\/uploads\/2025\/04\/Flyers-convocatorias-2025-5-240x300.png\" class=\"attachment-medium size-medium wp-image-4002\" alt=\"\" srcset=\"https:\/\/adicora.org\/caba\/wp-content\/uploads\/2025\/04\/Flyers-convocatorias-2025-5-240x300.png 240w, https:\/\/adicora.org\/caba\/wp-content\/uploads\/2025\/04\/Flyers-convocatorias-2025-5-819x1024.png 819w, https:\/\/adicora.org\/caba\/wp-content\/uploads\/2025\/04\/Flyers-convocatorias-2025-5-768x960.png 768w, https:\/\/adicora.org\/caba\/wp-content\/uploads\/2025\/04\/Flyers-convocatorias-2025-5.png 1080w\" sizes=\"(max-width: 240px) 100vw, 240px\" \/>\t\t\t\t\t\t\t\t\t\t\t\t\t\t\t<\/div>\n\t\t\t\t<\/div>\n\t\t\t\t<\/div>\n\t\t<div class=\"elementor-element elementor-element-a82daf2 e-con-full e-flex e-con e-child\" data-id=\"a82daf2\" data-element_type=\"container\">\n\t\t\t\t<div class=\"elementor-element elementor-element-62ddacf elementor-widget elementor-widget-text-editor\" data-id=\"62ddacf\" data-element_type=\"widget\" data-widget_type=\"text-editor.default\">\n\t\t\t\t<div class=\"elementor-widget-container\">\n\t\t\t\t\t\t\t\t\t<p><strong><span style=\"font-weight: 400;\"><strong>ALB Coro de la Asociaci\u00f3n de Graduados del L\u00f3pez Buchardo (Coro Mixto)\u00a0 &#8211; Dir. Anal\u00eda Miranda<\/strong>\u00a0\u00a0<\/span><\/strong><\/p><p>Repertorio: <span style=\"font-weight: 400;\">Popular<\/span><br \/>D\u00edas de ensayo: Mi\u00e9rcoles 19 a 20:30 hs. Rivadavia y Av. La Plata<br \/>Incorpora voces en todos los registros \u2013 Actividad Arancelada<br \/>Requisitos: <span style=\"font-weight: 400;\">voz sana (sin patolog\u00edas).\u00a0<\/span><\/p><p>Contacto: <span style=\"font-weight: 400;\">\u00a0<\/span><span style=\"font-weight: 400;\">analiamiranda@yahoo.com.ar<\/span><span style=\"font-weight: 400;\"> &#8211; 11 34621786. LINK de inscripci\u00f3n: <a href=\"https:\/\/forms.gle\/9RqF4tiunEkc6ano7\">https:\/\/forms.gle\/9RqF4tiunEkc6ano7<\/a><\/span><\/p>\t\t\t\t\t\t\t\t<\/div>\n\t\t\t\t<\/div>\n\t\t\t\t<\/div>\n\t\t\t\t\t<\/div>\n\t\t\t\t<\/div>\n\t\t<div class=\"elementor-element elementor-element-9bf01cb e-flex e-con-boxed e-con e-parent\" data-id=\"9bf01cb\" data-element_type=\"container\">\n\t\t\t\t\t<div class=\"e-con-inner\">\n\t\t<div class=\"elementor-element elementor-element-9b35f02 e-con-full e-flex e-con e-child\" data-id=\"9b35f02\" data-element_type=\"container\">\n\t\t\t\t<div class=\"elementor-element elementor-element-06692b5 elementor-widget elementor-widget-image\" data-id=\"06692b5\" data-element_type=\"widget\" data-widget_type=\"image.default\">\n\t\t\t\t<div class=\"elementor-widget-container\">\n\t\t\t\t\t\t\t\t\t\t\t\t\t\t\t<img loading=\"lazy\" decoding=\"async\" width=\"240\" height=\"300\" src=\"https:\/\/adicora.org\/caba\/wp-content\/uploads\/2025\/04\/Flyers-convocatorias-2025-1-240x300.png\" class=\"attachment-medium size-medium wp-image-3986\" alt=\"\" srcset=\"https:\/\/adicora.org\/caba\/wp-content\/uploads\/2025\/04\/Flyers-convocatorias-2025-1-240x300.png 240w, https:\/\/adicora.org\/caba\/wp-content\/uploads\/2025\/04\/Flyers-convocatorias-2025-1-819x1024.png 819w, https:\/\/adicora.org\/caba\/wp-content\/uploads\/2025\/04\/Flyers-convocatorias-2025-1-768x960.png 768w, https:\/\/adicora.org\/caba\/wp-content\/uploads\/2025\/04\/Flyers-convocatorias-2025-1.png 1080w\" sizes=\"(max-width: 240px) 100vw, 240px\" \/>\t\t\t\t\t\t\t\t\t\t\t\t\t\t\t<\/div>\n\t\t\t\t<\/div>\n\t\t\t\t<\/div>\n\t\t<div class=\"elementor-element elementor-element-e4cef7c e-con-full e-flex e-con e-child\" data-id=\"e4cef7c\" data-element_type=\"container\">\n\t\t\t\t<div class=\"elementor-element elementor-element-5bf4851 elementor-widget elementor-widget-text-editor\" data-id=\"5bf4851\" data-element_type=\"widget\" data-widget_type=\"text-editor.default\">\n\t\t\t\t<div class=\"elementor-widget-container\">\n\t\t\t\t\t\t\t\t\t<p><strong>CORO DE LA CASONA DE DON BOSCO (Coro Mixto) Dir. Mariano Delli Quadri<\/strong><\/p><p>Repertorio: Renacimiento, Cl\u00e1sico, Sinf\u00f3nico Coral, Pel\u00edculas, Popular. Proyecto 2024:<br \/>R\u00e9quiem de Faur\u00e9<br \/>D\u00edas de ensayo: Mi\u00e9rcoles 19 a 22hs<br \/>Incorpora voces en todos los registros \u2013 Actividad arancelada<br \/>Requisitos: Preferentemente con experiencia coral. Hasta 65 a\u00f1os. Con posibilidad de<br \/>estudiar con el material preparado<\/p><p>Contacto: corocasonadonbosco@gmail.com<\/p>\t\t\t\t\t\t\t\t<\/div>\n\t\t\t\t<\/div>\n\t\t\t\t<\/div>\n\t\t\t\t\t<\/div>\n\t\t\t\t<\/div>\n\t\t<div class=\"elementor-element elementor-element-5bda9dd e-flex e-con-boxed e-con e-parent\" data-id=\"5bda9dd\" data-element_type=\"container\">\n\t\t\t\t\t<div class=\"e-con-inner\">\n\t\t<div class=\"elementor-element elementor-element-019738c e-con-full e-flex e-con e-child\" data-id=\"019738c\" data-element_type=\"container\">\n\t\t\t\t<div class=\"elementor-element elementor-element-686e053 elementor-widget elementor-widget-image\" data-id=\"686e053\" data-element_type=\"widget\" data-widget_type=\"image.default\">\n\t\t\t\t<div class=\"elementor-widget-container\">\n\t\t\t\t\t\t\t\t\t\t\t\t\t\t\t<img loading=\"lazy\" decoding=\"async\" width=\"240\" height=\"300\" src=\"https:\/\/adicora.org\/caba\/wp-content\/uploads\/2025\/04\/Flyers-convocatorias-2025-17-240x300.png\" class=\"attachment-medium size-medium wp-image-4047\" alt=\"\" srcset=\"https:\/\/adicora.org\/caba\/wp-content\/uploads\/2025\/04\/Flyers-convocatorias-2025-17-240x300.png 240w, https:\/\/adicora.org\/caba\/wp-content\/uploads\/2025\/04\/Flyers-convocatorias-2025-17-819x1024.png 819w, https:\/\/adicora.org\/caba\/wp-content\/uploads\/2025\/04\/Flyers-convocatorias-2025-17-768x960.png 768w, https:\/\/adicora.org\/caba\/wp-content\/uploads\/2025\/04\/Flyers-convocatorias-2025-17.png 1080w\" sizes=\"(max-width: 240px) 100vw, 240px\" \/>\t\t\t\t\t\t\t\t\t\t\t\t\t\t\t<\/div>\n\t\t\t\t<\/div>\n\t\t\t\t<\/div>\n\t\t<div class=\"elementor-element elementor-element-801885b e-con-full e-flex e-con e-child\" data-id=\"801885b\" data-element_type=\"container\">\n\t\t\t\t<div class=\"elementor-element elementor-element-873e544 elementor-widget elementor-widget-text-editor\" data-id=\"873e544\" data-element_type=\"widget\" data-widget_type=\"text-editor.default\">\n\t\t\t\t<div class=\"elementor-widget-container\">\n\t\t\t\t\t\t\t\t\t<p><strong>CORO DE LA FACULTAD DE PSICOLOG\u00cdA UBA (Coro Mixto) Dir. Claudio Gonz\u00e1lez Nicolini<\/strong><\/p><p>Repertorio: <span style=\"font-weight: 400;\">Renacimiento, Romanticismo, Populares, Folcl\u00f3rico.<\/span>\u00a0<br \/>D\u00edas de ensayo: S\u00e1bados 15:30 a 17:30 hs<br \/>Incorpora voces en todos los registros \u2013 Actividad no arancelada<br \/>Requisitos: <span style=\"font-weight: 400;\">\u00a0voz sana, afinaci\u00f3n, experiencia coral.<\/span>\u00a0<\/p><p>Contacto: <span style=\"font-weight: 400;\">claudiogn327@gmail.com<\/span><span style=\"font-weight: 400;\"> &#8211;\u00a0<\/span><span style=\"background-color: transparent; color: #333333; font-family: Arial, sans-serif; font-size: 11pt; font-style: normal; font-weight: 400; white-space-collapse: preserve;\">11 62218524<\/span><\/p>\t\t\t\t\t\t\t\t<\/div>\n\t\t\t\t<\/div>\n\t\t\t\t<\/div>\n\t\t\t\t\t<\/div>\n\t\t\t\t<\/div>\n\t\t<div class=\"elementor-element elementor-element-c8d625f e-flex e-con-boxed e-con e-parent\" data-id=\"c8d625f\" data-element_type=\"container\">\n\t\t\t\t\t<div class=\"e-con-inner\">\n\t\t<div class=\"elementor-element elementor-element-e61cb8a e-con-full e-flex e-con e-child\" data-id=\"e61cb8a\" data-element_type=\"container\">\n\t\t\t\t<div class=\"elementor-element elementor-element-e68d6ce elementor-widget elementor-widget-image\" data-id=\"e68d6ce\" data-element_type=\"widget\" data-widget_type=\"image.default\">\n\t\t\t\t<div class=\"elementor-widget-container\">\n\t\t\t\t\t\t\t\t\t\t\t\t\t\t\t<img loading=\"lazy\" decoding=\"async\" width=\"240\" height=\"300\" src=\"https:\/\/adicora.org\/caba\/wp-content\/uploads\/2024\/03\/Titulo-secundario-240x300.png\" class=\"attachment-medium size-medium wp-image-3527\" alt=\"\" srcset=\"https:\/\/adicora.org\/caba\/wp-content\/uploads\/2024\/03\/Titulo-secundario-240x300.png 240w, https:\/\/adicora.org\/caba\/wp-content\/uploads\/2024\/03\/Titulo-secundario-819x1024.png 819w, https:\/\/adicora.org\/caba\/wp-content\/uploads\/2024\/03\/Titulo-secundario-768x960.png 768w, https:\/\/adicora.org\/caba\/wp-content\/uploads\/2024\/03\/Titulo-secundario.png 1080w\" sizes=\"(max-width: 240px) 100vw, 240px\" \/>\t\t\t\t\t\t\t\t\t\t\t\t\t\t\t<\/div>\n\t\t\t\t<\/div>\n\t\t\t\t<\/div>\n\t\t<div class=\"elementor-element elementor-element-47bdf6d e-con-full e-flex e-con e-child\" data-id=\"47bdf6d\" data-element_type=\"container\">\n\t\t\t\t<div class=\"elementor-element elementor-element-19125cd elementor-widget elementor-widget-text-editor\" data-id=\"19125cd\" data-element_type=\"widget\" data-widget_type=\"text-editor.default\">\n\t\t\t\t<div class=\"elementor-widget-container\">\n\t\t\t\t\t\t\t\t\t<p><strong>CORO DE LA UNIVERSIDAD ABIERTA INTERAMERICANA (Coro de J\u00f3venes) Dir. <\/strong><strong>Diego Lenger<\/strong><\/p><p>Repertorio: M\u00fasica de tradici\u00f3n escrita \/ Algo de m\u00fasica pop<br \/>D\u00edas de ensayo: Lunes y Jueves 17.30 a 19hs<br \/>Incorpora voces en todos los registros \u2013 Actividad Gratuita<br \/>Requisitos: Poder asistir a todos los ensayos y estudiar el material<\/p><p>Contacto: dlenger@gmail.com &#8211; 11 5826 6574<\/p>\t\t\t\t\t\t\t\t<\/div>\n\t\t\t\t<\/div>\n\t\t\t\t<\/div>\n\t\t\t\t\t<\/div>\n\t\t\t\t<\/div>\n\t\t<div class=\"elementor-element elementor-element-ff565c0 e-flex e-con-boxed e-con e-parent\" data-id=\"ff565c0\" data-element_type=\"container\">\n\t\t\t\t\t<div class=\"e-con-inner\">\n\t\t<div class=\"elementor-element elementor-element-fe1d464 e-con-full e-flex e-con e-child\" data-id=\"fe1d464\" data-element_type=\"container\">\n\t\t\t\t<div class=\"elementor-element elementor-element-1d87cd7 elementor-widget elementor-widget-image\" data-id=\"1d87cd7\" data-element_type=\"widget\" data-widget_type=\"image.default\">\n\t\t\t\t<div class=\"elementor-widget-container\">\n\t\t\t\t\t\t\t\t\t\t\t\t\t\t\t<img loading=\"lazy\" decoding=\"async\" width=\"240\" height=\"300\" src=\"https:\/\/adicora.org\/caba\/wp-content\/uploads\/2025\/04\/Flyers-convocatorias-2025-2-240x300.png\" class=\"attachment-medium size-medium wp-image-3991\" alt=\"\" srcset=\"https:\/\/adicora.org\/caba\/wp-content\/uploads\/2025\/04\/Flyers-convocatorias-2025-2-240x300.png 240w, https:\/\/adicora.org\/caba\/wp-content\/uploads\/2025\/04\/Flyers-convocatorias-2025-2-819x1024.png 819w, https:\/\/adicora.org\/caba\/wp-content\/uploads\/2025\/04\/Flyers-convocatorias-2025-2-768x960.png 768w, https:\/\/adicora.org\/caba\/wp-content\/uploads\/2025\/04\/Flyers-convocatorias-2025-2.png 1080w\" sizes=\"(max-width: 240px) 100vw, 240px\" \/>\t\t\t\t\t\t\t\t\t\t\t\t\t\t\t<\/div>\n\t\t\t\t<\/div>\n\t\t\t\t<\/div>\n\t\t<div class=\"elementor-element elementor-element-026a4e0 e-con-full e-flex e-con e-child\" data-id=\"026a4e0\" data-element_type=\"container\">\n\t\t\t\t<div class=\"elementor-element elementor-element-9067fc9 elementor-widget elementor-widget-text-editor\" data-id=\"9067fc9\" data-element_type=\"widget\" data-widget_type=\"text-editor.default\">\n\t\t\t\t<div class=\"elementor-widget-container\">\n\t\t\t\t\t\t\t\t\t<p><strong>CORO NICHIA GAKUIN (Coro Mixto) Dir. Milagros Seij\u00f3<\/strong><\/p><p>Repertorio: Universal y japon\u00e9s<br \/>D\u00edas de ensayo: S\u00e1bados 15 a 18hs<br \/>Incorpora voces en todos los registros \u2013 actividad arancelada<br \/>Requisitos: Afinaci\u00f3n; experiencia coral (no excluyente)<\/p><p>Contacto: miliseijo46@gmail.com &#8211; 15 6516 6908<\/p>\t\t\t\t\t\t\t\t<\/div>\n\t\t\t\t<\/div>\n\t\t\t\t<\/div>\n\t\t\t\t\t<\/div>\n\t\t\t\t<\/div>\n\t\t<div class=\"elementor-element elementor-element-4cb5308 e-flex e-con-boxed e-con e-parent\" data-id=\"4cb5308\" data-element_type=\"container\">\n\t\t\t\t\t<div class=\"e-con-inner\">\n\t\t<div class=\"elementor-element elementor-element-b5c7c5a e-con-full e-flex e-con e-child\" data-id=\"b5c7c5a\" data-element_type=\"container\">\n\t\t\t\t<div class=\"elementor-element elementor-element-d27fb2d elementor-widget elementor-widget-image\" data-id=\"d27fb2d\" data-element_type=\"widget\" data-widget_type=\"image.default\">\n\t\t\t\t<div class=\"elementor-widget-container\">\n\t\t\t\t\t\t\t\t\t\t\t\t\t\t\t<img loading=\"lazy\" decoding=\"async\" width=\"240\" height=\"300\" src=\"https:\/\/adicora.org\/caba\/wp-content\/uploads\/2024\/03\/CORO-DE-3-240x300.png\" class=\"attachment-medium size-medium wp-image-3661\" alt=\"\" srcset=\"https:\/\/adicora.org\/caba\/wp-content\/uploads\/2024\/03\/CORO-DE-3-240x300.png 240w, https:\/\/adicora.org\/caba\/wp-content\/uploads\/2024\/03\/CORO-DE-3-819x1024.png 819w, https:\/\/adicora.org\/caba\/wp-content\/uploads\/2024\/03\/CORO-DE-3-768x960.png 768w, https:\/\/adicora.org\/caba\/wp-content\/uploads\/2024\/03\/CORO-DE-3.png 1080w\" sizes=\"(max-width: 240px) 100vw, 240px\" \/>\t\t\t\t\t\t\t\t\t\t\t\t\t\t\t<\/div>\n\t\t\t\t<\/div>\n\t\t\t\t<\/div>\n\t\t<div class=\"elementor-element elementor-element-02babff e-con-full e-flex e-con e-child\" data-id=\"02babff\" data-element_type=\"container\">\n\t\t\t\t<div class=\"elementor-element elementor-element-570ce1d elementor-widget elementor-widget-text-editor\" data-id=\"570ce1d\" data-element_type=\"widget\" data-widget_type=\"text-editor.default\">\n\t\t\t\t<div class=\"elementor-widget-container\">\n\t\t\t\t\t\t\t\t\t<p><strong>CORO UIRAPUR\u00da (Coro Mixto) Dir. Miriam Alexandre<\/strong><\/p><p>Repertorio: M\u00fasica Popular Brasile\u00f1a<br \/>D\u00edas de ensayo: Lunes 19 a 22hs<br \/>Incorpora voces en todos los registros \u2013 Actividad arancelada<br \/>Requisitos: Experiencia coral (no excluyente), buena afinaci\u00f3n y ritmo, compromiso<br \/>con el estudio y con los ensayos y conciertos.<\/p><p>Contacto: miriamalexandre@gmail.com &#8211; 11 5158 0104<\/p>\t\t\t\t\t\t\t\t<\/div>\n\t\t\t\t<\/div>\n\t\t\t\t<\/div>\n\t\t\t\t\t<\/div>\n\t\t\t\t<\/div>\n\t\t<div class=\"elementor-element elementor-element-1b33c18 e-flex e-con-boxed e-con e-parent\" data-id=\"1b33c18\" data-element_type=\"container\">\n\t\t\t\t\t<div class=\"e-con-inner\">\n\t\t<div class=\"elementor-element elementor-element-d9a707d e-con-full e-flex e-con e-child\" data-id=\"d9a707d\" data-element_type=\"container\">\n\t\t\t\t<div class=\"elementor-element elementor-element-b7bd509 elementor-widget elementor-widget-image\" data-id=\"b7bd509\" data-element_type=\"widget\" data-widget_type=\"image.default\">\n\t\t\t\t<div class=\"elementor-widget-container\">\n\t\t\t\t\t\t\t\t\t\t\t\t\t\t\t<img loading=\"lazy\" decoding=\"async\" width=\"240\" height=\"300\" src=\"https:\/\/adicora.org\/caba\/wp-content\/uploads\/2024\/03\/CORO-DE-4-240x300.png\" class=\"attachment-medium size-medium wp-image-3662\" alt=\"\" srcset=\"https:\/\/adicora.org\/caba\/wp-content\/uploads\/2024\/03\/CORO-DE-4-240x300.png 240w, https:\/\/adicora.org\/caba\/wp-content\/uploads\/2024\/03\/CORO-DE-4-819x1024.png 819w, https:\/\/adicora.org\/caba\/wp-content\/uploads\/2024\/03\/CORO-DE-4-768x960.png 768w, https:\/\/adicora.org\/caba\/wp-content\/uploads\/2024\/03\/CORO-DE-4.png 1080w\" sizes=\"(max-width: 240px) 100vw, 240px\" \/>\t\t\t\t\t\t\t\t\t\t\t\t\t\t\t<\/div>\n\t\t\t\t<\/div>\n\t\t\t\t<\/div>\n\t\t<div class=\"elementor-element elementor-element-0aab1f9 e-con-full e-flex e-con e-child\" data-id=\"0aab1f9\" data-element_type=\"container\">\n\t\t\t\t<div class=\"elementor-element elementor-element-fd691e1 elementor-widget elementor-widget-text-editor\" data-id=\"fd691e1\" data-element_type=\"widget\" data-widget_type=\"text-editor.default\">\n\t\t\t\t<div class=\"elementor-widget-container\">\n\t\t\t\t\t\t\t\t\t<p><strong>CORO YARAW\u00cd (Coro Mixto) Dir. Miriam Alexandre<\/strong><\/p><p>Repertorio: M\u00fasica Popular Latinoamericana<br \/>D\u00edas de ensayo: Mi\u00e9rcoles 19 a 21:30 horas<br \/>Incorpora voces en todos los registros \u2013 Actividad Arancelada<br \/>Requisitos: Experiencia coral (no excluyente), buena afinaci\u00f3n y ritmo, compromiso con el estudio y con los ensayos y conciertos<\/p><p>Contacto: miriamalexandre@gmail.com &#8211; 11 5158 0104<\/p>\t\t\t\t\t\t\t\t<\/div>\n\t\t\t\t<\/div>\n\t\t\t\t<\/div>\n\t\t\t\t\t<\/div>\n\t\t\t\t<\/div>\n\t\t<div class=\"elementor-element elementor-element-3f7d352 e-flex e-con-boxed e-con e-parent\" data-id=\"3f7d352\" data-element_type=\"container\">\n\t\t\t\t\t<div class=\"e-con-inner\">\n\t\t<div class=\"elementor-element elementor-element-0d0bacf e-con-full e-flex e-con e-child\" data-id=\"0d0bacf\" data-element_type=\"container\">\n\t\t\t\t<div class=\"elementor-element elementor-element-acb3274 elementor-widget elementor-widget-image\" data-id=\"acb3274\" data-element_type=\"widget\" data-widget_type=\"image.default\">\n\t\t\t\t<div class=\"elementor-widget-container\">\n\t\t\t\t\t\t\t\t\t\t\t\t\t\t\t<img loading=\"lazy\" decoding=\"async\" width=\"240\" height=\"300\" src=\"https:\/\/adicora.org\/caba\/wp-content\/uploads\/2024\/03\/Diseno-sin-titulo-72-240x300.png\" class=\"attachment-medium size-medium wp-image-3534\" alt=\"\" srcset=\"https:\/\/adicora.org\/caba\/wp-content\/uploads\/2024\/03\/Diseno-sin-titulo-72-240x300.png 240w, https:\/\/adicora.org\/caba\/wp-content\/uploads\/2024\/03\/Diseno-sin-titulo-72-819x1024.png 819w, https:\/\/adicora.org\/caba\/wp-content\/uploads\/2024\/03\/Diseno-sin-titulo-72-768x960.png 768w, https:\/\/adicora.org\/caba\/wp-content\/uploads\/2024\/03\/Diseno-sin-titulo-72.png 1080w\" sizes=\"(max-width: 240px) 100vw, 240px\" \/>\t\t\t\t\t\t\t\t\t\t\t\t\t\t\t<\/div>\n\t\t\t\t<\/div>\n\t\t\t\t<\/div>\n\t\t<div class=\"elementor-element elementor-element-d8d5c5d e-con-full e-flex e-con e-child\" data-id=\"d8d5c5d\" data-element_type=\"container\">\n\t\t\t\t<div class=\"elementor-element elementor-element-c336d1c elementor-widget elementor-widget-text-editor\" data-id=\"c336d1c\" data-element_type=\"widget\" data-widget_type=\"text-editor.default\">\n\t\t\t\t<div class=\"elementor-widget-container\">\n\t\t\t\t\t\t\t\t\t<p><strong>LINDO BARULLO (Coro de Ni\u00f1os) Dir. Mario Esteban<\/strong><\/p><p>Repertorio: Universal<br \/>D\u00edas de ensayo: Martes y Jueves de 17:20 a 19:20hs, S\u00e1bados de 10:00 a 12:00hs<br \/>Incorpora voces en todos los registros \u2013 Actividad Gratuita<br \/>Requisitos: Ganas de cantar<\/p><p>Contacto: coro.almagro@bue.edu.ar &#8211; 11 3178 0309<\/p>\t\t\t\t\t\t\t\t<\/div>\n\t\t\t\t<\/div>\n\t\t\t\t<\/div>\n\t\t\t\t\t<\/div>\n\t\t\t\t<\/div>\n\t\t<div class=\"elementor-element elementor-element-f7ba5f4 e-flex e-con-boxed e-con e-parent\" data-id=\"f7ba5f4\" data-element_type=\"container\">\n\t\t\t\t\t<div class=\"e-con-inner\">\n\t\t<div class=\"elementor-element elementor-element-297060f e-con-full e-flex e-con e-child\" data-id=\"297060f\" data-element_type=\"container\">\n\t\t\t\t<div class=\"elementor-element elementor-element-ca64c2e elementor-widget elementor-widget-image\" data-id=\"ca64c2e\" data-element_type=\"widget\" data-widget_type=\"image.default\">\n\t\t\t\t<div class=\"elementor-widget-container\">\n\t\t\t\t\t\t\t\t\t\t\t\t\t\t\t<img loading=\"lazy\" decoding=\"async\" width=\"240\" height=\"300\" src=\"https:\/\/adicora.org\/caba\/wp-content\/uploads\/2024\/03\/OCTOPUS-CORAL-Coro-Mixto-Dir.-Irene-Nocito-240x300.png\" class=\"attachment-medium size-medium wp-image-3535\" alt=\"\" srcset=\"https:\/\/adicora.org\/caba\/wp-content\/uploads\/2024\/03\/OCTOPUS-CORAL-Coro-Mixto-Dir.-Irene-Nocito-240x300.png 240w, https:\/\/adicora.org\/caba\/wp-content\/uploads\/2024\/03\/OCTOPUS-CORAL-Coro-Mixto-Dir.-Irene-Nocito-819x1024.png 819w, https:\/\/adicora.org\/caba\/wp-content\/uploads\/2024\/03\/OCTOPUS-CORAL-Coro-Mixto-Dir.-Irene-Nocito-768x960.png 768w, https:\/\/adicora.org\/caba\/wp-content\/uploads\/2024\/03\/OCTOPUS-CORAL-Coro-Mixto-Dir.-Irene-Nocito.png 1080w\" sizes=\"(max-width: 240px) 100vw, 240px\" \/>\t\t\t\t\t\t\t\t\t\t\t\t\t\t\t<\/div>\n\t\t\t\t<\/div>\n\t\t\t\t<\/div>\n\t\t<div class=\"elementor-element elementor-element-491ca52 e-con-full e-flex e-con e-child\" data-id=\"491ca52\" data-element_type=\"container\">\n\t\t\t\t<div class=\"elementor-element elementor-element-b062892 elementor-widget elementor-widget-text-editor\" data-id=\"b062892\" data-element_type=\"widget\" data-widget_type=\"text-editor.default\">\n\t\t\t\t<div class=\"elementor-widget-container\">\n\t\t\t\t\t\t\t\t\t<p><strong>OCTOPUS CORAL (Coro Mixto) Dir. Irene Nocito<\/strong><\/p><p>Repertorio: Variado, Renacimiento, siglos XX y XXI, M\u00fasica popular argentina, M\u00fasica griega y del mundo.D\u00edas de ensayo: Lunes 20.30 a 22.30hs<br \/>Incorpora voces en todos los registros \u2013 Actividad Gratuita<br \/>Requisitos: Se agradece si hay experiencia coral previa. Buena afinaci\u00f3n y disposici\u00f3n para estudiar.<\/p><p>Contacto: octopuscoral@gmail.com \u2013 11 5342 7720<\/p>\t\t\t\t\t\t\t\t<\/div>\n\t\t\t\t<\/div>\n\t\t\t\t<\/div>\n\t\t\t\t\t<\/div>\n\t\t\t\t<\/div>\n\t\t<div class=\"elementor-element elementor-element-41d5097 e-flex e-con-boxed e-con e-parent\" data-id=\"41d5097\" data-element_type=\"container\">\n\t\t\t\t\t<div class=\"e-con-inner\">\n\t\t\t\t<div class=\"elementor-element elementor-element-f594bde elementor-widget elementor-widget-image\" data-id=\"f594bde\" data-element_type=\"widget\" data-widget_type=\"image.default\">\n\t\t\t\t<div class=\"elementor-widget-container\">\n\t\t\t\t\t\t\t\t\t\t\t\t\t\t\t\t<a href=\"https:\/\/goldberg-verlag.com\/es\/inicio\/\">\n\t\t\t\t\t\t\t<img loading=\"lazy\" decoding=\"async\" width=\"300\" height=\"150\" src=\"https:\/\/adicora.org\/caba\/wp-content\/uploads\/2023\/10\/Banner-de-Goldberg-300x150.png\" class=\"attachment-medium size-medium wp-image-2336\" alt=\"\" srcset=\"https:\/\/adicora.org\/caba\/wp-content\/uploads\/2023\/10\/Banner-de-Goldberg-300x150.png 300w, https:\/\/adicora.org\/caba\/wp-content\/uploads\/2023\/10\/Banner-de-Goldberg-1024x512.png 1024w, https:\/\/adicora.org\/caba\/wp-content\/uploads\/2023\/10\/Banner-de-Goldberg-768x384.png 768w, https:\/\/adicora.org\/caba\/wp-content\/uploads\/2023\/10\/Banner-de-Goldberg-1536x768.png 1536w, https:\/\/adicora.org\/caba\/wp-content\/uploads\/2023\/10\/Banner-de-Goldberg-2048x1024.png 2048w\" sizes=\"(max-width: 300px) 100vw, 300px\" \/>\t\t\t\t\t\t\t\t<\/a>\n\t\t\t\t\t\t\t\t\t\t\t\t\t\t\t<\/div>\n\t\t\t\t<\/div>\n\t\t\t\t\t<\/div>\n\t\t\t\t<\/div>\n\t\t<div class=\"elementor-element elementor-element-2ded1cd e-flex e-con-boxed e-con e-parent\" data-id=\"2ded1cd\" data-element_type=\"container\">\n\t\t\t\t\t<div class=\"e-con-inner\">\n\t\t\t\t<div class=\"elementor-element elementor-element-2a0c3dc elementor-widget elementor-widget-heading\" data-id=\"2a0c3dc\" data-element_type=\"widget\" data-widget_type=\"heading.default\">\n\t\t\t\t<div class=\"elementor-widget-container\">\n\t\t\t\t\t<h2 class=\"elementor-heading-title elementor-size-medium\">BALVANERA<\/h2>\t\t\t\t<\/div>\n\t\t\t\t<\/div>\n\t\t\t\t\t<\/div>\n\t\t\t\t<\/div>\n\t\t<div class=\"elementor-element elementor-element-a8c356a e-flex e-con-boxed e-con e-parent\" data-id=\"a8c356a\" data-element_type=\"container\">\n\t\t\t\t\t<div class=\"e-con-inner\">\n\t\t<div class=\"elementor-element elementor-element-2aa6f39 e-con-full e-flex e-con e-child\" data-id=\"2aa6f39\" data-element_type=\"container\">\n\t\t\t\t<div class=\"elementor-element elementor-element-0543e29 elementor-widget elementor-widget-image\" data-id=\"0543e29\" data-element_type=\"widget\" data-widget_type=\"image.default\">\n\t\t\t\t<div class=\"elementor-widget-container\">\n\t\t\t\t\t\t\t\t\t\t\t\t\t\t\t<img loading=\"lazy\" decoding=\"async\" width=\"240\" height=\"300\" src=\"https:\/\/adicora.org\/caba\/wp-content\/uploads\/2024\/03\/Flyers-convocatorias-240x300.png\" class=\"attachment-medium size-medium wp-image-3544\" alt=\"\" srcset=\"https:\/\/adicora.org\/caba\/wp-content\/uploads\/2024\/03\/Flyers-convocatorias-240x300.png 240w, https:\/\/adicora.org\/caba\/wp-content\/uploads\/2024\/03\/Flyers-convocatorias-819x1024.png 819w, https:\/\/adicora.org\/caba\/wp-content\/uploads\/2024\/03\/Flyers-convocatorias-768x960.png 768w, https:\/\/adicora.org\/caba\/wp-content\/uploads\/2024\/03\/Flyers-convocatorias.png 1080w\" sizes=\"(max-width: 240px) 100vw, 240px\" \/>\t\t\t\t\t\t\t\t\t\t\t\t\t\t\t<\/div>\n\t\t\t\t<\/div>\n\t\t\t\t<\/div>\n\t\t<div class=\"elementor-element elementor-element-8380dc0 e-con-full e-flex e-con e-child\" data-id=\"8380dc0\" data-element_type=\"container\">\n\t\t\t\t<div class=\"elementor-element elementor-element-1e99c1b elementor-widget elementor-widget-text-editor\" data-id=\"1e99c1b\" data-element_type=\"widget\" data-widget_type=\"text-editor.default\">\n\t\t\t\t<div class=\"elementor-widget-container\">\n\t\t\t\t\t\t\t\t\t<p><strong>CORAL DEL SALVADOR (Coro Mixto) Dir. Leonardo San Juan y Manuel Di Nardo<\/strong><\/p><p>Repertorio: M\u00fasica acad\u00e9mica, m\u00fasica de cine<br \/>D\u00edas de ensayo: Mi\u00e9rcoles 19:30 a 21:30hs<br \/>Incorpora voces en todos los registros \u2013 Actividad arancelada<br \/>Requisitos: 18 a 65 a\u00f1os de edad, perfecta afinaci\u00f3n.<\/p><p>Contacto: leosanjuan@yahoo.com 11 4046 4955<\/p>\t\t\t\t\t\t\t\t<\/div>\n\t\t\t\t<\/div>\n\t\t\t\t<\/div>\n\t\t\t\t\t<\/div>\n\t\t\t\t<\/div>\n\t\t<div class=\"elementor-element elementor-element-560bdbe e-flex e-con-boxed e-con e-parent\" data-id=\"560bdbe\" data-element_type=\"container\">\n\t\t\t\t\t<div class=\"e-con-inner\">\n\t\t<div class=\"elementor-element elementor-element-1d65eea e-con-full e-flex e-con e-child\" data-id=\"1d65eea\" data-element_type=\"container\">\n\t\t\t\t<div class=\"elementor-element elementor-element-f791ca8 elementor-widget elementor-widget-image\" data-id=\"f791ca8\" data-element_type=\"widget\" data-widget_type=\"image.default\">\n\t\t\t\t<div class=\"elementor-widget-container\">\n\t\t\t\t\t\t\t\t\t\t\t\t\t\t\t<img loading=\"lazy\" decoding=\"async\" width=\"240\" height=\"300\" src=\"https:\/\/adicora.org\/caba\/wp-content\/uploads\/2024\/03\/Flyers-convocatorias-1-240x300.png\" class=\"attachment-medium size-medium wp-image-3545\" alt=\"\" srcset=\"https:\/\/adicora.org\/caba\/wp-content\/uploads\/2024\/03\/Flyers-convocatorias-1-240x300.png 240w, https:\/\/adicora.org\/caba\/wp-content\/uploads\/2024\/03\/Flyers-convocatorias-1-819x1024.png 819w, https:\/\/adicora.org\/caba\/wp-content\/uploads\/2024\/03\/Flyers-convocatorias-1-768x960.png 768w, https:\/\/adicora.org\/caba\/wp-content\/uploads\/2024\/03\/Flyers-convocatorias-1.png 1080w\" sizes=\"(max-width: 240px) 100vw, 240px\" \/>\t\t\t\t\t\t\t\t\t\t\t\t\t\t\t<\/div>\n\t\t\t\t<\/div>\n\t\t\t\t<\/div>\n\t\t<div class=\"elementor-element elementor-element-218d74d e-con-full e-flex e-con e-child\" data-id=\"218d74d\" data-element_type=\"container\">\n\t\t\t\t<div class=\"elementor-element elementor-element-9fa66d7 elementor-widget elementor-widget-text-editor\" data-id=\"9fa66d7\" data-element_type=\"widget\" data-widget_type=\"text-editor.default\">\n\t\t\t\t<div class=\"elementor-widget-container\">\n\t\t\t\t\t\t\t\t\t<p><strong>CORO JULIO G\u00d3MEZ CARRILLO (UEJN) (Coro Mixto) Dir. Diego Lenger<\/strong><\/p><p>Repertorio: M\u00fasica popular, m\u00fasica antigua, m\u00fasica argentina<br \/>D\u00edas de ensayo: Jueves 15 a 17hs<br \/>Incorpora voces en todos los registros \u2013 Actividad Gratuita<br \/>Requisitos: Compromiso; ser afinado\/a y tener buena salud vocal<\/p><p>Contacto: dlenger@gmail.com &#8211; 11 5826 6574<\/p>\t\t\t\t\t\t\t\t<\/div>\n\t\t\t\t<\/div>\n\t\t\t\t<\/div>\n\t\t\t\t\t<\/div>\n\t\t\t\t<\/div>\n\t\t<div class=\"elementor-element elementor-element-f4e31c9 e-flex e-con-boxed e-con e-parent\" data-id=\"f4e31c9\" data-element_type=\"container\">\n\t\t\t\t\t<div class=\"e-con-inner\">\n\t\t<div class=\"elementor-element elementor-element-346cf98 e-con-full e-flex e-con e-child\" data-id=\"346cf98\" data-element_type=\"container\">\n\t\t\t\t<div class=\"elementor-element elementor-element-9d64434 elementor-widget elementor-widget-image\" data-id=\"9d64434\" data-element_type=\"widget\" data-widget_type=\"image.default\">\n\t\t\t\t<div class=\"elementor-widget-container\">\n\t\t\t\t\t\t\t\t\t\t\t\t\t\t\t<img loading=\"lazy\" decoding=\"async\" width=\"240\" height=\"300\" src=\"https:\/\/adicora.org\/caba\/wp-content\/uploads\/2025\/04\/Flyers-convocatorias-2025-15-240x300.png\" class=\"attachment-medium size-medium wp-image-4028\" alt=\"\" srcset=\"https:\/\/adicora.org\/caba\/wp-content\/uploads\/2025\/04\/Flyers-convocatorias-2025-15-240x300.png 240w, https:\/\/adicora.org\/caba\/wp-content\/uploads\/2025\/04\/Flyers-convocatorias-2025-15-819x1024.png 819w, https:\/\/adicora.org\/caba\/wp-content\/uploads\/2025\/04\/Flyers-convocatorias-2025-15-768x960.png 768w, https:\/\/adicora.org\/caba\/wp-content\/uploads\/2025\/04\/Flyers-convocatorias-2025-15.png 1080w\" sizes=\"(max-width: 240px) 100vw, 240px\" \/>\t\t\t\t\t\t\t\t\t\t\t\t\t\t\t<\/div>\n\t\t\t\t<\/div>\n\t\t\t\t<\/div>\n\t\t<div class=\"elementor-element elementor-element-4422af0 e-con-full e-flex e-con e-child\" data-id=\"4422af0\" data-element_type=\"container\">\n\t\t\t\t<div class=\"elementor-element elementor-element-41510e5 elementor-widget elementor-widget-text-editor\" data-id=\"41510e5\" data-element_type=\"widget\" data-widget_type=\"text-editor.default\">\n\t\t\t\t<div class=\"elementor-widget-container\">\n\t\t\t\t\t\t\t\t\t<p><strong>GRUPO VOCAL DE LA DEFENSOR\u00cdA GENERAL DE LA NACI\u00d3N (Coro Mixto) Dir. Lorena Rojas\u00a0<\/strong>\u00a0\u00a0<\/p><p>Repertorio: Arreglos de m\u00fasica popular, g\u00e9neros diversos\u00a0\u00a0<br \/>D\u00edas de ensayo: Jueves 17:30 a 19:30 hs<br \/>Incorpora voces en todos los registros \u2013 Actividad Gratuita<br \/>Requisitos: Entrevista para conocer: tipo de voz, afinaci\u00f3n, o\u00eddo arm\u00f3nico. No es requisito tener experiencia coral.\u00a0\u00a0<\/p><p>Contacto: grupovocaldgn@gmail.com &#8211; 1161319001<\/p>\t\t\t\t\t\t\t\t<\/div>\n\t\t\t\t<\/div>\n\t\t\t\t<\/div>\n\t\t\t\t\t<\/div>\n\t\t\t\t<\/div>\n\t\t<div class=\"elementor-element elementor-element-4efbe97 e-flex e-con-boxed e-con e-parent\" data-id=\"4efbe97\" data-element_type=\"container\">\n\t\t\t\t\t<div class=\"e-con-inner\">\n\t\t\t\t<div class=\"elementor-element elementor-element-8687a8d elementor-widget elementor-widget-image\" data-id=\"8687a8d\" data-element_type=\"widget\" data-widget_type=\"image.default\">\n\t\t\t\t<div class=\"elementor-widget-container\">\n\t\t\t\t\t\t\t\t\t\t\t\t\t\t\t\t<a href=\"https:\/\/edicionesgcc.org.ar\/\">\n\t\t\t\t\t\t\t<img loading=\"lazy\" decoding=\"async\" width=\"300\" height=\"150\" src=\"https:\/\/adicora.org\/caba\/wp-content\/uploads\/2023\/10\/Banner-de-GCC-300x150.png\" class=\"attachment-medium size-medium wp-image-2481\" alt=\"\" srcset=\"https:\/\/adicora.org\/caba\/wp-content\/uploads\/2023\/10\/Banner-de-GCC-300x150.png 300w, https:\/\/adicora.org\/caba\/wp-content\/uploads\/2023\/10\/Banner-de-GCC-1024x512.png 1024w, https:\/\/adicora.org\/caba\/wp-content\/uploads\/2023\/10\/Banner-de-GCC-768x384.png 768w, https:\/\/adicora.org\/caba\/wp-content\/uploads\/2023\/10\/Banner-de-GCC-1536x768.png 1536w, https:\/\/adicora.org\/caba\/wp-content\/uploads\/2023\/10\/Banner-de-GCC-2048x1024.png 2048w\" sizes=\"(max-width: 300px) 100vw, 300px\" \/>\t\t\t\t\t\t\t\t<\/a>\n\t\t\t\t\t\t\t\t\t\t\t\t\t\t\t<\/div>\n\t\t\t\t<\/div>\n\t\t\t\t\t<\/div>\n\t\t\t\t<\/div>\n\t\t<div class=\"elementor-element elementor-element-d55bcc6 e-flex e-con-boxed e-con e-parent\" data-id=\"d55bcc6\" data-element_type=\"container\">\n\t\t\t\t\t<div class=\"e-con-inner\">\n\t\t\t\t<div class=\"elementor-element elementor-element-30304dd elementor-widget elementor-widget-heading\" data-id=\"30304dd\" data-element_type=\"widget\" data-widget_type=\"heading.default\">\n\t\t\t\t<div class=\"elementor-widget-container\">\n\t\t\t\t\t<h2 class=\"elementor-heading-title elementor-size-medium\">BELGRANO<\/h2>\t\t\t\t<\/div>\n\t\t\t\t<\/div>\n\t\t\t\t\t<\/div>\n\t\t\t\t<\/div>\n\t\t<div class=\"elementor-element elementor-element-3cc4ab2 e-flex e-con-boxed e-con e-parent\" data-id=\"3cc4ab2\" data-element_type=\"container\">\n\t\t\t\t\t<div class=\"e-con-inner\">\n\t\t<div class=\"elementor-element elementor-element-4839089 e-con-full e-flex e-con e-child\" data-id=\"4839089\" data-element_type=\"container\">\n\t\t\t\t<div class=\"elementor-element elementor-element-6074374 elementor-widget elementor-widget-image\" data-id=\"6074374\" data-element_type=\"widget\" data-widget_type=\"image.default\">\n\t\t\t\t<div class=\"elementor-widget-container\">\n\t\t\t\t\t\t\t\t\t\t\t\t\t\t\t<img loading=\"lazy\" decoding=\"async\" width=\"240\" height=\"300\" src=\"https:\/\/adicora.org\/caba\/wp-content\/uploads\/2025\/04\/Flyers-convocatorias-2025-21-240x300.png\" class=\"attachment-medium size-medium wp-image-4094\" alt=\"\" srcset=\"https:\/\/adicora.org\/caba\/wp-content\/uploads\/2025\/04\/Flyers-convocatorias-2025-21-240x300.png 240w, https:\/\/adicora.org\/caba\/wp-content\/uploads\/2025\/04\/Flyers-convocatorias-2025-21-819x1024.png 819w, https:\/\/adicora.org\/caba\/wp-content\/uploads\/2025\/04\/Flyers-convocatorias-2025-21-768x960.png 768w, https:\/\/adicora.org\/caba\/wp-content\/uploads\/2025\/04\/Flyers-convocatorias-2025-21.png 1080w\" sizes=\"(max-width: 240px) 100vw, 240px\" \/>\t\t\t\t\t\t\t\t\t\t\t\t\t\t\t<\/div>\n\t\t\t\t<\/div>\n\t\t\t\t<\/div>\n\t\t<div class=\"elementor-element elementor-element-946eedc e-con-full e-flex e-con e-child\" data-id=\"946eedc\" data-element_type=\"container\">\n\t\t\t\t<div class=\"elementor-element elementor-element-63cc4ce elementor-widget elementor-widget-text-editor\" data-id=\"63cc4ce\" data-element_type=\"widget\" data-widget_type=\"text-editor.default\">\n\t\t\t\t<div class=\"elementor-widget-container\">\n\t\t\t\t\t\t\t\t\t<p><strong>CORO DEL SUR DEL MUNDO (Coro Mixto) Dir. Arya Medeiros Cappia<\/strong><\/p><p>Repertorio: Erudito y Popular &#8211; M\u00fasicas de Latinoam\u00e9rica<br \/>D\u00edas de ensayo: Jueves 19:30hs<br \/>Incorpora voces en todos los registros \u2013 Actividad arancelada<br \/>Requisitos: Muchas ganas y compromiso.<br \/>En este espacio se proporcionar\u00e1n tambi\u00e9n lectura de partituras y t\u00e9cnica vocal b\u00e1sica en clases separadas, grupales y coordinadas.<\/p><p>Contacto: aryamedeiros@gmail.com<\/p>\t\t\t\t\t\t\t\t<\/div>\n\t\t\t\t<\/div>\n\t\t\t\t<\/div>\n\t\t\t\t\t<\/div>\n\t\t\t\t<\/div>\n\t\t<div class=\"elementor-element elementor-element-d2ae7dc e-flex e-con-boxed e-con e-parent\" data-id=\"d2ae7dc\" data-element_type=\"container\">\n\t\t\t\t\t<div class=\"e-con-inner\">\n\t\t\t\t<div class=\"elementor-element elementor-element-68750d7 elementor-widget elementor-widget-image\" data-id=\"68750d7\" data-element_type=\"widget\" data-widget_type=\"image.default\">\n\t\t\t\t<div class=\"elementor-widget-container\">\n\t\t\t\t\t\t\t\t\t\t\t\t\t\t\t\t<a href=\"https:\/\/comcorar.com\/\">\n\t\t\t\t\t\t\t<img loading=\"lazy\" decoding=\"async\" width=\"300\" height=\"150\" src=\"https:\/\/adicora.org\/caba\/wp-content\/uploads\/2023\/10\/Banner-de-ComCorAr-300x150.png\" class=\"attachment-medium size-medium wp-image-2769\" alt=\"\" srcset=\"https:\/\/adicora.org\/caba\/wp-content\/uploads\/2023\/10\/Banner-de-ComCorAr-300x150.png 300w, https:\/\/adicora.org\/caba\/wp-content\/uploads\/2023\/10\/Banner-de-ComCorAr-1024x512.png 1024w, https:\/\/adicora.org\/caba\/wp-content\/uploads\/2023\/10\/Banner-de-ComCorAr-768x384.png 768w, https:\/\/adicora.org\/caba\/wp-content\/uploads\/2023\/10\/Banner-de-ComCorAr-1536x768.png 1536w, https:\/\/adicora.org\/caba\/wp-content\/uploads\/2023\/10\/Banner-de-ComCorAr-2048x1024.png 2048w\" sizes=\"(max-width: 300px) 100vw, 300px\" \/>\t\t\t\t\t\t\t\t<\/a>\n\t\t\t\t\t\t\t\t\t\t\t\t\t\t\t<\/div>\n\t\t\t\t<\/div>\n\t\t\t\t\t<\/div>\n\t\t\t\t<\/div>\n\t\t<div class=\"elementor-element elementor-element-248e293 e-flex e-con-boxed e-con e-parent\" data-id=\"248e293\" data-element_type=\"container\">\n\t\t\t\t\t<div class=\"e-con-inner\">\n\t\t\t\t<div class=\"elementor-element elementor-element-dd0565b elementor-widget elementor-widget-heading\" data-id=\"dd0565b\" data-element_type=\"widget\" data-widget_type=\"heading.default\">\n\t\t\t\t<div class=\"elementor-widget-container\">\n\t\t\t\t\t<h2 class=\"elementor-heading-title elementor-size-medium\">BOEDO<\/h2>\t\t\t\t<\/div>\n\t\t\t\t<\/div>\n\t\t\t\t\t<\/div>\n\t\t\t\t<\/div>\n\t\t<div class=\"elementor-element elementor-element-933fc03 e-flex e-con-boxed e-con e-parent\" data-id=\"933fc03\" data-element_type=\"container\">\n\t\t\t\t\t<div class=\"e-con-inner\">\n\t\t<div class=\"elementor-element elementor-element-c67c23c e-con-full e-flex e-con e-child\" data-id=\"c67c23c\" data-element_type=\"container\">\n\t\t\t\t<div class=\"elementor-element elementor-element-805c466 elementor-widget elementor-widget-image\" data-id=\"805c466\" data-element_type=\"widget\" data-widget_type=\"image.default\">\n\t\t\t\t<div class=\"elementor-widget-container\">\n\t\t\t\t\t\t\t\t\t\t\t\t\t\t\t<img loading=\"lazy\" decoding=\"async\" width=\"240\" height=\"300\" src=\"https:\/\/adicora.org\/caba\/wp-content\/uploads\/2024\/03\/Flyers-convocatorias-23-240x300.png\" class=\"attachment-medium size-medium wp-image-3711\" alt=\"\" srcset=\"https:\/\/adicora.org\/caba\/wp-content\/uploads\/2024\/03\/Flyers-convocatorias-23-240x300.png 240w, https:\/\/adicora.org\/caba\/wp-content\/uploads\/2024\/03\/Flyers-convocatorias-23-819x1024.png 819w, https:\/\/adicora.org\/caba\/wp-content\/uploads\/2024\/03\/Flyers-convocatorias-23-768x960.png 768w, https:\/\/adicora.org\/caba\/wp-content\/uploads\/2024\/03\/Flyers-convocatorias-23.png 1080w\" sizes=\"(max-width: 240px) 100vw, 240px\" \/>\t\t\t\t\t\t\t\t\t\t\t\t\t\t\t<\/div>\n\t\t\t\t<\/div>\n\t\t\t\t<\/div>\n\t\t<div class=\"elementor-element elementor-element-ded0971 e-con-full e-flex e-con e-child\" data-id=\"ded0971\" data-element_type=\"container\">\n\t\t\t\t<div class=\"elementor-element elementor-element-81a8e34 elementor-widget elementor-widget-text-editor\" data-id=\"81a8e34\" data-element_type=\"widget\" data-widget_type=\"text-editor.default\">\n\t\t\t\t<div class=\"elementor-widget-container\">\n\t\t\t\t\t\t\t\t\t<p><strong>Coral con Voz (Coro Mixto) Dir. Mat\u00edas Pascual<\/strong><\/p><p>Repertorio: Popular argentino<br \/>D\u00edas de ensayo: Jueves 19 a 21 hs<br \/>Incorpora voces en todos los registros \u2013 Actividad no arancelada<br \/>Requisitos: Compromiso con la actividad, salud vocal<\/p><p>Contacto: coralconvoz@gmail.com 1136080006<\/p>\t\t\t\t\t\t\t\t<\/div>\n\t\t\t\t<\/div>\n\t\t\t\t<\/div>\n\t\t\t\t\t<\/div>\n\t\t\t\t<\/div>\n\t\t<div class=\"elementor-element elementor-element-fbf0145 e-flex e-con-boxed e-con e-parent\" data-id=\"fbf0145\" data-element_type=\"container\">\n\t\t\t\t\t<div class=\"e-con-inner\">\n\t\t<div class=\"elementor-element elementor-element-830d4d3 e-con-full e-flex e-con e-child\" data-id=\"830d4d3\" data-element_type=\"container\">\n\t\t\t\t<div class=\"elementor-element elementor-element-278d18f elementor-widget elementor-widget-image\" data-id=\"278d18f\" data-element_type=\"widget\" data-widget_type=\"image.default\">\n\t\t\t\t<div class=\"elementor-widget-container\">\n\t\t\t\t\t\t\t\t\t\t\t\t\t\t\t<img loading=\"lazy\" decoding=\"async\" width=\"240\" height=\"300\" src=\"https:\/\/adicora.org\/caba\/wp-content\/uploads\/2024\/03\/Flyers-convocatorias-3-240x300.png\" class=\"attachment-medium size-medium wp-image-3555\" alt=\"\" srcset=\"https:\/\/adicora.org\/caba\/wp-content\/uploads\/2024\/03\/Flyers-convocatorias-3-240x300.png 240w, https:\/\/adicora.org\/caba\/wp-content\/uploads\/2024\/03\/Flyers-convocatorias-3-819x1024.png 819w, https:\/\/adicora.org\/caba\/wp-content\/uploads\/2024\/03\/Flyers-convocatorias-3-768x960.png 768w, https:\/\/adicora.org\/caba\/wp-content\/uploads\/2024\/03\/Flyers-convocatorias-3.png 1080w\" sizes=\"(max-width: 240px) 100vw, 240px\" \/>\t\t\t\t\t\t\t\t\t\t\t\t\t\t\t<\/div>\n\t\t\t\t<\/div>\n\t\t\t\t<\/div>\n\t\t<div class=\"elementor-element elementor-element-891ed9e e-con-full e-flex e-con e-child\" data-id=\"891ed9e\" data-element_type=\"container\">\n\t\t\t\t<div class=\"elementor-element elementor-element-3a27ae2 elementor-widget elementor-widget-text-editor\" data-id=\"3a27ae2\" data-element_type=\"widget\" data-widget_type=\"text-editor.default\">\n\t\t\t\t<div class=\"elementor-widget-container\">\n\t\t\t\t\t\t\t\t\t<p><strong>MONTEVIDEANDO (Coro Mixto) Dir. Federico Rigoni<\/strong><\/p><p>Repertorio: M\u00fasica Popular de Uruguay (Candombe \/ Murga \/ Canci\u00f3n MPU) con puesta en escena<br \/>D\u00edas de ensayo: Lunes 20:15 a 22:30hs<br \/>Incorpora voces en todos los registros \u2013 Actividad arancelada<br \/>Requisitos: Se buscan integrantes con experiencia vocal o musical previa; y ganas de integrar ritmo, cuerpo, y emociones a la voz cantada<\/p><p>Contacto: federicorigoni@hotmail.com &#8211; 11 5953-1681<\/p>\t\t\t\t\t\t\t\t<\/div>\n\t\t\t\t<\/div>\n\t\t\t\t<\/div>\n\t\t\t\t\t<\/div>\n\t\t\t\t<\/div>\n\t\t<div class=\"elementor-element elementor-element-b472d5a e-flex e-con-boxed e-con e-parent\" data-id=\"b472d5a\" data-element_type=\"container\">\n\t\t\t\t\t<div class=\"e-con-inner\">\n\t\t<div class=\"elementor-element elementor-element-456cfb9 e-con-full e-flex e-con e-child\" data-id=\"456cfb9\" data-element_type=\"container\">\n\t\t\t\t<div class=\"elementor-element elementor-element-d1f73a4 elementor-widget elementor-widget-image\" data-id=\"d1f73a4\" data-element_type=\"widget\" data-widget_type=\"image.default\">\n\t\t\t\t<div class=\"elementor-widget-container\">\n\t\t\t\t\t\t\t\t\t\t\t\t\t\t\t<img loading=\"lazy\" decoding=\"async\" width=\"240\" height=\"300\" src=\"https:\/\/adicora.org\/caba\/wp-content\/uploads\/2025\/04\/Flyers-convocatorias-2025-18-240x300.png\" class=\"attachment-medium size-medium wp-image-4054\" alt=\"\" srcset=\"https:\/\/adicora.org\/caba\/wp-content\/uploads\/2025\/04\/Flyers-convocatorias-2025-18-240x300.png 240w, https:\/\/adicora.org\/caba\/wp-content\/uploads\/2025\/04\/Flyers-convocatorias-2025-18-819x1024.png 819w, https:\/\/adicora.org\/caba\/wp-content\/uploads\/2025\/04\/Flyers-convocatorias-2025-18-768x960.png 768w, https:\/\/adicora.org\/caba\/wp-content\/uploads\/2025\/04\/Flyers-convocatorias-2025-18.png 1080w\" sizes=\"(max-width: 240px) 100vw, 240px\" \/>\t\t\t\t\t\t\t\t\t\t\t\t\t\t\t<\/div>\n\t\t\t\t<\/div>\n\t\t\t\t<\/div>\n\t\t<div class=\"elementor-element elementor-element-a65b4ea e-con-full e-flex e-con e-child\" data-id=\"a65b4ea\" data-element_type=\"container\">\n\t\t\t\t<div class=\"elementor-element elementor-element-d719399 elementor-widget elementor-widget-text-editor\" data-id=\"d719399\" data-element_type=\"widget\" data-widget_type=\"text-editor.default\">\n\t\t\t\t<div class=\"elementor-widget-container\">\n\t\t\t\t\t\t\t\t\t<p><strong>X+ TANGO (Coro Mixto) Dir. Carlos Pappolla<\/strong><\/p><p>Repertorio: Tango<br \/>D\u00edas de ensayo: <span style=\"font-weight: 400;\">Lunes 20:15 a 22:30\u00a0<\/span><br \/>Incorpora voces en todos los registros \u2013 Actividad arancelada<br \/>Requisitos: <span style=\"font-weight: 400;\">ser entonado con o sin experiencia coral. Actividad arancelada<\/span><\/p><p>Contacto: <span style=\"font-weight: 400;\">\u00a0<\/span><span style=\"font-weight: 400;\">cpappolla@gmail.com<\/span><span style=\"font-weight: 400;\"> &#8211; 11 44377052<\/span><\/p>\t\t\t\t\t\t\t\t<\/div>\n\t\t\t\t<\/div>\n\t\t\t\t<\/div>\n\t\t\t\t\t<\/div>\n\t\t\t\t<\/div>\n\t\t<div class=\"elementor-element elementor-element-fb40fce e-flex e-con-boxed e-con e-parent\" data-id=\"fb40fce\" data-element_type=\"container\">\n\t\t\t\t\t<div class=\"e-con-inner\">\n\t\t\t\t<div class=\"elementor-element elementor-element-0e60883 elementor-widget elementor-widget-heading\" data-id=\"0e60883\" data-element_type=\"widget\" data-widget_type=\"heading.default\">\n\t\t\t\t<div class=\"elementor-widget-container\">\n\t\t\t\t\t<h2 class=\"elementor-heading-title elementor-size-medium\">CABALLITO<\/h2>\t\t\t\t<\/div>\n\t\t\t\t<\/div>\n\t\t\t\t\t<\/div>\n\t\t\t\t<\/div>\n\t\t<div class=\"elementor-element elementor-element-eafae33 e-flex e-con-boxed e-con e-parent\" data-id=\"eafae33\" data-element_type=\"container\">\n\t\t\t\t\t<div class=\"e-con-inner\">\n\t\t<div class=\"elementor-element elementor-element-5d95261 e-con-full e-flex e-con e-child\" data-id=\"5d95261\" data-element_type=\"container\">\n\t\t\t\t<div class=\"elementor-element elementor-element-4841810 elementor-widget elementor-widget-image\" data-id=\"4841810\" data-element_type=\"widget\" data-widget_type=\"image.default\">\n\t\t\t\t<div class=\"elementor-widget-container\">\n\t\t\t\t\t\t\t\t\t\t\t\t\t\t\t<img loading=\"lazy\" decoding=\"async\" width=\"240\" height=\"300\" src=\"https:\/\/adicora.org\/caba\/wp-content\/uploads\/2024\/03\/Flyers-convocatorias-4-240x300.png\" class=\"attachment-medium size-medium wp-image-3568\" alt=\"\" srcset=\"https:\/\/adicora.org\/caba\/wp-content\/uploads\/2024\/03\/Flyers-convocatorias-4-240x300.png 240w, https:\/\/adicora.org\/caba\/wp-content\/uploads\/2024\/03\/Flyers-convocatorias-4-819x1024.png 819w, https:\/\/adicora.org\/caba\/wp-content\/uploads\/2024\/03\/Flyers-convocatorias-4-768x960.png 768w, https:\/\/adicora.org\/caba\/wp-content\/uploads\/2024\/03\/Flyers-convocatorias-4.png 1080w\" sizes=\"(max-width: 240px) 100vw, 240px\" \/>\t\t\t\t\t\t\t\t\t\t\t\t\t\t\t<\/div>\n\t\t\t\t<\/div>\n\t\t\t\t<\/div>\n\t\t<div class=\"elementor-element elementor-element-6913bbb e-con-full e-flex e-con e-child\" data-id=\"6913bbb\" data-element_type=\"container\">\n\t\t\t\t<div class=\"elementor-element elementor-element-b4952e8 elementor-widget elementor-widget-text-editor\" data-id=\"b4952e8\" data-element_type=\"widget\" data-widget_type=\"text-editor.default\">\n\t\t\t\t<div class=\"elementor-widget-container\">\n\t\t\t\t\t\t\t\t\t<p><strong>AMICANTO (Coro Mixto) Dir. Marcelo Delgado<\/strong><\/p><p>Repertorio: Popular<br \/>D\u00edas de ensayo: Martes 20.30 a 22.30hs<br \/>Incorpora Sopranos y Bar\u00edtonos \u2013 Actividad arancelada<br \/>Requisitos: Voz sana y afinada. Experiencia coral reciente.<\/p><p>Contacto: marcelorafaeldelgado@gmail.com<\/p>\t\t\t\t\t\t\t\t<\/div>\n\t\t\t\t<\/div>\n\t\t\t\t<\/div>\n\t\t\t\t\t<\/div>\n\t\t\t\t<\/div>\n\t\t<div class=\"elementor-element elementor-element-06f52e2 e-flex e-con-boxed e-con e-parent\" data-id=\"06f52e2\" data-element_type=\"container\">\n\t\t\t\t\t<div class=\"e-con-inner\">\n\t\t<div class=\"elementor-element elementor-element-a6ae402 e-con-full e-flex e-con e-child\" data-id=\"a6ae402\" data-element_type=\"container\">\n\t\t\t\t<div class=\"elementor-element elementor-element-96f194f elementor-widget elementor-widget-image\" data-id=\"96f194f\" data-element_type=\"widget\" data-widget_type=\"image.default\">\n\t\t\t\t<div class=\"elementor-widget-container\">\n\t\t\t\t\t\t\t\t\t\t\t\t\t\t\t<img decoding=\"async\" width=\"240\" height=\"300\" src=\"https:\/\/adicora.org\/caba\/wp-content\/uploads\/2025\/04\/Flyers-convocatorias-2025-5-240x300.png\" class=\"attachment-medium size-medium wp-image-4002\" alt=\"\" srcset=\"https:\/\/adicora.org\/caba\/wp-content\/uploads\/2025\/04\/Flyers-convocatorias-2025-5-240x300.png 240w, https:\/\/adicora.org\/caba\/wp-content\/uploads\/2025\/04\/Flyers-convocatorias-2025-5-819x1024.png 819w, https:\/\/adicora.org\/caba\/wp-content\/uploads\/2025\/04\/Flyers-convocatorias-2025-5-768x960.png 768w, https:\/\/adicora.org\/caba\/wp-content\/uploads\/2025\/04\/Flyers-convocatorias-2025-5.png 1080w\" sizes=\"(max-width: 240px) 100vw, 240px\" \/>\t\t\t\t\t\t\t\t\t\t\t\t\t\t\t<\/div>\n\t\t\t\t<\/div>\n\t\t\t\t<\/div>\n\t\t<div class=\"elementor-element elementor-element-d74be2e e-con-full e-flex e-con e-child\" data-id=\"d74be2e\" data-element_type=\"container\">\n\t\t\t\t<div class=\"elementor-element elementor-element-939e398 elementor-widget elementor-widget-text-editor\" data-id=\"939e398\" data-element_type=\"widget\" data-widget_type=\"text-editor.default\">\n\t\t\t\t<div class=\"elementor-widget-container\">\n\t\t\t\t\t\t\t\t\t<p><strong>CORAL DEL ROBLE DEL INSTITUTO MONSE\u00d1OR (Coro Mixto) Dir. Anal\u00eda Miranda<\/strong><\/p><p>Repertorio: Popular<br \/>D\u00edas de ensayo: Jueves 19 a 20.30hs<br \/>Incorpora voces en todos los registros \u2013 Actividad Gratuita<br \/>Requisitos: Voz sana. No hace falta experiencia previa.<\/p><p>Contacto: anamiranlia@yahoo.com.ar -11 3462 1786. L<span style=\"font-weight: 400;\">ink de inscripci\u00f3n: <\/span><a href=\"https:\/\/forms.gle\/a5xawkgWhgA5i8X46\"><span style=\"font-weight: 400;\">https:\/\/forms.gle\/a5xawkgWhgA5i8X46<\/span><\/a><\/p><p>\u00a0<\/p>\t\t\t\t\t\t\t\t<\/div>\n\t\t\t\t<\/div>\n\t\t\t\t<\/div>\n\t\t\t\t\t<\/div>\n\t\t\t\t<\/div>\n\t\t<div class=\"elementor-element elementor-element-7736a5e e-flex e-con-boxed e-con e-parent\" data-id=\"7736a5e\" data-element_type=\"container\">\n\t\t\t\t\t<div class=\"e-con-inner\">\n\t\t<div class=\"elementor-element elementor-element-1707502 e-con-full e-flex e-con e-child\" data-id=\"1707502\" data-element_type=\"container\">\n\t\t\t\t<div class=\"elementor-element elementor-element-4dd0b95 elementor-widget elementor-widget-image\" data-id=\"4dd0b95\" data-element_type=\"widget\" data-widget_type=\"image.default\">\n\t\t\t\t<div class=\"elementor-widget-container\">\n\t\t\t\t\t\t\t\t\t\t\t\t\t\t\t<img loading=\"lazy\" decoding=\"async\" width=\"240\" height=\"300\" src=\"https:\/\/adicora.org\/caba\/wp-content\/uploads\/2024\/03\/Flyers-convocatorias-6-240x300.png\" class=\"attachment-medium size-medium wp-image-3574\" alt=\"\" srcset=\"https:\/\/adicora.org\/caba\/wp-content\/uploads\/2024\/03\/Flyers-convocatorias-6-240x300.png 240w, https:\/\/adicora.org\/caba\/wp-content\/uploads\/2024\/03\/Flyers-convocatorias-6-819x1024.png 819w, https:\/\/adicora.org\/caba\/wp-content\/uploads\/2024\/03\/Flyers-convocatorias-6-768x960.png 768w, https:\/\/adicora.org\/caba\/wp-content\/uploads\/2024\/03\/Flyers-convocatorias-6.png 1080w\" sizes=\"(max-width: 240px) 100vw, 240px\" \/>\t\t\t\t\t\t\t\t\t\t\t\t\t\t\t<\/div>\n\t\t\t\t<\/div>\n\t\t\t\t<\/div>\n\t\t<div class=\"elementor-element elementor-element-a71a6b8 e-con-full e-flex e-con e-child\" data-id=\"a71a6b8\" data-element_type=\"container\">\n\t\t\t\t<div class=\"elementor-element elementor-element-a6e4aab elementor-widget elementor-widget-text-editor\" data-id=\"a6e4aab\" data-element_type=\"widget\" data-widget_type=\"text-editor.default\">\n\t\t\t\t<div class=\"elementor-widget-container\">\n\t\t\t\t\t\t\t\t\t<p><strong>CORAL FEMENINO DE CABALLITO (Coro Femenino) Dir. Lucila Ruiz<\/strong><\/p><p>Repertorio: Acad\u00e9mico<br \/>D\u00edas de ensayo: Martes 20 a 22hs<br \/>Incorpora voces en las cuerdas de Sopranos, Mezzos, Altos \u2013 Actividad arancelada<br \/>Requisitos: Afinaci\u00f3n, salud vocal y compromiso con la actividad. Se toma audici\u00f3n.<\/p><p>Contacto: luparu@gmail.com &#8211; 11 3162 7158<\/p>\t\t\t\t\t\t\t\t<\/div>\n\t\t\t\t<\/div>\n\t\t\t\t<\/div>\n\t\t\t\t\t<\/div>\n\t\t\t\t<\/div>\n\t\t<div class=\"elementor-element elementor-element-bea8d5b e-flex e-con-boxed e-con e-parent\" data-id=\"bea8d5b\" data-element_type=\"container\">\n\t\t\t\t\t<div class=\"e-con-inner\">\n\t\t<div class=\"elementor-element elementor-element-34fc9c9 e-con-full e-flex e-con e-child\" data-id=\"34fc9c9\" data-element_type=\"container\">\n\t\t\t\t<div class=\"elementor-element elementor-element-f29baf7 elementor-widget elementor-widget-image\" data-id=\"f29baf7\" data-element_type=\"widget\" data-widget_type=\"image.default\">\n\t\t\t\t<div class=\"elementor-widget-container\">\n\t\t\t\t\t\t\t\t\t\t\t\t\t\t\t<img loading=\"lazy\" decoding=\"async\" width=\"240\" height=\"300\" src=\"https:\/\/adicora.org\/caba\/wp-content\/uploads\/2024\/03\/Flyers-convocatorias-7-240x300.png\" class=\"attachment-medium size-medium wp-image-3575\" alt=\"\" srcset=\"https:\/\/adicora.org\/caba\/wp-content\/uploads\/2024\/03\/Flyers-convocatorias-7-240x300.png 240w, https:\/\/adicora.org\/caba\/wp-content\/uploads\/2024\/03\/Flyers-convocatorias-7-819x1024.png 819w, https:\/\/adicora.org\/caba\/wp-content\/uploads\/2024\/03\/Flyers-convocatorias-7-768x960.png 768w, https:\/\/adicora.org\/caba\/wp-content\/uploads\/2024\/03\/Flyers-convocatorias-7.png 1080w\" sizes=\"(max-width: 240px) 100vw, 240px\" \/>\t\t\t\t\t\t\t\t\t\t\t\t\t\t\t<\/div>\n\t\t\t\t<\/div>\n\t\t\t\t<\/div>\n\t\t<div class=\"elementor-element elementor-element-50a1c9b e-con-full e-flex e-con e-child\" data-id=\"50a1c9b\" data-element_type=\"container\">\n\t\t\t\t<div class=\"elementor-element elementor-element-1074778 elementor-widget elementor-widget-text-editor\" data-id=\"1074778\" data-element_type=\"widget\" data-widget_type=\"text-editor.default\">\n\t\t\t\t<div class=\"elementor-widget-container\">\n\t\t\t\t\t\t\t\t\t<p><strong>CORAL FENICE (Coro Mixto) Dir. Lucila Ruiz<\/strong><\/p><p>Repertorio: Variado (popular, acad\u00e9mico)<br \/>D\u00edas de ensayo: Mi\u00e9rcoles 19 a 21hs<br \/>Incorpora voces en todos los registros \u2013 Actividad arancelada<br \/>Requisitos: Afinaci\u00f3n, salud vocal y compromiso con la actividad. Se toma audici\u00f3n.<\/p><p>Contacto: luparu@gmail.com &#8211; 11 3162 7158<\/p>\t\t\t\t\t\t\t\t<\/div>\n\t\t\t\t<\/div>\n\t\t\t\t<\/div>\n\t\t\t\t\t<\/div>\n\t\t\t\t<\/div>\n\t\t<div class=\"elementor-element elementor-element-7abee60 e-flex e-con-boxed e-con e-parent\" data-id=\"7abee60\" data-element_type=\"container\">\n\t\t\t\t\t<div class=\"e-con-inner\">\n\t\t<div class=\"elementor-element elementor-element-47c3f7e e-con-full e-flex e-con e-child\" data-id=\"47c3f7e\" data-element_type=\"container\">\n\t\t\t\t<div class=\"elementor-element elementor-element-0e5e0a0 elementor-widget elementor-widget-image\" data-id=\"0e5e0a0\" data-element_type=\"widget\" data-widget_type=\"image.default\">\n\t\t\t\t<div class=\"elementor-widget-container\">\n\t\t\t\t\t\t\t\t\t\t\t\t\t\t\t<img loading=\"lazy\" decoding=\"async\" width=\"240\" height=\"300\" src=\"https:\/\/adicora.org\/caba\/wp-content\/uploads\/2024\/03\/Flyers-convocatorias-8-240x300.png\" class=\"attachment-medium size-medium wp-image-3580\" alt=\"\" srcset=\"https:\/\/adicora.org\/caba\/wp-content\/uploads\/2024\/03\/Flyers-convocatorias-8-240x300.png 240w, https:\/\/adicora.org\/caba\/wp-content\/uploads\/2024\/03\/Flyers-convocatorias-8-819x1024.png 819w, https:\/\/adicora.org\/caba\/wp-content\/uploads\/2024\/03\/Flyers-convocatorias-8-768x960.png 768w, https:\/\/adicora.org\/caba\/wp-content\/uploads\/2024\/03\/Flyers-convocatorias-8.png 1080w\" sizes=\"(max-width: 240px) 100vw, 240px\" \/>\t\t\t\t\t\t\t\t\t\t\t\t\t\t\t<\/div>\n\t\t\t\t<\/div>\n\t\t\t\t<\/div>\n\t\t<div class=\"elementor-element elementor-element-d161e9d e-con-full e-flex e-con e-child\" data-id=\"d161e9d\" data-element_type=\"container\">\n\t\t\t\t<div class=\"elementor-element elementor-element-8a63176 elementor-widget elementor-widget-text-editor\" data-id=\"8a63176\" data-element_type=\"widget\" data-widget_type=\"text-editor.default\">\n\t\t\t\t<div class=\"elementor-widget-container\">\n\t\t\t\t\t\t\t\t\t<p><strong>CORAL SAN CIRANO (Coro Mixto) Dir. Leonardo San Juan<\/strong><\/p><p>Repertorio: M\u00fasica de Cine, M\u00fasica acad\u00e9mica, m\u00fasica popular<br \/>D\u00edas de ensayo: Jueves 19:30 a 21:30hs<br \/>Incorpora Tenores, Bar\u00edtonos y Bajos \u2013 Actividad arancelada<br \/>Requisitos: 18 a 65 a\u00f1os de edad, perfecta afinaci\u00f3n.<\/p><p>Contacto: leosanjuan@yahoo.com \u2013 11 4046 4955<\/p>\t\t\t\t\t\t\t\t<\/div>\n\t\t\t\t<\/div>\n\t\t\t\t<\/div>\n\t\t\t\t\t<\/div>\n\t\t\t\t<\/div>\n\t\t<div class=\"elementor-element elementor-element-a2f2b01 e-flex e-con-boxed e-con e-parent\" data-id=\"a2f2b01\" data-element_type=\"container\">\n\t\t\t\t\t<div class=\"e-con-inner\">\n\t\t<div class=\"elementor-element elementor-element-e024540 e-con-full e-flex e-con e-child\" data-id=\"e024540\" data-element_type=\"container\">\n\t\t\t\t<div class=\"elementor-element elementor-element-73c5236 elementor-widget elementor-widget-image\" data-id=\"73c5236\" data-element_type=\"widget\" data-widget_type=\"image.default\">\n\t\t\t\t<div class=\"elementor-widget-container\">\n\t\t\t\t\t\t\t\t\t\t\t\t\t\t\t<img loading=\"lazy\" decoding=\"async\" width=\"240\" height=\"300\" src=\"https:\/\/adicora.org\/caba\/wp-content\/uploads\/2025\/04\/Flyers-convocatorias-2025-6-240x300.png\" class=\"attachment-medium size-medium wp-image-4003\" alt=\"\" srcset=\"https:\/\/adicora.org\/caba\/wp-content\/uploads\/2025\/04\/Flyers-convocatorias-2025-6-240x300.png 240w, https:\/\/adicora.org\/caba\/wp-content\/uploads\/2025\/04\/Flyers-convocatorias-2025-6-819x1024.png 819w, https:\/\/adicora.org\/caba\/wp-content\/uploads\/2025\/04\/Flyers-convocatorias-2025-6-768x960.png 768w, https:\/\/adicora.org\/caba\/wp-content\/uploads\/2025\/04\/Flyers-convocatorias-2025-6.png 1080w\" sizes=\"(max-width: 240px) 100vw, 240px\" \/>\t\t\t\t\t\t\t\t\t\t\t\t\t\t\t<\/div>\n\t\t\t\t<\/div>\n\t\t\t\t<\/div>\n\t\t<div class=\"elementor-element elementor-element-3a8a48f e-con-full e-flex e-con e-child\" data-id=\"3a8a48f\" data-element_type=\"container\">\n\t\t\t\t<div class=\"elementor-element elementor-element-b37b68c elementor-widget elementor-widget-text-editor\" data-id=\"b37b68c\" data-element_type=\"widget\" data-widget_type=\"text-editor.default\">\n\t\t\t\t<div class=\"elementor-widget-container\">\n\t\t\t\t\t\t\t\t\t<p><strong>CORO TRENTINO (Coro Mixto) Dir. Guillermo Suar<\/strong><\/p><p>Repertorio: Universal<br \/>D\u00edas de ensayo: Martes 16:30hs a 18:30hs<br \/>Incorpora voces en todos los registros \u2013 Actividad arancelada<br \/>Requisitos: compromiso con ensayos y conciertos<\/p><p>Contacto: rausone@gmail.com &#8211; 11 3174 7146<\/p>\t\t\t\t\t\t\t\t<\/div>\n\t\t\t\t<\/div>\n\t\t\t\t<\/div>\n\t\t\t\t\t<\/div>\n\t\t\t\t<\/div>\n\t\t<div class=\"elementor-element elementor-element-def4793 e-flex e-con-boxed e-con e-parent\" data-id=\"def4793\" data-element_type=\"container\">\n\t\t\t\t\t<div class=\"e-con-inner\">\n\t\t\t\t<div class=\"elementor-element elementor-element-b3040fd elementor-widget elementor-widget-heading\" data-id=\"b3040fd\" data-element_type=\"widget\" data-widget_type=\"heading.default\">\n\t\t\t\t<div class=\"elementor-widget-container\">\n\t\t\t\t\t<h2 class=\"elementor-heading-title elementor-size-medium\">CHACARITA<\/h2>\t\t\t\t<\/div>\n\t\t\t\t<\/div>\n\t\t\t\t\t<\/div>\n\t\t\t\t<\/div>\n\t\t<div class=\"elementor-element elementor-element-42c77df e-flex e-con-boxed e-con e-parent\" data-id=\"42c77df\" data-element_type=\"container\">\n\t\t\t\t\t<div class=\"e-con-inner\">\n\t\t<div class=\"elementor-element elementor-element-3a02655 e-con-full e-flex e-con e-child\" data-id=\"3a02655\" data-element_type=\"container\">\n\t\t\t\t<div class=\"elementor-element elementor-element-8289d8b elementor-widget elementor-widget-image\" data-id=\"8289d8b\" data-element_type=\"widget\" data-widget_type=\"image.default\">\n\t\t\t\t<div class=\"elementor-widget-container\">\n\t\t\t\t\t\t\t\t\t\t\t\t\t\t\t<img loading=\"lazy\" decoding=\"async\" width=\"240\" height=\"300\" src=\"https:\/\/adicora.org\/caba\/wp-content\/uploads\/2024\/03\/Flyers-convocatorias-10-240x300.png\" class=\"attachment-medium size-medium wp-image-3586\" alt=\"\" srcset=\"https:\/\/adicora.org\/caba\/wp-content\/uploads\/2024\/03\/Flyers-convocatorias-10-240x300.png 240w, https:\/\/adicora.org\/caba\/wp-content\/uploads\/2024\/03\/Flyers-convocatorias-10-819x1024.png 819w, https:\/\/adicora.org\/caba\/wp-content\/uploads\/2024\/03\/Flyers-convocatorias-10-768x960.png 768w, https:\/\/adicora.org\/caba\/wp-content\/uploads\/2024\/03\/Flyers-convocatorias-10.png 1080w\" sizes=\"(max-width: 240px) 100vw, 240px\" \/>\t\t\t\t\t\t\t\t\t\t\t\t\t\t\t<\/div>\n\t\t\t\t<\/div>\n\t\t\t\t<\/div>\n\t\t<div class=\"elementor-element elementor-element-70fa7a1 e-con-full e-flex e-con e-child\" data-id=\"70fa7a1\" data-element_type=\"container\">\n\t\t\t\t<div class=\"elementor-element elementor-element-af31923 elementor-widget elementor-widget-text-editor\" data-id=\"af31923\" data-element_type=\"widget\" data-widget_type=\"text-editor.default\">\n\t\t\t\t<div class=\"elementor-widget-container\">\n\t\t\t\t\t\t\t\t\t<p><strong>CORO DEL INSPT de la UTN (Coro Mixto) Dir. Mart\u00edn Pittaluga<\/strong><\/p><p>Repertorio: Acad\u00e9mico desde la Edad Media a la actualidad. El coro explora repertorio novedoso y de buen nivel<br \/>D\u00edas de ensayo: S\u00e1bado 11 a 14hs<br \/>Incorpora voces en todos los registros \u2013 Actividad Gratuita<br \/>Requisitos: Experiencia coral, estudio del repertorio con partitura y MIDI, manejo de la voz.<\/p><p>Contacto: corodelinsptdelautn@gmail.com \u2013 11 2686 1579<\/p>\t\t\t\t\t\t\t\t<\/div>\n\t\t\t\t<\/div>\n\t\t\t\t<\/div>\n\t\t\t\t\t<\/div>\n\t\t\t\t<\/div>\n\t\t<div class=\"elementor-element elementor-element-dff1d5c e-flex e-con-boxed e-con e-parent\" data-id=\"dff1d5c\" data-element_type=\"container\">\n\t\t\t\t\t<div class=\"e-con-inner\">\n\t\t\t\t<div class=\"elementor-element elementor-element-f565a28 elementor-widget elementor-widget-heading\" data-id=\"f565a28\" data-element_type=\"widget\" data-widget_type=\"heading.default\">\n\t\t\t\t<div class=\"elementor-widget-container\">\n\t\t\t\t\t<h2 class=\"elementor-heading-title elementor-size-medium\">COGHLAN<\/h2>\t\t\t\t<\/div>\n\t\t\t\t<\/div>\n\t\t\t\t\t<\/div>\n\t\t\t\t<\/div>\n\t\t<div class=\"elementor-element elementor-element-12a5c6b e-flex e-con-boxed e-con e-parent\" data-id=\"12a5c6b\" data-element_type=\"container\">\n\t\t\t\t\t<div class=\"e-con-inner\">\n\t\t<div class=\"elementor-element elementor-element-2617dbc e-con-full e-flex e-con e-child\" data-id=\"2617dbc\" data-element_type=\"container\">\n\t\t\t\t<div class=\"elementor-element elementor-element-bfa0240 elementor-widget elementor-widget-image\" data-id=\"bfa0240\" data-element_type=\"widget\" data-widget_type=\"image.default\">\n\t\t\t\t<div class=\"elementor-widget-container\">\n\t\t\t\t\t\t\t\t\t\t\t\t\t\t\t<img loading=\"lazy\" decoding=\"async\" width=\"225\" height=\"300\" src=\"https:\/\/adicora.org\/caba\/wp-content\/uploads\/2024\/03\/coro-popular-Melopea-Coro-Popular-Melopea-225x300.jpg\" class=\"attachment-medium size-medium wp-image-3591\" alt=\"\" srcset=\"https:\/\/adicora.org\/caba\/wp-content\/uploads\/2024\/03\/coro-popular-Melopea-Coro-Popular-Melopea-225x300.jpg 225w, https:\/\/adicora.org\/caba\/wp-content\/uploads\/2024\/03\/coro-popular-Melopea-Coro-Popular-Melopea.jpg 768w\" sizes=\"(max-width: 225px) 100vw, 225px\" \/>\t\t\t\t\t\t\t\t\t\t\t\t\t\t\t<\/div>\n\t\t\t\t<\/div>\n\t\t\t\t<\/div>\n\t\t<div class=\"elementor-element elementor-element-cd1211f e-con-full e-flex e-con e-child\" data-id=\"cd1211f\" data-element_type=\"container\">\n\t\t\t\t<div class=\"elementor-element elementor-element-0fb1cae elementor-widget elementor-widget-text-editor\" data-id=\"0fb1cae\" data-element_type=\"widget\" data-widget_type=\"text-editor.default\">\n\t\t\t\t<div class=\"elementor-widget-container\">\n\t\t\t\t\t\t\t\t\t<p><strong>Coro Popular Melopea (Coro Mixto) Dir. Clarisa \u00c1lvarez<\/strong><\/p><p>Repertorio: M\u00fasica popular argentina y latinoamericana<br \/>D\u00edas de ensayo: Martes 19 a 21.30hs<br \/>Incorpora voces en los registros soprano y bajo \u2013 Actividad Gratuita<br \/>Requisitos: No hace falta experiencia previa o conocimiento, pero s\u00ed buena afinaci\u00f3n y o\u00eddo arm\u00f3nico formado, adem\u00e1s de asumir seriamente el compromiso de estudio y asistencia.<\/p><p>Contacto: coropopularmelopea@gmail.com &#8211; 11 5731 4889<\/p>\t\t\t\t\t\t\t\t<\/div>\n\t\t\t\t<\/div>\n\t\t\t\t<\/div>\n\t\t\t\t\t<\/div>\n\t\t\t\t<\/div>\n\t\t<div class=\"elementor-element elementor-element-fd4d6ee e-flex e-con-boxed e-con e-parent\" data-id=\"fd4d6ee\" data-element_type=\"container\">\n\t\t\t\t\t<div class=\"e-con-inner\">\n\t\t\t\t<div class=\"elementor-element elementor-element-3121509 elementor-widget elementor-widget-heading\" data-id=\"3121509\" data-element_type=\"widget\" data-widget_type=\"heading.default\">\n\t\t\t\t<div class=\"elementor-widget-container\">\n\t\t\t\t\t<h2 class=\"elementor-heading-title elementor-size-medium\">COLEGIALES<\/h2>\t\t\t\t<\/div>\n\t\t\t\t<\/div>\n\t\t\t\t\t<\/div>\n\t\t\t\t<\/div>\n\t\t<div class=\"elementor-element elementor-element-904ce48 e-flex e-con-boxed e-con e-parent\" data-id=\"904ce48\" data-element_type=\"container\">\n\t\t\t\t\t<div class=\"e-con-inner\">\n\t\t<div class=\"elementor-element elementor-element-ae8b745 e-con-full e-flex e-con e-child\" data-id=\"ae8b745\" data-element_type=\"container\">\n\t\t\t\t<div class=\"elementor-element elementor-element-228af88 elementor-widget elementor-widget-image\" data-id=\"228af88\" data-element_type=\"widget\" data-widget_type=\"image.default\">\n\t\t\t\t<div class=\"elementor-widget-container\">\n\t\t\t\t\t\t\t\t\t\t\t\t\t\t\t<img loading=\"lazy\" decoding=\"async\" width=\"240\" height=\"300\" src=\"https:\/\/adicora.org\/caba\/wp-content\/uploads\/2025\/04\/Flyers-convocatorias-2025-7-240x300.png\" class=\"attachment-medium size-medium wp-image-4004\" alt=\"\" srcset=\"https:\/\/adicora.org\/caba\/wp-content\/uploads\/2025\/04\/Flyers-convocatorias-2025-7-240x300.png 240w, https:\/\/adicora.org\/caba\/wp-content\/uploads\/2025\/04\/Flyers-convocatorias-2025-7-819x1024.png 819w, https:\/\/adicora.org\/caba\/wp-content\/uploads\/2025\/04\/Flyers-convocatorias-2025-7-768x960.png 768w, https:\/\/adicora.org\/caba\/wp-content\/uploads\/2025\/04\/Flyers-convocatorias-2025-7.png 1080w\" sizes=\"(max-width: 240px) 100vw, 240px\" \/>\t\t\t\t\t\t\t\t\t\t\t\t\t\t\t<\/div>\n\t\t\t\t<\/div>\n\t\t\t\t<\/div>\n\t\t<div class=\"elementor-element elementor-element-94a27f5 e-con-full e-flex e-con e-child\" data-id=\"94a27f5\" data-element_type=\"container\">\n\t\t\t\t<div class=\"elementor-element elementor-element-6917b36 elementor-widget elementor-widget-text-editor\" data-id=\"6917b36\" data-element_type=\"widget\" data-widget_type=\"text-editor.default\">\n\t\t\t\t<div class=\"elementor-widget-container\">\n\t\t\t\t\t\t\t\t\t<p><strong>Coro Fleming &#8211; Proyecto Mujeres (Coro Femenino) Dir. Laura Waen<\/strong><\/p><p>Repertorio: Mixto &#8211; Religioso y popular<br \/>D\u00edas de ensayo: Martes 19 a 21hs<br \/>Incorpora Sopranos, Mezzos, Altos \u2013 Actividad arancelada<br \/>Requisitos: Afinaci\u00f3n y experiencia<\/p><p>Contacto: laurawaen@gmail.com &#8211; 11 6484 3381<\/p>\t\t\t\t\t\t\t\t<\/div>\n\t\t\t\t<\/div>\n\t\t\t\t<\/div>\n\t\t\t\t\t<\/div>\n\t\t\t\t<\/div>\n\t\t<div class=\"elementor-element elementor-element-99ea819 e-flex e-con-boxed e-con e-parent\" data-id=\"99ea819\" data-element_type=\"container\">\n\t\t\t\t\t<div class=\"e-con-inner\">\n\t\t\t\t<div class=\"elementor-element elementor-element-3b39bc2 elementor-widget elementor-widget-heading\" data-id=\"3b39bc2\" data-element_type=\"widget\" data-widget_type=\"heading.default\">\n\t\t\t\t<div class=\"elementor-widget-container\">\n\t\t\t\t\t<h2 class=\"elementor-heading-title elementor-size-medium\">CONGRESO<\/h2>\t\t\t\t<\/div>\n\t\t\t\t<\/div>\n\t\t\t\t\t<\/div>\n\t\t\t\t<\/div>\n\t\t<div class=\"elementor-element elementor-element-c639e40 e-flex e-con-boxed e-con e-parent\" data-id=\"c639e40\" data-element_type=\"container\">\n\t\t\t\t\t<div class=\"e-con-inner\">\n\t\t<div class=\"elementor-element elementor-element-5a0a2c5 e-con-full e-flex e-con e-child\" data-id=\"5a0a2c5\" data-element_type=\"container\">\n\t\t\t\t<div class=\"elementor-element elementor-element-110f52f elementor-widget elementor-widget-image\" data-id=\"110f52f\" data-element_type=\"widget\" data-widget_type=\"image.default\">\n\t\t\t\t<div class=\"elementor-widget-container\">\n\t\t\t\t\t\t\t\t\t\t\t\t\t\t\t<img loading=\"lazy\" decoding=\"async\" width=\"240\" height=\"300\" src=\"https:\/\/adicora.org\/caba\/wp-content\/uploads\/2025\/04\/Flyers-convocatorias-2025-8-240x300.png\" class=\"attachment-medium size-medium wp-image-4005\" alt=\"\" srcset=\"https:\/\/adicora.org\/caba\/wp-content\/uploads\/2025\/04\/Flyers-convocatorias-2025-8-240x300.png 240w, https:\/\/adicora.org\/caba\/wp-content\/uploads\/2025\/04\/Flyers-convocatorias-2025-8-819x1024.png 819w, https:\/\/adicora.org\/caba\/wp-content\/uploads\/2025\/04\/Flyers-convocatorias-2025-8-768x960.png 768w, https:\/\/adicora.org\/caba\/wp-content\/uploads\/2025\/04\/Flyers-convocatorias-2025-8.png 1080w\" sizes=\"(max-width: 240px) 100vw, 240px\" \/>\t\t\t\t\t\t\t\t\t\t\t\t\t\t\t<\/div>\n\t\t\t\t<\/div>\n\t\t\t\t<\/div>\n\t\t<div class=\"elementor-element elementor-element-18d4950 e-con-full e-flex e-con e-child\" data-id=\"18d4950\" data-element_type=\"container\">\n\t\t\t\t<div class=\"elementor-element elementor-element-a760929 elementor-widget elementor-widget-text-editor\" data-id=\"a760929\" data-element_type=\"widget\" data-widget_type=\"text-editor.default\">\n\t\t\t\t<div class=\"elementor-widget-container\">\n\t\t\t\t\t\t\t\t\t<p><strong>CORAL ANDANTE (Coro Mixto) Dir. Isabella Ramos Mej\u00eda<\/strong><\/p><p>Repertorio: M\u00fasica Popular Universal<br \/>D\u00edas de ensayo: Martes 17:30 a 19 hs.<br \/>Incorpora voces en las cuerdas de Sopranos, Tenores, Bar\u00edtonos, Bajos \u2013 Actividad arancelada.<\/p><p>Contacto: isabellaramosmejia@gmail.com &#8211; 11 5598 2815<\/p>\t\t\t\t\t\t\t\t<\/div>\n\t\t\t\t<\/div>\n\t\t\t\t<\/div>\n\t\t\t\t\t<\/div>\n\t\t\t\t<\/div>\n\t\t<div class=\"elementor-element elementor-element-ff13ae8 e-flex e-con-boxed e-con e-parent\" data-id=\"ff13ae8\" data-element_type=\"container\">\n\t\t\t\t\t<div class=\"e-con-inner\">\n\t\t\t\t<div class=\"elementor-element elementor-element-b56536b elementor-widget elementor-widget-heading\" data-id=\"b56536b\" data-element_type=\"widget\" data-widget_type=\"heading.default\">\n\t\t\t\t<div class=\"elementor-widget-container\">\n\t\t\t\t\t<h2 class=\"elementor-heading-title elementor-size-medium\">FACULTAD DE MEDICINA<\/h2>\t\t\t\t<\/div>\n\t\t\t\t<\/div>\n\t\t\t\t\t<\/div>\n\t\t\t\t<\/div>\n\t\t<div class=\"elementor-element elementor-element-2f6f498 e-flex e-con-boxed e-con e-parent\" data-id=\"2f6f498\" data-element_type=\"container\">\n\t\t\t\t\t<div class=\"e-con-inner\">\n\t\t<div class=\"elementor-element elementor-element-23af8db e-con-full e-flex e-con e-child\" data-id=\"23af8db\" data-element_type=\"container\">\n\t\t\t\t<div class=\"elementor-element elementor-element-9b3685b elementor-widget elementor-widget-image\" data-id=\"9b3685b\" data-element_type=\"widget\" data-widget_type=\"image.default\">\n\t\t\t\t<div class=\"elementor-widget-container\">\n\t\t\t\t\t\t\t\t\t\t\t\t\t\t\t<img loading=\"lazy\" decoding=\"async\" width=\"240\" height=\"300\" src=\"https:\/\/adicora.org\/caba\/wp-content\/uploads\/2025\/04\/Flyers-convocatorias-2025-16-240x300.png\" class=\"attachment-medium size-medium wp-image-4036\" alt=\"\" srcset=\"https:\/\/adicora.org\/caba\/wp-content\/uploads\/2025\/04\/Flyers-convocatorias-2025-16-240x300.png 240w, https:\/\/adicora.org\/caba\/wp-content\/uploads\/2025\/04\/Flyers-convocatorias-2025-16-819x1024.png 819w, https:\/\/adicora.org\/caba\/wp-content\/uploads\/2025\/04\/Flyers-convocatorias-2025-16-768x960.png 768w, https:\/\/adicora.org\/caba\/wp-content\/uploads\/2025\/04\/Flyers-convocatorias-2025-16.png 1080w\" sizes=\"(max-width: 240px) 100vw, 240px\" \/>\t\t\t\t\t\t\t\t\t\t\t\t\t\t\t<\/div>\n\t\t\t\t<\/div>\n\t\t\t\t<\/div>\n\t\t<div class=\"elementor-element elementor-element-a3fbab5 e-con-full e-flex e-con e-child\" data-id=\"a3fbab5\" data-element_type=\"container\">\n\t\t\t\t<div class=\"elementor-element elementor-element-9b2adf9 elementor-widget elementor-widget-text-editor\" data-id=\"9b2adf9\" data-element_type=\"widget\" data-widget_type=\"text-editor.default\">\n\t\t\t\t<div class=\"elementor-widget-container\">\n\t\t\t\t\t\t\t\t\t<p><strong>ENSAMBLE VOCAL AUREA VOCE (Coro Mixto) Dir. Mariana Rewerski<\/strong><\/p><p>Repertorio: Renacimento<br \/>D\u00edas de ensayo: <span style=\"font-weight: 400;\">Viernes 19 a 21 hs<\/span><br \/>Incorpora Altos y Tenores con lectura musical y experiencia coral \u2013 Actividad arancelada.<\/p><p>Contacto: marirewerski@gmail.com &#8211;<span style=\"font-weight: 400;\">\u00a011 33262662<\/span><\/p>\t\t\t\t\t\t\t\t<\/div>\n\t\t\t\t<\/div>\n\t\t\t\t<\/div>\n\t\t\t\t\t<\/div>\n\t\t\t\t<\/div>\n\t\t<div class=\"elementor-element elementor-element-848836b e-flex e-con-boxed e-con e-parent\" data-id=\"848836b\" data-element_type=\"container\">\n\t\t\t\t\t<div class=\"e-con-inner\">\n\t\t\t\t<div class=\"elementor-element elementor-element-5c24073 elementor-widget elementor-widget-heading\" data-id=\"5c24073\" data-element_type=\"widget\" data-widget_type=\"heading.default\">\n\t\t\t\t<div class=\"elementor-widget-container\">\n\t\t\t\t\t<h2 class=\"elementor-heading-title elementor-size-medium\">FLORES<\/h2>\t\t\t\t<\/div>\n\t\t\t\t<\/div>\n\t\t\t\t\t<\/div>\n\t\t\t\t<\/div>\n\t\t<div class=\"elementor-element elementor-element-c9c160c e-flex e-con-boxed e-con e-parent\" data-id=\"c9c160c\" data-element_type=\"container\">\n\t\t\t\t\t<div class=\"e-con-inner\">\n\t\t<div class=\"elementor-element elementor-element-cdb00c0 e-con-full e-flex e-con e-child\" data-id=\"cdb00c0\" data-element_type=\"container\">\n\t\t\t\t<\/div>\n\t\t<div class=\"elementor-element elementor-element-c4f1998 e-con-full e-flex e-con e-child\" data-id=\"c4f1998\" data-element_type=\"container\">\n\t\t\t\t<div class=\"elementor-element elementor-element-3002f99 elementor-widget elementor-widget-text-editor\" data-id=\"3002f99\" data-element_type=\"widget\" data-widget_type=\"text-editor.default\">\n\t\t\t\t<div class=\"elementor-widget-container\">\n\t\t\t\t\t\t\t\t\t<p><strong>CORO CUERDAXCUERDA (Coro Mixto) &#8211; Dir. Eduardo Javier Sasiain Huertas<\/strong><\/p><p>Repertorio: <span style=\"font-weight: 400;\">popular y folkl\u00f3rico<\/span><br \/>D\u00edas de ensayo: <span style=\"font-weight: 400;\">Viernes 20 a 22 hs<\/span>.<br \/>Incorpora Tenores y Bajos. <span style=\"font-weight: 400;\">Requisitos: Voz sana, experiencia coral y\/o vocal &#8211; Actividad arancelada<\/span>.<\/p><p>Contacto: <span style=\"font-weight: 400;\">esasiain25@gmail.com<\/span><span style=\"font-weight: 400;\"> &#8211; 11 33024217<\/span><\/p>\t\t\t\t\t\t\t\t<\/div>\n\t\t\t\t<\/div>\n\t\t\t\t<\/div>\n\t\t\t\t\t<\/div>\n\t\t\t\t<\/div>\n\t\t<div class=\"elementor-element elementor-element-4867946 e-flex e-con-boxed e-con e-parent\" data-id=\"4867946\" data-element_type=\"container\">\n\t\t\t\t\t<div class=\"e-con-inner\">\n\t\t\t\t<div class=\"elementor-element elementor-element-7e8c213 elementor-widget elementor-widget-heading\" data-id=\"7e8c213\" data-element_type=\"widget\" data-widget_type=\"heading.default\">\n\t\t\t\t<div class=\"elementor-widget-container\">\n\t\t\t\t\t<h2 class=\"elementor-heading-title elementor-size-medium\">FLORESTA<\/h2>\t\t\t\t<\/div>\n\t\t\t\t<\/div>\n\t\t\t\t\t<\/div>\n\t\t\t\t<\/div>\n\t\t<div class=\"elementor-element elementor-element-ed708de e-flex e-con-boxed e-con e-parent\" data-id=\"ed708de\" data-element_type=\"container\">\n\t\t\t\t\t<div class=\"e-con-inner\">\n\t\t<div class=\"elementor-element elementor-element-2af945f e-con-full e-flex e-con e-child\" data-id=\"2af945f\" data-element_type=\"container\">\n\t\t\t\t<div class=\"elementor-element elementor-element-ff9be8c elementor-widget elementor-widget-image\" data-id=\"ff9be8c\" data-element_type=\"widget\" data-widget_type=\"image.default\">\n\t\t\t\t<div class=\"elementor-widget-container\">\n\t\t\t\t\t\t\t\t\t\t\t\t\t\t\t<img loading=\"lazy\" decoding=\"async\" width=\"240\" height=\"300\" src=\"https:\/\/adicora.org\/caba\/wp-content\/uploads\/2024\/03\/Flyers-convocatorias-12-240x300.png\" class=\"attachment-medium size-medium wp-image-3606\" alt=\"\" srcset=\"https:\/\/adicora.org\/caba\/wp-content\/uploads\/2024\/03\/Flyers-convocatorias-12-240x300.png 240w, https:\/\/adicora.org\/caba\/wp-content\/uploads\/2024\/03\/Flyers-convocatorias-12-819x1024.png 819w, https:\/\/adicora.org\/caba\/wp-content\/uploads\/2024\/03\/Flyers-convocatorias-12-768x960.png 768w, https:\/\/adicora.org\/caba\/wp-content\/uploads\/2024\/03\/Flyers-convocatorias-12.png 1080w\" sizes=\"(max-width: 240px) 100vw, 240px\" \/>\t\t\t\t\t\t\t\t\t\t\t\t\t\t\t<\/div>\n\t\t\t\t<\/div>\n\t\t\t\t<\/div>\n\t\t<div class=\"elementor-element elementor-element-e6a9144 e-con-full e-flex e-con e-child\" data-id=\"e6a9144\" data-element_type=\"container\">\n\t\t\t\t<div class=\"elementor-element elementor-element-63049ae elementor-widget elementor-widget-text-editor\" data-id=\"63049ae\" data-element_type=\"widget\" data-widget_type=\"text-editor.default\">\n\t\t\t\t<div class=\"elementor-widget-container\">\n\t\t\t\t\t\t\t\t\t<p><strong>Voces del Plata (Coro Mixto) Dir. Guillermo Suar<\/strong><\/p><p>Repertorio: Universal<br \/>D\u00edas de ensayo: Viernes 18:45hs a 21:45hs<br \/>Incorpora voces en todos los registros \u2013 Actividad arancelada<br \/>Requisitos: compromiso con ensayos y conciertos<\/p><p>Contacto: rausone@gmail.com &#8211; 11 3174 7146<\/p>\t\t\t\t\t\t\t\t<\/div>\n\t\t\t\t<\/div>\n\t\t\t\t<\/div>\n\t\t\t\t\t<\/div>\n\t\t\t\t<\/div>\n\t\t<div class=\"elementor-element elementor-element-c0f9f0c e-flex e-con-boxed e-con e-parent\" data-id=\"c0f9f0c\" data-element_type=\"container\">\n\t\t\t\t\t<div class=\"e-con-inner\">\n\t\t\t\t<div class=\"elementor-element elementor-element-ba8492d elementor-widget elementor-widget-heading\" data-id=\"ba8492d\" data-element_type=\"widget\" data-widget_type=\"heading.default\">\n\t\t\t\t<div class=\"elementor-widget-container\">\n\t\t\t\t\t<h2 class=\"elementor-heading-title elementor-size-medium\">LAS CA\u00d1ITAS<\/h2>\t\t\t\t<\/div>\n\t\t\t\t<\/div>\n\t\t\t\t\t<\/div>\n\t\t\t\t<\/div>\n\t\t<div class=\"elementor-element elementor-element-d8abb2e e-flex e-con-boxed e-con e-parent\" data-id=\"d8abb2e\" data-element_type=\"container\">\n\t\t\t\t\t<div class=\"e-con-inner\">\n\t\t<div class=\"elementor-element elementor-element-4e78fdf e-con-full e-flex e-con e-child\" data-id=\"4e78fdf\" data-element_type=\"container\">\n\t\t\t\t<div class=\"elementor-element elementor-element-f95bf04 elementor-widget elementor-widget-image\" data-id=\"f95bf04\" data-element_type=\"widget\" data-widget_type=\"image.default\">\n\t\t\t\t<div class=\"elementor-widget-container\">\n\t\t\t\t\t\t\t\t\t\t\t\t\t\t\t<img loading=\"lazy\" decoding=\"async\" width=\"240\" height=\"300\" src=\"https:\/\/adicora.org\/caba\/wp-content\/uploads\/2025\/04\/Flyers-convocatorias-2025-19-240x300.png\" class=\"attachment-medium size-medium wp-image-4059\" alt=\"\" srcset=\"https:\/\/adicora.org\/caba\/wp-content\/uploads\/2025\/04\/Flyers-convocatorias-2025-19-240x300.png 240w, https:\/\/adicora.org\/caba\/wp-content\/uploads\/2025\/04\/Flyers-convocatorias-2025-19-819x1024.png 819w, https:\/\/adicora.org\/caba\/wp-content\/uploads\/2025\/04\/Flyers-convocatorias-2025-19-768x960.png 768w, https:\/\/adicora.org\/caba\/wp-content\/uploads\/2025\/04\/Flyers-convocatorias-2025-19.png 1080w\" sizes=\"(max-width: 240px) 100vw, 240px\" \/>\t\t\t\t\t\t\t\t\t\t\t\t\t\t\t<\/div>\n\t\t\t\t<\/div>\n\t\t\t\t<\/div>\n\t\t<div class=\"elementor-element elementor-element-036a4f2 e-con-full e-flex e-con e-child\" data-id=\"036a4f2\" data-element_type=\"container\">\n\t\t\t\t<div class=\"elementor-element elementor-element-96f613a elementor-widget elementor-widget-text-editor\" data-id=\"96f613a\" data-element_type=\"widget\" data-widget_type=\"text-editor.default\">\n\t\t\t\t<div class=\"elementor-widget-container\">\n\t\t\t\t\t\t\t\t\t<p><strong>CORO CINEOPERA (Coro Mixto) &#8211; Dir. Arya Medeiros Cappia<\/strong><\/p><p>Repertorio: <span style=\"font-weight: 400;\">M\u00fasicas de cine, series y \u00f3peras.<\/span><br \/>D\u00edas de ensayo: <span style=\"font-weight: 400;\">\u00a0Lunes 19:30 a 21 hs.<\/span><br \/>Incorpora voces en todos los registros \u2013 Actividad arancelada<br \/>Requisitos: <span style=\"font-weight: 400;\">deseable con alguna experiencia en coro (no excluyente), compromiso con los ensayos y compromiso para asistir a los conciertos. Actividad arancelada<\/span><\/p><p>Contacto: <span style=\"font-weight: 400;\">aryamedeiros@gmail.com<\/span>\u00a0<\/p>\t\t\t\t\t\t\t\t<\/div>\n\t\t\t\t<\/div>\n\t\t\t\t<\/div>\n\t\t\t\t\t<\/div>\n\t\t\t\t<\/div>\n\t\t<div class=\"elementor-element elementor-element-491993f e-flex e-con-boxed e-con e-parent\" data-id=\"491993f\" data-element_type=\"container\">\n\t\t\t\t\t<div class=\"e-con-inner\">\n\t\t<div class=\"elementor-element elementor-element-f0541ef e-con-full e-flex e-con e-child\" data-id=\"f0541ef\" data-element_type=\"container\">\n\t\t\t\t<div class=\"elementor-element elementor-element-17e706f elementor-widget elementor-widget-image\" data-id=\"17e706f\" data-element_type=\"widget\" data-widget_type=\"image.default\">\n\t\t\t\t<div class=\"elementor-widget-container\">\n\t\t\t\t\t\t\t\t\t\t\t\t\t\t\t<img loading=\"lazy\" decoding=\"async\" width=\"240\" height=\"300\" src=\"https:\/\/adicora.org\/caba\/wp-content\/uploads\/2025\/04\/Flyers-convocatorias-2025-20-240x300.png\" class=\"attachment-medium size-medium wp-image-4064\" alt=\"\" srcset=\"https:\/\/adicora.org\/caba\/wp-content\/uploads\/2025\/04\/Flyers-convocatorias-2025-20-240x300.png 240w, https:\/\/adicora.org\/caba\/wp-content\/uploads\/2025\/04\/Flyers-convocatorias-2025-20-819x1024.png 819w, https:\/\/adicora.org\/caba\/wp-content\/uploads\/2025\/04\/Flyers-convocatorias-2025-20-768x960.png 768w, https:\/\/adicora.org\/caba\/wp-content\/uploads\/2025\/04\/Flyers-convocatorias-2025-20.png 1080w\" sizes=\"(max-width: 240px) 100vw, 240px\" \/>\t\t\t\t\t\t\t\t\t\t\t\t\t\t\t<\/div>\n\t\t\t\t<\/div>\n\t\t\t\t<\/div>\n\t\t<div class=\"elementor-element elementor-element-afe1b02 e-con-full e-flex e-con e-child\" data-id=\"afe1b02\" data-element_type=\"container\">\n\t\t\t\t<div class=\"elementor-element elementor-element-bc67ea9 elementor-widget elementor-widget-text-editor\" data-id=\"bc67ea9\" data-element_type=\"widget\" data-widget_type=\"text-editor.default\">\n\t\t\t\t<div class=\"elementor-widget-container\">\n\t\t\t\t\t\t\t\t\t<p><strong><span style=\"font-weight: 400;\"><strong>CORO DE C\u00c1MARA APDEBA (Coro Mixto) &#8211; Dir. Mauro Ferreira<\/strong>\u00a0<\/span><\/strong><\/p><p>Repertorio: <span style=\"font-weight: 400;\">Acad\u00e9mico y popular.<\/span><br \/>D\u00edas de ensayo: <span style=\"font-weight: 400;\"> Lunes 20 a 22 hs. Solar de la Abad\u00eda.<\/span><br \/>Incorpora voces en todos los registros \u2013 Actividad arancelada<br \/>Requisitos: <span style=\"font-weight: 400;\">voz sana, compromiso con los ensayos y experiencia coral (no excluyente). Actividad arancelada<\/span><\/p><p>Contacto: <span style=\"font-weight: 400;\">maurogferreira@gmail.com<\/span><span style=\"font-weight: 400;\"> &#8211; 11 53116174\u00a0<\/span><\/p>\t\t\t\t\t\t\t\t<\/div>\n\t\t\t\t<\/div>\n\t\t\t\t<\/div>\n\t\t\t\t\t<\/div>\n\t\t\t\t<\/div>\n\t\t<div class=\"elementor-element elementor-element-6d18e1c e-flex e-con-boxed e-con e-parent\" data-id=\"6d18e1c\" data-element_type=\"container\">\n\t\t\t\t\t<div class=\"e-con-inner\">\n\t\t\t\t<div class=\"elementor-element elementor-element-b5e980f elementor-widget elementor-widget-heading\" data-id=\"b5e980f\" data-element_type=\"widget\" data-widget_type=\"heading.default\">\n\t\t\t\t<div class=\"elementor-widget-container\">\n\t\t\t\t\t<h2 class=\"elementor-heading-title elementor-size-medium\">MONTSERRAT<\/h2>\t\t\t\t<\/div>\n\t\t\t\t<\/div>\n\t\t\t\t\t<\/div>\n\t\t\t\t<\/div>\n\t\t<div class=\"elementor-element elementor-element-cf2a198 e-flex e-con-boxed e-con e-parent\" data-id=\"cf2a198\" data-element_type=\"container\">\n\t\t\t\t\t<div class=\"e-con-inner\">\n\t\t<div class=\"elementor-element elementor-element-6450c60 e-con-full e-flex e-con e-child\" data-id=\"6450c60\" data-element_type=\"container\">\n\t\t\t\t<div class=\"elementor-element elementor-element-854bb20 elementor-widget elementor-widget-image\" data-id=\"854bb20\" data-element_type=\"widget\" data-widget_type=\"image.default\">\n\t\t\t\t<div class=\"elementor-widget-container\">\n\t\t\t\t\t\t\t\t\t\t\t\t\t\t\t<img loading=\"lazy\" decoding=\"async\" width=\"240\" height=\"300\" src=\"https:\/\/adicora.org\/caba\/wp-content\/uploads\/2025\/04\/Flyers-convocatorias-2025-9-240x300.png\" class=\"attachment-medium size-medium wp-image-4009\" alt=\"\" srcset=\"https:\/\/adicora.org\/caba\/wp-content\/uploads\/2025\/04\/Flyers-convocatorias-2025-9-240x300.png 240w, https:\/\/adicora.org\/caba\/wp-content\/uploads\/2025\/04\/Flyers-convocatorias-2025-9-819x1024.png 819w, https:\/\/adicora.org\/caba\/wp-content\/uploads\/2025\/04\/Flyers-convocatorias-2025-9-768x960.png 768w, https:\/\/adicora.org\/caba\/wp-content\/uploads\/2025\/04\/Flyers-convocatorias-2025-9.png 1080w\" sizes=\"(max-width: 240px) 100vw, 240px\" \/>\t\t\t\t\t\t\t\t\t\t\t\t\t\t\t<\/div>\n\t\t\t\t<\/div>\n\t\t\t\t<\/div>\n\t\t<div class=\"elementor-element elementor-element-230b4b1 e-con-full e-flex e-con e-child\" data-id=\"230b4b1\" data-element_type=\"container\">\n\t\t\t\t<div class=\"elementor-element elementor-element-9b84f19 elementor-widget elementor-widget-text-editor\" data-id=\"9b84f19\" data-element_type=\"widget\" data-widget_type=\"text-editor.default\">\n\t\t\t\t<div class=\"elementor-widget-container\">\n\t\t\t\t\t\t\t\t\t<p><strong>LAGUN ONAK (Coro Mixto) Dir. Miguel \u00c1ngel Pesce<\/strong><\/p><p>Repertorio Cl\u00e1sico Sinf\u00f3nico Coral y Vasco<br \/>D\u00edas de ensayo: Lunes y Jueves 20 a 22hs<br \/>Incorpora voces en todos los registros \u2013 Actividad Arancelada<br \/>Requisitos: Experiencia coral previa<\/p><p>Contacto: migpeshe@yahoo.com<\/p>\t\t\t\t\t\t\t\t<\/div>\n\t\t\t\t<\/div>\n\t\t\t\t<\/div>\n\t\t\t\t\t<\/div>\n\t\t\t\t<\/div>\n\t\t<div class=\"elementor-element elementor-element-2b6d07f e-flex e-con-boxed e-con e-parent\" data-id=\"2b6d07f\" data-element_type=\"container\">\n\t\t\t\t\t<div class=\"e-con-inner\">\n\t\t\t\t<div class=\"elementor-element elementor-element-1512461 elementor-widget elementor-widget-heading\" data-id=\"1512461\" data-element_type=\"widget\" data-widget_type=\"heading.default\">\n\t\t\t\t<div class=\"elementor-widget-container\">\n\t\t\t\t\t<h2 class=\"elementor-heading-title elementor-size-medium\">NU\u00d1EZ<\/h2>\t\t\t\t<\/div>\n\t\t\t\t<\/div>\n\t\t\t\t\t<\/div>\n\t\t\t\t<\/div>\n\t\t<div class=\"elementor-element elementor-element-ad3d35c e-flex e-con-boxed e-con e-parent\" data-id=\"ad3d35c\" data-element_type=\"container\">\n\t\t\t\t\t<div class=\"e-con-inner\">\n\t\t<div class=\"elementor-element elementor-element-35b4119 e-con-full e-flex e-con e-child\" data-id=\"35b4119\" data-element_type=\"container\">\n\t\t\t\t<div class=\"elementor-element elementor-element-9467a3c elementor-widget elementor-widget-image\" data-id=\"9467a3c\" data-element_type=\"widget\" data-widget_type=\"image.default\">\n\t\t\t\t<div class=\"elementor-widget-container\">\n\t\t\t\t\t\t\t\t\t\t\t\t\t\t\t<img loading=\"lazy\" decoding=\"async\" width=\"240\" height=\"300\" src=\"https:\/\/adicora.org\/caba\/wp-content\/uploads\/2025\/04\/Flyers-convocatorias-2025-1-240x300.png\" class=\"attachment-medium size-medium wp-image-3986\" alt=\"\" srcset=\"https:\/\/adicora.org\/caba\/wp-content\/uploads\/2025\/04\/Flyers-convocatorias-2025-1-240x300.png 240w, https:\/\/adicora.org\/caba\/wp-content\/uploads\/2025\/04\/Flyers-convocatorias-2025-1-819x1024.png 819w, https:\/\/adicora.org\/caba\/wp-content\/uploads\/2025\/04\/Flyers-convocatorias-2025-1-768x960.png 768w, https:\/\/adicora.org\/caba\/wp-content\/uploads\/2025\/04\/Flyers-convocatorias-2025-1.png 1080w\" sizes=\"(max-width: 240px) 100vw, 240px\" \/>\t\t\t\t\t\t\t\t\t\t\t\t\t\t\t<\/div>\n\t\t\t\t<\/div>\n\t\t\t\t<\/div>\n\t\t<div class=\"elementor-element elementor-element-0945cb2 e-con-full e-flex e-con e-child\" data-id=\"0945cb2\" data-element_type=\"container\">\n\t\t\t\t<div class=\"elementor-element elementor-element-35b7ed6 elementor-widget elementor-widget-text-editor\" data-id=\"35b7ed6\" data-element_type=\"widget\" data-widget_type=\"text-editor.default\">\n\t\t\t\t<div class=\"elementor-widget-container\">\n\t\t\t\t\t\t\t\t\t<p><strong>CORO ARS TEMPUS (Coro Mixto) Dir. Mariano Delli Quadri<\/strong><\/p><p>Repertorio: <span style=\"font-weight: 400;\">variado \/ Proyecto 2025: Magnificat Rutter.<\/span><br \/>D\u00edas de ensayo: Lunes y Jueves 19 a 22hs<br \/>Incorpora voces en todos los registros \u2013 Actividad Arancelada<br \/>Requisitos: <span style=\"font-weight: 400;\">voz sana, afinaci\u00f3n, experiencia coral<\/span><\/p><p>Contacto: <span style=\"font-weight: 400;\">coralarstempusoficial@gmail.com<\/span><span style=\"font-weight: 400;\"> &#8211; 11 59628837\u00a0<\/span><\/p>\t\t\t\t\t\t\t\t<\/div>\n\t\t\t\t<\/div>\n\t\t\t\t<\/div>\n\t\t\t\t\t<\/div>\n\t\t\t\t<\/div>\n\t\t<div class=\"elementor-element elementor-element-504c8ca e-flex e-con-boxed e-con e-parent\" data-id=\"504c8ca\" data-element_type=\"container\">\n\t\t\t\t\t<div class=\"e-con-inner\">\n\t\t<div class=\"elementor-element elementor-element-62ed645 e-con-full e-flex e-con e-child\" data-id=\"62ed645\" data-element_type=\"container\">\n\t\t\t\t<div class=\"elementor-element elementor-element-5e1d2e7 elementor-widget elementor-widget-image\" data-id=\"5e1d2e7\" data-element_type=\"widget\" data-widget_type=\"image.default\">\n\t\t\t\t<div class=\"elementor-widget-container\">\n\t\t\t\t\t\t\t\t\t\t\t\t\t\t\t<img loading=\"lazy\" decoding=\"async\" width=\"212\" height=\"300\" src=\"https:\/\/adicora.org\/caba\/wp-content\/uploads\/2024\/03\/JEAN-MERMOZ-2024-Mario-Esteban-212x300.jpg\" class=\"attachment-medium size-medium wp-image-3615\" alt=\"\" srcset=\"https:\/\/adicora.org\/caba\/wp-content\/uploads\/2024\/03\/JEAN-MERMOZ-2024-Mario-Esteban-212x300.jpg 212w, https:\/\/adicora.org\/caba\/wp-content\/uploads\/2024\/03\/JEAN-MERMOZ-2024-Mario-Esteban.jpg 724w\" sizes=\"(max-width: 212px) 100vw, 212px\" \/>\t\t\t\t\t\t\t\t\t\t\t\t\t\t\t<\/div>\n\t\t\t\t<\/div>\n\t\t\t\t<\/div>\n\t\t<div class=\"elementor-element elementor-element-4f1998f e-con-full e-flex e-con e-child\" data-id=\"4f1998f\" data-element_type=\"container\">\n\t\t\t\t<div class=\"elementor-element elementor-element-5c861d8 elementor-widget elementor-widget-text-editor\" data-id=\"5c861d8\" data-element_type=\"widget\" data-widget_type=\"text-editor.default\">\n\t\t\t\t<div class=\"elementor-widget-container\">\n\t\t\t\t\t\t\t\t\t<p><strong>Coro de la Fundaci\u00f3n Jean Mermoz (Coro Mixto) Dir. Mario Esteban<\/strong><\/p><p>Repertorio: Acad\u00e9mico, m\u00fasica universal<br \/>D\u00edas de ensayo: Jueves desde 19:30hs<br \/>Incorpora voces en todos los registros \u2013 Actividad arancelada<br \/>Requisitos: Experiencia coral, voz sana, buena disposici\u00f3n y compromiso para con la actividad.<\/p><p>Contacto: info@marioesteban.com &#8211; 11 3178 0309<\/p>\t\t\t\t\t\t\t\t<\/div>\n\t\t\t\t<\/div>\n\t\t\t\t<\/div>\n\t\t\t\t\t<\/div>\n\t\t\t\t<\/div>\n\t\t<div class=\"elementor-element elementor-element-7944e02 e-flex e-con-boxed e-con e-parent\" data-id=\"7944e02\" data-element_type=\"container\">\n\t\t\t\t\t<div class=\"e-con-inner\">\n\t\t\t\t<div class=\"elementor-element elementor-element-59805f8 elementor-widget elementor-widget-heading\" data-id=\"59805f8\" data-element_type=\"widget\" data-widget_type=\"heading.default\">\n\t\t\t\t<div class=\"elementor-widget-container\">\n\t\t\t\t\t<h2 class=\"elementor-heading-title elementor-size-medium\">ONCE<\/h2>\t\t\t\t<\/div>\n\t\t\t\t<\/div>\n\t\t\t\t\t<\/div>\n\t\t\t\t<\/div>\n\t\t<div class=\"elementor-element elementor-element-e1e7875 e-flex e-con-boxed e-con e-parent\" data-id=\"e1e7875\" data-element_type=\"container\">\n\t\t\t\t\t<div class=\"e-con-inner\">\n\t\t<div class=\"elementor-element elementor-element-7c88c52 e-con-full e-flex e-con e-child\" data-id=\"7c88c52\" data-element_type=\"container\">\n\t\t\t\t<div class=\"elementor-element elementor-element-c37997b elementor-widget elementor-widget-image\" data-id=\"c37997b\" data-element_type=\"widget\" data-widget_type=\"image.default\">\n\t\t\t\t<div class=\"elementor-widget-container\">\n\t\t\t\t\t\t\t\t\t\t\t\t\t\t\t<img loading=\"lazy\" decoding=\"async\" width=\"240\" height=\"300\" src=\"https:\/\/adicora.org\/caba\/wp-content\/uploads\/2024\/03\/Flyers-convocatorias-13-240x300.png\" class=\"attachment-medium size-medium wp-image-3620\" alt=\"\" srcset=\"https:\/\/adicora.org\/caba\/wp-content\/uploads\/2024\/03\/Flyers-convocatorias-13-240x300.png 240w, https:\/\/adicora.org\/caba\/wp-content\/uploads\/2024\/03\/Flyers-convocatorias-13-819x1024.png 819w, https:\/\/adicora.org\/caba\/wp-content\/uploads\/2024\/03\/Flyers-convocatorias-13-768x960.png 768w, https:\/\/adicora.org\/caba\/wp-content\/uploads\/2024\/03\/Flyers-convocatorias-13.png 1080w\" sizes=\"(max-width: 240px) 100vw, 240px\" \/>\t\t\t\t\t\t\t\t\t\t\t\t\t\t\t<\/div>\n\t\t\t\t<\/div>\n\t\t\t\t<\/div>\n\t\t<div class=\"elementor-element elementor-element-d239f89 e-con-full e-flex e-con e-child\" data-id=\"d239f89\" data-element_type=\"container\">\n\t\t\t\t<div class=\"elementor-element elementor-element-40c92ed elementor-widget elementor-widget-text-editor\" data-id=\"40c92ed\" data-element_type=\"widget\" data-widget_type=\"text-editor.default\">\n\t\t\t\t<div class=\"elementor-widget-container\">\n\t\t\t\t\t\t\t\t\t<p><strong>Coro Centro Galicia (Coro Mixto) Dir. Guillermo Suar<\/strong><\/p><p>Repertorio: Universal<br \/>D\u00edas de ensayo: Jueves 18:30 a 20:30 hs<br \/>Incorpora voces en todos los registros \u2013 Actividad arancelada<br \/>Requisitos: compromiso con ensayos y conciertos<\/p><p>Contacto: rausone@gmail.com &#8211; 11 3174 7146<\/p>\t\t\t\t\t\t\t\t<\/div>\n\t\t\t\t<\/div>\n\t\t\t\t<\/div>\n\t\t\t\t\t<\/div>\n\t\t\t\t<\/div>\n\t\t<div class=\"elementor-element elementor-element-3c165f7 e-flex e-con-boxed e-con e-parent\" data-id=\"3c165f7\" data-element_type=\"container\">\n\t\t\t\t\t<div class=\"e-con-inner\">\n\t\t\t\t<div class=\"elementor-element elementor-element-7989382 elementor-widget elementor-widget-heading\" data-id=\"7989382\" data-element_type=\"widget\" data-widget_type=\"heading.default\">\n\t\t\t\t<div class=\"elementor-widget-container\">\n\t\t\t\t\t<h2 class=\"elementor-heading-title elementor-size-medium\">PALERMO<\/h2>\t\t\t\t<\/div>\n\t\t\t\t<\/div>\n\t\t\t\t\t<\/div>\n\t\t\t\t<\/div>\n\t\t<div class=\"elementor-element elementor-element-2e795d0 e-flex e-con-boxed e-con e-parent\" data-id=\"2e795d0\" data-element_type=\"container\">\n\t\t\t\t\t<div class=\"e-con-inner\">\n\t\t<div class=\"elementor-element elementor-element-7bf679a e-con-full e-flex e-con e-child\" data-id=\"7bf679a\" data-element_type=\"container\">\n\t\t\t\t<div class=\"elementor-element elementor-element-34eec2e elementor-widget elementor-widget-image\" data-id=\"34eec2e\" data-element_type=\"widget\" data-widget_type=\"image.default\">\n\t\t\t\t<div class=\"elementor-widget-container\">\n\t\t\t\t\t\t\t\t\t\t\t\t\t\t\t<img loading=\"lazy\" decoding=\"async\" width=\"240\" height=\"300\" src=\"https:\/\/adicora.org\/caba\/wp-content\/uploads\/2025\/04\/Flyers-convocatorias-2025-4-240x300.png\" class=\"attachment-medium size-medium wp-image-3997\" alt=\"\" srcset=\"https:\/\/adicora.org\/caba\/wp-content\/uploads\/2025\/04\/Flyers-convocatorias-2025-4-240x300.png 240w, https:\/\/adicora.org\/caba\/wp-content\/uploads\/2025\/04\/Flyers-convocatorias-2025-4-819x1024.png 819w, https:\/\/adicora.org\/caba\/wp-content\/uploads\/2025\/04\/Flyers-convocatorias-2025-4-768x960.png 768w, https:\/\/adicora.org\/caba\/wp-content\/uploads\/2025\/04\/Flyers-convocatorias-2025-4.png 1080w\" sizes=\"(max-width: 240px) 100vw, 240px\" \/>\t\t\t\t\t\t\t\t\t\t\t\t\t\t\t<\/div>\n\t\t\t\t<\/div>\n\t\t\t\t<\/div>\n\t\t<div class=\"elementor-element elementor-element-c2e15b2 e-con-full e-flex e-con e-child\" data-id=\"c2e15b2\" data-element_type=\"container\">\n\t\t\t\t<div class=\"elementor-element elementor-element-3753ea9 elementor-widget elementor-widget-text-editor\" data-id=\"3753ea9\" data-element_type=\"widget\" data-widget_type=\"text-editor.default\">\n\t\t\t\t<div class=\"elementor-widget-container\">\n\t\t\t\t\t\t\t\t\t<p><strong>CORAL CANON (Coro Femenino) Dir. Maximiliano Mancuso<\/strong><\/p><p>Repertorio: Ecl\u00e9ctico<br \/>D\u00edas de Ensayo: Jueves 19:30 a 21:30 hs &#8211; Actividad Arancelada<br \/>Incorpora Sopranos y Mezzos<br \/>Requisitos: Voz sana &#8211; compromiso- experiencia coral &#8211;<\/p><p>Contacto: Maximiliano Mancuso \u2013 maximancuso@hotmail.com &#8211; 11 50160213<\/p>\t\t\t\t\t\t\t\t<\/div>\n\t\t\t\t<\/div>\n\t\t\t\t<\/div>\n\t\t\t\t\t<\/div>\n\t\t\t\t<\/div>\n\t\t<div class=\"elementor-element elementor-element-be9e896 e-flex e-con-boxed e-con e-parent\" data-id=\"be9e896\" data-element_type=\"container\">\n\t\t\t\t\t<div class=\"e-con-inner\">\n\t\t<div class=\"elementor-element elementor-element-f64aeff e-con-full e-flex e-con e-child\" data-id=\"f64aeff\" data-element_type=\"container\">\n\t\t\t\t<div class=\"elementor-element elementor-element-44a002e elementor-widget elementor-widget-image\" data-id=\"44a002e\" data-element_type=\"widget\" data-widget_type=\"image.default\">\n\t\t\t\t<div class=\"elementor-widget-container\">\n\t\t\t\t\t\t\t\t\t\t\t\t\t\t\t<img loading=\"lazy\" decoding=\"async\" width=\"240\" height=\"300\" src=\"https:\/\/adicora.org\/caba\/wp-content\/uploads\/2025\/04\/Flyers-convocatorias-2025-10-240x300.png\" class=\"attachment-medium size-medium wp-image-4011\" alt=\"\" srcset=\"https:\/\/adicora.org\/caba\/wp-content\/uploads\/2025\/04\/Flyers-convocatorias-2025-10-240x300.png 240w, https:\/\/adicora.org\/caba\/wp-content\/uploads\/2025\/04\/Flyers-convocatorias-2025-10-819x1024.png 819w, https:\/\/adicora.org\/caba\/wp-content\/uploads\/2025\/04\/Flyers-convocatorias-2025-10-768x960.png 768w, https:\/\/adicora.org\/caba\/wp-content\/uploads\/2025\/04\/Flyers-convocatorias-2025-10.png 1080w\" sizes=\"(max-width: 240px) 100vw, 240px\" \/>\t\t\t\t\t\t\t\t\t\t\t\t\t\t\t<\/div>\n\t\t\t\t<\/div>\n\t\t\t\t<\/div>\n\t\t<div class=\"elementor-element elementor-element-885c538 e-con-full e-flex e-con e-child\" data-id=\"885c538\" data-element_type=\"container\">\n\t\t\t\t<div class=\"elementor-element elementor-element-db40e63 elementor-widget elementor-widget-text-editor\" data-id=\"db40e63\" data-element_type=\"widget\" data-widget_type=\"text-editor.default\">\n\t\t\t\t<div class=\"elementor-widget-container\">\n\t\t\t\t\t\t\t\t\t<p><strong>CORO INFANTIL DE SEMBRAR (Coro de Ni\u00f1os) Dir. Mariana Rewerski \/ Betty Sainz<\/strong><\/p><p>M\u00fasica popular latinoamericana<br \/>D\u00edas de ensayo: Martes, Mi\u00e9rcoles y Jueves rango de 17.30 a 19.30 (Sedes: Palermo, San Miguel, Mart\u00ednez y Colegiales)<br \/>Incorpora voces en todos los registros. Actividad Arancelada<br \/>Requisitos: tener de 7 a 11 a\u00f1os<\/p><p>Contacto: desembrarsetrata@gmail.com \u2013 15 3326 2662 www.desembrar.blogspot.com<\/p>\t\t\t\t\t\t\t\t<\/div>\n\t\t\t\t<\/div>\n\t\t\t\t<\/div>\n\t\t\t\t\t<\/div>\n\t\t\t\t<\/div>\n\t\t<div class=\"elementor-element elementor-element-82f9925 e-flex e-con-boxed e-con e-parent\" data-id=\"82f9925\" data-element_type=\"container\">\n\t\t\t\t\t<div class=\"e-con-inner\">\n\t\t<div class=\"elementor-element elementor-element-e05857b e-con-full e-flex e-con e-child\" data-id=\"e05857b\" data-element_type=\"container\">\n\t\t\t\t<div class=\"elementor-element elementor-element-9ab73af elementor-widget elementor-widget-image\" data-id=\"9ab73af\" data-element_type=\"widget\" data-widget_type=\"image.default\">\n\t\t\t\t<div class=\"elementor-widget-container\">\n\t\t\t\t\t\t\t\t\t\t\t\t\t\t\t<img loading=\"lazy\" decoding=\"async\" width=\"240\" height=\"300\" src=\"https:\/\/adicora.org\/caba\/wp-content\/uploads\/2025\/04\/Flyers-convocatorias-2025-3-240x300.png\" class=\"attachment-medium size-medium wp-image-3995\" alt=\"\" srcset=\"https:\/\/adicora.org\/caba\/wp-content\/uploads\/2025\/04\/Flyers-convocatorias-2025-3-240x300.png 240w, https:\/\/adicora.org\/caba\/wp-content\/uploads\/2025\/04\/Flyers-convocatorias-2025-3-819x1024.png 819w, https:\/\/adicora.org\/caba\/wp-content\/uploads\/2025\/04\/Flyers-convocatorias-2025-3-768x960.png 768w, https:\/\/adicora.org\/caba\/wp-content\/uploads\/2025\/04\/Flyers-convocatorias-2025-3.png 1080w\" sizes=\"(max-width: 240px) 100vw, 240px\" \/>\t\t\t\t\t\t\t\t\t\t\t\t\t\t\t<\/div>\n\t\t\t\t<\/div>\n\t\t\t\t<\/div>\n\t\t<div class=\"elementor-element elementor-element-15958ae e-con-full e-flex e-con e-child\" data-id=\"15958ae\" data-element_type=\"container\">\n\t\t\t\t<div class=\"elementor-element elementor-element-efcf08c elementor-widget elementor-widget-text-editor\" data-id=\"efcf08c\" data-element_type=\"widget\" data-widget_type=\"text-editor.default\">\n\t\t\t\t<div class=\"elementor-widget-container\">\n\t\t\t\t\t\t\t\t\t<p><strong>Proyecto 13 (Coro Mixto) Dir. Fabi\u00e1n Pipolo<\/strong><\/p><p>Repertorio: Acad\u00e9mico (Renacimiento, Siglos XX y XXI)<br \/>D\u00edas de ensayo: Martes 20 a 22hs<br \/>Incorpora voces en todas las cuerdas \u2013 Actividad Gratuita<br \/>Requisitos: Experiencia coral<\/p><p>Contacto: proyecto13contacto@gmail.com \u2013 11 6626 5939<\/p>\t\t\t\t\t\t\t\t<\/div>\n\t\t\t\t<\/div>\n\t\t\t\t<\/div>\n\t\t\t\t\t<\/div>\n\t\t\t\t<\/div>\n\t\t<div class=\"elementor-element elementor-element-cf6a1fb e-flex e-con-boxed e-con e-parent\" data-id=\"cf6a1fb\" data-element_type=\"container\">\n\t\t\t\t\t<div class=\"e-con-inner\">\n\t\t\t\t<div class=\"elementor-element elementor-element-8f5e5bd elementor-widget elementor-widget-heading\" data-id=\"8f5e5bd\" data-element_type=\"widget\" data-widget_type=\"heading.default\">\n\t\t\t\t<div class=\"elementor-widget-container\">\n\t\t\t\t\t<h2 class=\"elementor-heading-title elementor-size-medium\">PARQUE CHAS<\/h2>\t\t\t\t<\/div>\n\t\t\t\t<\/div>\n\t\t\t\t\t<\/div>\n\t\t\t\t<\/div>\n\t\t<div class=\"elementor-element elementor-element-23ac11c e-flex e-con-boxed e-con e-parent\" data-id=\"23ac11c\" data-element_type=\"container\">\n\t\t\t\t\t<div class=\"e-con-inner\">\n\t\t<div class=\"elementor-element elementor-element-05a4f0d e-con-full e-flex e-con e-child\" data-id=\"05a4f0d\" data-element_type=\"container\">\n\t\t\t\t<div class=\"elementor-element elementor-element-af7826f elementor-widget elementor-widget-image\" data-id=\"af7826f\" data-element_type=\"widget\" data-widget_type=\"image.default\">\n\t\t\t\t<div class=\"elementor-widget-container\">\n\t\t\t\t\t\t\t\t\t\t\t\t\t\t\t<img loading=\"lazy\" decoding=\"async\" width=\"240\" height=\"300\" src=\"https:\/\/adicora.org\/caba\/wp-content\/uploads\/2025\/04\/Flyer-Boero-240x300.jpg\" class=\"attachment-medium size-medium wp-image-4116\" alt=\"\" srcset=\"https:\/\/adicora.org\/caba\/wp-content\/uploads\/2025\/04\/Flyer-Boero-240x300.jpg 240w, https:\/\/adicora.org\/caba\/wp-content\/uploads\/2025\/04\/Flyer-Boero-819x1024.jpg 819w, https:\/\/adicora.org\/caba\/wp-content\/uploads\/2025\/04\/Flyer-Boero-768x960.jpg 768w, https:\/\/adicora.org\/caba\/wp-content\/uploads\/2025\/04\/Flyer-Boero.jpg 1024w\" sizes=\"(max-width: 240px) 100vw, 240px\" \/>\t\t\t\t\t\t\t\t\t\t\t\t\t\t\t<\/div>\n\t\t\t\t<\/div>\n\t\t\t\t<\/div>\n\t\t<div class=\"elementor-element elementor-element-89d55f5 e-con-full e-flex e-con e-child\" data-id=\"89d55f5\" data-element_type=\"container\">\n\t\t\t\t<div class=\"elementor-element elementor-element-5fb0214 elementor-widget elementor-widget-text-editor\" data-id=\"5fb0214\" data-element_type=\"widget\" data-widget_type=\"text-editor.default\">\n\t\t\t\t<div class=\"elementor-widget-container\">\n\t\t\t\t\t\t\t\t\t<p><strong>CORO DE C\u00c1MARA ZAHIR (Coro Mixto) Dir. Diego Boero<\/strong><\/p><p>Repertorio: M\u00fasica Coral de C\u00e1mara Siglo XX y XXI<br \/>D\u00edas de ensayo: S\u00e1bado 10 a 13hs<br \/>Incorpora voces en las cuerdas de Sopranos, Bar\u00edtonos, Bajos \u2013 Actividad Gratuita<br \/>Requisitos: Hacer una audici\u00f3n y poder resolver el repertorio<\/p><p>Contacto: boeromusica@gmail.com &#8211; 11 6872 2049<\/p>\t\t\t\t\t\t\t\t<\/div>\n\t\t\t\t<\/div>\n\t\t\t\t<\/div>\n\t\t\t\t\t<\/div>\n\t\t\t\t<\/div>\n\t\t<div class=\"elementor-element elementor-element-53eabd2 e-flex e-con-boxed e-con e-parent\" data-id=\"53eabd2\" data-element_type=\"container\">\n\t\t\t\t\t<div class=\"e-con-inner\">\n\t\t\t\t<div class=\"elementor-element elementor-element-85129d8 elementor-widget elementor-widget-heading\" data-id=\"85129d8\" data-element_type=\"widget\" data-widget_type=\"heading.default\">\n\t\t\t\t<div class=\"elementor-widget-container\">\n\t\t\t\t\t<h2 class=\"elementor-heading-title elementor-size-medium\">PARQUE PATRICIOS<\/h2>\t\t\t\t<\/div>\n\t\t\t\t<\/div>\n\t\t\t\t\t<\/div>\n\t\t\t\t<\/div>\n\t\t<div class=\"elementor-element elementor-element-707f269 e-flex e-con-boxed e-con e-parent\" data-id=\"707f269\" data-element_type=\"container\">\n\t\t\t\t\t<div class=\"e-con-inner\">\n\t\t<div class=\"elementor-element elementor-element-44584fa e-con-full e-flex e-con e-child\" data-id=\"44584fa\" data-element_type=\"container\">\n\t\t\t\t<div class=\"elementor-element elementor-element-36b8f24 elementor-widget elementor-widget-image\" data-id=\"36b8f24\" data-element_type=\"widget\" data-widget_type=\"image.default\">\n\t\t\t\t<div class=\"elementor-widget-container\">\n\t\t\t\t\t\t\t\t\t\t\t\t\t\t\t<img loading=\"lazy\" decoding=\"async\" width=\"240\" height=\"300\" src=\"https:\/\/adicora.org\/caba\/wp-content\/uploads\/2024\/03\/Flyers-convocatorias-15-240x300.png\" class=\"attachment-medium size-medium wp-image-3640\" alt=\"\" srcset=\"https:\/\/adicora.org\/caba\/wp-content\/uploads\/2024\/03\/Flyers-convocatorias-15-240x300.png 240w, https:\/\/adicora.org\/caba\/wp-content\/uploads\/2024\/03\/Flyers-convocatorias-15-819x1024.png 819w, https:\/\/adicora.org\/caba\/wp-content\/uploads\/2024\/03\/Flyers-convocatorias-15-768x960.png 768w, https:\/\/adicora.org\/caba\/wp-content\/uploads\/2024\/03\/Flyers-convocatorias-15.png 1080w\" sizes=\"(max-width: 240px) 100vw, 240px\" \/>\t\t\t\t\t\t\t\t\t\t\t\t\t\t\t<\/div>\n\t\t\t\t<\/div>\n\t\t\t\t<\/div>\n\t\t<div class=\"elementor-element elementor-element-aa603f3 e-con-full e-flex e-con e-child\" data-id=\"aa603f3\" data-element_type=\"container\">\n\t\t\t\t<div class=\"elementor-element elementor-element-7fba176 elementor-widget elementor-widget-text-editor\" data-id=\"7fba176\" data-element_type=\"widget\" data-widget_type=\"text-editor.default\">\n\t\t\t\t<div class=\"elementor-widget-container\">\n\t\t\t\t\t\t\t\t\t<p><strong>VOCAL HUELLAS (Coro Mixto) Dir. Jorgelina Almeida<\/strong><\/p><p>Repertorio: Popular<br \/>D\u00edas de ensayo: Mi\u00e9rcoles 20hs<br \/>Incorpora voces en todos los registros \u2013 Actividad arancelada<br \/>Requisitos: Voz sana y afinada, compromiso con el estudio de obras, asistencia a ensayos y conciertos.<\/p><p>Contacto: almeidajorgelina@gmail.com \u2013 11 4172 4646<\/p>\t\t\t\t\t\t\t\t<\/div>\n\t\t\t\t<\/div>\n\t\t\t\t<\/div>\n\t\t\t\t\t<\/div>\n\t\t\t\t<\/div>\n\t\t<div class=\"elementor-element elementor-element-231d04e e-flex e-con-boxed e-con e-parent\" data-id=\"231d04e\" data-element_type=\"container\">\n\t\t\t\t\t<div class=\"e-con-inner\">\n\t\t\t\t<div class=\"elementor-element elementor-element-ed098ce elementor-widget elementor-widget-heading\" data-id=\"ed098ce\" data-element_type=\"widget\" data-widget_type=\"heading.default\">\n\t\t\t\t<div class=\"elementor-widget-container\">\n\t\t\t\t\t<h2 class=\"elementor-heading-title elementor-size-medium\">RECOLETA<\/h2>\t\t\t\t<\/div>\n\t\t\t\t<\/div>\n\t\t\t\t\t<\/div>\n\t\t\t\t<\/div>\n\t\t<div class=\"elementor-element elementor-element-e9484a1 e-flex e-con-boxed e-con e-parent\" data-id=\"e9484a1\" data-element_type=\"container\">\n\t\t\t\t\t<div class=\"e-con-inner\">\n\t\t<div class=\"elementor-element elementor-element-fa5dae9 e-con-full e-flex e-con e-child\" data-id=\"fa5dae9\" data-element_type=\"container\">\n\t\t\t\t<div class=\"elementor-element elementor-element-8db726c elementor-widget elementor-widget-image\" data-id=\"8db726c\" data-element_type=\"widget\" data-widget_type=\"image.default\">\n\t\t\t\t<div class=\"elementor-widget-container\">\n\t\t\t\t\t\t\t\t\t\t\t\t\t\t\t<img loading=\"lazy\" decoding=\"async\" width=\"240\" height=\"300\" src=\"https:\/\/adicora.org\/caba\/wp-content\/uploads\/2025\/04\/Flyers-convocatorias-2025-11-240x300.png\" class=\"attachment-medium size-medium wp-image-4016\" alt=\"\" srcset=\"https:\/\/adicora.org\/caba\/wp-content\/uploads\/2025\/04\/Flyers-convocatorias-2025-11-240x300.png 240w, https:\/\/adicora.org\/caba\/wp-content\/uploads\/2025\/04\/Flyers-convocatorias-2025-11-819x1024.png 819w, https:\/\/adicora.org\/caba\/wp-content\/uploads\/2025\/04\/Flyers-convocatorias-2025-11-768x960.png 768w, https:\/\/adicora.org\/caba\/wp-content\/uploads\/2025\/04\/Flyers-convocatorias-2025-11.png 1080w\" sizes=\"(max-width: 240px) 100vw, 240px\" \/>\t\t\t\t\t\t\t\t\t\t\t\t\t\t\t<\/div>\n\t\t\t\t<\/div>\n\t\t\t\t<\/div>\n\t\t<div class=\"elementor-element elementor-element-e4f299e e-con-full e-flex e-con e-child\" data-id=\"e4f299e\" data-element_type=\"container\">\n\t\t\t\t<div class=\"elementor-element elementor-element-88cf7e4 elementor-widget elementor-widget-text-editor\" data-id=\"88cf7e4\" data-element_type=\"widget\" data-widget_type=\"text-editor.default\">\n\t\t\t\t<div class=\"elementor-widget-container\">\n\t\t\t\t\t\t\t\t\t<p><strong><b>CANTOR\u00cdA UNIVERSITARIA DE<\/b>\u00a0FARMACIA Y BIOQU\u00cdMICA DE LA UBA (Coro<\/strong><br \/><strong>Mixto) Dir. Mariana Rewerski<\/strong><\/p><p>Repertorio Barroco y cl\u00e1sico, sinf\u00f3nico\/coral<br \/>D\u00edas de Ensayo: S\u00e1bados 10 a 13hs \u2013 Actividad Gratuita<br \/>Incorpora: tenores, bar\u00edtonos y bajos<br \/>Requisitos: Experiencia coral<\/p><p>Contacto: Mariana Rewerski &#8211; cantoriaycamerata@gmail.com \u2013 15 3326 2662<\/p>\t\t\t\t\t\t\t\t<\/div>\n\t\t\t\t<\/div>\n\t\t\t\t<\/div>\n\t\t\t\t\t<\/div>\n\t\t\t\t<\/div>\n\t\t<div class=\"elementor-element elementor-element-2851442 e-flex e-con-boxed e-con e-parent\" data-id=\"2851442\" data-element_type=\"container\">\n\t\t\t\t\t<div class=\"e-con-inner\">\n\t\t<div class=\"elementor-element elementor-element-56f8c52 e-con-full e-flex e-con e-child\" data-id=\"56f8c52\" data-element_type=\"container\">\n\t\t\t\t<div class=\"elementor-element elementor-element-2a5df53 elementor-widget elementor-widget-image\" data-id=\"2a5df53\" data-element_type=\"widget\" data-widget_type=\"image.default\">\n\t\t\t\t<div class=\"elementor-widget-container\">\n\t\t\t\t\t\t\t\t\t\t\t\t\t\t\t<img loading=\"lazy\" decoding=\"async\" width=\"240\" height=\"300\" src=\"https:\/\/adicora.org\/caba\/wp-content\/uploads\/2024\/03\/Flyer-Coro-Azul-para-formulario-ADICORA-Diego-Lenger-240x300.jpg\" class=\"attachment-medium size-medium wp-image-3693\" alt=\"\" srcset=\"https:\/\/adicora.org\/caba\/wp-content\/uploads\/2024\/03\/Flyer-Coro-Azul-para-formulario-ADICORA-Diego-Lenger-240x300.jpg 240w, https:\/\/adicora.org\/caba\/wp-content\/uploads\/2024\/03\/Flyer-Coro-Azul-para-formulario-ADICORA-Diego-Lenger-819x1024.jpg 819w, https:\/\/adicora.org\/caba\/wp-content\/uploads\/2024\/03\/Flyer-Coro-Azul-para-formulario-ADICORA-Diego-Lenger-768x960.jpg 768w, https:\/\/adicora.org\/caba\/wp-content\/uploads\/2024\/03\/Flyer-Coro-Azul-para-formulario-ADICORA-Diego-Lenger.jpg 1080w\" sizes=\"(max-width: 240px) 100vw, 240px\" \/>\t\t\t\t\t\t\t\t\t\t\t\t\t\t\t<\/div>\n\t\t\t\t<\/div>\n\t\t\t\t<\/div>\n\t\t<div class=\"elementor-element elementor-element-358fa89 e-con-full e-flex e-con e-child\" data-id=\"358fa89\" data-element_type=\"container\">\n\t\t\t\t<div class=\"elementor-element elementor-element-e01542d elementor-widget elementor-widget-text-editor\" data-id=\"e01542d\" data-element_type=\"widget\" data-widget_type=\"text-editor.default\">\n\t\t\t\t<div class=\"elementor-widget-container\">\n\t\t\t\t\t\t\t\t\t<p><strong>CORO AZUL DE BUENOS AIRES &#8211; De la Embajada de El Salvador en la Argentina<\/strong><br \/><strong>(Coro Mixto) Dir. Diego Lenger<\/strong><\/p><p>Repertorio: salvadore\u00f1o, centroamericano y argentino<br \/>D\u00edas de ensayo: Mi\u00e9rcoles de 17 a 19 y S\u00e1bados de 11 a 13hs<br \/>Incorpora voces en todos los registros \u2013 Actividad Gratuita<br \/>Requisitos: Compromiso con la actividad, ser afinada\/o, estudiar las obras<\/p><p>Contacto: embajadaargentina@rree.gob.sv 11 5826 6574<\/p>\t\t\t\t\t\t\t\t<\/div>\n\t\t\t\t<\/div>\n\t\t\t\t<\/div>\n\t\t\t\t\t<\/div>\n\t\t\t\t<\/div>\n\t\t<div class=\"elementor-element elementor-element-01a5f44 e-flex e-con-boxed e-con e-parent\" data-id=\"01a5f44\" data-element_type=\"container\">\n\t\t\t\t\t<div class=\"e-con-inner\">\n\t\t<div class=\"elementor-element elementor-element-9b554b9 e-con-full e-flex e-con e-child\" data-id=\"9b554b9\" data-element_type=\"container\">\n\t\t\t\t<div class=\"elementor-element elementor-element-6bed6df elementor-widget elementor-widget-image\" data-id=\"6bed6df\" data-element_type=\"widget\" data-widget_type=\"image.default\">\n\t\t\t\t<div class=\"elementor-widget-container\">\n\t\t\t\t\t\t\t\t\t\t\t\t\t\t\t<img loading=\"lazy\" decoding=\"async\" width=\"240\" height=\"300\" src=\"https:\/\/adicora.org\/caba\/wp-content\/uploads\/2025\/04\/Flyers-convocatorias-2025-12-240x300.png\" class=\"attachment-medium size-medium wp-image-4020\" alt=\"\" srcset=\"https:\/\/adicora.org\/caba\/wp-content\/uploads\/2025\/04\/Flyers-convocatorias-2025-12-240x300.png 240w, https:\/\/adicora.org\/caba\/wp-content\/uploads\/2025\/04\/Flyers-convocatorias-2025-12-819x1024.png 819w, https:\/\/adicora.org\/caba\/wp-content\/uploads\/2025\/04\/Flyers-convocatorias-2025-12-768x960.png 768w, https:\/\/adicora.org\/caba\/wp-content\/uploads\/2025\/04\/Flyers-convocatorias-2025-12.png 1080w\" sizes=\"(max-width: 240px) 100vw, 240px\" \/>\t\t\t\t\t\t\t\t\t\t\t\t\t\t\t<\/div>\n\t\t\t\t<\/div>\n\t\t\t\t<\/div>\n\t\t<div class=\"elementor-element elementor-element-69ef6be e-con-full e-flex e-con e-child\" data-id=\"69ef6be\" data-element_type=\"container\">\n\t\t\t\t<div class=\"elementor-element elementor-element-26f764a elementor-widget elementor-widget-text-editor\" data-id=\"26f764a\" data-element_type=\"widget\" data-widget_type=\"text-editor.default\">\n\t\t\t\t<div class=\"elementor-widget-container\">\n\t\t\t\t\t\t\t\t\t<p><strong>CORO DE LA FACULTAD DE DERECHO UBA (Coro Mixto) Dir. Miguel \u00c1ngel Pesce<\/strong><\/p><p>Repertorio Popular y Cl\u00e1sico<br \/>D\u00edas de ensayo: S\u00e1bados de 11 a 13 hs<br \/>Incorpora voces en todos los registros \u2013 Actividad Gratuita<br \/>Requisitos: M\u00ednima experiencia coral<\/p><p>Contacto: migpeshe@yahoo.com<\/p>\t\t\t\t\t\t\t\t<\/div>\n\t\t\t\t<\/div>\n\t\t\t\t<\/div>\n\t\t\t\t\t<\/div>\n\t\t\t\t<\/div>\n\t\t<div class=\"elementor-element elementor-element-bfb9a30 e-flex e-con-boxed e-con e-parent\" data-id=\"bfb9a30\" data-element_type=\"container\">\n\t\t\t\t\t<div class=\"e-con-inner\">\n\t\t<div class=\"elementor-element elementor-element-530c653 e-con-full e-flex e-con e-child\" data-id=\"530c653\" data-element_type=\"container\">\n\t\t\t\t<div class=\"elementor-element elementor-element-eed5959 elementor-widget elementor-widget-image\" data-id=\"eed5959\" data-element_type=\"widget\" data-widget_type=\"image.default\">\n\t\t\t\t<div class=\"elementor-widget-container\">\n\t\t\t\t\t\t\t\t\t\t\t\t\t\t\t<img loading=\"lazy\" decoding=\"async\" width=\"240\" height=\"300\" src=\"https:\/\/adicora.org\/caba\/wp-content\/uploads\/2025\/04\/Flyers-convocatorias-2025-13-240x300.png\" class=\"attachment-medium size-medium wp-image-4022\" alt=\"\" srcset=\"https:\/\/adicora.org\/caba\/wp-content\/uploads\/2025\/04\/Flyers-convocatorias-2025-13-240x300.png 240w, https:\/\/adicora.org\/caba\/wp-content\/uploads\/2025\/04\/Flyers-convocatorias-2025-13-819x1024.png 819w, https:\/\/adicora.org\/caba\/wp-content\/uploads\/2025\/04\/Flyers-convocatorias-2025-13-768x960.png 768w, https:\/\/adicora.org\/caba\/wp-content\/uploads\/2025\/04\/Flyers-convocatorias-2025-13.png 1080w\" sizes=\"(max-width: 240px) 100vw, 240px\" \/>\t\t\t\t\t\t\t\t\t\t\t\t\t\t\t<\/div>\n\t\t\t\t<\/div>\n\t\t\t\t<\/div>\n\t\t<div class=\"elementor-element elementor-element-5a04036 e-con-full e-flex e-con e-child\" data-id=\"5a04036\" data-element_type=\"container\">\n\t\t\t\t<div class=\"elementor-element elementor-element-8d0fe89 elementor-widget elementor-widget-text-editor\" data-id=\"8d0fe89\" data-element_type=\"widget\" data-widget_type=\"text-editor.default\">\n\t\t\t\t<div class=\"elementor-widget-container\">\n\t\t\t\t\t\t\t\t\t<p><strong>CORO DEL COLEGIO DE ESCRIBANOS DE BUENOS AIRES (Coro Mixto) Dir. Silvia<\/strong><br \/><strong>Susana P\u00e9rez Monsalve<\/strong><\/p><p>Repertorio: Popular<br \/>D\u00edas de ensayo: Martes 19 a 22hs<br \/>Incorpora voces en todos los registros \u2013 Actividad arancelada<br \/>Requisitos: Experiencia coral y buena condici\u00f3n vocal.<\/p><p>Contacto: silpersalve@gmail.com \u2013 1135045438<\/p>\t\t\t\t\t\t\t\t<\/div>\n\t\t\t\t<\/div>\n\t\t\t\t<\/div>\n\t\t\t\t\t<\/div>\n\t\t\t\t<\/div>\n\t\t<div class=\"elementor-element elementor-element-827e220 e-flex e-con-boxed e-con e-parent\" data-id=\"827e220\" data-element_type=\"container\">\n\t\t\t\t\t<div class=\"e-con-inner\">\n\t\t\t\t<div class=\"elementor-element elementor-element-138bf05 elementor-widget elementor-widget-heading\" data-id=\"138bf05\" data-element_type=\"widget\" data-widget_type=\"heading.default\">\n\t\t\t\t<div class=\"elementor-widget-container\">\n\t\t\t\t\t<h2 class=\"elementor-heading-title elementor-size-medium\">SAN NICOL\u00c1S<\/h2>\t\t\t\t<\/div>\n\t\t\t\t<\/div>\n\t\t\t\t\t<\/div>\n\t\t\t\t<\/div>\n\t\t<div class=\"elementor-element elementor-element-87401c7 e-flex e-con-boxed e-con e-parent\" data-id=\"87401c7\" data-element_type=\"container\">\n\t\t\t\t\t<div class=\"e-con-inner\">\n\t\t<div class=\"elementor-element elementor-element-d01185f e-con-full e-flex e-con e-child\" data-id=\"d01185f\" data-element_type=\"container\">\n\t\t\t\t<div class=\"elementor-element elementor-element-0001406 elementor-widget elementor-widget-image\" data-id=\"0001406\" data-element_type=\"widget\" data-widget_type=\"image.default\">\n\t\t\t\t<div class=\"elementor-widget-container\">\n\t\t\t\t\t\t\t\t\t\t\t\t\t\t\t<img loading=\"lazy\" decoding=\"async\" width=\"240\" height=\"300\" src=\"https:\/\/adicora.org\/caba\/wp-content\/uploads\/2024\/03\/Flyers-convocatorias-16-240x300.png\" class=\"attachment-medium size-medium wp-image-3645\" alt=\"\" srcset=\"https:\/\/adicora.org\/caba\/wp-content\/uploads\/2024\/03\/Flyers-convocatorias-16-240x300.png 240w, https:\/\/adicora.org\/caba\/wp-content\/uploads\/2024\/03\/Flyers-convocatorias-16-819x1024.png 819w, https:\/\/adicora.org\/caba\/wp-content\/uploads\/2024\/03\/Flyers-convocatorias-16-768x960.png 768w, https:\/\/adicora.org\/caba\/wp-content\/uploads\/2024\/03\/Flyers-convocatorias-16.png 1080w\" sizes=\"(max-width: 240px) 100vw, 240px\" \/>\t\t\t\t\t\t\t\t\t\t\t\t\t\t\t<\/div>\n\t\t\t\t<\/div>\n\t\t\t\t<\/div>\n\t\t<div class=\"elementor-element elementor-element-6863dc7 e-con-full e-flex e-con e-child\" data-id=\"6863dc7\" data-element_type=\"container\">\n\t\t\t\t<div class=\"elementor-element elementor-element-105159d elementor-widget elementor-widget-text-editor\" data-id=\"105159d\" data-element_type=\"widget\" data-widget_type=\"text-editor.default\">\n\t\t\t\t<div class=\"elementor-widget-container\">\n\t\t\t\t\t\t\t\t\t<p><strong>ENSAMBLE VOCAL \u00c1URIGAE (Coro Mixto) Dir. Anal\u00eda Miranda<\/strong><\/p><p>Repertorio: Acad\u00e9mico. Siglos XVI, XIX, XX y XXI.<br \/>D\u00edas de ensayo: S\u00e1bado 15 a 18hs<br \/>Incorpora voces en las cuerdas de Altos y Bajos \u2013 Actividad arancelada<br \/>Requisitos: T\u00e9cnica vocal y compromiso con el estudio<\/p><p>Contacto: ensamblevocalaurigae@gmail.com &#8211; 11 3462 1786<\/p>\t\t\t\t\t\t\t\t<\/div>\n\t\t\t\t<\/div>\n\t\t\t\t<\/div>\n\t\t\t\t\t<\/div>\n\t\t\t\t<\/div>\n\t\t<div class=\"elementor-element elementor-element-296c51a e-flex e-con-boxed e-con e-parent\" data-id=\"296c51a\" data-element_type=\"container\">\n\t\t\t\t\t<div class=\"e-con-inner\">\n\t\t\t\t<div class=\"elementor-element elementor-element-8a51811 elementor-widget elementor-widget-heading\" data-id=\"8a51811\" data-element_type=\"widget\" data-widget_type=\"heading.default\">\n\t\t\t\t<div class=\"elementor-widget-container\">\n\t\t\t\t\t<h2 class=\"elementor-heading-title elementor-size-medium\">SAN TELMO<\/h2>\t\t\t\t<\/div>\n\t\t\t\t<\/div>\n\t\t\t\t\t<\/div>\n\t\t\t\t<\/div>\n\t\t<div class=\"elementor-element elementor-element-fed4e9f e-flex e-con-boxed e-con e-parent\" data-id=\"fed4e9f\" data-element_type=\"container\">\n\t\t\t\t\t<div class=\"e-con-inner\">\n\t\t<div class=\"elementor-element elementor-element-f6b99f2 e-con-full e-flex e-con e-child\" data-id=\"f6b99f2\" data-element_type=\"container\">\n\t\t\t\t<div class=\"elementor-element elementor-element-510033f elementor-widget elementor-widget-image\" data-id=\"510033f\" data-element_type=\"widget\" data-widget_type=\"image.default\">\n\t\t\t\t<div class=\"elementor-widget-container\">\n\t\t\t\t\t\t\t\t\t\t\t\t\t\t\t<img loading=\"lazy\" decoding=\"async\" width=\"213\" height=\"300\" src=\"https:\/\/adicora.org\/caba\/wp-content\/uploads\/2024\/03\/IMG-20240226-WA0034-Maximiliano-Mancuso-213x300.jpg\" class=\"attachment-medium size-medium wp-image-3651\" alt=\"\" srcset=\"https:\/\/adicora.org\/caba\/wp-content\/uploads\/2024\/03\/IMG-20240226-WA0034-Maximiliano-Mancuso-213x300.jpg 213w, https:\/\/adicora.org\/caba\/wp-content\/uploads\/2024\/03\/IMG-20240226-WA0034-Maximiliano-Mancuso-726x1024.jpg 726w, https:\/\/adicora.org\/caba\/wp-content\/uploads\/2024\/03\/IMG-20240226-WA0034-Maximiliano-Mancuso-768x1083.jpg 768w, https:\/\/adicora.org\/caba\/wp-content\/uploads\/2024\/03\/IMG-20240226-WA0034-Maximiliano-Mancuso-1090x1536.jpg 1090w, https:\/\/adicora.org\/caba\/wp-content\/uploads\/2024\/03\/IMG-20240226-WA0034-Maximiliano-Mancuso.jpg 1135w\" sizes=\"(max-width: 213px) 100vw, 213px\" \/>\t\t\t\t\t\t\t\t\t\t\t\t\t\t\t<\/div>\n\t\t\t\t<\/div>\n\t\t\t\t<\/div>\n\t\t<div class=\"elementor-element elementor-element-55e5a2b e-con-full e-flex e-con e-child\" data-id=\"55e5a2b\" data-element_type=\"container\">\n\t\t\t\t<div class=\"elementor-element elementor-element-9a94ec9 elementor-widget elementor-widget-text-editor\" data-id=\"9a94ec9\" data-element_type=\"widget\" data-widget_type=\"text-editor.default\">\n\t\t\t\t<div class=\"elementor-widget-container\">\n\t\t\t\t\t\t\t\t\t<p><strong>CORAL L y F (Sindicato Luz y Fuerza- CABA &#8211; Coro Mixto) Dir. Maximiliano Mancuso<\/strong><\/p><p>Repertorio: Popular<br \/>D\u00edas de ensayo: Lunes 18:30hs<br \/>Incorpora voces en todos los registros \u2013 Actividad arancelada<br \/>Requisitos: Voz sana &#8211; compromiso<\/p><p>Contacto: maximancuso@hotmail.com &#8211; 11 5016 0213<\/p>\t\t\t\t\t\t\t\t<\/div>\n\t\t\t\t<\/div>\n\t\t\t\t<\/div>\n\t\t\t\t\t<\/div>\n\t\t\t\t<\/div>\n\t\t<div class=\"elementor-element elementor-element-9958c8e e-flex e-con-boxed e-con e-parent\" data-id=\"9958c8e\" data-element_type=\"container\">\n\t\t\t\t\t<div class=\"e-con-inner\">\n\t\t<div class=\"elementor-element elementor-element-bb8fb3d e-con-full e-flex e-con e-child\" data-id=\"bb8fb3d\" data-element_type=\"container\">\n\t\t\t\t<div class=\"elementor-element elementor-element-f1a80a4 elementor-widget elementor-widget-image\" data-id=\"f1a80a4\" data-element_type=\"widget\" data-widget_type=\"image.default\">\n\t\t\t\t<div class=\"elementor-widget-container\">\n\t\t\t\t\t\t\t\t\t\t\t\t\t\t\t<img loading=\"lazy\" decoding=\"async\" width=\"240\" height=\"300\" src=\"https:\/\/adicora.org\/caba\/wp-content\/uploads\/2024\/03\/2024-una-fd-cursos-primer-cuatrimestre_feed-taller-coro-1-Ursula-Leal-Capria-240x300.jpg\" class=\"attachment-medium size-medium wp-image-3650\" alt=\"\" srcset=\"https:\/\/adicora.org\/caba\/wp-content\/uploads\/2024\/03\/2024-una-fd-cursos-primer-cuatrimestre_feed-taller-coro-1-Ursula-Leal-Capria-240x300.jpg 240w, https:\/\/adicora.org\/caba\/wp-content\/uploads\/2024\/03\/2024-una-fd-cursos-primer-cuatrimestre_feed-taller-coro-1-Ursula-Leal-Capria-819x1024.jpg 819w, https:\/\/adicora.org\/caba\/wp-content\/uploads\/2024\/03\/2024-una-fd-cursos-primer-cuatrimestre_feed-taller-coro-1-Ursula-Leal-Capria-768x960.jpg 768w, https:\/\/adicora.org\/caba\/wp-content\/uploads\/2024\/03\/2024-una-fd-cursos-primer-cuatrimestre_feed-taller-coro-1-Ursula-Leal-Capria.jpg 1080w\" sizes=\"(max-width: 240px) 100vw, 240px\" \/>\t\t\t\t\t\t\t\t\t\t\t\t\t\t\t<\/div>\n\t\t\t\t<\/div>\n\t\t\t\t<\/div>\n\t\t<div class=\"elementor-element elementor-element-bbb1b13 e-con-full e-flex e-con e-child\" data-id=\"bbb1b13\" data-element_type=\"container\">\n\t\t\t\t<div class=\"elementor-element elementor-element-2ea8671 elementor-widget elementor-widget-text-editor\" data-id=\"2ea8671\" data-element_type=\"widget\" data-widget_type=\"text-editor.default\">\n\t\t\t\t<div class=\"elementor-widget-container\">\n\t\t\t\t\t\t\t\t\t<p><strong>Y SEGU\u00cd CANTANDO (Coro Mixto) Dir. \u00darsula Leal Capria y Mar\u00eda D&#8217;Adamo<\/strong><\/p><p>Repertorio: Popular y acad\u00e9mico<br \/>D\u00edas de ensayo: Lunes 19 a 21hs<br \/>Incorpora voces todos los registros (preferencia Altos) \u2013 Actividad arancelada<br \/>Requisitos: experiencia coral, afinaci\u00f3n, compromiso con los ensayos y conciertos, buen o\u00eddo musical<\/p><p>Contacto: ursula.leal.capria@gmail.com \/\/ maria.dadamo77@gmail.com &#8211; 11 6718 3637<\/p>\t\t\t\t\t\t\t\t<\/div>\n\t\t\t\t<\/div>\n\t\t\t\t<\/div>\n\t\t\t\t\t<\/div>\n\t\t\t\t<\/div>\n\t\t<div class=\"elementor-element elementor-element-f2fedc6 e-flex e-con-boxed e-con e-parent\" data-id=\"f2fedc6\" data-element_type=\"container\">\n\t\t\t\t\t<div class=\"e-con-inner\">\n\t\t\t\t<div class=\"elementor-element elementor-element-5fe61ae elementor-widget elementor-widget-heading\" data-id=\"5fe61ae\" data-element_type=\"widget\" data-widget_type=\"heading.default\">\n\t\t\t\t<div class=\"elementor-widget-container\">\n\t\t\t\t\t<h2 class=\"elementor-heading-title elementor-size-medium\">TRIBUNALES<\/h2>\t\t\t\t<\/div>\n\t\t\t\t<\/div>\n\t\t\t\t\t<\/div>\n\t\t\t\t<\/div>\n\t\t<div class=\"elementor-element elementor-element-b224d48 e-flex e-con-boxed e-con e-parent\" data-id=\"b224d48\" data-element_type=\"container\">\n\t\t\t\t\t<div class=\"e-con-inner\">\n\t\t<div class=\"elementor-element elementor-element-35e529a e-con-full e-flex e-con e-child\" data-id=\"35e529a\" data-element_type=\"container\">\n\t\t\t\t<div class=\"elementor-element elementor-element-b8bbc6a elementor-widget elementor-widget-image\" data-id=\"b8bbc6a\" data-element_type=\"widget\" data-widget_type=\"image.default\">\n\t\t\t\t<div class=\"elementor-widget-container\">\n\t\t\t\t\t\t\t\t\t\t\t\t\t\t\t<img loading=\"lazy\" decoding=\"async\" width=\"240\" height=\"300\" src=\"https:\/\/adicora.org\/caba\/wp-content\/uploads\/2024\/03\/Flyers-convocatorias-24-240x300.png\" class=\"attachment-medium size-medium wp-image-3716\" alt=\"\" srcset=\"https:\/\/adicora.org\/caba\/wp-content\/uploads\/2024\/03\/Flyers-convocatorias-24-240x300.png 240w, https:\/\/adicora.org\/caba\/wp-content\/uploads\/2024\/03\/Flyers-convocatorias-24-819x1024.png 819w, https:\/\/adicora.org\/caba\/wp-content\/uploads\/2024\/03\/Flyers-convocatorias-24-768x960.png 768w, https:\/\/adicora.org\/caba\/wp-content\/uploads\/2024\/03\/Flyers-convocatorias-24.png 1080w\" sizes=\"(max-width: 240px) 100vw, 240px\" \/>\t\t\t\t\t\t\t\t\t\t\t\t\t\t\t<\/div>\n\t\t\t\t<\/div>\n\t\t\t\t<\/div>\n\t\t<div class=\"elementor-element elementor-element-20ddf74 e-con-full e-flex e-con e-child\" data-id=\"20ddf74\" data-element_type=\"container\">\n\t\t\t\t<div class=\"elementor-element elementor-element-aeaa912 elementor-widget elementor-widget-text-editor\" data-id=\"aeaa912\" data-element_type=\"widget\" data-widget_type=\"text-editor.default\">\n\t\t\t\t<div class=\"elementor-widget-container\">\n\t\t\t\t\t\t\t\t\t<p><strong>Coro General San Mart\u00edn (Coro Mixto) Dir. Mar\u00eda Cristina Viscido<\/strong><\/p><p>Repertorio: Academico, lirico, popular,universal<br \/>D\u00edas de ensayo: Lunes 18 hs<br \/>Incorpora voces en todos los registros \u2013 Actividad arancelada<br \/>Requisitos: Afinaci\u00f3n, amar el canto coral, compromiso con el proyecto<\/p><p>Contacto: gralsanmartincoro@gmail.com 1140762333<\/p>\t\t\t\t\t\t\t\t<\/div>\n\t\t\t\t<\/div>\n\t\t\t\t<\/div>\n\t\t\t\t\t<\/div>\n\t\t\t\t<\/div>\n\t\t<div class=\"elementor-element elementor-element-6508330 e-flex e-con-boxed e-con e-parent\" data-id=\"6508330\" data-element_type=\"container\">\n\t\t\t\t\t<div class=\"e-con-inner\">\n\t\t\t\t<div class=\"elementor-element elementor-element-b89585f elementor-widget elementor-widget-heading\" data-id=\"b89585f\" data-element_type=\"widget\" data-widget_type=\"heading.default\">\n\t\t\t\t<div class=\"elementor-widget-container\">\n\t\t\t\t\t<h2 class=\"elementor-heading-title elementor-size-medium\">VILLA DEL PARQUE<\/h2>\t\t\t\t<\/div>\n\t\t\t\t<\/div>\n\t\t\t\t\t<\/div>\n\t\t\t\t<\/div>\n\t\t<div class=\"elementor-element elementor-element-10141a9 e-flex e-con-boxed e-con e-parent\" data-id=\"10141a9\" data-element_type=\"container\">\n\t\t\t\t\t<div class=\"e-con-inner\">\n\t\t<div class=\"elementor-element elementor-element-988b0bc e-con-full e-flex e-con e-child\" data-id=\"988b0bc\" data-element_type=\"container\">\n\t\t\t\t<div class=\"elementor-element elementor-element-6ef693a elementor-widget elementor-widget-image\" data-id=\"6ef693a\" data-element_type=\"widget\" data-widget_type=\"image.default\">\n\t\t\t\t<div class=\"elementor-widget-container\">\n\t\t\t\t\t\t\t\t\t\t\t\t\t\t\t<img loading=\"lazy\" decoding=\"async\" width=\"240\" height=\"300\" src=\"https:\/\/adicora.org\/caba\/wp-content\/uploads\/2025\/04\/Flyers-convocatorias-2025-1-240x300.png\" class=\"attachment-medium size-medium wp-image-3986\" alt=\"\" srcset=\"https:\/\/adicora.org\/caba\/wp-content\/uploads\/2025\/04\/Flyers-convocatorias-2025-1-240x300.png 240w, https:\/\/adicora.org\/caba\/wp-content\/uploads\/2025\/04\/Flyers-convocatorias-2025-1-819x1024.png 819w, https:\/\/adicora.org\/caba\/wp-content\/uploads\/2025\/04\/Flyers-convocatorias-2025-1-768x960.png 768w, https:\/\/adicora.org\/caba\/wp-content\/uploads\/2025\/04\/Flyers-convocatorias-2025-1.png 1080w\" sizes=\"(max-width: 240px) 100vw, 240px\" \/>\t\t\t\t\t\t\t\t\t\t\t\t\t\t\t<\/div>\n\t\t\t\t<\/div>\n\t\t\t\t<\/div>\n\t\t<div class=\"elementor-element elementor-element-9c08d22 e-con-full e-flex e-con e-child\" data-id=\"9c08d22\" data-element_type=\"container\">\n\t\t\t\t<div class=\"elementor-element elementor-element-ea049bb elementor-widget elementor-widget-text-editor\" data-id=\"ea049bb\" data-element_type=\"widget\" data-widget_type=\"text-editor.default\">\n\t\t\t\t<div class=\"elementor-widget-container\">\n\t\t\t\t\t\t\t\t\t<p><strong>CORO RESURGIMIENTO (Coro Mixto) Dir. Mariano Delli Quadri<\/strong><\/p><p>Repertorio: Renacimiento, Cl\u00e1sico, Sinf\u00f3nico Coral, Pel\u00edculas, Popular.\u00a0<br \/>D\u00edas de ensayo: Martes 19 a 22hs<br \/>Incorpora voces en todos los registros \u2013 Actividad arancelada<br \/>Requisitos: Preferentemente con experiencia coral. Hasta 65 a\u00f1os. Con posibilidad de estudiar con el material preparado<\/p><p>Contacto: cororesurgimiento@gmail.com &#8211; <b>\u00a0<\/b>1159628837<\/p>\t\t\t\t\t\t\t\t<\/div>\n\t\t\t\t<\/div>\n\t\t\t\t<\/div>\n\t\t\t\t\t<\/div>\n\t\t\t\t<\/div>\n\t\t<div class=\"elementor-element elementor-element-7041cb7 e-flex e-con-boxed e-con e-parent\" data-id=\"7041cb7\" data-element_type=\"container\">\n\t\t\t\t\t<div class=\"e-con-inner\">\n\t\t\t\t<div class=\"elementor-element elementor-element-f988f3b elementor-widget elementor-widget-heading\" data-id=\"f988f3b\" data-element_type=\"widget\" data-widget_type=\"heading.default\">\n\t\t\t\t<div class=\"elementor-widget-container\">\n\t\t\t\t\t<h2 class=\"elementor-heading-title elementor-size-medium\">VILLA DEVOTO<\/h2>\t\t\t\t<\/div>\n\t\t\t\t<\/div>\n\t\t\t\t\t<\/div>\n\t\t\t\t<\/div>\n\t\t<div class=\"elementor-element elementor-element-b006361 e-flex e-con-boxed e-con e-parent\" data-id=\"b006361\" data-element_type=\"container\">\n\t\t\t\t\t<div class=\"e-con-inner\">\n\t\t<div class=\"elementor-element elementor-element-981eadd e-con-full e-flex e-con e-child\" data-id=\"981eadd\" data-element_type=\"container\">\n\t\t\t\t<div class=\"elementor-element elementor-element-fbeb683 elementor-widget elementor-widget-image\" data-id=\"fbeb683\" data-element_type=\"widget\" data-widget_type=\"image.default\">\n\t\t\t\t<div class=\"elementor-widget-container\">\n\t\t\t\t\t\t\t\t\t\t\t\t\t\t\t<img loading=\"lazy\" decoding=\"async\" width=\"240\" height=\"300\" src=\"https:\/\/adicora.org\/caba\/wp-content\/uploads\/2024\/03\/Flyers-convocatorias-18-240x300.png\" class=\"attachment-medium size-medium wp-image-3675\" alt=\"\" srcset=\"https:\/\/adicora.org\/caba\/wp-content\/uploads\/2024\/03\/Flyers-convocatorias-18-240x300.png 240w, https:\/\/adicora.org\/caba\/wp-content\/uploads\/2024\/03\/Flyers-convocatorias-18-819x1024.png 819w, https:\/\/adicora.org\/caba\/wp-content\/uploads\/2024\/03\/Flyers-convocatorias-18-768x960.png 768w, https:\/\/adicora.org\/caba\/wp-content\/uploads\/2024\/03\/Flyers-convocatorias-18.png 1080w\" sizes=\"(max-width: 240px) 100vw, 240px\" \/>\t\t\t\t\t\t\t\t\t\t\t\t\t\t\t<\/div>\n\t\t\t\t<\/div>\n\t\t\t\t<\/div>\n\t\t<div class=\"elementor-element elementor-element-1fce406 e-con-full e-flex e-con e-child\" data-id=\"1fce406\" data-element_type=\"container\">\n\t\t\t\t<div class=\"elementor-element elementor-element-defe459 elementor-widget elementor-widget-text-editor\" data-id=\"defe459\" data-element_type=\"widget\" data-widget_type=\"text-editor.default\">\n\t\t\t\t<div class=\"elementor-widget-container\">\n\t\t\t\t\t\t\t\t\t<p><strong>Coro Suyay (Coro Adultos Mayores) Dir. Guillermo Suar<\/strong><\/p><p>Repertorio: Popular<br \/>D\u00edas de ensayo: Mi\u00e9rcoles 18:30hs a 21:30hs<br \/>Incorpora voces en todos los registros \u2013 Actividad arancelada<br \/>Requisitos: compromiso con ensayos y conciertos<\/p><p>Contacto: rausone@gmail.com &#8211; 11 3174 7146<\/p>\t\t\t\t\t\t\t\t<\/div>\n\t\t\t\t<\/div>\n\t\t\t\t<\/div>\n\t\t\t\t\t<\/div>\n\t\t\t\t<\/div>\n\t\t<div class=\"elementor-element elementor-element-42590d6 e-flex e-con-boxed e-con e-parent\" data-id=\"42590d6\" data-element_type=\"container\">\n\t\t\t\t\t<div class=\"e-con-inner\">\n\t\t\t\t<div class=\"elementor-element elementor-element-ae597db elementor-widget elementor-widget-heading\" data-id=\"ae597db\" data-element_type=\"widget\" data-widget_type=\"heading.default\">\n\t\t\t\t<div class=\"elementor-widget-container\">\n\t\t\t\t\t<h2 class=\"elementor-heading-title elementor-size-medium\">VILLA URQUIZA<\/h2>\t\t\t\t<\/div>\n\t\t\t\t<\/div>\n\t\t\t\t\t<\/div>\n\t\t\t\t<\/div>\n\t\t<div class=\"elementor-element elementor-element-fed1d50 e-flex e-con-boxed e-con e-parent\" data-id=\"fed1d50\" data-element_type=\"container\">\n\t\t\t\t\t<div class=\"e-con-inner\">\n\t\t<div class=\"elementor-element elementor-element-845f65e e-con-full e-flex e-con e-child\" data-id=\"845f65e\" data-element_type=\"container\">\n\t\t\t\t<\/div>\n\t\t<div class=\"elementor-element elementor-element-adee6fa e-con-full e-flex e-con e-child\" data-id=\"adee6fa\" data-element_type=\"container\">\n\t\t\t\t<div class=\"elementor-element elementor-element-88405ad elementor-widget elementor-widget-text-editor\" data-id=\"88405ad\" data-element_type=\"widget\" data-widget_type=\"text-editor.default\">\n\t\t\t\t<div class=\"elementor-widget-container\">\n\t\t\t\t\t\t\t\t\t<p><strong>EN TONO CORAL (Coro Mixto) Dir. Ariana Cola<\/strong><\/p><p>Repertorio: Popular<br \/>D\u00edas de ensayo: <span style=\"font-weight: 400;\">S\u00e1bados de 11 a 13hs<\/span>. <span style=\"font-weight: 400;\">Burela 3243 &#8211; Parroquia Nuestra Se\u00f1ora de Bel\u00e9n.\u00a0<\/span><\/p><p><span style=\"font-style: inherit; font-weight: inherit;\">Incorpora voces en todos los registros \u2013 Actividad arancelada<\/span><\/p><p>Contacto: arianacola78@gmail.com &#8211; 11 6017 5435<\/p>\t\t\t\t\t\t\t\t<\/div>\n\t\t\t\t<\/div>\n\t\t\t\t<\/div>\n\t\t\t\t\t<\/div>\n\t\t\t\t<\/div>\n\t\t<div class=\"elementor-element elementor-element-4cbad55 e-flex e-con-boxed e-con e-parent\" data-id=\"4cbad55\" data-element_type=\"container\">\n\t\t\t\t\t<div class=\"e-con-inner\">\n\t\t<div class=\"elementor-element elementor-element-2c66818 e-con-full e-flex e-con e-child\" data-id=\"2c66818\" data-element_type=\"container\">\n\t\t\t\t<\/div>\n\t\t<div class=\"elementor-element elementor-element-4727824 e-con-full e-flex e-con e-child\" data-id=\"4727824\" data-element_type=\"container\">\n\t\t\t\t<div class=\"elementor-element elementor-element-467549b elementor-widget elementor-widget-text-editor\" data-id=\"467549b\" data-element_type=\"widget\" data-widget_type=\"text-editor.default\">\n\t\t\t\t<div class=\"elementor-widget-container\">\n\t\t\t\t\t\t\t\t\t<p><strong>CORO TETRAGRAMA (Coro Mixto) &#8211; Dir. Eduardo Javier Sasiain Huertas<\/strong><\/p><p>Repertorio: V<span style=\"font-weight: 400;\">ariado<\/span><br \/>D\u00edas de ensayo: <span style=\"font-weight: 400;\">S\u00e1bado de 10 a 12 hs<\/span><br \/>Incorpora Sopranos y Altos<br \/>Requisitos: <span style=\"font-weight: 400;\">Voz sana, experiencia coral y\/o vocal, lectura musical.<\/span><\/p><p>Contacto: <span style=\"font-weight: 400;\">\u00a0<\/span><span style=\"font-weight: 400;\">esasiain25@gmail.com<\/span><span style=\"font-weight: 400;\"> &#8211; 11 33024217<\/span>\u00a0<\/p>\t\t\t\t\t\t\t\t<\/div>\n\t\t\t\t<\/div>\n\t\t\t\t<\/div>\n\t\t\t\t\t<\/div>\n\t\t\t\t<\/div>\n\t\t<div class=\"elementor-element elementor-element-8393bc0 e-flex e-con-boxed e-con e-parent\" data-id=\"8393bc0\" data-element_type=\"container\">\n\t\t\t\t\t<div class=\"e-con-inner\">\n\t\t\t\t<div class=\"elementor-element elementor-element-0c9d52e elementor-widget elementor-widget-heading\" data-id=\"0c9d52e\" data-element_type=\"widget\" data-widget_type=\"heading.default\">\n\t\t\t\t<div class=\"elementor-widget-container\">\n\t\t\t\t\t<h2 class=\"elementor-heading-title elementor-size-medium\">AVELLANEDA (AMBA)<\/h2>\t\t\t\t<\/div>\n\t\t\t\t<\/div>\n\t\t\t\t\t<\/div>\n\t\t\t\t<\/div>\n\t\t<div class=\"elementor-element elementor-element-8ce533b e-flex e-con-boxed e-con e-parent\" data-id=\"8ce533b\" data-element_type=\"container\">\n\t\t\t\t\t<div class=\"e-con-inner\">\n\t\t<div class=\"elementor-element elementor-element-7ab295b e-con-full e-flex e-con e-child\" data-id=\"7ab295b\" data-element_type=\"container\">\n\t\t\t\t<div class=\"elementor-element elementor-element-64d3efe elementor-widget elementor-widget-image\" data-id=\"64d3efe\" data-element_type=\"widget\" data-widget_type=\"image.default\">\n\t\t\t\t<div class=\"elementor-widget-container\">\n\t\t\t\t\t\t\t\t\t\t\t\t\t\t\t<img loading=\"lazy\" decoding=\"async\" width=\"240\" height=\"300\" src=\"https:\/\/adicora.org\/caba\/wp-content\/uploads\/2024\/03\/Flyers-convocatorias-20-240x300.png\" class=\"attachment-medium size-medium wp-image-3685\" alt=\"\" srcset=\"https:\/\/adicora.org\/caba\/wp-content\/uploads\/2024\/03\/Flyers-convocatorias-20-240x300.png 240w, https:\/\/adicora.org\/caba\/wp-content\/uploads\/2024\/03\/Flyers-convocatorias-20-819x1024.png 819w, https:\/\/adicora.org\/caba\/wp-content\/uploads\/2024\/03\/Flyers-convocatorias-20-768x960.png 768w, https:\/\/adicora.org\/caba\/wp-content\/uploads\/2024\/03\/Flyers-convocatorias-20.png 1080w\" sizes=\"(max-width: 240px) 100vw, 240px\" \/>\t\t\t\t\t\t\t\t\t\t\t\t\t\t\t<\/div>\n\t\t\t\t<\/div>\n\t\t\t\t<\/div>\n\t\t<div class=\"elementor-element elementor-element-694af73 e-con-full e-flex e-con e-child\" data-id=\"694af73\" data-element_type=\"container\">\n\t\t\t\t<div class=\"elementor-element elementor-element-dbdc92a elementor-widget elementor-widget-text-editor\" data-id=\"dbdc92a\" data-element_type=\"widget\" data-widget_type=\"text-editor.default\">\n\t\t\t\t<div class=\"elementor-widget-container\">\n\t\t\t\t\t\t\t\t\t<p><strong>CORO ENSPA 100+ (de la Escuela Normal Superior Pr\u00f3spero Alemandri) (Coro Femenino) Dir. Laura Sommerfleck<\/strong><\/p><p>Repertorio: Popular<br \/>D\u00edas de ensayo: Mi\u00e9rcoles 18 a 20hs<br \/>Incorpora voces en todos los registros \u2013 Actividad Arancelada<br \/>Requisitos: Ser afinado y tener experiencia (no hace falta leer partitura)<\/p><p>Contacto: laurasommerfleck@yahoo.com.ar &#8211; 11 5104 4966<\/p>\t\t\t\t\t\t\t\t<\/div>\n\t\t\t\t<\/div>\n\t\t\t\t<\/div>\n\t\t\t\t\t<\/div>\n\t\t\t\t<\/div>\n\t\t<div class=\"elementor-element elementor-element-b3224a9 e-flex e-con-boxed e-con e-parent\" data-id=\"b3224a9\" data-element_type=\"container\">\n\t\t\t\t\t<div class=\"e-con-inner\">\n\t\t\t\t<div class=\"elementor-element elementor-element-f6bde97 elementor-widget elementor-widget-heading\" data-id=\"f6bde97\" data-element_type=\"widget\" data-widget_type=\"heading.default\">\n\t\t\t\t<div class=\"elementor-widget-container\">\n\t\t\t\t\t<h2 class=\"elementor-heading-title elementor-size-medium\">VILLA BALLESTER (AMBA)<\/h2>\t\t\t\t<\/div>\n\t\t\t\t<\/div>\n\t\t\t\t\t<\/div>\n\t\t\t\t<\/div>\n\t\t<div class=\"elementor-element elementor-element-a469d61 e-flex e-con-boxed e-con e-parent\" data-id=\"a469d61\" data-element_type=\"container\">\n\t\t\t\t\t<div class=\"e-con-inner\">\n\t\t<div class=\"elementor-element elementor-element-71fbbbd e-con-full e-flex e-con e-child\" data-id=\"71fbbbd\" data-element_type=\"container\">\n\t\t\t\t<\/div>\n\t\t<div class=\"elementor-element elementor-element-a0ca40e e-con-full e-flex e-con e-child\" data-id=\"a0ca40e\" data-element_type=\"container\">\n\t\t\t\t<div class=\"elementor-element elementor-element-f581182 elementor-widget elementor-widget-text-editor\" data-id=\"f581182\" data-element_type=\"widget\" data-widget_type=\"text-editor.default\">\n\t\t\t\t<div class=\"elementor-widget-container\">\n\t\t\t\t\t\t\t\t\t<p><strong>CORO H\u00d6LTERS (Coro Mixto) &#8211; Dir. Eduardo Javier Sasiain Huertas<\/strong><\/p><p>Repertorio: Variado<br \/>D\u00edas de ensayo: <span style=\"font-weight: 400;\">Martes de 19:30 a 21:30 hs<\/span><br \/>Incorpora voces en todos los registros<br \/>Requisitos: <span style=\"font-weight: 400;\">Voz sana y afinada, ganas de cantar e integrarse a un grupo armado.<\/span><\/p><p>Contacto: <span style=\"font-weight: 400;\">esasiain25@gmail.com<\/span><span style=\"font-weight: 400;\"> &#8211; 11 33024217<\/span><\/p>\t\t\t\t\t\t\t\t<\/div>\n\t\t\t\t<\/div>\n\t\t\t\t<\/div>\n\t\t\t\t\t<\/div>\n\t\t\t\t<\/div>\n\t\t\t\t<\/div>\n\t\t","protected":false},"excerpt":{"rendered":"<p>CONVOCATORIAS DE VOCES AGRONOM\u00cdA CAPILLA VOCAL (Coro de C\u00e1mara Mixto) Dir. Isabella Ramos Mej\u00eda Repertorio: M\u00fasica Acad\u00e9micaD\u00edas de ensayo: S\u00e1bado 18.30 a 20.30hsIncorpora voces en las cuerdas de Tenor, Bar\u00edtono y Bajos \u2013 Actividad GratuitaRequisitos: Experiencia coral \u2013 T\u00e9cnica Vocal Contacto: isabellaramosmejia@gmail.com &#8211; 11 5598 2815 ALMAGRO ALB Coro de la Asociaci\u00f3n de Graduados del &hellip;<\/p>\n<p class=\"read-more\"> <a class=\"\" href=\"https:\/\/adicora.org\/caba\/convocatoriasdevoces\/\"> <span class=\"screen-reader-text\">Convocatorias de voces<\/span> Leer m\u00e1s &raquo;<\/a><\/p>\n","protected":false},"author":1,"featured_media":0,"parent":0,"menu_order":0,"comment_status":"closed","ping_status":"closed","template":"","meta":{"_eb_attr":"","site-sidebar-layout":"no-sidebar","site-content-layout":"page-builder","ast-site-content-layout":"full-width-container","site-content-style":"unboxed","site-sidebar-style":"unboxed","ast-global-header-display":"","ast-banner-title-visibility":"","ast-main-header-display":"","ast-hfb-above-header-display":"","ast-hfb-below-header-display":"","ast-hfb-mobile-header-display":"","site-post-title":"disabled","ast-breadcrumbs-content":"disabled","ast-featured-img":"disabled","footer-sml-layout":"","theme-transparent-header-meta":"enabled","adv-header-id-meta":"","stick-header-meta":"","header-above-stick-meta":"","header-main-stick-meta":"","header-below-stick-meta":"","astra-migrate-meta-layouts":"set","footnotes":""},"class_list":["post-2521","page","type-page","status-publish","hentry"],"yoast_head":"<!-- This site is optimized with the Yoast SEO plugin v25.1 - https:\/\/yoast.com\/wordpress\/plugins\/seo\/ -->\n<title>Convocatorias de voces - ADICORA Filial CABA<\/title>\n<meta name=\"description\" content=\"Convocatorias de voces para los coros de los socios y socias de la filial ADICORA de la Ciudad de Buenos Aires.\" \/>\n<meta name=\"robots\" content=\"index, follow, max-snippet:-1, max-image-preview:large, max-video-preview:-1\" \/>\n<link rel=\"canonical\" href=\"https:\/\/adicora.org\/caba\/convocatoriasdevoces\/\" \/>\n<meta property=\"og:locale\" content=\"es_ES\" \/>\n<meta property=\"og:type\" content=\"article\" \/>\n<meta property=\"og:title\" content=\"Convocatorias de voces - ADICORA Filial CABA\" \/>\n<meta property=\"og:description\" content=\"Convocatorias de voces para los coros de los socios y socias de la filial ADICORA de la Ciudad de Buenos Aires.\" \/>\n<meta property=\"og:url\" content=\"https:\/\/adicora.org\/caba\/convocatoriasdevoces\/\" \/>\n<meta property=\"og:site_name\" content=\"Adicora Filial Ciudad de Buenos Aires\" \/>\n<meta property=\"article:modified_time\" content=\"2025-05-30T16:30:39+00:00\" \/>\n<meta property=\"og:image\" content=\"https:\/\/adicora.org\/caba\/wp-content\/uploads\/2025\/04\/16x9_Un_coro_de_adultos_cantando_en_s.png\" \/>\n<meta name=\"twitter:card\" content=\"summary_large_image\" \/>\n<meta name=\"twitter:label1\" content=\"Tiempo de lectura\" \/>\n\t<meta name=\"twitter:data1\" content=\"23 minutos\" \/>\n<script type=\"application\/ld+json\" class=\"yoast-schema-graph\">{\"@context\":\"https:\/\/schema.org\",\"@graph\":[{\"@type\":\"WebPage\",\"@id\":\"https:\/\/adicora.org\/caba\/convocatoriasdevoces\/\",\"url\":\"https:\/\/adicora.org\/caba\/convocatoriasdevoces\/\",\"name\":\"Convocatorias de voces - ADICORA Filial CABA\",\"isPartOf\":{\"@id\":\"https:\/\/adicora.org\/caba\/#website\"},\"primaryImageOfPage\":{\"@id\":\"https:\/\/adicora.org\/caba\/convocatoriasdevoces\/#primaryimage\"},\"image\":{\"@id\":\"https:\/\/adicora.org\/caba\/convocatoriasdevoces\/#primaryimage\"},\"thumbnailUrl\":\"https:\/\/adicora.org\/caba\/wp-content\/uploads\/2025\/04\/16x9_Un_coro_de_adultos_cantando_en_s.png\",\"datePublished\":\"2023-10-17T21:01:44+00:00\",\"dateModified\":\"2025-05-30T16:30:39+00:00\",\"description\":\"Convocatorias de voces para los coros de los socios y socias de la filial ADICORA de la Ciudad de Buenos Aires.\",\"breadcrumb\":{\"@id\":\"https:\/\/adicora.org\/caba\/convocatoriasdevoces\/#breadcrumb\"},\"inLanguage\":\"es\",\"potentialAction\":[{\"@type\":\"ReadAction\",\"target\":[\"https:\/\/adicora.org\/caba\/convocatoriasdevoces\/\"]}]},{\"@type\":\"ImageObject\",\"inLanguage\":\"es\",\"@id\":\"https:\/\/adicora.org\/caba\/convocatoriasdevoces\/#primaryimage\",\"url\":\"https:\/\/adicora.org\/caba\/wp-content\/uploads\/2025\/04\/16x9_Un_coro_de_adultos_cantando_en_s.png\",\"contentUrl\":\"https:\/\/adicora.org\/caba\/wp-content\/uploads\/2025\/04\/16x9_Un_coro_de_adultos_cantando_en_s.png\",\"width\":1280,\"height\":720},{\"@type\":\"BreadcrumbList\",\"@id\":\"https:\/\/adicora.org\/caba\/convocatoriasdevoces\/#breadcrumb\",\"itemListElement\":[{\"@type\":\"ListItem\",\"position\":1,\"name\":\"Portada\",\"item\":\"https:\/\/adicora.org\/caba\/\"},{\"@type\":\"ListItem\",\"position\":2,\"name\":\"Convocatorias de voces\"}]},{\"@type\":\"WebSite\",\"@id\":\"https:\/\/adicora.org\/caba\/#website\",\"url\":\"https:\/\/adicora.org\/caba\/\",\"name\":\"Adicora Filial Ciudad de Buenos Aires\",\"description\":\"\",\"publisher\":{\"@id\":\"https:\/\/adicora.org\/caba\/#organization\"},\"potentialAction\":[{\"@type\":\"SearchAction\",\"target\":{\"@type\":\"EntryPoint\",\"urlTemplate\":\"https:\/\/adicora.org\/caba\/?s={search_term_string}\"},\"query-input\":{\"@type\":\"PropertyValueSpecification\",\"valueRequired\":true,\"valueName\":\"search_term_string\"}}],\"inLanguage\":\"es\"},{\"@type\":\"Organization\",\"@id\":\"https:\/\/adicora.org\/caba\/#organization\",\"name\":\"Adicora Filial Ciudad de Buenos Aires\",\"url\":\"https:\/\/adicora.org\/caba\/\",\"logo\":{\"@type\":\"ImageObject\",\"inLanguage\":\"es\",\"@id\":\"https:\/\/adicora.org\/caba\/#\/schema\/logo\/image\/\",\"url\":\"https:\/\/adicora.org\/caba\/wp-content\/uploads\/2025\/10\/adicora-in-memoriam.png\",\"contentUrl\":\"https:\/\/adicora.org\/caba\/wp-content\/uploads\/2025\/10\/adicora-in-memoriam.png\",\"width\":435,\"height\":573,\"caption\":\"Adicora Filial Ciudad de Buenos Aires\"},\"image\":{\"@id\":\"https:\/\/adicora.org\/caba\/#\/schema\/logo\/image\/\"}}]}<\/script>\n<!-- \/ Yoast SEO plugin. -->","yoast_head_json":{"title":"Convocatorias de voces - ADICORA Filial CABA","description":"Convocatorias de voces para los coros de los socios y socias de la filial ADICORA de la Ciudad de Buenos Aires.","robots":{"index":"index","follow":"follow","max-snippet":"max-snippet:-1","max-image-preview":"max-image-preview:large","max-video-preview":"max-video-preview:-1"},"canonical":"https:\/\/adicora.org\/caba\/convocatoriasdevoces\/","og_locale":"es_ES","og_type":"article","og_title":"Convocatorias de voces - ADICORA Filial CABA","og_description":"Convocatorias de voces para los coros de los socios y socias de la filial ADICORA de la Ciudad de Buenos Aires.","og_url":"https:\/\/adicora.org\/caba\/convocatoriasdevoces\/","og_site_name":"Adicora Filial Ciudad de Buenos Aires","article_modified_time":"2025-05-30T16:30:39+00:00","og_image":[{"url":"https:\/\/adicora.org\/caba\/wp-content\/uploads\/2025\/04\/16x9_Un_coro_de_adultos_cantando_en_s.png","type":"","width":"","height":""}],"twitter_card":"summary_large_image","twitter_misc":{"Tiempo de lectura":"23 minutos"},"schema":{"@context":"https:\/\/schema.org","@graph":[{"@type":"WebPage","@id":"https:\/\/adicora.org\/caba\/convocatoriasdevoces\/","url":"https:\/\/adicora.org\/caba\/convocatoriasdevoces\/","name":"Convocatorias de voces - ADICORA Filial CABA","isPartOf":{"@id":"https:\/\/adicora.org\/caba\/#website"},"primaryImageOfPage":{"@id":"https:\/\/adicora.org\/caba\/convocatoriasdevoces\/#primaryimage"},"image":{"@id":"https:\/\/adicora.org\/caba\/convocatoriasdevoces\/#primaryimage"},"thumbnailUrl":"https:\/\/adicora.org\/caba\/wp-content\/uploads\/2025\/04\/16x9_Un_coro_de_adultos_cantando_en_s.png","datePublished":"2023-10-17T21:01:44+00:00","dateModified":"2025-05-30T16:30:39+00:00","description":"Convocatorias de voces para los coros de los socios y socias de la filial ADICORA de la Ciudad de Buenos Aires.","breadcrumb":{"@id":"https:\/\/adicora.org\/caba\/convocatoriasdevoces\/#breadcrumb"},"inLanguage":"es","potentialAction":[{"@type":"ReadAction","target":["https:\/\/adicora.org\/caba\/convocatoriasdevoces\/"]}]},{"@type":"ImageObject","inLanguage":"es","@id":"https:\/\/adicora.org\/caba\/convocatoriasdevoces\/#primaryimage","url":"https:\/\/adicora.org\/caba\/wp-content\/uploads\/2025\/04\/16x9_Un_coro_de_adultos_cantando_en_s.png","contentUrl":"https:\/\/adicora.org\/caba\/wp-content\/uploads\/2025\/04\/16x9_Un_coro_de_adultos_cantando_en_s.png","width":1280,"height":720},{"@type":"BreadcrumbList","@id":"https:\/\/adicora.org\/caba\/convocatoriasdevoces\/#breadcrumb","itemListElement":[{"@type":"ListItem","position":1,"name":"Portada","item":"https:\/\/adicora.org\/caba\/"},{"@type":"ListItem","position":2,"name":"Convocatorias de voces"}]},{"@type":"WebSite","@id":"https:\/\/adicora.org\/caba\/#website","url":"https:\/\/adicora.org\/caba\/","name":"Adicora Filial Ciudad de Buenos Aires","description":"","publisher":{"@id":"https:\/\/adicora.org\/caba\/#organization"},"potentialAction":[{"@type":"SearchAction","target":{"@type":"EntryPoint","urlTemplate":"https:\/\/adicora.org\/caba\/?s={search_term_string}"},"query-input":{"@type":"PropertyValueSpecification","valueRequired":true,"valueName":"search_term_string"}}],"inLanguage":"es"},{"@type":"Organization","@id":"https:\/\/adicora.org\/caba\/#organization","name":"Adicora Filial Ciudad de Buenos Aires","url":"https:\/\/adicora.org\/caba\/","logo":{"@type":"ImageObject","inLanguage":"es","@id":"https:\/\/adicora.org\/caba\/#\/schema\/logo\/image\/","url":"https:\/\/adicora.org\/caba\/wp-content\/uploads\/2025\/10\/adicora-in-memoriam.png","contentUrl":"https:\/\/adicora.org\/caba\/wp-content\/uploads\/2025\/10\/adicora-in-memoriam.png","width":435,"height":573,"caption":"Adicora Filial Ciudad de Buenos Aires"},"image":{"@id":"https:\/\/adicora.org\/caba\/#\/schema\/logo\/image\/"}}]}},"_links":{"self":[{"href":"https:\/\/adicora.org\/caba\/wp-json\/wp\/v2\/pages\/2521","targetHints":{"allow":["GET"]}}],"collection":[{"href":"https:\/\/adicora.org\/caba\/wp-json\/wp\/v2\/pages"}],"about":[{"href":"https:\/\/adicora.org\/caba\/wp-json\/wp\/v2\/types\/page"}],"author":[{"embeddable":true,"href":"https:\/\/adicora.org\/caba\/wp-json\/wp\/v2\/users\/1"}],"replies":[{"embeddable":true,"href":"https:\/\/adicora.org\/caba\/wp-json\/wp\/v2\/comments?post=2521"}],"version-history":[{"count":305,"href":"https:\/\/adicora.org\/caba\/wp-json\/wp\/v2\/pages\/2521\/revisions"}],"predecessor-version":[{"id":4268,"href":"https:\/\/adicora.org\/caba\/wp-json\/wp\/v2\/pages\/2521\/revisions\/4268"}],"wp:attachment":[{"href":"https:\/\/adicora.org\/caba\/wp-json\/wp\/v2\/media?parent=2521"}],"curies":[{"name":"wp","href":"https:\/\/api.w.org\/{rel}","templated":true}]}}