{"id":2519,"date":"2023-10-17T18:01:08","date_gmt":"2023-10-17T21:01:08","guid":{"rendered":"https:\/\/adicora.org\/caba\/?page_id=2519"},"modified":"2025-05-07T12:53:06","modified_gmt":"2025-05-07T15:53:06","slug":"convocatorias-directores","status":"publish","type":"page","link":"https:\/\/adicora.org\/caba\/convocatorias-directores\/","title":{"rendered":"Directores y Directoras"},"content":{"rendered":"\t\t<div data-elementor-type=\"wp-page\" data-elementor-id=\"2519\" class=\"elementor elementor-2519\">\n\t\t\t\t\t\t<section class=\"elementor-section elementor-top-section elementor-element elementor-element-e8d8309 elementor-section-height-min-height elementor-reverse-mobile elementor-section-boxed elementor-section-height-default elementor-section-items-middle\" data-id=\"e8d8309\" data-element_type=\"section\" data-settings=\"{&quot;background_background&quot;:&quot;classic&quot;}\">\n\t\t\t\t\t\t\t<div class=\"elementor-background-overlay\"><\/div>\n\t\t\t\t\t\t\t<div class=\"elementor-container elementor-column-gap-no\">\n\t\t\t\t\t<div class=\"elementor-column elementor-col-50 elementor-top-column elementor-element elementor-element-4ec7304\" data-id=\"4ec7304\" data-element_type=\"column\">\n\t\t\t<div class=\"elementor-widget-wrap elementor-element-populated\">\n\t\t\t\t\t\t<div class=\"elementor-element elementor-element-7bd7da8 elementor-widget-divider--view-line elementor-widget elementor-widget-divider\" data-id=\"7bd7da8\" data-element_type=\"widget\" data-widget_type=\"divider.default\">\n\t\t\t\t<div class=\"elementor-widget-container\">\n\t\t\t\t\t\t\t<div class=\"elementor-divider\">\n\t\t\t<span class=\"elementor-divider-separator\">\n\t\t\t\t\t\t<\/span>\n\t\t<\/div>\n\t\t\t\t\t\t<\/div>\n\t\t\t\t<\/div>\n\t\t\t\t<div class=\"elementor-element elementor-element-597b74a elementor-widget elementor-widget-heading\" data-id=\"597b74a\" data-element_type=\"widget\" data-widget_type=\"heading.default\">\n\t\t\t\t<div class=\"elementor-widget-container\">\n\t\t\t\t\t<h1 class=\"elementor-heading-title elementor-size-large\">CONVOCATORIAS<span style=\"color: rgb(0, 155, 223); font-size: 17px; white-space-collapse: collapse;\">&nbsp;<\/span><br><span style=\"color: rgb(0, 155, 223); font-size: 17px; white-space-collapse: collapse;\">PARA DIRECTORES Y DIRECTORAS<\/span><\/h1>\t\t\t\t<\/div>\n\t\t\t\t<\/div>\n\t\t\t\t\t<\/div>\n\t\t<\/div>\n\t\t\t\t<div class=\"elementor-column elementor-col-50 elementor-top-column elementor-element elementor-element-d203387\" data-id=\"d203387\" data-element_type=\"column\">\n\t\t\t<div class=\"elementor-widget-wrap elementor-element-populated\">\n\t\t\t\t\t\t<div class=\"elementor-element elementor-element-1f692c2 elementor-widget elementor-widget-image\" data-id=\"1f692c2\" data-element_type=\"widget\" data-widget_type=\"image.default\">\n\t\t\t\t<div class=\"elementor-widget-container\">\n\t\t\t\t\t\t\t\t\t\t\t\t\t\t\t<img fetchpriority=\"high\" decoding=\"async\" width=\"2560\" height=\"1493\" src=\"https:\/\/adicora.org\/caba\/wp-content\/uploads\/2023\/10\/20230812_114345-scaled-e1697573460748.jpg\" class=\"attachment-full size-full wp-image-2515\" alt=\"\" srcset=\"https:\/\/adicora.org\/caba\/wp-content\/uploads\/2023\/10\/20230812_114345-scaled-e1697573460748.jpg 2560w, https:\/\/adicora.org\/caba\/wp-content\/uploads\/2023\/10\/20230812_114345-scaled-e1697573460748-300x175.jpg 300w, https:\/\/adicora.org\/caba\/wp-content\/uploads\/2023\/10\/20230812_114345-scaled-e1697573460748-1024x597.jpg 1024w, https:\/\/adicora.org\/caba\/wp-content\/uploads\/2023\/10\/20230812_114345-scaled-e1697573460748-768x448.jpg 768w, https:\/\/adicora.org\/caba\/wp-content\/uploads\/2023\/10\/20230812_114345-scaled-e1697573460748-1536x896.jpg 1536w, https:\/\/adicora.org\/caba\/wp-content\/uploads\/2023\/10\/20230812_114345-scaled-e1697573460748-2048x1194.jpg 2048w\" sizes=\"(max-width: 2560px) 100vw, 2560px\" \/>\t\t\t\t\t\t\t\t\t\t\t\t\t\t\t<\/div>\n\t\t\t\t<\/div>\n\t\t\t\t\t<\/div>\n\t\t<\/div>\n\t\t\t\t\t<\/div>\n\t\t<\/section>\n\t\t<div class=\"elementor-element elementor-element-c1eaf51 e-flex e-con-boxed e-con e-parent\" data-id=\"c1eaf51\" data-element_type=\"container\">\n\t\t\t\t\t<div class=\"e-con-inner\">\n\t\t\t\t<div class=\"elementor-element elementor-element-d156a30 elementor-widget elementor-widget-heading\" data-id=\"d156a30\" data-element_type=\"widget\" data-widget_type=\"heading.default\">\n\t\t\t\t<div class=\"elementor-widget-container\">\n\t\t\t\t\t<h2 class=\"elementor-heading-title elementor-size-medium\">Ciclos de conciertos ADICORA<\/h2>\t\t\t\t<\/div>\n\t\t\t\t<\/div>\n\t\t\t\t\t<\/div>\n\t\t\t\t<\/div>\n\t\t<div class=\"elementor-element elementor-element-84aa85c e-flex e-con-boxed e-con e-parent\" data-id=\"84aa85c\" data-element_type=\"container\">\n\t\t\t\t\t<div class=\"e-con-inner\">\n\t\t<div class=\"elementor-element elementor-element-dfc728f e-con-full e-flex e-con e-child\" data-id=\"dfc728f\" data-element_type=\"container\">\n\t\t\t\t<div class=\"elementor-element elementor-element-cbab7e8 elementor-widget elementor-widget-image\" data-id=\"cbab7e8\" data-element_type=\"widget\" data-widget_type=\"image.default\">\n\t\t\t\t<div class=\"elementor-widget-container\">\n\t\t\t\t\t\t\t\t\t\t\t\t\t\t\t<img decoding=\"async\" width=\"2560\" height=\"1707\" src=\"https:\/\/adicora.org\/caba\/wp-content\/uploads\/2023\/09\/1037_AFS_Usina_D\u00a1aDeLaBandera_20230620-1FS09708-scaled.jpg\" class=\"attachment-full size-full wp-image-2277\" alt=\"\" srcset=\"https:\/\/adicora.org\/caba\/wp-content\/uploads\/2023\/09\/1037_AFS_Usina_D\u00a1aDeLaBandera_20230620-1FS09708-scaled.jpg 2560w, https:\/\/adicora.org\/caba\/wp-content\/uploads\/2023\/09\/1037_AFS_Usina_D\u00a1aDeLaBandera_20230620-1FS09708-300x200.jpg 300w, https:\/\/adicora.org\/caba\/wp-content\/uploads\/2023\/09\/1037_AFS_Usina_D\u00a1aDeLaBandera_20230620-1FS09708-1024x683.jpg 1024w, https:\/\/adicora.org\/caba\/wp-content\/uploads\/2023\/09\/1037_AFS_Usina_D\u00a1aDeLaBandera_20230620-1FS09708-768x512.jpg 768w, https:\/\/adicora.org\/caba\/wp-content\/uploads\/2023\/09\/1037_AFS_Usina_D\u00a1aDeLaBandera_20230620-1FS09708-1536x1024.jpg 1536w, https:\/\/adicora.org\/caba\/wp-content\/uploads\/2023\/09\/1037_AFS_Usina_D\u00a1aDeLaBandera_20230620-1FS09708-2048x1365.jpg 2048w\" sizes=\"(max-width: 2560px) 100vw, 2560px\" \/>\t\t\t\t\t\t\t\t\t\t\t\t\t\t\t<\/div>\n\t\t\t\t<\/div>\n\t\t\t\t<\/div>\n\t\t<div class=\"elementor-element elementor-element-e6f3b37 e-con-full e-flex e-con e-child\" data-id=\"e6f3b37\" data-element_type=\"container\">\n\t\t\t\t<div class=\"elementor-element elementor-element-5fcebb8 elementor-widget elementor-widget-text-editor\" data-id=\"5fcebb8\" data-element_type=\"widget\" data-widget_type=\"text-editor.default\">\n\t\t\t\t<div class=\"elementor-widget-container\">\n\t\t\t\t\t\t\t\t\t<p>Desde ADICORA Filial CABA promovemos la realizaci\u00f3n de ciclos de conciertos corales en diversos espacios.\u00a0<\/p><p>Pr\u00f3ximamente publicaremos m\u00e1s llamados.<\/p><p>Durante 2023 se desarrollaron dos ciclos de conciertos: uno en la <b>Legislatura Porte\u00f1a<\/b> y otro en la <b>Usina del Arte<\/b>. Las fechas disponibles se publicaron a todos los socios y socias y se completaron r\u00e1pidamente.\u00a0<\/p><p>Tambi\u00e9n compartimos informaci\u00f3n de ciclos que organizan nuestros socios\/as, y que le permiten a sus colegas sumarse en diferentes tipos de propuestas. Desde <b>Prensa<\/b> de la filial, durante todo el a\u00f1o est\u00e1 abierta la posibilidad de difundir ciclos que los asociados organizan. De este modo brindamos colaboraci\u00f3n como medio de comunicaci\u00f3n entre socios.\u00a0<\/p>\t\t\t\t\t\t\t\t<\/div>\n\t\t\t\t<\/div>\n\t\t\t\t<\/div>\n\t\t\t\t\t<\/div>\n\t\t\t\t<\/div>\n\t\t<div class=\"elementor-element elementor-element-6fc79b9 e-flex e-con-boxed e-con e-parent\" data-id=\"6fc79b9\" data-element_type=\"container\">\n\t\t\t\t\t<div class=\"e-con-inner\">\n\t\t\t\t<div class=\"elementor-element elementor-element-09523ba elementor-widget elementor-widget-image\" data-id=\"09523ba\" data-element_type=\"widget\" data-widget_type=\"image.default\">\n\t\t\t\t<div class=\"elementor-widget-container\">\n\t\t\t\t\t\t\t\t\t\t\t\t\t\t\t\t<a href=\"https:\/\/goldberg-verlag.com\/es\/inicio\/\">\n\t\t\t\t\t\t\t<img decoding=\"async\" width=\"300\" height=\"150\" src=\"https:\/\/adicora.org\/caba\/wp-content\/uploads\/2023\/10\/Banner-de-Goldberg-300x150.png\" class=\"attachment-medium size-medium wp-image-2336\" alt=\"\" srcset=\"https:\/\/adicora.org\/caba\/wp-content\/uploads\/2023\/10\/Banner-de-Goldberg-300x150.png 300w, https:\/\/adicora.org\/caba\/wp-content\/uploads\/2023\/10\/Banner-de-Goldberg-1024x512.png 1024w, https:\/\/adicora.org\/caba\/wp-content\/uploads\/2023\/10\/Banner-de-Goldberg-768x384.png 768w, https:\/\/adicora.org\/caba\/wp-content\/uploads\/2023\/10\/Banner-de-Goldberg-1536x768.png 1536w, https:\/\/adicora.org\/caba\/wp-content\/uploads\/2023\/10\/Banner-de-Goldberg-2048x1024.png 2048w\" sizes=\"(max-width: 300px) 100vw, 300px\" \/>\t\t\t\t\t\t\t\t<\/a>\n\t\t\t\t\t\t\t\t\t\t\t\t\t\t\t<\/div>\n\t\t\t\t<\/div>\n\t\t\t\t\t<\/div>\n\t\t\t\t<\/div>\n\t\t<div class=\"elementor-element elementor-element-2696b61 e-flex e-con-boxed e-con e-parent\" data-id=\"2696b61\" data-element_type=\"container\">\n\t\t\t\t\t<div class=\"e-con-inner\">\n\t\t\t\t<div class=\"elementor-element elementor-element-ad9bf4d elementor-widget elementor-widget-heading\" data-id=\"ad9bf4d\" data-element_type=\"widget\" data-widget_type=\"heading.default\">\n\t\t\t\t<div class=\"elementor-widget-container\">\n\t\t\t\t\t<h2 class=\"elementor-heading-title elementor-size-medium\">Curso con el Maestro Carlos Vieu<\/h2>\t\t\t\t<\/div>\n\t\t\t\t<\/div>\n\t\t\t\t\t<\/div>\n\t\t\t\t<\/div>\n\t\t<div class=\"elementor-element elementor-element-dff4e80 e-flex e-con-boxed e-con e-parent\" data-id=\"dff4e80\" data-element_type=\"container\">\n\t\t\t\t\t<div class=\"e-con-inner\">\n\t\t<div class=\"elementor-element elementor-element-7fae509 e-con-full e-flex e-con e-child\" data-id=\"7fae509\" data-element_type=\"container\">\n\t\t\t\t<div class=\"elementor-element elementor-element-774e149 elementor-widget elementor-widget-text-editor\" data-id=\"774e149\" data-element_type=\"widget\" data-widget_type=\"text-editor.default\">\n\t\t\t\t<div class=\"elementor-widget-container\">\n\t\t\t\t\t\t\t\t\t<div dir=\"auto\"><strong>REALIZADO<\/strong><br \/>Herramientas para abordar un Sinf\u00f3nico Coral.<\/div><div dir=\"auto\">D\u00edas 3 y 4 de agosto.<\/div><div dir=\"auto\"><ul><li><span style=\"font-size: 1rem;\">Destinado a Directores\/as y estudiantes de Direcci\u00f3n Coral y Orquestal.<\/span><\/li><li>Los participantes activos trabajaron con la Orquesta Estudiantil de Buenos Aires, Coro, Solistas y pianista acompa\u00f1ante.<\/li><\/ul><\/div><div dir=\"auto\">\u00a0<\/div>\t\t\t\t\t\t\t\t<\/div>\n\t\t\t\t<\/div>\n\t\t\t\t<\/div>\n\t\t<div class=\"elementor-element elementor-element-e5e67a8 e-con-full e-flex e-con e-child\" data-id=\"e5e67a8\" data-element_type=\"container\">\n\t\t\t\t<div class=\"elementor-element elementor-element-27d12b8 elementor-widget elementor-widget-image\" data-id=\"27d12b8\" data-element_type=\"widget\" data-widget_type=\"image.default\">\n\t\t\t\t<div class=\"elementor-widget-container\">\n\t\t\t\t\t\t\t\t\t\t\t\t\t\t\t<img loading=\"lazy\" decoding=\"async\" width=\"300\" height=\"300\" src=\"https:\/\/adicora.org\/caba\/wp-content\/uploads\/2024\/07\/Curso-con-el-Maestro-Carlos-Vieu-1-300x300.png\" class=\"attachment-medium size-medium wp-image-3733\" alt=\"Curso con el Maestro Carlos Vieu\" srcset=\"https:\/\/adicora.org\/caba\/wp-content\/uploads\/2024\/07\/Curso-con-el-Maestro-Carlos-Vieu-1-300x300.png 300w, https:\/\/adicora.org\/caba\/wp-content\/uploads\/2024\/07\/Curso-con-el-Maestro-Carlos-Vieu-1-1024x1024.png 1024w, https:\/\/adicora.org\/caba\/wp-content\/uploads\/2024\/07\/Curso-con-el-Maestro-Carlos-Vieu-1-150x150.png 150w, https:\/\/adicora.org\/caba\/wp-content\/uploads\/2024\/07\/Curso-con-el-Maestro-Carlos-Vieu-1-768x768.png 768w, https:\/\/adicora.org\/caba\/wp-content\/uploads\/2024\/07\/Curso-con-el-Maestro-Carlos-Vieu-1.png 1080w\" sizes=\"(max-width: 300px) 100vw, 300px\" \/>\t\t\t\t\t\t\t\t\t\t\t\t\t\t\t<\/div>\n\t\t\t\t<\/div>\n\t\t\t\t<\/div>\n\t\t\t\t\t<\/div>\n\t\t\t\t<\/div>\n\t\t<div class=\"elementor-element elementor-element-e7e7588 e-flex e-con-boxed e-con e-parent\" data-id=\"e7e7588\" data-element_type=\"container\">\n\t\t\t\t\t<div class=\"e-con-inner\">\n\t\t\t\t<div class=\"elementor-element elementor-element-d022338 elementor-widget elementor-widget-image\" data-id=\"d022338\" data-element_type=\"widget\" data-widget_type=\"image.default\">\n\t\t\t\t<div class=\"elementor-widget-container\">\n\t\t\t\t\t\t\t\t\t\t\t\t\t\t\t\t<a href=\"https:\/\/edicionesgcc.org.ar\/\">\n\t\t\t\t\t\t\t<img loading=\"lazy\" decoding=\"async\" width=\"300\" height=\"150\" src=\"https:\/\/adicora.org\/caba\/wp-content\/uploads\/2023\/10\/Banner-de-GCC-300x150.png\" class=\"attachment-medium size-medium wp-image-2481\" alt=\"\" srcset=\"https:\/\/adicora.org\/caba\/wp-content\/uploads\/2023\/10\/Banner-de-GCC-300x150.png 300w, https:\/\/adicora.org\/caba\/wp-content\/uploads\/2023\/10\/Banner-de-GCC-1024x512.png 1024w, https:\/\/adicora.org\/caba\/wp-content\/uploads\/2023\/10\/Banner-de-GCC-768x384.png 768w, https:\/\/adicora.org\/caba\/wp-content\/uploads\/2023\/10\/Banner-de-GCC-1536x768.png 1536w, https:\/\/adicora.org\/caba\/wp-content\/uploads\/2023\/10\/Banner-de-GCC-2048x1024.png 2048w\" sizes=\"(max-width: 300px) 100vw, 300px\" \/>\t\t\t\t\t\t\t\t<\/a>\n\t\t\t\t\t\t\t\t\t\t\t\t\t\t\t<\/div>\n\t\t\t\t<\/div>\n\t\t\t\t\t<\/div>\n\t\t\t\t<\/div>\n\t\t<div class=\"elementor-element elementor-element-1f8ea03 e-flex e-con-boxed e-con e-parent\" data-id=\"1f8ea03\" data-element_type=\"container\">\n\t\t\t\t\t<div class=\"e-con-inner\">\n\t\t\t\t<div class=\"elementor-element elementor-element-23ce656 elementor-widget elementor-widget-heading\" data-id=\"23ce656\" data-element_type=\"widget\" data-widget_type=\"heading.default\">\n\t\t\t\t<div class=\"elementor-widget-container\">\n\t\t\t\t\t<h2 class=\"elementor-heading-title elementor-size-medium\">Cartera de proyectos<\/h2>\t\t\t\t<\/div>\n\t\t\t\t<\/div>\n\t\t\t\t\t<\/div>\n\t\t\t\t<\/div>\n\t\t<div class=\"elementor-element elementor-element-a066fed e-flex e-con-boxed e-con e-parent\" data-id=\"a066fed\" data-element_type=\"container\">\n\t\t\t\t\t<div class=\"e-con-inner\">\n\t\t<div class=\"elementor-element elementor-element-a3baa9f e-con-full e-flex e-con e-child\" data-id=\"a3baa9f\" data-element_type=\"container\">\n\t\t\t\t<div class=\"elementor-element elementor-element-b46720d elementor-widget elementor-widget-image\" data-id=\"b46720d\" data-element_type=\"widget\" data-widget_type=\"image.default\">\n\t\t\t\t<div class=\"elementor-widget-container\">\n\t\t\t\t\t\t\t\t\t\t\t\t\t\t\t<img loading=\"lazy\" decoding=\"async\" width=\"838\" height=\"1024\" src=\"https:\/\/adicora.org\/caba\/wp-content\/uploads\/2023\/10\/Caratula-CARTERA-DE-PROYECTOS-e1697682586220-838x1024.png\" class=\"attachment-large size-large wp-image-2731\" alt=\"\" srcset=\"https:\/\/adicora.org\/caba\/wp-content\/uploads\/2023\/10\/Caratula-CARTERA-DE-PROYECTOS-e1697682586220-838x1024.png 838w, https:\/\/adicora.org\/caba\/wp-content\/uploads\/2023\/10\/Caratula-CARTERA-DE-PROYECTOS-e1697682586220-246x300.png 246w, https:\/\/adicora.org\/caba\/wp-content\/uploads\/2023\/10\/Caratula-CARTERA-DE-PROYECTOS-e1697682586220-768x938.png 768w, https:\/\/adicora.org\/caba\/wp-content\/uploads\/2023\/10\/Caratula-CARTERA-DE-PROYECTOS-e1697682586220-1257x1536.png 1257w, https:\/\/adicora.org\/caba\/wp-content\/uploads\/2023\/10\/Caratula-CARTERA-DE-PROYECTOS-e1697682586220.png 1413w\" sizes=\"(max-width: 838px) 100vw, 838px\" \/>\t\t\t\t\t\t\t\t\t\t\t\t\t\t\t<\/div>\n\t\t\t\t<\/div>\n\t\t\t\t<\/div>\n\t\t<div class=\"elementor-element elementor-element-3772c26 e-con-full e-flex e-con e-child\" data-id=\"3772c26\" data-element_type=\"container\">\n\t\t\t\t<div class=\"elementor-element elementor-element-1f83ad3 elementor-widget elementor-widget-text-editor\" data-id=\"1f83ad3\" data-element_type=\"widget\" data-widget_type=\"text-editor.default\">\n\t\t\t\t<div class=\"elementor-widget-container\">\n\t\t\t\t\t\t\t\t\t<p><span style=\"font-style: inherit; font-weight: inherit;\">Nuestros socios y socias ofrecen una serie de proyectos de capacitaci\u00f3n destinados a coreutas, directores principiantes, profesores de m\u00fasica interesados en la actividad coral, directores de coro. Aqu\u00ed presentamos dichos proyectos, y sus responsables. Para mayor informaci\u00f3n sobre los mismos, comunicarse por correo electr\u00f3nico a <\/span><a style=\"font-style: inherit; font-weight: inherit; background-color: #f6f8fa;\" href=\"mailto:adicorafilialcaba@gmail.com\">adicorafilialcaba@gmail.com<\/a><\/p>\t\t\t\t\t\t\t\t<\/div>\n\t\t\t\t<\/div>\n\t\t\t\t<\/div>\n\t\t\t\t\t<\/div>\n\t\t\t\t<\/div>\n\t\t<div class=\"elementor-element elementor-element-d759bb9 e-flex e-con-boxed e-con e-parent\" data-id=\"d759bb9\" data-element_type=\"container\">\n\t\t\t\t\t<div class=\"e-con-inner\">\n\t\t\t\t<div class=\"elementor-element elementor-element-d927103 elementor-widget elementor-widget-image\" data-id=\"d927103\" data-element_type=\"widget\" data-widget_type=\"image.default\">\n\t\t\t\t<div class=\"elementor-widget-container\">\n\t\t\t\t\t\t\t\t\t\t\t\t\t\t\t\t<a href=\"https:\/\/comcorar.com\/\">\n\t\t\t\t\t\t\t<img loading=\"lazy\" decoding=\"async\" width=\"300\" height=\"150\" src=\"https:\/\/adicora.org\/caba\/wp-content\/uploads\/2023\/10\/Banner-de-ComCorAr-300x150.png\" class=\"attachment-medium size-medium wp-image-2769\" alt=\"\" srcset=\"https:\/\/adicora.org\/caba\/wp-content\/uploads\/2023\/10\/Banner-de-ComCorAr-300x150.png 300w, https:\/\/adicora.org\/caba\/wp-content\/uploads\/2023\/10\/Banner-de-ComCorAr-1024x512.png 1024w, https:\/\/adicora.org\/caba\/wp-content\/uploads\/2023\/10\/Banner-de-ComCorAr-768x384.png 768w, https:\/\/adicora.org\/caba\/wp-content\/uploads\/2023\/10\/Banner-de-ComCorAr-1536x768.png 1536w, https:\/\/adicora.org\/caba\/wp-content\/uploads\/2023\/10\/Banner-de-ComCorAr-2048x1024.png 2048w\" sizes=\"(max-width: 300px) 100vw, 300px\" \/>\t\t\t\t\t\t\t\t<\/a>\n\t\t\t\t\t\t\t\t\t\t\t\t\t\t\t<\/div>\n\t\t\t\t<\/div>\n\t\t\t\t\t<\/div>\n\t\t\t\t<\/div>\n\t\t<div class=\"elementor-element elementor-element-b5345cd e-flex e-con-boxed e-con e-parent\" data-id=\"b5345cd\" data-element_type=\"container\">\n\t\t\t\t\t<div class=\"e-con-inner\">\n\t\t\t\t<div class=\"elementor-element elementor-element-6211817 elementor-widget elementor-widget-heading\" data-id=\"6211817\" data-element_type=\"widget\" data-widget_type=\"heading.default\">\n\t\t\t\t<div class=\"elementor-widget-container\">\n\t\t\t\t\t<h2 class=\"elementor-heading-title elementor-size-medium\">La Ni\u00f1ez EnCanta<\/h2>\t\t\t\t<\/div>\n\t\t\t\t<\/div>\n\t\t\t\t\t<\/div>\n\t\t\t\t<\/div>\n\t\t<div class=\"elementor-element elementor-element-0e747f8 e-flex e-con-boxed e-con e-parent\" data-id=\"0e747f8\" data-element_type=\"container\">\n\t\t\t\t\t<div class=\"e-con-inner\">\n\t\t<div class=\"elementor-element elementor-element-db3a490 e-con-full e-flex e-con e-child\" data-id=\"db3a490\" data-element_type=\"container\">\n\t\t\t\t<div class=\"elementor-element elementor-element-cf28dbf elementor-widget elementor-widget-text-editor\" data-id=\"cf28dbf\" data-element_type=\"widget\" data-widget_type=\"text-editor.default\">\n\t\t\t\t<div class=\"elementor-widget-container\">\n\t\t\t\t\t\t\t\t\t<p><span style=\"font-style: inherit; font-weight: inherit;\">Con la intenci\u00f3n de promover el canto coral en los ni\u00f1os y ni\u00f1as de la ciudad, estamos trabajando para generar distintas l\u00edneas de acci\u00f3n. Un primer paso fue incluir un concierto dedicado a coros infantiles en el ciclo de la <\/span><span style=\"font-style: inherit;\"><b>Usina del Arte<\/b><\/span><span style=\"font-style: inherit; font-weight: inherit;\">.\u00a0Tambi\u00e9n estamos realizando un relevamiento para conocer las propuestas para ni\u00f1os\/as que existen en distintas instituciones (escuelas, centros culturales, clubes, entre otras) y planificar pr\u00f3ximos encuentros para establecer v\u00ednculos entre directores e instituciones.\u00a0<\/span><\/p><p><span style=\"font-style: inherit; font-weight: inherit;\">En la misma l\u00ednea, est\u00e1 vigente el\u00a0<\/span><strong style=\"font-style: inherit;\"><a href=\"https:\/\/adicora.org\/caba\/concurso\/\">Concurso de composici\u00f3n de obras coros infantiles<\/a><\/strong><span style=\"font-style: inherit;\">,<\/span><span style=\"font-style: inherit; font-weight: inherit;\"> en dos categor\u00edas: canci\u00f3n al un\u00edsono con acompa\u00f1amiento y canci\u00f3n a dos voces (ver las bases en la p\u00e1gina espec\u00edfica).<\/span><\/p>\t\t\t\t\t\t\t\t<\/div>\n\t\t\t\t<\/div>\n\t\t\t\t<\/div>\n\t\t<div class=\"elementor-element elementor-element-222485e e-con-full e-flex e-con e-child\" data-id=\"222485e\" data-element_type=\"container\">\n\t\t\t\t<div class=\"elementor-element elementor-element-a96953c elementor-widget elementor-widget-image\" data-id=\"a96953c\" data-element_type=\"widget\" data-widget_type=\"image.default\">\n\t\t\t\t<div class=\"elementor-widget-container\">\n\t\t\t\t\t\t\t\t\t\t\t\t\t\t\t<img loading=\"lazy\" decoding=\"async\" width=\"1024\" height=\"1024\" src=\"https:\/\/adicora.org\/caba\/wp-content\/uploads\/2023\/10\/Convocatoria-La-Ninez-EnCanta-1024x1024.png\" class=\"attachment-large size-large wp-image-2736\" alt=\"\" srcset=\"https:\/\/adicora.org\/caba\/wp-content\/uploads\/2023\/10\/Convocatoria-La-Ninez-EnCanta-1024x1024.png 1024w, https:\/\/adicora.org\/caba\/wp-content\/uploads\/2023\/10\/Convocatoria-La-Ninez-EnCanta-300x300.png 300w, https:\/\/adicora.org\/caba\/wp-content\/uploads\/2023\/10\/Convocatoria-La-Ninez-EnCanta-150x150.png 150w, https:\/\/adicora.org\/caba\/wp-content\/uploads\/2023\/10\/Convocatoria-La-Ninez-EnCanta-768x768.png 768w, https:\/\/adicora.org\/caba\/wp-content\/uploads\/2023\/10\/Convocatoria-La-Ninez-EnCanta.png 1080w\" sizes=\"(max-width: 1024px) 100vw, 1024px\" \/>\t\t\t\t\t\t\t\t\t\t\t\t\t\t\t<\/div>\n\t\t\t\t<\/div>\n\t\t\t\t<\/div>\n\t\t\t\t\t<\/div>\n\t\t\t\t<\/div>\n\t\t<div class=\"elementor-element elementor-element-b80d1c1 e-flex e-con-boxed e-con e-parent\" data-id=\"b80d1c1\" data-element_type=\"container\">\n\t\t\t\t\t<div class=\"e-con-inner\">\n\t\t\t\t<div class=\"elementor-element elementor-element-bc796db elementor-widget elementor-widget-heading\" data-id=\"bc796db\" data-element_type=\"widget\" data-widget_type=\"heading.default\">\n\t\t\t\t<div class=\"elementor-widget-container\">\n\t\t\t\t\t<h2 class=\"elementor-heading-title elementor-size-medium\">Pr\u00e1cticas<\/h2>\t\t\t\t<\/div>\n\t\t\t\t<\/div>\n\t\t\t\t\t<\/div>\n\t\t\t\t<\/div>\n\t\t<div class=\"elementor-element elementor-element-fa9ad62 e-flex e-con-boxed e-con e-parent\" data-id=\"fa9ad62\" data-element_type=\"container\">\n\t\t\t\t\t<div class=\"e-con-inner\">\n\t\t\t\t<div class=\"elementor-element elementor-element-92814f3 elementor-widget elementor-widget-text-editor\" data-id=\"92814f3\" data-element_type=\"widget\" data-widget_type=\"text-editor.default\">\n\t\t\t\t<div class=\"elementor-widget-container\">\n\t\t\t\t\t\t\t\t\t<p><span style=\"font-style: inherit; font-weight: inherit;\">En un acercamiento a los responsables de la formaci\u00f3n de directores y directoras de coro en el \u00e1mbito de la ciudad, se les propuso colaborar en esa tarea formativa brindando a los estudiantes la posibilidad de asistir a ensayos y, m\u00e1s adelante, realizar alg\u00fan tipo de pr\u00e1ctica inicial (ense\u00f1ando partes, dirigiendo una obra, etc.) en los coros de nuestros afiliados.\u00a0Este proyecto, para el que ya continuamos trabajando y realizando diversas reuniones, sigue vigente.\u00a0Es muy gratificante para esta comisi\u00f3n comprobar la repercusi\u00f3n que esta propuesta tuvo entre nuestros asociados\/as: en una primera convocatoria, se sumaron 23 colegas con sus respectivos grupos para recibir estudiantes.<\/span><\/p>\t\t\t\t\t\t\t\t<\/div>\n\t\t\t\t<\/div>\n\t\t\t\t\t<\/div>\n\t\t\t\t<\/div>\n\t\t<div class=\"elementor-element elementor-element-d28221f e-flex e-con-boxed e-con e-parent\" data-id=\"d28221f\" data-element_type=\"container\">\n\t\t\t\t\t<div class=\"e-con-inner\">\n\t\t\t\t<div class=\"elementor-element elementor-element-1367563 elementor-widget elementor-widget-heading\" data-id=\"1367563\" data-element_type=\"widget\" data-widget_type=\"heading.default\">\n\t\t\t\t<div class=\"elementor-widget-container\">\n\t\t\t\t\t<h2 class=\"elementor-heading-title elementor-size-medium\">Abrazos Cantores<\/h2>\t\t\t\t<\/div>\n\t\t\t\t<\/div>\n\t\t\t\t\t<\/div>\n\t\t\t\t<\/div>\n\t\t<div class=\"elementor-element elementor-element-c3515b1 e-flex e-con-boxed e-con e-parent\" data-id=\"c3515b1\" data-element_type=\"container\">\n\t\t\t\t\t<div class=\"e-con-inner\">\n\t\t\t\t<div class=\"elementor-element elementor-element-4326392 elementor-widget elementor-widget-text-editor\" data-id=\"4326392\" data-element_type=\"widget\" data-widget_type=\"text-editor.default\">\n\t\t\t\t<div class=\"elementor-widget-container\">\n\t\t\t\t\t\t\t\t\t<p><span style=\"font-style: inherit; font-weight: inherit;\">Estamos realizando gestiones para acercar experiencias de canto comunitario compartido a los adultos mayores. Mediante el contacto con establecimientos de la ciudad, centros de jubilados, y colonias para adultos mayores, estamos arbitrando los medios para acercarles el canto de los grupos interesados en sumarse a esta movida solidaria pensando en los abuelos\/as.<\/span><\/p>\t\t\t\t\t\t\t\t<\/div>\n\t\t\t\t<\/div>\n\t\t\t\t\t<\/div>\n\t\t\t\t<\/div>\n\t\t<div class=\"elementor-element elementor-element-8e4b511 e-flex e-con-boxed e-con e-parent\" data-id=\"8e4b511\" data-element_type=\"container\">\n\t\t\t\t\t<div class=\"e-con-inner\">\n\t\t\t\t<div class=\"elementor-element elementor-element-5ff813e elementor-widget elementor-widget-heading\" data-id=\"5ff813e\" data-element_type=\"widget\" data-widget_type=\"heading.default\">\n\t\t\t\t<div class=\"elementor-widget-container\">\n\t\t\t\t\t<h2 class=\"elementor-heading-title elementor-size-medium\">2as. Jornadas de Pedagog\u00eda de la Direcci\u00f3n Coral<\/h2>\t\t\t\t<\/div>\n\t\t\t\t<\/div>\n\t\t\t\t\t<\/div>\n\t\t\t\t<\/div>\n\t\t<div class=\"elementor-element elementor-element-6c3b907 e-flex e-con-boxed e-con e-parent\" data-id=\"6c3b907\" data-element_type=\"container\">\n\t\t\t\t\t<div class=\"e-con-inner\">\n\t\t<div class=\"elementor-element elementor-element-9c85e6f e-con-full e-flex e-con e-child\" data-id=\"9c85e6f\" data-element_type=\"container\">\n\t\t\t\t<div class=\"elementor-element elementor-element-9ed3e23 elementor-widget elementor-widget-image\" data-id=\"9ed3e23\" data-element_type=\"widget\" data-widget_type=\"image.default\">\n\t\t\t\t<div class=\"elementor-widget-container\">\n\t\t\t\t\t\t\t\t\t\t\t\t\t\t\t<img loading=\"lazy\" decoding=\"async\" width=\"819\" height=\"1024\" src=\"https:\/\/adicora.org\/caba\/wp-content\/uploads\/2024\/07\/Jornadas-de-Pedagogia-Coral-819x1024.jpg\" class=\"attachment-large size-large wp-image-3769\" alt=\"IMAGEN DE PRUEBA\" srcset=\"https:\/\/adicora.org\/caba\/wp-content\/uploads\/2024\/07\/Jornadas-de-Pedagogia-Coral-819x1024.jpg 819w, https:\/\/adicora.org\/caba\/wp-content\/uploads\/2024\/07\/Jornadas-de-Pedagogia-Coral-240x300.jpg 240w, https:\/\/adicora.org\/caba\/wp-content\/uploads\/2024\/07\/Jornadas-de-Pedagogia-Coral-768x960.jpg 768w, https:\/\/adicora.org\/caba\/wp-content\/uploads\/2024\/07\/Jornadas-de-Pedagogia-Coral.jpg 1080w\" sizes=\"(max-width: 819px) 100vw, 819px\" \/>\t\t\t\t\t\t\t\t\t\t\t\t\t\t\t<\/div>\n\t\t\t\t<\/div>\n\t\t\t\t<\/div>\n\t\t<div class=\"elementor-element elementor-element-4381996 e-con-full e-flex e-con e-child\" data-id=\"4381996\" data-element_type=\"container\">\n\t\t\t\t<div class=\"elementor-element elementor-element-d2cc6ef elementor-widget elementor-widget-text-editor\" data-id=\"d2cc6ef\" data-element_type=\"widget\" data-widget_type=\"text-editor.default\">\n\t\t\t\t<div class=\"elementor-widget-container\">\n\t\t\t\t\t\t\t\t\t<div class=\"xyamay9 x1pi30zi xsag5q8 x1swvt13\"><div><div class=\"xyinxu5 x4uap5 x1g2khh7 xkhd6sd\"><span class=\"x193iq5w xeuugli x13faqbe x1vvkbs x1xmvt09 x1lliihq x1s928wv xhkezso x1gmr53x x1cpjm7i x1fgarty x1943h6x xudqn12 x3x7a5m x6prxxf xvq8zen xo1l8bm xzsf02u\" dir=\"auto\"><b><a href=\"https:\/\/musicalesysonoras.una.edu.ar\/agenda\/2as-jornadas-de-pedagogia-de-la-direccion-coral_41655\">REALIZADO<\/a><\/b> &#8211; con la presencia de maestras\/os invitadas\/os de distintas instituciones universitarias del pa\u00eds y el exterior. Las actividades, dirigidas a directores, estudiantes, docentes de m\u00fasica y funcionarios ligados a la educaci\u00f3n musical, se realizaron el 9 y 10 de agosto e incluyeron un foro y tres ensayos abiertos.<br \/><\/span><\/div><\/div><\/div>\t\t\t\t\t\t\t\t<\/div>\n\t\t\t\t<\/div>\n\t\t\t\t<\/div>\n\t\t\t\t\t<\/div>\n\t\t\t\t<\/div>\n\t\t\t\t<\/div>\n\t\t","protected":false},"excerpt":{"rendered":"<p>CONVOCATORIAS&nbsp;PARA DIRECTORES Y DIRECTORAS Ciclos de conciertos ADICORA Desde ADICORA Filial CABA promovemos la realizaci\u00f3n de ciclos de conciertos corales en diversos espacios.\u00a0 Pr\u00f3ximamente publicaremos m\u00e1s llamados. Durante 2023 se desarrollaron dos ciclos de conciertos: uno en la Legislatura Porte\u00f1a y otro en la Usina del Arte. Las fechas disponibles se publicaron a todos los &hellip;<\/p>\n<p class=\"read-more\"> <a class=\"\" href=\"https:\/\/adicora.org\/caba\/convocatorias-directores\/\"> <span class=\"screen-reader-text\">Directores y Directoras<\/span> Leer m\u00e1s &raquo;<\/a><\/p>\n","protected":false},"author":1,"featured_media":0,"parent":0,"menu_order":0,"comment_status":"closed","ping_status":"closed","template":"","meta":{"_eb_attr":"","site-sidebar-layout":"no-sidebar","site-content-layout":"page-builder","ast-site-content-layout":"full-width-container","site-content-style":"unboxed","site-sidebar-style":"unboxed","ast-global-header-display":"","ast-banner-title-visibility":"","ast-main-header-display":"","ast-hfb-above-header-display":"","ast-hfb-below-header-display":"","ast-hfb-mobile-header-display":"","site-post-title":"disabled","ast-breadcrumbs-content":"disabled","ast-featured-img":"disabled","footer-sml-layout":"","theme-transparent-header-meta":"enabled","adv-header-id-meta":"","stick-header-meta":"","header-above-stick-meta":"","header-main-stick-meta":"","header-below-stick-meta":"","astra-migrate-meta-layouts":"set","footnotes":""},"class_list":["post-2519","page","type-page","status-publish","hentry"],"yoast_head":"<!-- This site is optimized with the Yoast SEO plugin v25.1 - https:\/\/yoast.com\/wordpress\/plugins\/seo\/ -->\n<title>Convocatorias - ADICORA filial Ciudad de Buenos Aires<\/title>\n<meta name=\"description\" content=\"Convocatorias de diversa \u00edndole para directores y directoras de coros.\" \/>\n<meta name=\"robots\" content=\"index, follow, max-snippet:-1, max-image-preview:large, max-video-preview:-1\" \/>\n<link rel=\"canonical\" href=\"https:\/\/adicora.org\/caba\/convocatorias-directores\/\" \/>\n<meta property=\"og:locale\" content=\"es_ES\" \/>\n<meta property=\"og:type\" content=\"article\" \/>\n<meta property=\"og:title\" content=\"Convocatorias - ADICORA filial Ciudad de Buenos Aires\" \/>\n<meta property=\"og:description\" content=\"Convocatorias de diversa \u00edndole para directores y directoras de coros.\" \/>\n<meta property=\"og:url\" content=\"https:\/\/adicora.org\/caba\/convocatorias-directores\/\" \/>\n<meta property=\"og:site_name\" content=\"Adicora Filial Ciudad de Buenos Aires\" \/>\n<meta property=\"article:modified_time\" content=\"2025-05-07T15:53:06+00:00\" \/>\n<meta property=\"og:image\" content=\"https:\/\/adicora.org\/caba\/wp-content\/uploads\/2023\/10\/20230812_114345-scaled-e1697573460748.jpg\" \/>\n<meta name=\"twitter:card\" content=\"summary_large_image\" \/>\n<meta name=\"twitter:label1\" content=\"Tiempo de lectura\" \/>\n\t<meta name=\"twitter:data1\" content=\"5 minutos\" \/>\n<script type=\"application\/ld+json\" class=\"yoast-schema-graph\">{\"@context\":\"https:\/\/schema.org\",\"@graph\":[{\"@type\":\"WebPage\",\"@id\":\"https:\/\/adicora.org\/caba\/convocatorias-directores\/\",\"url\":\"https:\/\/adicora.org\/caba\/convocatorias-directores\/\",\"name\":\"Convocatorias - ADICORA filial Ciudad de Buenos Aires\",\"isPartOf\":{\"@id\":\"https:\/\/adicora.org\/caba\/#website\"},\"primaryImageOfPage\":{\"@id\":\"https:\/\/adicora.org\/caba\/convocatorias-directores\/#primaryimage\"},\"image\":{\"@id\":\"https:\/\/adicora.org\/caba\/convocatorias-directores\/#primaryimage\"},\"thumbnailUrl\":\"https:\/\/adicora.org\/caba\/wp-content\/uploads\/2023\/10\/20230812_114345-scaled-e1697573460748.jpg\",\"datePublished\":\"2023-10-17T21:01:08+00:00\",\"dateModified\":\"2025-05-07T15:53:06+00:00\",\"description\":\"Convocatorias de diversa \u00edndole para directores y directoras de coros.\",\"breadcrumb\":{\"@id\":\"https:\/\/adicora.org\/caba\/convocatorias-directores\/#breadcrumb\"},\"inLanguage\":\"es\",\"potentialAction\":[{\"@type\":\"ReadAction\",\"target\":[\"https:\/\/adicora.org\/caba\/convocatorias-directores\/\"]}]},{\"@type\":\"ImageObject\",\"inLanguage\":\"es\",\"@id\":\"https:\/\/adicora.org\/caba\/convocatorias-directores\/#primaryimage\",\"url\":\"https:\/\/adicora.org\/caba\/wp-content\/uploads\/2023\/10\/20230812_114345-scaled-e1697573460748.jpg\",\"contentUrl\":\"https:\/\/adicora.org\/caba\/wp-content\/uploads\/2023\/10\/20230812_114345-scaled-e1697573460748.jpg\",\"width\":2560,\"height\":1493},{\"@type\":\"BreadcrumbList\",\"@id\":\"https:\/\/adicora.org\/caba\/convocatorias-directores\/#breadcrumb\",\"itemListElement\":[{\"@type\":\"ListItem\",\"position\":1,\"name\":\"Portada\",\"item\":\"https:\/\/adicora.org\/caba\/\"},{\"@type\":\"ListItem\",\"position\":2,\"name\":\"Directores y Directoras\"}]},{\"@type\":\"WebSite\",\"@id\":\"https:\/\/adicora.org\/caba\/#website\",\"url\":\"https:\/\/adicora.org\/caba\/\",\"name\":\"Adicora Filial Ciudad de Buenos Aires\",\"description\":\"\",\"publisher\":{\"@id\":\"https:\/\/adicora.org\/caba\/#organization\"},\"potentialAction\":[{\"@type\":\"SearchAction\",\"target\":{\"@type\":\"EntryPoint\",\"urlTemplate\":\"https:\/\/adicora.org\/caba\/?s={search_term_string}\"},\"query-input\":{\"@type\":\"PropertyValueSpecification\",\"valueRequired\":true,\"valueName\":\"search_term_string\"}}],\"inLanguage\":\"es\"},{\"@type\":\"Organization\",\"@id\":\"https:\/\/adicora.org\/caba\/#organization\",\"name\":\"Adicora Filial Ciudad de Buenos Aires\",\"url\":\"https:\/\/adicora.org\/caba\/\",\"logo\":{\"@type\":\"ImageObject\",\"inLanguage\":\"es\",\"@id\":\"https:\/\/adicora.org\/caba\/#\/schema\/logo\/image\/\",\"url\":\"https:\/\/adicora.org\/caba\/wp-content\/uploads\/2025\/10\/adicora-in-memoriam.png\",\"contentUrl\":\"https:\/\/adicora.org\/caba\/wp-content\/uploads\/2025\/10\/adicora-in-memoriam.png\",\"width\":435,\"height\":573,\"caption\":\"Adicora Filial Ciudad de Buenos Aires\"},\"image\":{\"@id\":\"https:\/\/adicora.org\/caba\/#\/schema\/logo\/image\/\"}}]}<\/script>\n<!-- \/ Yoast SEO plugin. -->","yoast_head_json":{"title":"Convocatorias - ADICORA filial Ciudad de Buenos Aires","description":"Convocatorias de diversa \u00edndole para directores y directoras de coros.","robots":{"index":"index","follow":"follow","max-snippet":"max-snippet:-1","max-image-preview":"max-image-preview:large","max-video-preview":"max-video-preview:-1"},"canonical":"https:\/\/adicora.org\/caba\/convocatorias-directores\/","og_locale":"es_ES","og_type":"article","og_title":"Convocatorias - ADICORA filial Ciudad de Buenos Aires","og_description":"Convocatorias de diversa \u00edndole para directores y directoras de coros.","og_url":"https:\/\/adicora.org\/caba\/convocatorias-directores\/","og_site_name":"Adicora Filial Ciudad de Buenos Aires","article_modified_time":"2025-05-07T15:53:06+00:00","og_image":[{"url":"https:\/\/adicora.org\/caba\/wp-content\/uploads\/2023\/10\/20230812_114345-scaled-e1697573460748.jpg","type":"","width":"","height":""}],"twitter_card":"summary_large_image","twitter_misc":{"Tiempo de lectura":"5 minutos"},"schema":{"@context":"https:\/\/schema.org","@graph":[{"@type":"WebPage","@id":"https:\/\/adicora.org\/caba\/convocatorias-directores\/","url":"https:\/\/adicora.org\/caba\/convocatorias-directores\/","name":"Convocatorias - ADICORA filial Ciudad de Buenos Aires","isPartOf":{"@id":"https:\/\/adicora.org\/caba\/#website"},"primaryImageOfPage":{"@id":"https:\/\/adicora.org\/caba\/convocatorias-directores\/#primaryimage"},"image":{"@id":"https:\/\/adicora.org\/caba\/convocatorias-directores\/#primaryimage"},"thumbnailUrl":"https:\/\/adicora.org\/caba\/wp-content\/uploads\/2023\/10\/20230812_114345-scaled-e1697573460748.jpg","datePublished":"2023-10-17T21:01:08+00:00","dateModified":"2025-05-07T15:53:06+00:00","description":"Convocatorias de diversa \u00edndole para directores y directoras de coros.","breadcrumb":{"@id":"https:\/\/adicora.org\/caba\/convocatorias-directores\/#breadcrumb"},"inLanguage":"es","potentialAction":[{"@type":"ReadAction","target":["https:\/\/adicora.org\/caba\/convocatorias-directores\/"]}]},{"@type":"ImageObject","inLanguage":"es","@id":"https:\/\/adicora.org\/caba\/convocatorias-directores\/#primaryimage","url":"https:\/\/adicora.org\/caba\/wp-content\/uploads\/2023\/10\/20230812_114345-scaled-e1697573460748.jpg","contentUrl":"https:\/\/adicora.org\/caba\/wp-content\/uploads\/2023\/10\/20230812_114345-scaled-e1697573460748.jpg","width":2560,"height":1493},{"@type":"BreadcrumbList","@id":"https:\/\/adicora.org\/caba\/convocatorias-directores\/#breadcrumb","itemListElement":[{"@type":"ListItem","position":1,"name":"Portada","item":"https:\/\/adicora.org\/caba\/"},{"@type":"ListItem","position":2,"name":"Directores y Directoras"}]},{"@type":"WebSite","@id":"https:\/\/adicora.org\/caba\/#website","url":"https:\/\/adicora.org\/caba\/","name":"Adicora Filial Ciudad de Buenos Aires","description":"","publisher":{"@id":"https:\/\/adicora.org\/caba\/#organization"},"potentialAction":[{"@type":"SearchAction","target":{"@type":"EntryPoint","urlTemplate":"https:\/\/adicora.org\/caba\/?s={search_term_string}"},"query-input":{"@type":"PropertyValueSpecification","valueRequired":true,"valueName":"search_term_string"}}],"inLanguage":"es"},{"@type":"Organization","@id":"https:\/\/adicora.org\/caba\/#organization","name":"Adicora Filial Ciudad de Buenos Aires","url":"https:\/\/adicora.org\/caba\/","logo":{"@type":"ImageObject","inLanguage":"es","@id":"https:\/\/adicora.org\/caba\/#\/schema\/logo\/image\/","url":"https:\/\/adicora.org\/caba\/wp-content\/uploads\/2025\/10\/adicora-in-memoriam.png","contentUrl":"https:\/\/adicora.org\/caba\/wp-content\/uploads\/2025\/10\/adicora-in-memoriam.png","width":435,"height":573,"caption":"Adicora Filial Ciudad de Buenos Aires"},"image":{"@id":"https:\/\/adicora.org\/caba\/#\/schema\/logo\/image\/"}}]}},"_links":{"self":[{"href":"https:\/\/adicora.org\/caba\/wp-json\/wp\/v2\/pages\/2519","targetHints":{"allow":["GET"]}}],"collection":[{"href":"https:\/\/adicora.org\/caba\/wp-json\/wp\/v2\/pages"}],"about":[{"href":"https:\/\/adicora.org\/caba\/wp-json\/wp\/v2\/types\/page"}],"author":[{"embeddable":true,"href":"https:\/\/adicora.org\/caba\/wp-json\/wp\/v2\/users\/1"}],"replies":[{"embeddable":true,"href":"https:\/\/adicora.org\/caba\/wp-json\/wp\/v2\/comments?post=2519"}],"version-history":[{"count":116,"href":"https:\/\/adicora.org\/caba\/wp-json\/wp\/v2\/pages\/2519\/revisions"}],"predecessor-version":[{"id":4278,"href":"https:\/\/adicora.org\/caba\/wp-json\/wp\/v2\/pages\/2519\/revisions\/4278"}],"wp:attachment":[{"href":"https:\/\/adicora.org\/caba\/wp-json\/wp\/v2\/media?parent=2519"}],"curies":[{"name":"wp","href":"https:\/\/api.w.org\/{rel}","templated":true}]}}