{"id":1440,"date":"2021-05-19T07:40:40","date_gmt":"2021-05-19T10:40:40","guid":{"rendered":"https:\/\/adicora.org\/caba\/index.php\/about\/"},"modified":"2025-07-12T12:48:53","modified_gmt":"2025-07-12T15:48:53","slug":"quienessomos","status":"publish","type":"page","link":"https:\/\/adicora.org\/caba\/quienessomos\/","title":{"rendered":"Qui\u00e9nes somos"},"content":{"rendered":"\t\t<div data-elementor-type=\"wp-page\" data-elementor-id=\"1440\" class=\"elementor elementor-1440\">\n\t\t\t\t\t\t<section class=\"elementor-section elementor-top-section elementor-element elementor-element-ca6f879 elementor-section-height-min-height elementor-reverse-mobile elementor-section-boxed elementor-section-height-default elementor-section-items-middle\" data-id=\"ca6f879\" data-element_type=\"section\" data-settings=\"{&quot;background_background&quot;:&quot;classic&quot;}\">\n\t\t\t\t\t\t\t<div class=\"elementor-background-overlay\"><\/div>\n\t\t\t\t\t\t\t<div class=\"elementor-container elementor-column-gap-no\">\n\t\t\t\t\t<div class=\"elementor-column elementor-col-50 elementor-top-column elementor-element elementor-element-4ea8cc7\" data-id=\"4ea8cc7\" data-element_type=\"column\">\n\t\t\t<div class=\"elementor-widget-wrap elementor-element-populated\">\n\t\t\t\t\t\t<div class=\"elementor-element elementor-element-3111399 elementor-widget elementor-widget-heading\" data-id=\"3111399\" data-element_type=\"widget\" data-widget_type=\"heading.default\">\n\t\t\t\t<div class=\"elementor-widget-container\">\n\t\t\t\t\t<h1 class=\"elementor-heading-title elementor-size-xl\">QUI\u00c9NES SOMOS<\/h1>\t\t\t\t<\/div>\n\t\t\t\t<\/div>\n\t\t\t\t\t<\/div>\n\t\t<\/div>\n\t\t\t\t<div class=\"elementor-column elementor-col-50 elementor-top-column elementor-element elementor-element-37226cc\" data-id=\"37226cc\" data-element_type=\"column\">\n\t\t\t<div class=\"elementor-widget-wrap elementor-element-populated\">\n\t\t\t\t\t\t<div class=\"elementor-element elementor-element-a2a62d8 elementor-widget elementor-widget-image\" data-id=\"a2a62d8\" data-element_type=\"widget\" data-widget_type=\"image.default\">\n\t\t\t\t<div class=\"elementor-widget-container\">\n\t\t\t\t\t\t\t\t\t\t\t\t\t\t\t<img fetchpriority=\"high\" decoding=\"async\" width=\"300\" height=\"300\" src=\"https:\/\/adicora.org\/caba\/wp-content\/uploads\/2021\/05\/Logo-Adicora-Caba-300x300.png\" class=\"attachment-medium size-medium wp-image-2723\" alt=\"ADICORA Filial Ciudad de Buenos Aires\" srcset=\"https:\/\/adicora.org\/caba\/wp-content\/uploads\/2021\/05\/Logo-Adicora-Caba-300x300.png 300w, https:\/\/adicora.org\/caba\/wp-content\/uploads\/2021\/05\/Logo-Adicora-Caba-1024x1024.png 1024w, https:\/\/adicora.org\/caba\/wp-content\/uploads\/2021\/05\/Logo-Adicora-Caba-150x150.png 150w, https:\/\/adicora.org\/caba\/wp-content\/uploads\/2021\/05\/Logo-Adicora-Caba-768x768.png 768w, https:\/\/adicora.org\/caba\/wp-content\/uploads\/2021\/05\/Logo-Adicora-Caba.png 1080w\" sizes=\"(max-width: 300px) 100vw, 300px\" \/>\t\t\t\t\t\t\t\t\t\t\t\t\t\t\t<\/div>\n\t\t\t\t<\/div>\n\t\t\t\t\t<\/div>\n\t\t<\/div>\n\t\t\t\t\t<\/div>\n\t\t<\/section>\n\t\t<div class=\"elementor-element elementor-element-28a401a e-flex e-con-boxed e-con e-parent\" data-id=\"28a401a\" data-element_type=\"container\" data-settings=\"{&quot;background_background&quot;:&quot;gradient&quot;}\">\n\t\t\t\t\t<div class=\"e-con-inner\">\n\t\t<div class=\"elementor-element elementor-element-4751b6a e-con-full e-flex e-con e-child\" data-id=\"4751b6a\" data-element_type=\"container\">\n\t\t\t\t<div class=\"elementor-element elementor-element-a7825aa elementor-widget elementor-widget-text-editor\" data-id=\"a7825aa\" data-element_type=\"widget\" data-widget_type=\"text-editor.default\">\n\t\t\t\t<div class=\"elementor-widget-container\">\n\t\t\t\t\t\t\t\t\t<p>Somos parte de la Asociaci\u00f3n de Directores de Coro de la Rep\u00fablica Argentina\u00a0 \u2013ADICORA\u2013 una entidad sin fines de lucro fundada en febrero de 2003 en la Ciudad de C\u00f3rdoba, Argentina. Desde su creaci\u00f3n ADICORA ha desplegado una enorme actividad organizando cursos de perfeccionamiento, jornadas de especializaci\u00f3n e importantes ciclos de conciertos. Su gesti\u00f3n a lo largo del territorio nacional es llevada a cabo a trav\u00e9s de 15 filiales y 4 delegaciones ubicadas en las provincias del pa\u00eds. Nuestra Filial Ciudad de Buenos Aires fue creada en el mismo a\u00f1o de la fundaci\u00f3n de <a href=\"https:\/\/adicora.org\/\">ADICORA Nacional,<\/a> cumpliendo 20 a\u00f1os este a\u00f1o.<\/p>\t\t\t\t\t\t\t\t<\/div>\n\t\t\t\t<\/div>\n\t\t\t\t<\/div>\n\t\t<div class=\"elementor-element elementor-element-08245ac e-con-full e-flex e-con e-child\" data-id=\"08245ac\" data-element_type=\"container\">\n\t\t\t\t<div class=\"elementor-element elementor-element-bfcf2a1 elementor-widget elementor-widget-image\" data-id=\"bfcf2a1\" data-element_type=\"widget\" data-widget_type=\"image.default\">\n\t\t\t\t<div class=\"elementor-widget-container\">\n\t\t\t\t\t\t\t\t\t\t\t\t\t\t\t<img decoding=\"async\" src=\"https:\/\/adicora.org\/caba\/wp-content\/uploads\/elementor\/thumbs\/Adicora_20_anos_final_CABA-rkd4zgkx72m4w1ctss2ayc3dkl4ei1cb8jr9e6ht2q.png\" title=\"Adicora_20_a\u00f1os_final_CABA\" alt=\"Adicora_20_a\u00f1os_final_CABA\" loading=\"lazy\" \/>\t\t\t\t\t\t\t\t\t\t\t\t\t\t\t<\/div>\n\t\t\t\t<\/div>\n\t\t\t\t<\/div>\n\t\t\t\t\t<\/div>\n\t\t\t\t<\/div>\n\t\t<div class=\"elementor-element elementor-element-60bca3f e-flex e-con-boxed e-con e-parent\" data-id=\"60bca3f\" data-element_type=\"container\">\n\t\t\t\t\t<div class=\"e-con-inner\">\n\t\t\t\t<div class=\"elementor-element elementor-element-98150be elementor-widget elementor-widget-image\" data-id=\"98150be\" data-element_type=\"widget\" data-widget_type=\"image.default\">\n\t\t\t\t<div class=\"elementor-widget-container\">\n\t\t\t\t\t\t\t\t\t\t\t\t\t\t\t\t<a href=\"https:\/\/goldberg-verlag.com\/es\/inicio\/\">\n\t\t\t\t\t\t\t<img decoding=\"async\" width=\"300\" height=\"150\" src=\"https:\/\/adicora.org\/caba\/wp-content\/uploads\/2023\/10\/Banner-de-Goldberg-300x150.png\" class=\"attachment-medium size-medium wp-image-2336\" alt=\"\" srcset=\"https:\/\/adicora.org\/caba\/wp-content\/uploads\/2023\/10\/Banner-de-Goldberg-300x150.png 300w, https:\/\/adicora.org\/caba\/wp-content\/uploads\/2023\/10\/Banner-de-Goldberg-1024x512.png 1024w, https:\/\/adicora.org\/caba\/wp-content\/uploads\/2023\/10\/Banner-de-Goldberg-768x384.png 768w, https:\/\/adicora.org\/caba\/wp-content\/uploads\/2023\/10\/Banner-de-Goldberg-1536x768.png 1536w, https:\/\/adicora.org\/caba\/wp-content\/uploads\/2023\/10\/Banner-de-Goldberg-2048x1024.png 2048w\" sizes=\"(max-width: 300px) 100vw, 300px\" \/>\t\t\t\t\t\t\t\t<\/a>\n\t\t\t\t\t\t\t\t\t\t\t\t\t\t\t<\/div>\n\t\t\t\t<\/div>\n\t\t\t\t\t<\/div>\n\t\t\t\t<\/div>\n\t\t<div class=\"elementor-element elementor-element-3b43f73 e-flex e-con-boxed e-con e-parent\" data-id=\"3b43f73\" data-element_type=\"container\">\n\t\t\t\t\t<div class=\"e-con-inner\">\n\t\t\t\t<div class=\"elementor-element elementor-element-54c0aa9 elementor-widget elementor-widget-heading\" data-id=\"54c0aa9\" data-element_type=\"widget\" data-widget_type=\"heading.default\">\n\t\t\t\t<div class=\"elementor-widget-container\">\n\t\t\t\t\t<h2 class=\"elementor-heading-title elementor-size-medium\">Comisi\u00f3n Directiva<\/h2>\t\t\t\t<\/div>\n\t\t\t\t<\/div>\n\t\t\t\t\t<\/div>\n\t\t\t\t<\/div>\n\t\t<div class=\"elementor-element elementor-element-f08fef3 e-flex e-con-boxed e-con e-parent\" data-id=\"f08fef3\" data-element_type=\"container\">\n\t\t\t\t\t<div class=\"e-con-inner\">\n\t\t<div class=\"elementor-element elementor-element-d35d4ae e-con-full e-flex e-con e-child\" data-id=\"d35d4ae\" data-element_type=\"container\">\n\t\t\t\t<div class=\"elementor-element elementor-element-4075b47 elementor-widget elementor-widget-image\" data-id=\"4075b47\" data-element_type=\"widget\" data-widget_type=\"image.default\">\n\t\t\t\t<div class=\"elementor-widget-container\">\n\t\t\t\t\t\t\t\t\t\t\t\t<figure class=\"wp-caption\">\n\t\t\t\t\t\t\t\t\t\t<img decoding=\"async\" width=\"150\" height=\"150\" src=\"https:\/\/adicora.org\/caba\/wp-content\/uploads\/2023\/10\/Maxi-Mancuso-150x150.png\" class=\"attachment-thumbnail size-thumbnail wp-image-2305\" alt=\"\" srcset=\"https:\/\/adicora.org\/caba\/wp-content\/uploads\/2023\/10\/Maxi-Mancuso-150x150.png 150w, https:\/\/adicora.org\/caba\/wp-content\/uploads\/2023\/10\/Maxi-Mancuso-300x300.png 300w, https:\/\/adicora.org\/caba\/wp-content\/uploads\/2023\/10\/Maxi-Mancuso-1024x1024.png 1024w, https:\/\/adicora.org\/caba\/wp-content\/uploads\/2023\/10\/Maxi-Mancuso-768x768.png 768w, https:\/\/adicora.org\/caba\/wp-content\/uploads\/2023\/10\/Maxi-Mancuso.png 1080w\" sizes=\"(max-width: 150px) 100vw, 150px\" \/>\t\t\t\t\t\t\t\t\t\t\t<figcaption class=\"widget-image-caption wp-caption-text\">Presidente: Maximiliano Mancuso<\/figcaption>\n\t\t\t\t\t\t\t\t\t\t<\/figure>\n\t\t\t\t\t\t\t\t\t<\/div>\n\t\t\t\t<\/div>\n\t\t\t\t<\/div>\n\t\t<div class=\"elementor-element elementor-element-a35809e e-con-full e-flex e-con e-child\" data-id=\"a35809e\" data-element_type=\"container\">\n\t\t\t\t<div class=\"elementor-element elementor-element-565b0b4 elementor-widget elementor-widget-image\" data-id=\"565b0b4\" data-element_type=\"widget\" data-widget_type=\"image.default\">\n\t\t\t\t<div class=\"elementor-widget-container\">\n\t\t\t\t\t\t\t\t\t\t\t\t<figure class=\"wp-caption\">\n\t\t\t\t\t\t\t\t\t\t<img loading=\"lazy\" decoding=\"async\" width=\"150\" height=\"150\" src=\"https:\/\/adicora.org\/caba\/wp-content\/uploads\/2023\/10\/Pablo-Stocco-150x150.png\" class=\"attachment-thumbnail size-thumbnail wp-image-2326\" alt=\"\" srcset=\"https:\/\/adicora.org\/caba\/wp-content\/uploads\/2023\/10\/Pablo-Stocco-150x150.png 150w, https:\/\/adicora.org\/caba\/wp-content\/uploads\/2023\/10\/Pablo-Stocco-300x300.png 300w, https:\/\/adicora.org\/caba\/wp-content\/uploads\/2023\/10\/Pablo-Stocco-1024x1024.png 1024w, https:\/\/adicora.org\/caba\/wp-content\/uploads\/2023\/10\/Pablo-Stocco-768x768.png 768w, https:\/\/adicora.org\/caba\/wp-content\/uploads\/2023\/10\/Pablo-Stocco.png 1080w\" sizes=\"(max-width: 150px) 100vw, 150px\" \/>\t\t\t\t\t\t\t\t\t\t\t<figcaption class=\"widget-image-caption wp-caption-text\">Secretario: Pablo Stocco<\/figcaption>\n\t\t\t\t\t\t\t\t\t\t<\/figure>\n\t\t\t\t\t\t\t\t\t<\/div>\n\t\t\t\t<\/div>\n\t\t\t\t<\/div>\n\t\t<div class=\"elementor-element elementor-element-a21da64 e-con-full e-flex e-con e-child\" data-id=\"a21da64\" data-element_type=\"container\">\n\t\t\t\t<div class=\"elementor-element elementor-element-7f70a36 elementor-widget elementor-widget-image\" data-id=\"7f70a36\" data-element_type=\"widget\" data-widget_type=\"image.default\">\n\t\t\t\t<div class=\"elementor-widget-container\">\n\t\t\t\t\t\t\t\t\t\t\t\t<figure class=\"wp-caption\">\n\t\t\t\t\t\t\t\t\t\t<img loading=\"lazy\" decoding=\"async\" width=\"150\" height=\"150\" src=\"https:\/\/adicora.org\/caba\/wp-content\/uploads\/2023\/10\/Gustavo-Duro-150x150.png\" class=\"attachment-thumbnail size-thumbnail wp-image-2306\" alt=\"\" srcset=\"https:\/\/adicora.org\/caba\/wp-content\/uploads\/2023\/10\/Gustavo-Duro-150x150.png 150w, https:\/\/adicora.org\/caba\/wp-content\/uploads\/2023\/10\/Gustavo-Duro-300x300.png 300w, https:\/\/adicora.org\/caba\/wp-content\/uploads\/2023\/10\/Gustavo-Duro-1024x1024.png 1024w, https:\/\/adicora.org\/caba\/wp-content\/uploads\/2023\/10\/Gustavo-Duro-768x768.png 768w, https:\/\/adicora.org\/caba\/wp-content\/uploads\/2023\/10\/Gustavo-Duro.png 1080w\" sizes=\"(max-width: 150px) 100vw, 150px\" \/>\t\t\t\t\t\t\t\t\t\t\t<figcaption class=\"widget-image-caption wp-caption-text\">Tesorero: Gustavo Duro<\/figcaption>\n\t\t\t\t\t\t\t\t\t\t<\/figure>\n\t\t\t\t\t\t\t\t\t<\/div>\n\t\t\t\t<\/div>\n\t\t\t\t<\/div>\n\t\t<div class=\"elementor-element elementor-element-ded859f e-con-full e-flex e-con e-child\" data-id=\"ded859f\" data-element_type=\"container\">\n\t\t\t\t<\/div>\n\t\t<div class=\"elementor-element elementor-element-559f6a1 e-con-full e-flex e-con e-child\" data-id=\"559f6a1\" data-element_type=\"container\">\n\t\t\t\t<\/div>\n\t\t\t\t\t<\/div>\n\t\t\t\t<\/div>\n\t\t<div class=\"elementor-element elementor-element-80dcc6a e-flex e-con-boxed e-con e-parent\" data-id=\"80dcc6a\" data-element_type=\"container\">\n\t\t\t\t\t<div class=\"e-con-inner\">\n\t\t\t\t<div class=\"elementor-element elementor-element-702f8ac elementor-widget elementor-widget-image\" data-id=\"702f8ac\" data-element_type=\"widget\" data-widget_type=\"image.default\">\n\t\t\t\t<div class=\"elementor-widget-container\">\n\t\t\t\t\t\t\t\t\t\t\t\t\t\t\t\t<a href=\"https:\/\/edicionesgcc.org.ar\/\">\n\t\t\t\t\t\t\t<img loading=\"lazy\" decoding=\"async\" width=\"300\" height=\"150\" src=\"https:\/\/adicora.org\/caba\/wp-content\/uploads\/2023\/10\/Banner-de-GCC-300x150.png\" class=\"attachment-medium size-medium wp-image-2481\" alt=\"\" srcset=\"https:\/\/adicora.org\/caba\/wp-content\/uploads\/2023\/10\/Banner-de-GCC-300x150.png 300w, https:\/\/adicora.org\/caba\/wp-content\/uploads\/2023\/10\/Banner-de-GCC-1024x512.png 1024w, https:\/\/adicora.org\/caba\/wp-content\/uploads\/2023\/10\/Banner-de-GCC-768x384.png 768w, https:\/\/adicora.org\/caba\/wp-content\/uploads\/2023\/10\/Banner-de-GCC-1536x768.png 1536w, https:\/\/adicora.org\/caba\/wp-content\/uploads\/2023\/10\/Banner-de-GCC-2048x1024.png 2048w\" sizes=\"(max-width: 300px) 100vw, 300px\" \/>\t\t\t\t\t\t\t\t<\/a>\n\t\t\t\t\t\t\t\t\t\t\t\t\t\t\t<\/div>\n\t\t\t\t<\/div>\n\t\t\t\t\t<\/div>\n\t\t\t\t<\/div>\n\t\t<div class=\"elementor-element elementor-element-b2b7108 e-flex e-con-boxed e-con e-parent\" data-id=\"b2b7108\" data-element_type=\"container\">\n\t\t\t\t\t<div class=\"e-con-inner\">\n\t\t<div class=\"elementor-element elementor-element-c50525d e-con-full e-flex e-con e-child\" data-id=\"c50525d\" data-element_type=\"container\">\n\t\t\t\t<\/div>\n\t\t<div class=\"elementor-element elementor-element-c2ce057 e-con-full e-flex e-con e-child\" data-id=\"c2ce057\" data-element_type=\"container\">\n\t\t\t\t<\/div>\n\t\t<div class=\"elementor-element elementor-element-150fa4c e-con-full e-flex e-con e-child\" data-id=\"150fa4c\" data-element_type=\"container\">\n\t\t\t\t<\/div>\n\t\t<div class=\"elementor-element elementor-element-0b548f6 e-con-full e-flex e-con e-child\" data-id=\"0b548f6\" data-element_type=\"container\">\n\t\t\t\t<div class=\"elementor-element elementor-element-74566ba elementor-widget elementor-widget-image\" data-id=\"74566ba\" data-element_type=\"widget\" data-widget_type=\"image.default\">\n\t\t\t\t<div class=\"elementor-widget-container\">\n\t\t\t\t\t\t\t\t\t\t\t\t<figure class=\"wp-caption\">\n\t\t\t\t\t\t\t\t\t\t<img loading=\"lazy\" decoding=\"async\" width=\"150\" height=\"150\" src=\"https:\/\/adicora.org\/caba\/wp-content\/uploads\/2023\/10\/Clarisa-Alvarez-150x150.png\" class=\"attachment-thumbnail size-thumbnail wp-image-2307\" alt=\"\" srcset=\"https:\/\/adicora.org\/caba\/wp-content\/uploads\/2023\/10\/Clarisa-Alvarez-150x150.png 150w, https:\/\/adicora.org\/caba\/wp-content\/uploads\/2023\/10\/Clarisa-Alvarez-300x300.png 300w, https:\/\/adicora.org\/caba\/wp-content\/uploads\/2023\/10\/Clarisa-Alvarez-1024x1024.png 1024w, https:\/\/adicora.org\/caba\/wp-content\/uploads\/2023\/10\/Clarisa-Alvarez-768x768.png 768w, https:\/\/adicora.org\/caba\/wp-content\/uploads\/2023\/10\/Clarisa-Alvarez.png 1080w\" sizes=\"(max-width: 150px) 100vw, 150px\" \/>\t\t\t\t\t\t\t\t\t\t\t<figcaption class=\"widget-image-caption wp-caption-text\">Vocal 1ra: Clarisa \u00c1lvarez<\/figcaption>\n\t\t\t\t\t\t\t\t\t\t<\/figure>\n\t\t\t\t\t\t\t\t\t<\/div>\n\t\t\t\t<\/div>\n\t\t\t\t<\/div>\n\t\t<div class=\"elementor-element elementor-element-869ec1f e-con-full e-flex e-con e-child\" data-id=\"869ec1f\" data-element_type=\"container\">\n\t\t\t\t<div class=\"elementor-element elementor-element-903d22c elementor-widget elementor-widget-image\" data-id=\"903d22c\" data-element_type=\"widget\" data-widget_type=\"image.default\">\n\t\t\t\t<div class=\"elementor-widget-container\">\n\t\t\t\t\t\t\t\t\t\t\t\t<figure class=\"wp-caption\">\n\t\t\t\t\t\t\t\t\t\t<img loading=\"lazy\" decoding=\"async\" width=\"150\" height=\"150\" src=\"https:\/\/adicora.org\/caba\/wp-content\/uploads\/2025\/05\/Foto-mauro-150x150.jpg\" class=\"attachment-thumbnail size-thumbnail wp-image-4212\" alt=\"Mauro Ferreira\" \/>\t\t\t\t\t\t\t\t\t\t\t<figcaption class=\"widget-image-caption wp-caption-text\">Vocal 2do: Mauro Ferreira<\/figcaption>\n\t\t\t\t\t\t\t\t\t\t<\/figure>\n\t\t\t\t\t\t\t\t\t<\/div>\n\t\t\t\t<\/div>\n\t\t\t\t<\/div>\n\t\t<div class=\"elementor-element elementor-element-c02577a e-con-full e-flex e-con e-child\" data-id=\"c02577a\" data-element_type=\"container\">\n\t\t\t\t<div class=\"elementor-element elementor-element-0535e8a elementor-widget elementor-widget-image\" data-id=\"0535e8a\" data-element_type=\"widget\" data-widget_type=\"image.default\">\n\t\t\t\t<div class=\"elementor-widget-container\">\n\t\t\t\t\t\t\t\t\t\t\t\t<figure class=\"wp-caption\">\n\t\t\t\t\t\t\t\t\t\t<img loading=\"lazy\" decoding=\"async\" width=\"150\" height=\"150\" src=\"https:\/\/adicora.org\/caba\/wp-content\/uploads\/2025\/05\/JuanPabloVercesi-12-2000-150x150.jpg\" class=\"attachment-thumbnail size-thumbnail wp-image-4213\" alt=\"Juan Pablo Vercesi\" \/>\t\t\t\t\t\t\t\t\t\t\t<figcaption class=\"widget-image-caption wp-caption-text\">Vocal 3ro: Juan Pablo Vercesi<\/figcaption>\n\t\t\t\t\t\t\t\t\t\t<\/figure>\n\t\t\t\t\t\t\t\t\t<\/div>\n\t\t\t\t<\/div>\n\t\t\t\t<\/div>\n\t\t\t\t\t<\/div>\n\t\t\t\t<\/div>\n\t\t<div class=\"elementor-element elementor-element-bc265e5 e-flex e-con-boxed e-con e-parent\" data-id=\"bc265e5\" data-element_type=\"container\">\n\t\t\t\t\t<div class=\"e-con-inner\">\n\t\t\t\t<div class=\"elementor-element elementor-element-99dbcf5 elementor-widget elementor-widget-image\" data-id=\"99dbcf5\" data-element_type=\"widget\" data-widget_type=\"image.default\">\n\t\t\t\t<div class=\"elementor-widget-container\">\n\t\t\t\t\t\t\t\t\t\t\t\t\t\t\t\t<a href=\"https:\/\/comcorar.com\/\">\n\t\t\t\t\t\t\t<img loading=\"lazy\" decoding=\"async\" width=\"300\" height=\"150\" src=\"https:\/\/adicora.org\/caba\/wp-content\/uploads\/2023\/10\/Banner-de-ComCorAr-300x150.png\" class=\"attachment-medium size-medium wp-image-2769\" alt=\"\" srcset=\"https:\/\/adicora.org\/caba\/wp-content\/uploads\/2023\/10\/Banner-de-ComCorAr-300x150.png 300w, https:\/\/adicora.org\/caba\/wp-content\/uploads\/2023\/10\/Banner-de-ComCorAr-1024x512.png 1024w, https:\/\/adicora.org\/caba\/wp-content\/uploads\/2023\/10\/Banner-de-ComCorAr-768x384.png 768w, https:\/\/adicora.org\/caba\/wp-content\/uploads\/2023\/10\/Banner-de-ComCorAr-1536x768.png 1536w, https:\/\/adicora.org\/caba\/wp-content\/uploads\/2023\/10\/Banner-de-ComCorAr-2048x1024.png 2048w\" sizes=\"(max-width: 300px) 100vw, 300px\" \/>\t\t\t\t\t\t\t\t<\/a>\n\t\t\t\t\t\t\t\t\t\t\t\t\t\t\t<\/div>\n\t\t\t\t<\/div>\n\t\t\t\t\t<\/div>\n\t\t\t\t<\/div>\n\t\t<div class=\"elementor-element elementor-element-4705a97 e-flex e-con-boxed e-con e-parent\" data-id=\"4705a97\" data-element_type=\"container\">\n\t\t\t\t\t<div class=\"e-con-inner\">\n\t\t<div class=\"elementor-element elementor-element-8e033f8 e-con-full e-flex e-con e-child\" data-id=\"8e033f8\" data-element_type=\"container\">\n\t\t\t\t<\/div>\n\t\t<div class=\"elementor-element elementor-element-38d37fe e-con-full e-flex e-con e-child\" data-id=\"38d37fe\" data-element_type=\"container\">\n\t\t\t\t<div class=\"elementor-element elementor-element-c27db1c elementor-widget elementor-widget-image\" data-id=\"c27db1c\" data-element_type=\"widget\" data-widget_type=\"image.default\">\n\t\t\t\t<div class=\"elementor-widget-container\">\n\t\t\t\t\t\t\t\t\t\t\t\t<figure class=\"wp-caption\">\n\t\t\t\t\t\t\t\t\t\t<img loading=\"lazy\" decoding=\"async\" width=\"150\" height=\"150\" src=\"https:\/\/adicora.org\/caba\/wp-content\/uploads\/2025\/05\/Vio-Manoukian-150x150.jpg\" class=\"attachment-thumbnail size-thumbnail wp-image-4214\" alt=\"Violeta Manoukian\" \/>\t\t\t\t\t\t\t\t\t\t\t<figcaption class=\"widget-image-caption wp-caption-text\">Revisora de cuentas: Violeta Manoukian<\/figcaption>\n\t\t\t\t\t\t\t\t\t\t<\/figure>\n\t\t\t\t\t\t\t\t\t<\/div>\n\t\t\t\t<\/div>\n\t\t\t\t<\/div>\n\t\t<div class=\"elementor-element elementor-element-734bdd8 e-con-full e-flex e-con e-child\" data-id=\"734bdd8\" data-element_type=\"container\">\n\t\t\t\t<\/div>\n\t\t<div class=\"elementor-element elementor-element-d779d93 e-con-full e-flex e-con e-child\" data-id=\"d779d93\" data-element_type=\"container\">\n\t\t\t\t<\/div>\n\t\t<div class=\"elementor-element elementor-element-bdc5523 e-con-full e-flex e-con e-child\" data-id=\"bdc5523\" data-element_type=\"container\">\n\t\t\t\t<\/div>\n\t\t<div class=\"elementor-element elementor-element-024810d e-con-full e-flex e-con e-child\" data-id=\"024810d\" data-element_type=\"container\">\n\t\t\t\t<\/div>\n\t\t\t\t\t<\/div>\n\t\t\t\t<\/div>\n\t\t\t\t<\/div>\n\t\t","protected":false},"excerpt":{"rendered":"<p>QUI\u00c9NES SOMOS Somos parte de la Asociaci\u00f3n de Directores de Coro de la Rep\u00fablica Argentina\u00a0 \u2013ADICORA\u2013 una entidad sin fines de lucro fundada en febrero de 2003 en la Ciudad de C\u00f3rdoba, Argentina. Desde su creaci\u00f3n ADICORA ha desplegado una enorme actividad organizando cursos de perfeccionamiento, jornadas de especializaci\u00f3n e importantes ciclos de conciertos. Su &hellip;<\/p>\n<p class=\"read-more\"> <a class=\"\" href=\"https:\/\/adicora.org\/caba\/quienessomos\/\"> <span class=\"screen-reader-text\">Qui\u00e9nes somos<\/span> Leer m\u00e1s &raquo;<\/a><\/p>\n","protected":false},"author":1,"featured_media":0,"parent":0,"menu_order":0,"comment_status":"closed","ping_status":"closed","template":"","meta":{"_eb_attr":"","site-sidebar-layout":"no-sidebar","site-content-layout":"page-builder","ast-site-content-layout":"full-width-container","site-content-style":"unboxed","site-sidebar-style":"unboxed","ast-global-header-display":"","ast-banner-title-visibility":"","ast-main-header-display":"","ast-hfb-above-header-display":"","ast-hfb-below-header-display":"","ast-hfb-mobile-header-display":"","site-post-title":"disabled","ast-breadcrumbs-content":"disabled","ast-featured-img":"disabled","footer-sml-layout":"","theme-transparent-header-meta":"enabled","adv-header-id-meta":"","stick-header-meta":"","header-above-stick-meta":"","header-main-stick-meta":"","header-below-stick-meta":"","astra-migrate-meta-layouts":"set","footnotes":""},"class_list":["post-1440","page","type-page","status-publish","hentry"],"yoast_head":"<!-- This site is optimized with the Yoast SEO plugin v25.1 - https:\/\/yoast.com\/wordpress\/plugins\/seo\/ -->\n<title>Qui\u00e9nes somos - ADICORA Filial CABA<\/title>\n<meta name=\"description\" content=\"Miembros de la Comisi\u00f3n Directiva de ADICORA Filial Ciudad de Buenos Aires.\" \/>\n<meta name=\"robots\" content=\"index, follow, max-snippet:-1, max-image-preview:large, max-video-preview:-1\" \/>\n<link rel=\"canonical\" href=\"https:\/\/adicora.org\/caba\/quienessomos\/\" \/>\n<meta property=\"og:locale\" content=\"es_ES\" \/>\n<meta property=\"og:type\" content=\"article\" \/>\n<meta property=\"og:title\" content=\"Qui\u00e9nes somos - ADICORA Filial CABA\" \/>\n<meta property=\"og:description\" content=\"Miembros de la Comisi\u00f3n Directiva de ADICORA Filial Ciudad de Buenos Aires.\" \/>\n<meta property=\"og:url\" content=\"https:\/\/adicora.org\/caba\/quienessomos\/\" \/>\n<meta property=\"og:site_name\" content=\"Adicora Filial Ciudad de Buenos Aires\" \/>\n<meta property=\"article:modified_time\" content=\"2025-07-12T15:48:53+00:00\" \/>\n<meta property=\"og:image\" content=\"https:\/\/adicora.org\/caba\/wp-content\/uploads\/2021\/05\/Logo-Adicora-Caba-300x300.png\" \/>\n<meta name=\"twitter:card\" content=\"summary_large_image\" \/>\n<meta name=\"twitter:label1\" content=\"Tiempo de lectura\" \/>\n\t<meta name=\"twitter:data1\" content=\"4 minutos\" \/>\n<script type=\"application\/ld+json\" class=\"yoast-schema-graph\">{\"@context\":\"https:\/\/schema.org\",\"@graph\":[{\"@type\":\"WebPage\",\"@id\":\"https:\/\/adicora.org\/caba\/quienessomos\/\",\"url\":\"https:\/\/adicora.org\/caba\/quienessomos\/\",\"name\":\"Qui\u00e9nes somos - ADICORA Filial CABA\",\"isPartOf\":{\"@id\":\"https:\/\/adicora.org\/caba\/#website\"},\"primaryImageOfPage\":{\"@id\":\"https:\/\/adicora.org\/caba\/quienessomos\/#primaryimage\"},\"image\":{\"@id\":\"https:\/\/adicora.org\/caba\/quienessomos\/#primaryimage\"},\"thumbnailUrl\":\"https:\/\/adicora.org\/caba\/wp-content\/uploads\/2021\/05\/Logo-Adicora-Caba-300x300.png\",\"datePublished\":\"2021-05-19T10:40:40+00:00\",\"dateModified\":\"2025-07-12T15:48:53+00:00\",\"description\":\"Miembros de la Comisi\u00f3n Directiva de ADICORA Filial Ciudad de Buenos Aires.\",\"breadcrumb\":{\"@id\":\"https:\/\/adicora.org\/caba\/quienessomos\/#breadcrumb\"},\"inLanguage\":\"es\",\"potentialAction\":[{\"@type\":\"ReadAction\",\"target\":[\"https:\/\/adicora.org\/caba\/quienessomos\/\"]}]},{\"@type\":\"ImageObject\",\"inLanguage\":\"es\",\"@id\":\"https:\/\/adicora.org\/caba\/quienessomos\/#primaryimage\",\"url\":\"https:\/\/adicora.org\/caba\/wp-content\/uploads\/2021\/05\/Logo-Adicora-Caba.png\",\"contentUrl\":\"https:\/\/adicora.org\/caba\/wp-content\/uploads\/2021\/05\/Logo-Adicora-Caba.png\",\"width\":1080,\"height\":1080,\"caption\":\"ADICORA Filial Ciudad de Buenos Aires\"},{\"@type\":\"BreadcrumbList\",\"@id\":\"https:\/\/adicora.org\/caba\/quienessomos\/#breadcrumb\",\"itemListElement\":[{\"@type\":\"ListItem\",\"position\":1,\"name\":\"Portada\",\"item\":\"https:\/\/adicora.org\/caba\/\"},{\"@type\":\"ListItem\",\"position\":2,\"name\":\"Qui\u00e9nes somos\"}]},{\"@type\":\"WebSite\",\"@id\":\"https:\/\/adicora.org\/caba\/#website\",\"url\":\"https:\/\/adicora.org\/caba\/\",\"name\":\"Adicora Filial Ciudad de Buenos Aires\",\"description\":\"\",\"publisher\":{\"@id\":\"https:\/\/adicora.org\/caba\/#organization\"},\"potentialAction\":[{\"@type\":\"SearchAction\",\"target\":{\"@type\":\"EntryPoint\",\"urlTemplate\":\"https:\/\/adicora.org\/caba\/?s={search_term_string}\"},\"query-input\":{\"@type\":\"PropertyValueSpecification\",\"valueRequired\":true,\"valueName\":\"search_term_string\"}}],\"inLanguage\":\"es\"},{\"@type\":\"Organization\",\"@id\":\"https:\/\/adicora.org\/caba\/#organization\",\"name\":\"Adicora Filial Ciudad de Buenos Aires\",\"url\":\"https:\/\/adicora.org\/caba\/\",\"logo\":{\"@type\":\"ImageObject\",\"inLanguage\":\"es\",\"@id\":\"https:\/\/adicora.org\/caba\/#\/schema\/logo\/image\/\",\"url\":\"https:\/\/adicora.org\/caba\/wp-content\/uploads\/2025\/10\/adicora-in-memoriam.png\",\"contentUrl\":\"https:\/\/adicora.org\/caba\/wp-content\/uploads\/2025\/10\/adicora-in-memoriam.png\",\"width\":435,\"height\":573,\"caption\":\"Adicora Filial Ciudad de Buenos Aires\"},\"image\":{\"@id\":\"https:\/\/adicora.org\/caba\/#\/schema\/logo\/image\/\"}}]}<\/script>\n<!-- \/ Yoast SEO plugin. -->","yoast_head_json":{"title":"Qui\u00e9nes somos - ADICORA Filial CABA","description":"Miembros de la Comisi\u00f3n Directiva de ADICORA Filial Ciudad de Buenos Aires.","robots":{"index":"index","follow":"follow","max-snippet":"max-snippet:-1","max-image-preview":"max-image-preview:large","max-video-preview":"max-video-preview:-1"},"canonical":"https:\/\/adicora.org\/caba\/quienessomos\/","og_locale":"es_ES","og_type":"article","og_title":"Qui\u00e9nes somos - ADICORA Filial CABA","og_description":"Miembros de la Comisi\u00f3n Directiva de ADICORA Filial Ciudad de Buenos Aires.","og_url":"https:\/\/adicora.org\/caba\/quienessomos\/","og_site_name":"Adicora Filial Ciudad de Buenos Aires","article_modified_time":"2025-07-12T15:48:53+00:00","og_image":[{"url":"https:\/\/adicora.org\/caba\/wp-content\/uploads\/2021\/05\/Logo-Adicora-Caba-300x300.png","type":"","width":"","height":""}],"twitter_card":"summary_large_image","twitter_misc":{"Tiempo de lectura":"4 minutos"},"schema":{"@context":"https:\/\/schema.org","@graph":[{"@type":"WebPage","@id":"https:\/\/adicora.org\/caba\/quienessomos\/","url":"https:\/\/adicora.org\/caba\/quienessomos\/","name":"Qui\u00e9nes somos - ADICORA Filial CABA","isPartOf":{"@id":"https:\/\/adicora.org\/caba\/#website"},"primaryImageOfPage":{"@id":"https:\/\/adicora.org\/caba\/quienessomos\/#primaryimage"},"image":{"@id":"https:\/\/adicora.org\/caba\/quienessomos\/#primaryimage"},"thumbnailUrl":"https:\/\/adicora.org\/caba\/wp-content\/uploads\/2021\/05\/Logo-Adicora-Caba-300x300.png","datePublished":"2021-05-19T10:40:40+00:00","dateModified":"2025-07-12T15:48:53+00:00","description":"Miembros de la Comisi\u00f3n Directiva de ADICORA Filial Ciudad de Buenos Aires.","breadcrumb":{"@id":"https:\/\/adicora.org\/caba\/quienessomos\/#breadcrumb"},"inLanguage":"es","potentialAction":[{"@type":"ReadAction","target":["https:\/\/adicora.org\/caba\/quienessomos\/"]}]},{"@type":"ImageObject","inLanguage":"es","@id":"https:\/\/adicora.org\/caba\/quienessomos\/#primaryimage","url":"https:\/\/adicora.org\/caba\/wp-content\/uploads\/2021\/05\/Logo-Adicora-Caba.png","contentUrl":"https:\/\/adicora.org\/caba\/wp-content\/uploads\/2021\/05\/Logo-Adicora-Caba.png","width":1080,"height":1080,"caption":"ADICORA Filial Ciudad de Buenos Aires"},{"@type":"BreadcrumbList","@id":"https:\/\/adicora.org\/caba\/quienessomos\/#breadcrumb","itemListElement":[{"@type":"ListItem","position":1,"name":"Portada","item":"https:\/\/adicora.org\/caba\/"},{"@type":"ListItem","position":2,"name":"Qui\u00e9nes somos"}]},{"@type":"WebSite","@id":"https:\/\/adicora.org\/caba\/#website","url":"https:\/\/adicora.org\/caba\/","name":"Adicora Filial Ciudad de Buenos Aires","description":"","publisher":{"@id":"https:\/\/adicora.org\/caba\/#organization"},"potentialAction":[{"@type":"SearchAction","target":{"@type":"EntryPoint","urlTemplate":"https:\/\/adicora.org\/caba\/?s={search_term_string}"},"query-input":{"@type":"PropertyValueSpecification","valueRequired":true,"valueName":"search_term_string"}}],"inLanguage":"es"},{"@type":"Organization","@id":"https:\/\/adicora.org\/caba\/#organization","name":"Adicora Filial Ciudad de Buenos Aires","url":"https:\/\/adicora.org\/caba\/","logo":{"@type":"ImageObject","inLanguage":"es","@id":"https:\/\/adicora.org\/caba\/#\/schema\/logo\/image\/","url":"https:\/\/adicora.org\/caba\/wp-content\/uploads\/2025\/10\/adicora-in-memoriam.png","contentUrl":"https:\/\/adicora.org\/caba\/wp-content\/uploads\/2025\/10\/adicora-in-memoriam.png","width":435,"height":573,"caption":"Adicora Filial Ciudad de Buenos Aires"},"image":{"@id":"https:\/\/adicora.org\/caba\/#\/schema\/logo\/image\/"}}]}},"_links":{"self":[{"href":"https:\/\/adicora.org\/caba\/wp-json\/wp\/v2\/pages\/1440","targetHints":{"allow":["GET"]}}],"collection":[{"href":"https:\/\/adicora.org\/caba\/wp-json\/wp\/v2\/pages"}],"about":[{"href":"https:\/\/adicora.org\/caba\/wp-json\/wp\/v2\/types\/page"}],"author":[{"embeddable":true,"href":"https:\/\/adicora.org\/caba\/wp-json\/wp\/v2\/users\/1"}],"replies":[{"embeddable":true,"href":"https:\/\/adicora.org\/caba\/wp-json\/wp\/v2\/comments?post=1440"}],"version-history":[{"count":142,"href":"https:\/\/adicora.org\/caba\/wp-json\/wp\/v2\/pages\/1440\/revisions"}],"predecessor-version":[{"id":4299,"href":"https:\/\/adicora.org\/caba\/wp-json\/wp\/v2\/pages\/1440\/revisions\/4299"}],"wp:attachment":[{"href":"https:\/\/adicora.org\/caba\/wp-json\/wp\/v2\/media?parent=1440"}],"curies":[{"name":"wp","href":"https:\/\/api.w.org\/{rel}","templated":true}]}}