{"id":1438,"date":"2021-05-19T07:39:53","date_gmt":"2021-05-19T07:39:53","guid":{"rendered":"https:\/\/adicora.org\/caba\/index.php\/home\/"},"modified":"2026-04-10T23:17:34","modified_gmt":"2026-04-11T02:17:34","slug":"home","status":"publish","type":"page","link":"https:\/\/adicora.org\/caba\/","title":{"rendered":"Home"},"content":{"rendered":"\t\t<div data-elementor-type=\"wp-page\" data-elementor-id=\"1438\" class=\"elementor elementor-1438\">\n\t\t\t\t\t\t<section class=\"elementor-section elementor-top-section elementor-element elementor-element-707d1c7 elementor-section-height-min-height elementor-reverse-mobile elementor-section-boxed elementor-section-height-default elementor-section-items-middle\" data-id=\"707d1c7\" data-element_type=\"section\" data-settings=\"{&quot;background_background&quot;:&quot;classic&quot;}\">\n\t\t\t\t\t\t\t<div class=\"elementor-background-overlay\"><\/div>\n\t\t\t\t\t\t\t<div class=\"elementor-container elementor-column-gap-no\">\n\t\t\t\t\t<div class=\"elementor-column elementor-col-50 elementor-top-column elementor-element elementor-element-b9719c7\" data-id=\"b9719c7\" data-element_type=\"column\">\n\t\t\t<div class=\"elementor-widget-wrap elementor-element-populated\">\n\t\t\t\t\t\t<div class=\"elementor-element elementor-element-46cf36b elementor-widget-divider--view-line elementor-widget elementor-widget-divider\" data-id=\"46cf36b\" data-element_type=\"widget\" data-widget_type=\"divider.default\">\n\t\t\t\t<div class=\"elementor-widget-container\">\n\t\t\t\t\t\t\t<div class=\"elementor-divider\">\n\t\t\t<span class=\"elementor-divider-separator\">\n\t\t\t\t\t\t<\/span>\n\t\t<\/div>\n\t\t\t\t\t\t<\/div>\n\t\t\t\t<\/div>\n\t\t\t\t<div class=\"elementor-element elementor-element-ff1c984 elementor-widget-divider--view-line elementor-widget elementor-widget-divider\" data-id=\"ff1c984\" data-element_type=\"widget\" data-widget_type=\"divider.default\">\n\t\t\t\t<div class=\"elementor-widget-container\">\n\t\t\t\t\t\t\t<div class=\"elementor-divider\">\n\t\t\t<span class=\"elementor-divider-separator\">\n\t\t\t\t\t\t<\/span>\n\t\t<\/div>\n\t\t\t\t\t\t<\/div>\n\t\t\t\t<\/div>\n\t\t\t\t<div class=\"elementor-element elementor-element-3ef9672 elementor-widget elementor-widget-heading\" data-id=\"3ef9672\" data-element_type=\"widget\" data-widget_type=\"heading.default\">\n\t\t\t\t<div class=\"elementor-widget-container\">\n\t\t\t\t\t<h1 class=\"elementor-heading-title elementor-size-default\">ADICORA<\/h1>\t\t\t\t<\/div>\n\t\t\t\t<\/div>\n\t\t\t\t<div class=\"elementor-element elementor-element-df98e44 elementor-widget elementor-widget-heading\" data-id=\"df98e44\" data-element_type=\"widget\" data-widget_type=\"heading.default\">\n\t\t\t\t<div class=\"elementor-widget-container\">\n\t\t\t\t\t<h2 class=\"elementor-heading-title elementor-size-small\">Asociaci\u00f3n de Directores de Coro de la Rep\u00fablica Argentina<br><\/h2>\t\t\t\t<\/div>\n\t\t\t\t<\/div>\n\t\t\t\t<div class=\"elementor-element elementor-element-a3b6933 elementor-widget elementor-widget-heading\" data-id=\"a3b6933\" data-element_type=\"widget\" data-widget_type=\"heading.default\">\n\t\t\t\t<div class=\"elementor-widget-container\">\n\t\t\t\t\t<h3 class=\"elementor-heading-title elementor-size-large\">FILIAL CIUDAD DE BUENOS AIRES<\/h3>\t\t\t\t<\/div>\n\t\t\t\t<\/div>\n\t\t\t\t<div class=\"elementor-element elementor-element-fd24ff1 elementor-widget elementor-widget-text-editor\" data-id=\"fd24ff1\" data-element_type=\"widget\" data-widget_type=\"text-editor.default\">\n\t\t\t\t<div class=\"elementor-widget-container\">\n\t\t\t\t\t\t\t\t\t<p>Representamos a la <a href=\"https:\/\/adicora.org\">Asociaci\u00f3n de Directores de Coro de la Rep\u00fablica Argentina<\/a> en la Ciudad Aut\u00f3noma de Buenos Aires. Trabajamos con el objetivo de jerarquizar y profesionalizar la figura del <b>Director\/a de Coros<\/b>, as\u00ed como de difundir y estimular el desarrollo de la actividad coral en la ciudad.<\/p>\t\t\t\t\t\t\t\t<\/div>\n\t\t\t\t<\/div>\n\t\t\t\t<div class=\"elementor-element elementor-element-17bbd1a elementor-icon-list--layout-traditional elementor-list-item-link-full_width elementor-widget elementor-widget-icon-list\" data-id=\"17bbd1a\" data-element_type=\"widget\" data-widget_type=\"icon-list.default\">\n\t\t\t\t<div class=\"elementor-widget-container\">\n\t\t\t\t\t\t\t<ul class=\"elementor-icon-list-items\">\n\t\t\t\t\t\t\t<li class=\"elementor-icon-list-item\">\n\t\t\t\t\t\t\t\t\t\t<span class=\"elementor-icon-list-text\"><\/span>\n\t\t\t\t\t\t\t\t\t<\/li>\n\t\t\t\t\t\t<\/ul>\n\t\t\t\t\t\t<\/div>\n\t\t\t\t<\/div>\n\t\t\t\t<div class=\"elementor-element elementor-element-c77d917 elementor-widget elementor-widget-text-editor\" data-id=\"c77d917\" data-element_type=\"widget\" data-widget_type=\"text-editor.default\">\n\t\t\t\t<div class=\"elementor-widget-container\">\n\t\t\t\t\t\t\t\t\t<p>Con mucho pesar, despedimos a nuestra amiga y socia <a style=\"font-size: 16px; font-style: normal; font-weight: 400; color: #3a3a3a;\" href=\"https:\/\/adicora.org\/caba\/irene-nocito\/\" target=\"_blank\" rel=\"noopener\">Irene Nocito<\/a><span style=\"font-size: 16px;\">&#8230;<\/span><\/p>\t\t\t\t\t\t\t\t<\/div>\n\t\t\t\t<\/div>\n\t\t\t\t\t<\/div>\n\t\t<\/div>\n\t\t\t\t<div class=\"elementor-column elementor-col-50 elementor-top-column elementor-element elementor-element-c26d6a1\" data-id=\"c26d6a1\" data-element_type=\"column\">\n\t\t\t<div class=\"elementor-widget-wrap elementor-element-populated\">\n\t\t\t\t\t\t<div class=\"elementor-element elementor-element-c89ec5c elementor-widget elementor-widget-image\" data-id=\"c89ec5c\" data-element_type=\"widget\" data-widget_type=\"image.default\">\n\t\t\t\t<div class=\"elementor-widget-container\">\n\t\t\t\t\t\t\t\t\t\t\t\t\t\t\t<img fetchpriority=\"high\" decoding=\"async\" width=\"2560\" height=\"1440\" src=\"https:\/\/adicora.org\/caba\/wp-content\/uploads\/2023\/09\/Adicora-14-1-scaled.jpg\" class=\"attachment-full size-full wp-image-1425\" alt=\"\" srcset=\"https:\/\/adicora.org\/caba\/wp-content\/uploads\/2023\/09\/Adicora-14-1-scaled.jpg 2560w, https:\/\/adicora.org\/caba\/wp-content\/uploads\/2023\/09\/Adicora-14-1-300x169.jpg 300w, https:\/\/adicora.org\/caba\/wp-content\/uploads\/2023\/09\/Adicora-14-1-1024x576.jpg 1024w, https:\/\/adicora.org\/caba\/wp-content\/uploads\/2023\/09\/Adicora-14-1-768x432.jpg 768w, https:\/\/adicora.org\/caba\/wp-content\/uploads\/2023\/09\/Adicora-14-1-1536x864.jpg 1536w, https:\/\/adicora.org\/caba\/wp-content\/uploads\/2023\/09\/Adicora-14-1-2048x1152.jpg 2048w\" sizes=\"(max-width: 2560px) 100vw, 2560px\" \/>\t\t\t\t\t\t\t\t\t\t\t\t\t\t\t<\/div>\n\t\t\t\t<\/div>\n\t\t\t\t\t<\/div>\n\t\t<\/div>\n\t\t\t\t\t<\/div>\n\t\t<\/section>\n\t\t<div class=\"elementor-element elementor-element-7cb0558 e-flex e-con-boxed e-con e-parent\" data-id=\"7cb0558\" data-element_type=\"container\">\n\t\t\t\t\t<div class=\"e-con-inner\">\n\t\t\t\t<div class=\"elementor-element elementor-element-1f45e1b elementor-widget elementor-widget-image\" data-id=\"1f45e1b\" data-element_type=\"widget\" data-widget_type=\"image.default\">\n\t\t\t\t<div class=\"elementor-widget-container\">\n\t\t\t\t\t\t\t\t\t\t\t\t\t\t\t\t<a href=\"https:\/\/goldberg-verlag.com\/es\/inicio\/\">\n\t\t\t\t\t\t\t<img decoding=\"async\" width=\"300\" height=\"150\" src=\"https:\/\/adicora.org\/caba\/wp-content\/uploads\/2023\/10\/Banner-de-Goldberg-300x150.png\" class=\"attachment-medium size-medium wp-image-2336\" alt=\"\" srcset=\"https:\/\/adicora.org\/caba\/wp-content\/uploads\/2023\/10\/Banner-de-Goldberg-300x150.png 300w, https:\/\/adicora.org\/caba\/wp-content\/uploads\/2023\/10\/Banner-de-Goldberg-1024x512.png 1024w, https:\/\/adicora.org\/caba\/wp-content\/uploads\/2023\/10\/Banner-de-Goldberg-768x384.png 768w, https:\/\/adicora.org\/caba\/wp-content\/uploads\/2023\/10\/Banner-de-Goldberg-1536x768.png 1536w, https:\/\/adicora.org\/caba\/wp-content\/uploads\/2023\/10\/Banner-de-Goldberg-2048x1024.png 2048w\" sizes=\"(max-width: 300px) 100vw, 300px\" \/>\t\t\t\t\t\t\t\t<\/a>\n\t\t\t\t\t\t\t\t\t\t\t\t\t\t\t<\/div>\n\t\t\t\t<\/div>\n\t\t\t\t\t<\/div>\n\t\t\t\t<\/div>\n\t\t<div class=\"elementor-element elementor-element-a24d81b e-flex e-con-boxed e-con e-parent\" data-id=\"a24d81b\" data-element_type=\"container\">\n\t\t\t\t\t<div class=\"e-con-inner\">\n\t\t<div class=\"elementor-element elementor-element-48e4f1a e-con-full e-flex e-con e-child\" data-id=\"48e4f1a\" data-element_type=\"container\">\n\t\t\t\t<div class=\"elementor-element elementor-element-6ae4638 elementor-widget elementor-widget-heading\" data-id=\"6ae4638\" data-element_type=\"widget\" data-widget_type=\"heading.default\">\n\t\t\t\t<div class=\"elementor-widget-container\">\n\t\t\t\t\t<h2 class=\"elementor-heading-title elementor-size-medium\">Qui\u00e9nes somos<\/h2>\t\t\t\t<\/div>\n\t\t\t\t<\/div>\n\t\t\t\t<div class=\"elementor-element elementor-element-3c89141 elementor-widget elementor-widget-text-editor\" data-id=\"3c89141\" data-element_type=\"widget\" data-widget_type=\"text-editor.default\">\n\t\t\t\t<div class=\"elementor-widget-container\">\n\t\t\t\t\t\t\t\t\t<p><span style=\"font-style: inherit; font-weight: inherit; text-align: var(--text-align); background-color: var(--ast-global-color-4); color: var(--ast-global-color-3);\">Somos parte de la Asociaci\u00f3n de Directores de Coro de la Rep\u00fablica Argentina \u2014ADICORA\u2014, una entidad sin fines de lucro fundada en febrero de 2003 en la Ciudad de C\u00f3rdoba, Argentina. Desde su creaci\u00f3n, ADICORA ha desplegado una enorme actividad organizando cursos de perfeccionamiento, jornadas de especializaci\u00f3n e importantes ciclos de conciertos. Su gesti\u00f3n a lo largo del territorio nacional es llevada a cabo a trav\u00e9s de 15 filiales y 4 delegaciones ubicadas en las provincias del pa\u00eds. Nuestra filial \u2014Ciudad de Buenos Aires\u2014 fue creada en el mismo a\u00f1o de la fundaci\u00f3n de <a href=\"https:\/\/adicora.org\/\">ADICORA Nacional,<\/a> cumpliendo 20 a\u00f1os el a\u00f1o pasado. <a href=\"https:\/\/adicora.org\/caba\/quienessomos\/\">Leer m\u00e1s<\/a><\/span><\/p>\t\t\t\t\t\t\t\t<\/div>\n\t\t\t\t<\/div>\n\t\t\t\t<\/div>\n\t\t<div class=\"elementor-element elementor-element-0b6ed1c e-con-full e-flex e-con e-child\" data-id=\"0b6ed1c\" data-element_type=\"container\">\n\t\t\t\t<div class=\"elementor-element elementor-element-0f11f3e elementor-widget elementor-widget-image\" data-id=\"0f11f3e\" data-element_type=\"widget\" data-widget_type=\"image.default\">\n\t\t\t\t<div class=\"elementor-widget-container\">\n\t\t\t\t\t\t\t\t\t\t\t\t\t\t\t<img decoding=\"async\" width=\"300\" height=\"273\" src=\"https:\/\/adicora.org\/caba\/wp-content\/uploads\/2023\/09\/Adicora_20_anos_final_CABA-300x273.png\" class=\"attachment-medium size-medium wp-image-2273\" alt=\"\" srcset=\"https:\/\/adicora.org\/caba\/wp-content\/uploads\/2023\/09\/Adicora_20_anos_final_CABA-300x273.png 300w, https:\/\/adicora.org\/caba\/wp-content\/uploads\/2023\/09\/Adicora_20_anos_final_CABA-768x698.png 768w, https:\/\/adicora.org\/caba\/wp-content\/uploads\/2023\/09\/elementor\/thumbs\/Adicora_20_anos_final_CABA-rkd4zgkx72m4w1ctss2ayc3dkl4ei1cb8jr9e6ht2q.png 250w, https:\/\/adicora.org\/caba\/wp-content\/uploads\/2023\/09\/Adicora_20_anos_final_CABA.png 966w\" sizes=\"(max-width: 300px) 100vw, 300px\" \/>\t\t\t\t\t\t\t\t\t\t\t\t\t\t\t<\/div>\n\t\t\t\t<\/div>\n\t\t\t\t<\/div>\n\t\t\t\t\t<\/div>\n\t\t\t\t<\/div>\n\t\t<div class=\"elementor-element elementor-element-555fc02 e-flex e-con-boxed e-con e-parent\" data-id=\"555fc02\" data-element_type=\"container\">\n\t\t\t\t\t<div class=\"e-con-inner\">\n\t\t\t\t<div class=\"elementor-element elementor-element-93f5aac elementor-widget elementor-widget-image\" data-id=\"93f5aac\" data-element_type=\"widget\" data-widget_type=\"image.default\">\n\t\t\t\t<div class=\"elementor-widget-container\">\n\t\t\t\t\t\t\t\t\t\t\t\t\t\t\t\t<a href=\"https:\/\/edicionesgcc.org.ar\/\">\n\t\t\t\t\t\t\t<img loading=\"lazy\" decoding=\"async\" width=\"300\" height=\"150\" src=\"https:\/\/adicora.org\/caba\/wp-content\/uploads\/2023\/10\/Banner-de-GCC-300x150.png\" class=\"attachment-medium size-medium wp-image-2481\" alt=\"\" srcset=\"https:\/\/adicora.org\/caba\/wp-content\/uploads\/2023\/10\/Banner-de-GCC-300x150.png 300w, https:\/\/adicora.org\/caba\/wp-content\/uploads\/2023\/10\/Banner-de-GCC-1024x512.png 1024w, https:\/\/adicora.org\/caba\/wp-content\/uploads\/2023\/10\/Banner-de-GCC-768x384.png 768w, https:\/\/adicora.org\/caba\/wp-content\/uploads\/2023\/10\/Banner-de-GCC-1536x768.png 1536w, https:\/\/adicora.org\/caba\/wp-content\/uploads\/2023\/10\/Banner-de-GCC-2048x1024.png 2048w\" sizes=\"(max-width: 300px) 100vw, 300px\" \/>\t\t\t\t\t\t\t\t<\/a>\n\t\t\t\t\t\t\t\t\t\t\t\t\t\t\t<\/div>\n\t\t\t\t<\/div>\n\t\t\t\t\t<\/div>\n\t\t\t\t<\/div>\n\t\t<div class=\"elementor-element elementor-element-41bcddd e-flex e-con-boxed e-con e-parent\" data-id=\"41bcddd\" data-element_type=\"container\">\n\t\t\t\t\t<div class=\"e-con-inner\">\n\t\t\t\t<div class=\"elementor-element elementor-element-40fa651 elementor-widget elementor-widget-heading\" data-id=\"40fa651\" data-element_type=\"widget\" data-widget_type=\"heading.default\">\n\t\t\t\t<div class=\"elementor-widget-container\">\n\t\t\t\t\t<h2 class=\"elementor-heading-title elementor-size-medium\">Novedades<\/h2>\t\t\t\t<\/div>\n\t\t\t\t<\/div>\n\t\t\t\t\t<\/div>\n\t\t\t\t<\/div>\n\t\t<div class=\"elementor-element elementor-element-510621e e-flex e-con-boxed e-con e-parent\" data-id=\"510621e\" data-element_type=\"container\">\n\t\t\t\t\t<div class=\"e-con-inner\">\n\t\t<div class=\"elementor-element elementor-element-5a62b37 e-con-full e-flex e-con e-child\" data-id=\"5a62b37\" data-element_type=\"container\">\n\t\t\t\t<div class=\"elementor-element elementor-element-77e61f9 elementor-widget elementor-widget-image\" data-id=\"77e61f9\" data-element_type=\"widget\" data-widget_type=\"image.default\">\n\t\t\t\t<div class=\"elementor-widget-container\">\n\t\t\t\t\t\t\t\t\t\t\t\t\t\t\t<img loading=\"lazy\" decoding=\"async\" width=\"1024\" height=\"573\" src=\"https:\/\/adicora.org\/caba\/wp-content\/uploads\/2025\/10\/ba-canta-2025-1024x573.jpg\" class=\"attachment-large size-large wp-image-4379\" alt=\"Buenos Aires Canta 2025\" srcset=\"https:\/\/adicora.org\/caba\/wp-content\/uploads\/2025\/10\/ba-canta-2025-1024x573.jpg 1024w, https:\/\/adicora.org\/caba\/wp-content\/uploads\/2025\/10\/ba-canta-2025-300x168.jpg 300w, https:\/\/adicora.org\/caba\/wp-content\/uploads\/2025\/10\/ba-canta-2025-768x429.jpg 768w, https:\/\/adicora.org\/caba\/wp-content\/uploads\/2025\/10\/ba-canta-2025-1536x859.jpg 1536w, https:\/\/adicora.org\/caba\/wp-content\/uploads\/2025\/10\/ba-canta-2025.jpg 1588w\" sizes=\"(max-width: 1024px) 100vw, 1024px\" \/>\t\t\t\t\t\t\t\t\t\t\t\t\t\t\t<\/div>\n\t\t\t\t<\/div>\n\t\t\t\t<\/div>\n\t\t<div class=\"elementor-element elementor-element-c366659 e-con-full e-flex e-con e-child\" data-id=\"c366659\" data-element_type=\"container\">\n\t\t\t\t<div class=\"elementor-element elementor-element-b575416 elementor-widget elementor-widget-text-editor\" data-id=\"b575416\" data-element_type=\"widget\" data-widget_type=\"text-editor.default\">\n\t\t\t\t<div class=\"elementor-widget-container\">\n\t\t\t\t\t\t\t\t\t<p>\u00a1Culmin\u00f3 otra edici\u00f3n de <strong>Buenos Aires Canta 2025<\/strong>!<\/p><p>Consult\u00e1 <a href=\"https:\/\/adicora.org\/caba\/buenos-aires-canta\/\">aqu\u00ed<\/a> todos los conciertos que tuvieron lugar durante esa semana a pura m\u00fasica coral.<\/p>\t\t\t\t\t\t\t\t<\/div>\n\t\t\t\t<\/div>\n\t\t\t\t<\/div>\n\t\t\t\t\t<\/div>\n\t\t\t\t<\/div>\n\t\t<div class=\"elementor-element elementor-element-c77b12b e-flex e-con-boxed e-con e-parent\" data-id=\"c77b12b\" data-element_type=\"container\">\n\t\t\t\t\t<div class=\"e-con-inner\">\n\t\t\t\t<div class=\"elementor-element elementor-element-e78d67a elementor-widget elementor-widget-image\" data-id=\"e78d67a\" data-element_type=\"widget\" data-widget_type=\"image.default\">\n\t\t\t\t<div class=\"elementor-widget-container\">\n\t\t\t\t\t\t\t\t\t\t\t\t\t\t\t\t<a href=\"https:\/\/comcorar.com\/\">\n\t\t\t\t\t\t\t<img loading=\"lazy\" decoding=\"async\" width=\"300\" height=\"150\" src=\"https:\/\/adicora.org\/caba\/wp-content\/uploads\/2023\/10\/Banner-de-ComCorAr-300x150.png\" class=\"attachment-medium size-medium wp-image-2769\" alt=\"\" srcset=\"https:\/\/adicora.org\/caba\/wp-content\/uploads\/2023\/10\/Banner-de-ComCorAr-300x150.png 300w, https:\/\/adicora.org\/caba\/wp-content\/uploads\/2023\/10\/Banner-de-ComCorAr-1024x512.png 1024w, https:\/\/adicora.org\/caba\/wp-content\/uploads\/2023\/10\/Banner-de-ComCorAr-768x384.png 768w, https:\/\/adicora.org\/caba\/wp-content\/uploads\/2023\/10\/Banner-de-ComCorAr-1536x768.png 1536w, https:\/\/adicora.org\/caba\/wp-content\/uploads\/2023\/10\/Banner-de-ComCorAr-2048x1024.png 2048w\" sizes=\"(max-width: 300px) 100vw, 300px\" \/>\t\t\t\t\t\t\t\t<\/a>\n\t\t\t\t\t\t\t\t\t\t\t\t\t\t\t<\/div>\n\t\t\t\t<\/div>\n\t\t\t\t\t<\/div>\n\t\t\t\t<\/div>\n\t\t<div class=\"elementor-element elementor-element-4775e0a e-flex e-con-boxed e-con e-parent\" data-id=\"4775e0a\" data-element_type=\"container\">\n\t\t\t\t\t<div class=\"e-con-inner\">\n\t\t\t\t<div class=\"elementor-element elementor-element-65b27d5 elementor-widget elementor-widget-heading\" data-id=\"65b27d5\" data-element_type=\"widget\" data-widget_type=\"heading.default\">\n\t\t\t\t<div class=\"elementor-widget-container\">\n\t\t\t\t\t<h2 class=\"elementor-heading-title elementor-size-medium\">Convocatorias<\/h2>\t\t\t\t<\/div>\n\t\t\t\t<\/div>\n\t\t\t\t\t<\/div>\n\t\t\t\t<\/div>\n\t\t<div class=\"elementor-element elementor-element-35ffedd e-flex e-con-boxed e-con e-parent\" data-id=\"35ffedd\" data-element_type=\"container\">\n\t\t\t\t\t<div class=\"e-con-inner\">\n\t\t\t\t<div class=\"elementor-element elementor-element-0072ca8 elementor-widget elementor-widget-heading\" data-id=\"0072ca8\" data-element_type=\"widget\" data-widget_type=\"heading.default\">\n\t\t\t\t<div class=\"elementor-widget-container\">\n\t\t\t\t\t<h2 class=\"elementor-heading-title elementor-size-medium\">GPS Coral<\/h2>\t\t\t\t<\/div>\n\t\t\t\t<\/div>\n\t\t\t\t\t<\/div>\n\t\t\t\t<\/div>\n\t\t<div class=\"elementor-element elementor-element-7cb8f3a e-flex e-con-boxed e-con e-parent\" data-id=\"7cb8f3a\" data-element_type=\"container\">\n\t\t\t\t\t<div class=\"e-con-inner\">\n\t\t<div class=\"elementor-element elementor-element-0d9b879 e-con-full e-flex e-con e-child\" data-id=\"0d9b879\" data-element_type=\"container\">\n\t\t\t\t<div class=\"elementor-element elementor-element-751400c elementor-widget elementor-widget-image\" data-id=\"751400c\" data-element_type=\"widget\" data-widget_type=\"image.default\">\n\t\t\t\t<div class=\"elementor-widget-container\">\n\t\t\t\t\t\t\t\t\t\t\t\t\t\t\t<img loading=\"lazy\" decoding=\"async\" width=\"300\" height=\"200\" src=\"https:\/\/adicora.org\/caba\/wp-content\/uploads\/2023\/09\/Mapa-e1694899275858-300x200.png\" class=\"attachment-medium size-medium wp-image-1566\" alt=\"GPS Coral\" srcset=\"https:\/\/adicora.org\/caba\/wp-content\/uploads\/2023\/09\/Mapa-e1694899275858-300x200.png 300w, https:\/\/adicora.org\/caba\/wp-content\/uploads\/2023\/09\/Mapa-e1694899275858-768x513.png 768w, https:\/\/adicora.org\/caba\/wp-content\/uploads\/2023\/09\/Mapa-e1694899275858.png 940w\" sizes=\"(max-width: 300px) 100vw, 300px\" \/>\t\t\t\t\t\t\t\t\t\t\t\t\t\t\t<\/div>\n\t\t\t\t<\/div>\n\t\t\t\t<\/div>\n\t\t<div class=\"elementor-element elementor-element-58511c5 e-con-full e-flex e-con e-child\" data-id=\"58511c5\" data-element_type=\"container\">\n\t\t\t\t<div class=\"elementor-element elementor-element-96cf8fc elementor-widget__width-initial elementor-widget elementor-widget-text-editor\" data-id=\"96cf8fc\" data-element_type=\"widget\" data-widget_type=\"text-editor.default\">\n\t\t\t\t<div class=\"elementor-widget-container\">\n\t\t\t\t\t\t\t\t\t<p>El <strong>GPS Coral &#8211; El Mapa de los Coros<\/strong> es una propuesta idealizada por ADICORA Nacional donde podemos encontrar informaci\u00f3n sobre agrupaciones corales por ciudades y barrios, as\u00ed como tipo de formaci\u00f3n, repertorio y horarios de ensayos. Invitamos a nuestros socios y socias a que registren sus coros y tendremos el gusto de compartir toda la informaci\u00f3n en el sector Coros de Caba, facilitando de esta manera a los cantantes y coreutas que buscan participar de una agrupaci\u00f3n. <a href=\"https:\/\/adicora.org\/caba\/gps-coral\/\">Leer m\u00e1s<\/a><\/p>\t\t\t\t\t\t\t\t<\/div>\n\t\t\t\t<\/div>\n\t\t\t\t<\/div>\n\t\t\t\t\t<\/div>\n\t\t\t\t<\/div>\n\t\t<div class=\"elementor-element elementor-element-a35b0c2 e-flex e-con-boxed e-con e-parent\" data-id=\"a35b0c2\" data-element_type=\"container\">\n\t\t\t\t\t<div class=\"e-con-inner\">\n\t\t\t\t<div class=\"elementor-element elementor-element-f9c957e elementor-shape-circle elementor-grid-mobile-0 e-grid-align-mobile-center elementor-grid-0 e-grid-align-center elementor-widget elementor-widget-social-icons\" data-id=\"f9c957e\" data-element_type=\"widget\" data-widget_type=\"social-icons.default\">\n\t\t\t\t<div class=\"elementor-widget-container\">\n\t\t\t\t\t\t\t<div class=\"elementor-social-icons-wrapper elementor-grid\">\n\t\t\t\t\t\t\t<span class=\"elementor-grid-item\">\n\t\t\t\t\t<a class=\"elementor-icon elementor-social-icon elementor-social-icon-instagram elementor-animation-grow elementor-repeater-item-63d4e7d\" href=\"https:\/\/www.instagram.com\/adicora.caba\/\" target=\"_blank\">\n\t\t\t\t\t\t<span class=\"elementor-screen-only\">Instagram<\/span>\n\t\t\t\t\t\t<i class=\"fab fa-instagram\"><\/i>\t\t\t\t\t<\/a>\n\t\t\t\t<\/span>\n\t\t\t\t\t\t\t<span class=\"elementor-grid-item\">\n\t\t\t\t\t<a class=\"elementor-icon elementor-social-icon elementor-social-icon-facebook elementor-animation-grow elementor-repeater-item-ae8580d\" href=\"https:\/\/www.facebook.com\/profile.php?id=100064808883546\" target=\"_blank\">\n\t\t\t\t\t\t<span class=\"elementor-screen-only\">Facebook<\/span>\n\t\t\t\t\t\t<i class=\"fab fa-facebook\"><\/i>\t\t\t\t\t<\/a>\n\t\t\t\t<\/span>\n\t\t\t\t\t\t\t<span class=\"elementor-grid-item\">\n\t\t\t\t\t<a class=\"elementor-icon elementor-social-icon elementor-social-icon-youtube elementor-animation-grow elementor-repeater-item-02c1b90\" href=\"https:\/\/www.youtube.com\/@AdicoraCABA\" target=\"_blank\">\n\t\t\t\t\t\t<span class=\"elementor-screen-only\">Youtube<\/span>\n\t\t\t\t\t\t<i class=\"fab fa-youtube\"><\/i>\t\t\t\t\t<\/a>\n\t\t\t\t<\/span>\n\t\t\t\t\t<\/div>\n\t\t\t\t\t\t<\/div>\n\t\t\t\t<\/div>\n\t\t\t\t\t<\/div>\n\t\t\t\t<\/div>\n\t\t\t\t<\/div>\n\t\t","protected":false},"excerpt":{"rendered":"<p>ADICORA Asociaci\u00f3n de Directores de Coro de la Rep\u00fablica Argentina FILIAL CIUDAD DE BUENOS AIRES Representamos a la Asociaci\u00f3n de Directores de Coro de la Rep\u00fablica Argentina en la Ciudad Aut\u00f3noma de Buenos Aires. Trabajamos con el objetivo de jerarquizar y profesionalizar la figura del Director\/a de Coros, as\u00ed como de difundir y estimular el &hellip;<\/p>\n<p class=\"read-more\"> <a class=\"\" href=\"https:\/\/adicora.org\/caba\/\"> <span class=\"screen-reader-text\">Home<\/span> Leer m\u00e1s &raquo;<\/a><\/p>\n","protected":false},"author":1,"featured_media":0,"parent":0,"menu_order":0,"comment_status":"closed","ping_status":"closed","template":"","meta":{"_eb_attr":"","site-sidebar-layout":"no-sidebar","site-content-layout":"page-builder","ast-site-content-layout":"full-width-container","site-content-style":"unboxed","site-sidebar-style":"unboxed","ast-global-header-display":"","ast-banner-title-visibility":"","ast-main-header-display":"","ast-hfb-above-header-display":"","ast-hfb-below-header-display":"","ast-hfb-mobile-header-display":"","site-post-title":"disabled","ast-breadcrumbs-content":"disabled","ast-featured-img":"disabled","footer-sml-layout":"","theme-transparent-header-meta":"enabled","adv-header-id-meta":"","stick-header-meta":"","header-above-stick-meta":"","header-main-stick-meta":"","header-below-stick-meta":"","astra-migrate-meta-layouts":"set","footnotes":""},"class_list":["post-1438","page","type-page","status-publish","hentry"],"yoast_head":"<!-- This site is optimized with the Yoast SEO plugin v25.1 - https:\/\/yoast.com\/wordpress\/plugins\/seo\/ -->\n<title>Home - ADICORA Filial Ciudad de Buenos Aires<\/title>\n<meta name=\"description\" content=\"Representamos a la Asociaci\u00f3n de Directores de Coro de la Rep\u00fablica Argentina en la Ciudad Aut\u00f3noma de Buenos Aires.\" \/>\n<meta name=\"robots\" content=\"index, follow, max-snippet:-1, max-image-preview:large, max-video-preview:-1\" \/>\n<link rel=\"canonical\" href=\"https:\/\/adicora.org\/caba\/\" \/>\n<meta property=\"og:locale\" content=\"es_ES\" \/>\n<meta property=\"og:type\" content=\"article\" \/>\n<meta property=\"og:title\" content=\"Home - ADICORA Filial Ciudad de Buenos Aires\" \/>\n<meta property=\"og:description\" content=\"Representamos a la Asociaci\u00f3n de Directores de Coro de la Rep\u00fablica Argentina en la Ciudad Aut\u00f3noma de Buenos Aires.\" \/>\n<meta property=\"og:url\" content=\"https:\/\/adicora.org\/caba\/\" \/>\n<meta property=\"og:site_name\" content=\"Adicora Filial Ciudad de Buenos Aires\" \/>\n<meta property=\"article:modified_time\" content=\"2026-04-11T02:17:34+00:00\" \/>\n<meta property=\"og:image\" content=\"https:\/\/adicora.org\/caba\/wp-content\/uploads\/2023\/09\/Adicora-14-1-scaled.jpg\" \/>\n\t<meta property=\"og:image:width\" content=\"2560\" \/>\n\t<meta property=\"og:image:height\" content=\"1440\" \/>\n\t<meta property=\"og:image:type\" content=\"image\/jpeg\" \/>\n<meta name=\"twitter:card\" content=\"summary_large_image\" \/>\n<meta name=\"twitter:label1\" content=\"Tiempo de lectura\" \/>\n\t<meta name=\"twitter:data1\" content=\"3 minutos\" \/>\n<script type=\"application\/ld+json\" class=\"yoast-schema-graph\">{\"@context\":\"https:\/\/schema.org\",\"@graph\":[{\"@type\":\"WebPage\",\"@id\":\"https:\/\/adicora.org\/caba\/\",\"url\":\"https:\/\/adicora.org\/caba\/\",\"name\":\"Home - ADICORA Filial Ciudad de Buenos Aires\",\"isPartOf\":{\"@id\":\"https:\/\/adicora.org\/caba\/#website\"},\"primaryImageOfPage\":{\"@id\":\"https:\/\/adicora.org\/caba\/#primaryimage\"},\"image\":{\"@id\":\"https:\/\/adicora.org\/caba\/#primaryimage\"},\"thumbnailUrl\":\"https:\/\/adicora.org\/caba\/wp-content\/uploads\/2023\/09\/Adicora-14-1-scaled.jpg\",\"datePublished\":\"2021-05-19T07:39:53+00:00\",\"dateModified\":\"2026-04-11T02:17:34+00:00\",\"description\":\"Representamos a la Asociaci\u00f3n de Directores de Coro de la Rep\u00fablica Argentina en la Ciudad Aut\u00f3noma de Buenos Aires.\",\"breadcrumb\":{\"@id\":\"https:\/\/adicora.org\/caba\/#breadcrumb\"},\"inLanguage\":\"es\",\"potentialAction\":[{\"@type\":\"ReadAction\",\"target\":[\"https:\/\/adicora.org\/caba\/\"]}]},{\"@type\":\"ImageObject\",\"inLanguage\":\"es\",\"@id\":\"https:\/\/adicora.org\/caba\/#primaryimage\",\"url\":\"https:\/\/adicora.org\/caba\/wp-content\/uploads\/2023\/09\/Adicora-14-1-scaled.jpg\",\"contentUrl\":\"https:\/\/adicora.org\/caba\/wp-content\/uploads\/2023\/09\/Adicora-14-1-scaled.jpg\",\"width\":2560,\"height\":1440},{\"@type\":\"BreadcrumbList\",\"@id\":\"https:\/\/adicora.org\/caba\/#breadcrumb\",\"itemListElement\":[{\"@type\":\"ListItem\",\"position\":1,\"name\":\"Portada\",\"item\":\"https:\/\/adicora.org\/caba\/\"},{\"@type\":\"ListItem\",\"position\":2,\"name\":\"Home\"}]},{\"@type\":\"WebSite\",\"@id\":\"https:\/\/adicora.org\/caba\/#website\",\"url\":\"https:\/\/adicora.org\/caba\/\",\"name\":\"Adicora Filial Ciudad de Buenos Aires\",\"description\":\"\",\"publisher\":{\"@id\":\"https:\/\/adicora.org\/caba\/#organization\"},\"potentialAction\":[{\"@type\":\"SearchAction\",\"target\":{\"@type\":\"EntryPoint\",\"urlTemplate\":\"https:\/\/adicora.org\/caba\/?s={search_term_string}\"},\"query-input\":{\"@type\":\"PropertyValueSpecification\",\"valueRequired\":true,\"valueName\":\"search_term_string\"}}],\"inLanguage\":\"es\"},{\"@type\":\"Organization\",\"@id\":\"https:\/\/adicora.org\/caba\/#organization\",\"name\":\"Adicora Filial Ciudad de Buenos Aires\",\"url\":\"https:\/\/adicora.org\/caba\/\",\"logo\":{\"@type\":\"ImageObject\",\"inLanguage\":\"es\",\"@id\":\"https:\/\/adicora.org\/caba\/#\/schema\/logo\/image\/\",\"url\":\"https:\/\/adicora.org\/caba\/wp-content\/uploads\/2025\/10\/adicora-in-memoriam.png\",\"contentUrl\":\"https:\/\/adicora.org\/caba\/wp-content\/uploads\/2025\/10\/adicora-in-memoriam.png\",\"width\":435,\"height\":573,\"caption\":\"Adicora Filial Ciudad de Buenos Aires\"},\"image\":{\"@id\":\"https:\/\/adicora.org\/caba\/#\/schema\/logo\/image\/\"}}]}<\/script>\n<!-- \/ Yoast SEO plugin. -->","yoast_head_json":{"title":"Home - ADICORA Filial Ciudad de Buenos Aires","description":"Representamos a la Asociaci\u00f3n de Directores de Coro de la Rep\u00fablica Argentina en la Ciudad Aut\u00f3noma de Buenos Aires.","robots":{"index":"index","follow":"follow","max-snippet":"max-snippet:-1","max-image-preview":"max-image-preview:large","max-video-preview":"max-video-preview:-1"},"canonical":"https:\/\/adicora.org\/caba\/","og_locale":"es_ES","og_type":"article","og_title":"Home - ADICORA Filial Ciudad de Buenos Aires","og_description":"Representamos a la Asociaci\u00f3n de Directores de Coro de la Rep\u00fablica Argentina en la Ciudad Aut\u00f3noma de Buenos Aires.","og_url":"https:\/\/adicora.org\/caba\/","og_site_name":"Adicora Filial Ciudad de Buenos Aires","article_modified_time":"2026-04-11T02:17:34+00:00","og_image":[{"width":2560,"height":1440,"url":"https:\/\/adicora.org\/caba\/wp-content\/uploads\/2023\/09\/Adicora-14-1-scaled.jpg","type":"image\/jpeg"}],"twitter_card":"summary_large_image","twitter_misc":{"Tiempo de lectura":"3 minutos"},"schema":{"@context":"https:\/\/schema.org","@graph":[{"@type":"WebPage","@id":"https:\/\/adicora.org\/caba\/","url":"https:\/\/adicora.org\/caba\/","name":"Home - ADICORA Filial Ciudad de Buenos Aires","isPartOf":{"@id":"https:\/\/adicora.org\/caba\/#website"},"primaryImageOfPage":{"@id":"https:\/\/adicora.org\/caba\/#primaryimage"},"image":{"@id":"https:\/\/adicora.org\/caba\/#primaryimage"},"thumbnailUrl":"https:\/\/adicora.org\/caba\/wp-content\/uploads\/2023\/09\/Adicora-14-1-scaled.jpg","datePublished":"2021-05-19T07:39:53+00:00","dateModified":"2026-04-11T02:17:34+00:00","description":"Representamos a la Asociaci\u00f3n de Directores de Coro de la Rep\u00fablica Argentina en la Ciudad Aut\u00f3noma de Buenos Aires.","breadcrumb":{"@id":"https:\/\/adicora.org\/caba\/#breadcrumb"},"inLanguage":"es","potentialAction":[{"@type":"ReadAction","target":["https:\/\/adicora.org\/caba\/"]}]},{"@type":"ImageObject","inLanguage":"es","@id":"https:\/\/adicora.org\/caba\/#primaryimage","url":"https:\/\/adicora.org\/caba\/wp-content\/uploads\/2023\/09\/Adicora-14-1-scaled.jpg","contentUrl":"https:\/\/adicora.org\/caba\/wp-content\/uploads\/2023\/09\/Adicora-14-1-scaled.jpg","width":2560,"height":1440},{"@type":"BreadcrumbList","@id":"https:\/\/adicora.org\/caba\/#breadcrumb","itemListElement":[{"@type":"ListItem","position":1,"name":"Portada","item":"https:\/\/adicora.org\/caba\/"},{"@type":"ListItem","position":2,"name":"Home"}]},{"@type":"WebSite","@id":"https:\/\/adicora.org\/caba\/#website","url":"https:\/\/adicora.org\/caba\/","name":"Adicora Filial Ciudad de Buenos Aires","description":"","publisher":{"@id":"https:\/\/adicora.org\/caba\/#organization"},"potentialAction":[{"@type":"SearchAction","target":{"@type":"EntryPoint","urlTemplate":"https:\/\/adicora.org\/caba\/?s={search_term_string}"},"query-input":{"@type":"PropertyValueSpecification","valueRequired":true,"valueName":"search_term_string"}}],"inLanguage":"es"},{"@type":"Organization","@id":"https:\/\/adicora.org\/caba\/#organization","name":"Adicora Filial Ciudad de Buenos Aires","url":"https:\/\/adicora.org\/caba\/","logo":{"@type":"ImageObject","inLanguage":"es","@id":"https:\/\/adicora.org\/caba\/#\/schema\/logo\/image\/","url":"https:\/\/adicora.org\/caba\/wp-content\/uploads\/2025\/10\/adicora-in-memoriam.png","contentUrl":"https:\/\/adicora.org\/caba\/wp-content\/uploads\/2025\/10\/adicora-in-memoriam.png","width":435,"height":573,"caption":"Adicora Filial Ciudad de Buenos Aires"},"image":{"@id":"https:\/\/adicora.org\/caba\/#\/schema\/logo\/image\/"}}]}},"_links":{"self":[{"href":"https:\/\/adicora.org\/caba\/wp-json\/wp\/v2\/pages\/1438","targetHints":{"allow":["GET"]}}],"collection":[{"href":"https:\/\/adicora.org\/caba\/wp-json\/wp\/v2\/pages"}],"about":[{"href":"https:\/\/adicora.org\/caba\/wp-json\/wp\/v2\/types\/page"}],"author":[{"embeddable":true,"href":"https:\/\/adicora.org\/caba\/wp-json\/wp\/v2\/users\/1"}],"replies":[{"embeddable":true,"href":"https:\/\/adicora.org\/caba\/wp-json\/wp\/v2\/comments?post=1438"}],"version-history":[{"count":381,"href":"https:\/\/adicora.org\/caba\/wp-json\/wp\/v2\/pages\/1438\/revisions"}],"predecessor-version":[{"id":4456,"href":"https:\/\/adicora.org\/caba\/wp-json\/wp\/v2\/pages\/1438\/revisions\/4456"}],"wp:attachment":[{"href":"https:\/\/adicora.org\/caba\/wp-json\/wp\/v2\/media?parent=1438"}],"curies":[{"name":"wp","href":"https:\/\/api.w.org\/{rel}","templated":true}]}}